{"id":40879,"date":"2024-09-22T22:27:14","date_gmt":"2024-09-22T20:27:14","guid":{"rendered":"https:\/\/visit.santcugat.cat\/?page_id=40879"},"modified":"2026-04-17T14:00:58","modified_gmt":"2026-04-17T12:00:58","slug":"achats","status":"publish","type":"page","link":"https:\/\/visit.santcugat.cat\/fr\/achats\/","title":{"rendered":"\u00c0chats"},"content":{"rendered":"<p><div class=\"fusion-fullwidth fullwidth-box fusion-builder-row-1 hundred-percent-fullwidth non-hundred-percent-height-scrolling\" style=\"--awb-background-position:left top;--awb-border-sizes-top:0px;--awb-border-sizes-bottom:0px;--awb-border-sizes-left:0px;--awb-border-sizes-right:0px;--awb-border-radius-top-left:0px;--awb-border-radius-top-right:0px;--awb-border-radius-bottom-right:0px;--awb-border-radius-bottom-left:0px;--awb-flex-wrap:wrap;\" ><div class=\"fusion-builder-row fusion-row\"><div class=\"fusion-layout-column fusion_builder_column fusion-builder-column-0 fusion_builder_column_1_1 1_1 fusion-one-full fusion-column-first fusion-column-last\" style=\"--awb-padding-top:20px;--awb-padding-right:40px;--awb-padding-bottom:20px;--awb-padding-left:40px;--awb-bg-color:#ffffff;--awb-bg-color-hover:#ffffff;--awb-bg-size:cover;--awb-border-color:#dddddd;--awb-border-top:1px;--awb-border-right:1px;--awb-border-bottom:1px;--awb-border-left:1px;--awb-border-style:solid;\"><div class=\"fusion-column-wrapper fusion-flex-column-wrapper-legacy\"><div class=\"fusion-column-content-centered\"><div class=\"fusion-column-content\"><div class=\"fusion-title title fusion-title-1 fusion-sep-none fusion-title-text fusion-title-size-two\"><h2 class=\"fusion-title-heading title-heading-left fusion-responsive-typography-calculated\" style=\"margin:0;--fontSize:26;line-height:1.69;\">TU VEUX FAIRE DES ACHATS ?<\/h2><\/div><div class=\"fusion-text fusion-text-1\"><p style=\"text-align: left;\">Nous t\u2019avons pr\u00e9par\u00e9 une s\u00e9lection vari\u00e9e de propositions. Tu trouveras des magasins modernes, des \u00e9tablissements traditionnels et diff\u00e9rents ainsi que toute sorte de foires et de march\u00e9s d\u2019alimentation, d\u2019artisanat et d\u2019antiquit\u00e9s. Une offre unique et originale que tu ne trouveras nulle autre part. Acheter \u00e0 Sant Cugat est un plaisir !<\/p>\n<\/div><\/div><\/div><div class=\"fusion-clearfix\"><\/div><\/div><\/div><\/div><\/div><div class=\"fusion-fullwidth fullwidth-box fusion-builder-row-2 fusion-flex-container nonhundred-percent-fullwidth non-hundred-percent-height-scrolling\" style=\"--awb-border-radius-top-left:0px;--awb-border-radius-top-right:0px;--awb-border-radius-bottom-right:0px;--awb-border-radius-bottom-left:0px;--awb-flex-wrap:wrap;\" ><div class=\"fusion-builder-row fusion-row fusion-flex-align-items-flex-start fusion-flex-content-wrap\" style=\"max-width:1216.8px;margin-left: calc(-4% \/ 2 );margin-right: calc(-4% \/ 2 );\"><div class=\"fusion-layout-column fusion_builder_column fusion-builder-column-1 fusion_builder_column_1_1 1_1 fusion-flex-column section-portfolio-improved\" style=\"--awb-bg-size:cover;--awb-width-large:100%;--awb-margin-top-large:0px;--awb-spacing-right-large:1.92%;--awb-margin-bottom-large:0px;--awb-spacing-left-large:1.92%;--awb-width-medium:100%;--awb-order-medium:0;--awb-spacing-right-medium:1.92%;--awb-spacing-left-medium:1.92%;--awb-width-small:100%;--awb-order-small:0;--awb-spacing-right-small:1.92%;--awb-spacing-left-small:1.92%;\"><div class=\"fusion-column-wrapper fusion-column-has-shadow fusion-flex-justify-content-flex-start fusion-content-layout-column\"><style type=\"text\/css\">.fusion-portfolio-wrapper#fusion-portfolio-1 .fusion-portfolio-content{ padding: 25px 25px 25px 25px; text-align: center; }<\/style><div class=\"fusion-recent-works fusion-portfolio-element fusion-portfolio fusion-portfolio-1 fusion-portfolio-grid fusion-portfolio-paging-none fusion-portfolio-three fusion-portfolio-boxed fusion-portfolio-text hover-card-avada-portfolio section-portfolio-improved\" style=\"margin-top:8px;margin-bottom:8px;\" data-id=\"-rw-1\" data-columns=\"three\"><div><ul class=\"fusion-filters\" role=\"menu\" aria-label=\"Portfolio Filters\"><li role=\"presentation\" class=\"fusion-filter fusion-filter-all fusion-active\"><a href=\"#\" data-filter=\"*\" role=\"menuitem\">Tous<\/a><\/li><li role=\"presentation\" class=\"fusion-filter fusion-hidden\"><a href=\"#\" data-filter=\".achats\" role=\"menuitem\">Achats\u00a0<\/a><\/li><li role=\"presentation\" class=\"fusion-filter fusion-hidden\"><a href=\"#\" data-filter=\".dautres-marches\" role=\"menuitem\">D'autres march\u00e9s<\/a><\/li><li role=\"presentation\" class=\"fusion-filter fusion-hidden\"><a href=\"#\" data-filter=\".marches-alimentaires-permanents\" role=\"menuitem\">March\u00e9s alimentaires permanents<\/a><\/li><li role=\"presentation\" class=\"fusion-filter fusion-hidden\"><a href=\"#\" data-filter=\".marches-alimentaires-temporaires\" role=\"menuitem\">March\u00e9s alimentaires temporaires<\/a><\/li><\/ul><\/div><style type=\"text\/css\">.fusion-portfolio-1 .fusion-portfolio-wrapper .fusion-col-spacing{padding:10px;}<\/style><div class=\"fusion-portfolio-wrapper\" id=\"fusion-portfolio-1\" data-picturesize=\"auto\" data-pages=\"1\" style=\"margin:-10px;\"><article id=\"portfolio-1-post-10530\" class=\"fusion-portfolio-post achats fusion-col-spacing post-10530\"><div class=\"fusion-portfolio-content-wrapper\" style=\"border:1px solid #ffffff;border-bottom-width:3px;background-color:rgba(255,255,255,1);\"><span class=\"vcard rich-snippet-hidden\"><span class=\"fn\"><a href=\"https:\/\/visit.santcugat.cat\/fr\/author\/visit\/\" title=\"Articles par Visit Sant Cugat\" rel=\"author\">Visit Sant Cugat<\/a><\/span><\/span><span class=\"updated rich-snippet-hidden\">2026-04-23T13:58:23+02:00<\/span><div  class=\"fusion-image-wrapper\" aria-haspopup=\"true\">\n\t\t\t\t\t\t\t<a href=\"https:\/\/visit.santcugat.cat\/fr\/commerce-urbain\/\" aria-label=\"Commerce urbain\">\n\t\t\t\t\t\t\t<img decoding=\"async\" width=\"800\" height=\"356\" src=\"https:\/\/visit.santcugat.cat\/wp-content\/uploads\/2017\/05\/comerc_sant_cugat.jpg\" class=\"attachment-full size-full wp-post-image\" alt=\"comer\u00e7 sant cugat\" srcset=\"https:\/\/visit.santcugat.cat\/wp-content\/uploads\/2017\/05\/comerc_sant_cugat-200x89.jpg 200w, https:\/\/visit.santcugat.cat\/wp-content\/uploads\/2017\/05\/comerc_sant_cugat-400x178.jpg 400w, https:\/\/visit.santcugat.cat\/wp-content\/uploads\/2017\/05\/comerc_sant_cugat-600x267.jpg 600w, https:\/\/visit.santcugat.cat\/wp-content\/uploads\/2017\/05\/comerc_sant_cugat.jpg 800w\" sizes=\"(min-width: 2200px) 100vw, (min-width: 824px) 377px, (min-width: 732px) 565px, (min-width: 640px) 732px, \" \/>\t\t\t<\/a>\n\t\t\t\t\t\t\t<\/div>\n<div class=\"fusion-portfolio-content\" style=\"background-color:rgba(255,255,255,1);\"><h2 class=\"entry-title fusion-post-title\"><a href=\"https:\/\/visit.santcugat.cat\/fr\/commerce-urbain\/\">Commerce urbain<\/a><\/h2><div class=\"fusion-post-content\"><\/div><\/div><\/div><\/article><article id=\"portfolio-1-post-10520\" class=\"fusion-portfolio-post achats dautres-marches fusion-col-spacing post-10520\"><div class=\"fusion-portfolio-content-wrapper\" style=\"border:1px solid #ffffff;border-bottom-width:3px;background-color:rgba(255,255,255,1);\"><span class=\"vcard rich-snippet-hidden\"><span class=\"fn\"><a href=\"https:\/\/visit.santcugat.cat\/fr\/author\/visit\/\" title=\"Articles par Visit Sant Cugat\" rel=\"author\">Visit Sant Cugat<\/a><\/span><\/span><span class=\"updated rich-snippet-hidden\">2025-01-26T18:53:12+01:00<\/span><div  class=\"fusion-image-wrapper\" aria-haspopup=\"true\">\n\t\t\t\t\t\t\t<a href=\"https:\/\/visit.santcugat.cat\/fr\/mercantic\/\" aria-label=\"Mercantic\">\n\t\t\t\t\t\t\t<img decoding=\"async\" width=\"400\" height=\"178\" src=\"https:\/\/visit.santcugat.cat\/wp-content\/uploads\/2017\/07\/MERCANTIC_sant_cugat_4-400x178-e1512145787965.jpg\" class=\"attachment-full size-full wp-post-image\" alt=\"Mercantic, march\u00e9 des brocanteurs\" \/>\t\t\t<\/a>\n\t\t\t\t\t\t\t<\/div>\n<div class=\"fusion-portfolio-content\" style=\"background-color:rgba(255,255,255,1);\"><h2 class=\"entry-title fusion-post-title\"><a href=\"https:\/\/visit.santcugat.cat\/fr\/mercantic\/\">Mercantic<\/a><\/h2><div class=\"fusion-post-content\"><\/div><\/div><\/div><\/article><article id=\"portfolio-1-post-10503\" class=\"fusion-portfolio-post achats sant-cugat-centre-commercial-et-de-loisirs fusion-col-spacing post-10503\"><div class=\"fusion-portfolio-content-wrapper\" style=\"border:1px solid #ffffff;border-bottom-width:3px;background-color:rgba(255,255,255,1);\"><span class=\"vcard rich-snippet-hidden\"><span class=\"fn\"><a href=\"https:\/\/visit.santcugat.cat\/fr\/author\/visit\/\" title=\"Articles par Visit Sant Cugat\" rel=\"author\">Visit Sant Cugat<\/a><\/span><\/span><span class=\"updated rich-snippet-hidden\">2026-04-23T12:59:07+02:00<\/span><div  class=\"fusion-image-wrapper\" aria-haspopup=\"true\">\n\t\t\t\t\t\t\t<a href=\"https:\/\/visit.santcugat.cat\/fr\/sant-cugat-centre-commercial-et-de-loisirs\/\" aria-label=\"Centre commercial\">\n\t\t\t\t\t\t\t<img decoding=\"async\" width=\"562\" height=\"250\" src=\"https:\/\/visit.santcugat.cat\/wp-content\/uploads\/2017\/07\/2CENTRE_Comercial_Sant_Cugat.jpg\" class=\"attachment-full size-full wp-post-image\" alt=\"\" srcset=\"https:\/\/visit.santcugat.cat\/wp-content\/uploads\/2017\/07\/2CENTRE_Comercial_Sant_Cugat-200x89.jpg 200w, https:\/\/visit.santcugat.cat\/wp-content\/uploads\/2017\/07\/2CENTRE_Comercial_Sant_Cugat-400x178.jpg 400w, https:\/\/visit.santcugat.cat\/wp-content\/uploads\/2017\/07\/2CENTRE_Comercial_Sant_Cugat.jpg 562w\" sizes=\"(min-width: 2200px) 100vw, (min-width: 824px) 377px, (min-width: 732px) 565px, (min-width: 640px) 732px, \" \/>\t\t\t<\/a>\n\t\t\t\t\t\t\t<\/div>\n<div class=\"fusion-portfolio-content\" style=\"background-color:rgba(255,255,255,1);\"><h2 class=\"entry-title fusion-post-title\"><a href=\"https:\/\/visit.santcugat.cat\/fr\/sant-cugat-centre-commercial-et-de-loisirs\/\">Centre commercial<\/a><\/h2><div class=\"fusion-post-content\"><\/div><\/div><\/div><\/article><article id=\"portfolio-1-post-10937\" class=\"fusion-portfolio-post achats marches-alimentaires-permanents fusion-col-spacing post-10937\"><div class=\"fusion-portfolio-content-wrapper\" style=\"border:1px solid #ffffff;border-bottom-width:3px;background-color:rgba(255,255,255,1);\"><span class=\"vcard rich-snippet-hidden\"><span class=\"fn\"><a href=\"https:\/\/visit.santcugat.cat\/fr\/author\/javier\/\" title=\"Articles par javier\" rel=\"author\">javier<\/a><\/span><\/span><span class=\"updated rich-snippet-hidden\">2026-04-23T13:59:03+02:00<\/span><div  class=\"fusion-image-wrapper\" aria-haspopup=\"true\">\n\t\t\t\t\t\t\t<a href=\"https:\/\/visit.santcugat.cat\/fr\/le-vieux-marche\/\" aria-label=\"Mercat Vell\">\n\t\t\t\t\t\t\t<img decoding=\"async\" width=\"900\" height=\"400\" src=\"https:\/\/visit.santcugat.cat\/wp-content\/uploads\/2017\/05\/El-mercat-vell-de-Sant-Cugat.jpg\" class=\"attachment-full size-full wp-post-image\" alt=\"El Mercat Vell de Sant Cugat\" srcset=\"https:\/\/visit.santcugat.cat\/wp-content\/uploads\/2017\/05\/El-mercat-vell-de-Sant-Cugat-200x89.jpg 200w, https:\/\/visit.santcugat.cat\/wp-content\/uploads\/2017\/05\/El-mercat-vell-de-Sant-Cugat-400x178.jpg 400w, https:\/\/visit.santcugat.cat\/wp-content\/uploads\/2017\/05\/El-mercat-vell-de-Sant-Cugat-600x267.jpg 600w, https:\/\/visit.santcugat.cat\/wp-content\/uploads\/2017\/05\/El-mercat-vell-de-Sant-Cugat-800x356.jpg 800w, https:\/\/visit.santcugat.cat\/wp-content\/uploads\/2017\/05\/El-mercat-vell-de-Sant-Cugat.jpg 900w\" sizes=\"(min-width: 2200px) 100vw, (min-width: 824px) 377px, (min-width: 732px) 565px, (min-width: 640px) 732px, \" \/>\t\t\t<\/a>\n\t\t\t\t\t\t\t<\/div>\n<div class=\"fusion-portfolio-content\" style=\"background-color:rgba(255,255,255,1);\"><h2 class=\"entry-title fusion-post-title\"><a href=\"https:\/\/visit.santcugat.cat\/fr\/le-vieux-marche\/\">Mercat Vell<\/a><\/h2><div class=\"fusion-post-content\"><\/div><\/div><\/div><\/article><article id=\"portfolio-1-post-10984\" class=\"fusion-portfolio-post achats marches-alimentaires-permanents fusion-col-spacing post-10984\"><div class=\"fusion-portfolio-content-wrapper\" style=\"border:1px solid #ffffff;border-bottom-width:3px;background-color:rgba(255,255,255,1);\"><span class=\"vcard rich-snippet-hidden\"><span class=\"fn\"><a href=\"https:\/\/visit.santcugat.cat\/fr\/author\/javier\/\" title=\"Articles par javier\" rel=\"author\">javier<\/a><\/span><\/span><span class=\"updated rich-snippet-hidden\">2026-04-23T12:59:46+02:00<\/span><div  class=\"fusion-image-wrapper\" aria-haspopup=\"true\">\n\t\t\t\t\t\t\t<a href=\"https:\/\/visit.santcugat.cat\/fr\/marche-de-torreblanca\/\" aria-label=\"March\u00e9 de Torreblanca\">\n\t\t\t\t\t\t\t<img decoding=\"async\" width=\"800\" height=\"356\" src=\"https:\/\/visit.santcugat.cat\/wp-content\/uploads\/2017\/05\/57bmercat_torre_blanca_sant_cugat.jpg\" class=\"attachment-full size-full wp-post-image\" alt=\"mercat torre blanca\" srcset=\"https:\/\/visit.santcugat.cat\/wp-content\/uploads\/2017\/05\/57bmercat_torre_blanca_sant_cugat-200x89.jpg 200w, https:\/\/visit.santcugat.cat\/wp-content\/uploads\/2017\/05\/57bmercat_torre_blanca_sant_cugat-400x178.jpg 400w, https:\/\/visit.santcugat.cat\/wp-content\/uploads\/2017\/05\/57bmercat_torre_blanca_sant_cugat-600x267.jpg 600w, https:\/\/visit.santcugat.cat\/wp-content\/uploads\/2017\/05\/57bmercat_torre_blanca_sant_cugat.jpg 800w\" sizes=\"(min-width: 2200px) 100vw, (min-width: 824px) 377px, (min-width: 732px) 565px, (min-width: 640px) 732px, \" \/>\t\t\t<\/a>\n\t\t\t\t\t\t\t<\/div>\n<div class=\"fusion-portfolio-content\" style=\"background-color:rgba(255,255,255,1);\"><h2 class=\"entry-title fusion-post-title\"><a href=\"https:\/\/visit.santcugat.cat\/fr\/marche-de-torreblanca\/\">March\u00e9 de Torreblanca<\/a><\/h2><div class=\"fusion-post-content\"><\/div><\/div><\/div><\/article><article id=\"portfolio-1-post-10968\" class=\"fusion-portfolio-post achats marches-alimentaires-permanents fusion-col-spacing post-10968\"><div class=\"fusion-portfolio-content-wrapper\" style=\"border:1px solid #ffffff;border-bottom-width:3px;background-color:rgba(255,255,255,1);\"><span class=\"vcard rich-snippet-hidden\"><span class=\"fn\"><a href=\"https:\/\/visit.santcugat.cat\/fr\/author\/visit\/\" title=\"Articles par Visit Sant Cugat\" rel=\"author\">Visit Sant Cugat<\/a><\/span><\/span><span class=\"updated rich-snippet-hidden\">2026-04-23T13:59:25+02:00<\/span><div  class=\"fusion-image-wrapper\" aria-haspopup=\"true\">\n\t\t\t\t\t\t\t<a href=\"https:\/\/visit.santcugat.cat\/fr\/centre-mira-sol\/\" aria-label=\"Centre Mira-sol\">\n\t\t\t\t\t\t\t<img decoding=\"async\" width=\"1169\" height=\"520\" src=\"https:\/\/visit.santcugat.cat\/wp-content\/uploads\/2017\/05\/Mira-sol_mercat_sant_cugat.jpg\" class=\"attachment-full size-full wp-post-image\" alt=\"Centre Mira-Sol, march\u00e9\" srcset=\"https:\/\/visit.santcugat.cat\/wp-content\/uploads\/2017\/05\/Mira-sol_mercat_sant_cugat-200x89.jpg 200w, https:\/\/visit.santcugat.cat\/wp-content\/uploads\/2017\/05\/Mira-sol_mercat_sant_cugat-400x178.jpg 400w, https:\/\/visit.santcugat.cat\/wp-content\/uploads\/2017\/05\/Mira-sol_mercat_sant_cugat-600x267.jpg 600w, https:\/\/visit.santcugat.cat\/wp-content\/uploads\/2017\/05\/Mira-sol_mercat_sant_cugat-800x356.jpg 800w, https:\/\/visit.santcugat.cat\/wp-content\/uploads\/2017\/05\/Mira-sol_mercat_sant_cugat.jpg 1169w\" sizes=\"(min-width: 2200px) 100vw, (min-width: 824px) 377px, (min-width: 732px) 565px, (min-width: 640px) 732px, \" \/>\t\t\t<\/a>\n\t\t\t\t\t\t\t<\/div>\n<div class=\"fusion-portfolio-content\" style=\"background-color:rgba(255,255,255,1);\"><h2 class=\"entry-title fusion-post-title\"><a href=\"https:\/\/visit.santcugat.cat\/fr\/centre-mira-sol\/\">Centre Mira-sol<\/a><\/h2><div class=\"fusion-post-content\"><\/div><\/div><\/div><\/article><article id=\"portfolio-1-post-10970\" class=\"fusion-portfolio-post achats marches-alimentaires-temporaires fusion-col-spacing post-10970\"><div class=\"fusion-portfolio-content-wrapper\" style=\"border:1px solid #ffffff;border-bottom-width:3px;background-color:rgba(255,255,255,1);\"><span class=\"vcard rich-snippet-hidden\"><span class=\"fn\"><a href=\"https:\/\/visit.santcugat.cat\/fr\/author\/visit\/\" title=\"Articles par Visit Sant Cugat\" rel=\"author\">Visit Sant Cugat<\/a><\/span><\/span><span class=\"updated rich-snippet-hidden\">2026-04-23T13:59:46+02:00<\/span><div  class=\"fusion-image-wrapper\" aria-haspopup=\"true\">\n\t\t\t\t\t\t\t<a href=\"https:\/\/visit.santcugat.cat\/fr\/marche-du-jeudi\/\" aria-label=\"March\u00e9 du jeudi\">\n\t\t\t\t\t\t\t<img decoding=\"async\" width=\"1169\" height=\"520\" src=\"https:\/\/visit.santcugat.cat\/wp-content\/uploads\/2017\/05\/MERCAT-DIJOUS-SANT-CUGAT.jpg\" class=\"attachment-full size-full wp-post-image\" alt=\"March\u00e9 du jeudi, Sant Cugat\" srcset=\"https:\/\/visit.santcugat.cat\/wp-content\/uploads\/2017\/05\/MERCAT-DIJOUS-SANT-CUGAT-200x89.jpg 200w, https:\/\/visit.santcugat.cat\/wp-content\/uploads\/2017\/05\/MERCAT-DIJOUS-SANT-CUGAT-400x178.jpg 400w, https:\/\/visit.santcugat.cat\/wp-content\/uploads\/2017\/05\/MERCAT-DIJOUS-SANT-CUGAT-600x267.jpg 600w, https:\/\/visit.santcugat.cat\/wp-content\/uploads\/2017\/05\/MERCAT-DIJOUS-SANT-CUGAT-800x356.jpg 800w, https:\/\/visit.santcugat.cat\/wp-content\/uploads\/2017\/05\/MERCAT-DIJOUS-SANT-CUGAT.jpg 1169w\" sizes=\"(min-width: 2200px) 100vw, (min-width: 824px) 377px, (min-width: 732px) 565px, (min-width: 640px) 732px, \" \/>\t\t\t<\/a>\n\t\t\t\t\t\t\t<\/div>\n<div class=\"fusion-portfolio-content\" style=\"background-color:rgba(255,255,255,1);\"><h2 class=\"entry-title fusion-post-title\"><a href=\"https:\/\/visit.santcugat.cat\/fr\/marche-du-jeudi\/\">March\u00e9 du jeudi<\/a><\/h2><div class=\"fusion-post-content\"><\/div><\/div><\/div><\/article><article id=\"portfolio-1-post-10977\" class=\"fusion-portfolio-post achats marches-alimentaires-temporaires fusion-col-spacing post-10977\"><div class=\"fusion-portfolio-content-wrapper\" style=\"border:1px solid #ffffff;border-bottom-width:3px;background-color:rgba(255,255,255,1);\"><span class=\"vcard rich-snippet-hidden\"><span class=\"fn\"><a href=\"https:\/\/visit.santcugat.cat\/fr\/author\/visit\/\" title=\"Articles par Visit Sant Cugat\" rel=\"author\">Visit Sant Cugat<\/a><\/span><\/span><span class=\"updated rich-snippet-hidden\">2026-04-23T14:00:02+02:00<\/span><div  class=\"fusion-image-wrapper\" aria-haspopup=\"true\">\n\t\t\t\t\t\t\t<a href=\"https:\/\/visit.santcugat.cat\/fr\/marche-paysan\/\" aria-label=\"March\u00e9 paysan\">\n\t\t\t\t\t\t\t<img decoding=\"async\" width=\"1169\" height=\"520\" src=\"https:\/\/visit.santcugat.cat\/wp-content\/uploads\/2017\/05\/mercat_pages_sant_Cugat.jpg\" class=\"attachment-full size-full wp-post-image\" alt=\"March\u00e9 paysan Sant Cugat\" srcset=\"https:\/\/visit.santcugat.cat\/wp-content\/uploads\/2017\/05\/mercat_pages_sant_Cugat-200x89.jpg 200w, https:\/\/visit.santcugat.cat\/wp-content\/uploads\/2017\/05\/mercat_pages_sant_Cugat-400x178.jpg 400w, https:\/\/visit.santcugat.cat\/wp-content\/uploads\/2017\/05\/mercat_pages_sant_Cugat-600x267.jpg 600w, https:\/\/visit.santcugat.cat\/wp-content\/uploads\/2017\/05\/mercat_pages_sant_Cugat-800x356.jpg 800w, https:\/\/visit.santcugat.cat\/wp-content\/uploads\/2017\/05\/mercat_pages_sant_Cugat.jpg 1169w\" sizes=\"(min-width: 2200px) 100vw, (min-width: 824px) 377px, (min-width: 732px) 565px, (min-width: 640px) 732px, \" \/>\t\t\t<\/a>\n\t\t\t\t\t\t\t<\/div>\n<div class=\"fusion-portfolio-content\" style=\"background-color:rgba(255,255,255,1);\"><h2 class=\"entry-title fusion-post-title\"><a href=\"https:\/\/visit.santcugat.cat\/fr\/marche-paysan\/\">March\u00e9 paysan<\/a><\/h2><div class=\"fusion-post-content\"><\/div><\/div><\/div><\/article><article id=\"portfolio-1-post-10512\" class=\"fusion-portfolio-post achats dautres-marches fusion-col-spacing post-10512\"><div class=\"fusion-portfolio-content-wrapper\" style=\"border:1px solid #ffffff;border-bottom-width:3px;background-color:rgba(255,255,255,1);\"><span class=\"vcard rich-snippet-hidden\"><span class=\"fn\"><a href=\"https:\/\/visit.santcugat.cat\/fr\/author\/visit\/\" title=\"Articles par Visit Sant Cugat\" rel=\"author\">Visit Sant Cugat<\/a><\/span><\/span><span class=\"updated rich-snippet-hidden\">2026-04-23T13:01:04+02:00<\/span><div  class=\"fusion-image-wrapper\" aria-haspopup=\"true\">\n\t\t\t\t\t\t\t<a href=\"https:\/\/visit.santcugat.cat\/fr\/exposition-dart-dans-la-rue-firart\/\" aria-label=\"Firart\">\n\t\t\t\t\t\t\t<img decoding=\"async\" width=\"400\" height=\"178\" src=\"https:\/\/visit.santcugat.cat\/wp-content\/uploads\/2017\/07\/fira-art-sant-cugat-400x178.jpg\" class=\"attachment-full size-full wp-post-image\" alt=\"Exposition d\u2019art dans la rue Firart\" srcset=\"https:\/\/visit.santcugat.cat\/wp-content\/uploads\/2017\/07\/fira-art-sant-cugat-400x178-200x89.jpg 200w, https:\/\/visit.santcugat.cat\/wp-content\/uploads\/2017\/07\/fira-art-sant-cugat-400x178.jpg 400w\" sizes=\"(min-width: 2200px) 100vw, (min-width: 824px) 377px, (min-width: 732px) 565px, (min-width: 640px) 732px, \" \/>\t\t\t<\/a>\n\t\t\t\t\t\t\t<\/div>\n<div class=\"fusion-portfolio-content\" style=\"background-color:rgba(255,255,255,1);\"><h2 class=\"entry-title fusion-post-title\"><a href=\"https:\/\/visit.santcugat.cat\/fr\/exposition-dart-dans-la-rue-firart\/\">Firart<\/a><\/h2><div class=\"fusion-post-content\"><\/div><\/div><\/div><\/article><article id=\"portfolio-1-post-10963\" class=\"fusion-portfolio-post achats dautres-marches fusion-col-spacing post-10963\"><div class=\"fusion-portfolio-content-wrapper\" style=\"border:1px solid #ffffff;border-bottom-width:3px;background-color:rgba(255,255,255,1);\"><span class=\"vcard rich-snippet-hidden\"><span class=\"fn\"><a href=\"https:\/\/visit.santcugat.cat\/fr\/author\/visit\/\" title=\"Articles par Visit Sant Cugat\" rel=\"author\">Visit Sant Cugat<\/a><\/span><\/span><span class=\"updated rich-snippet-hidden\">2026-04-23T14:00:24+02:00<\/span><div  class=\"fusion-image-wrapper\" aria-haspopup=\"true\">\n\t\t\t\t\t\t\t<a href=\"https:\/\/visit.santcugat.cat\/fr\/marche-dartisans-de-sant-cugat\/\" aria-label=\"March\u00e9 d\u2019artisans\">\n\t\t\t\t\t\t\t<img decoding=\"async\" width=\"1169\" height=\"520\" src=\"https:\/\/visit.santcugat.cat\/wp-content\/uploads\/2017\/05\/img_4454.jpg\" class=\"attachment-full size-full wp-post-image\" alt=\"March\u00e9 d\u2019artisans de Sant Cugat\" srcset=\"https:\/\/visit.santcugat.cat\/wp-content\/uploads\/2017\/05\/img_4454-200x89.jpg 200w, https:\/\/visit.santcugat.cat\/wp-content\/uploads\/2017\/05\/img_4454-400x178.jpg 400w, https:\/\/visit.santcugat.cat\/wp-content\/uploads\/2017\/05\/img_4454-600x267.jpg 600w, https:\/\/visit.santcugat.cat\/wp-content\/uploads\/2017\/05\/img_4454-800x356.jpg 800w, https:\/\/visit.santcugat.cat\/wp-content\/uploads\/2017\/05\/img_4454.jpg 1169w\" sizes=\"(min-width: 2200px) 100vw, (min-width: 824px) 377px, (min-width: 732px) 565px, (min-width: 640px) 732px, \" \/>\t\t\t<\/a>\n\t\t\t\t\t\t\t<\/div>\n<div class=\"fusion-portfolio-content\" style=\"background-color:rgba(255,255,255,1);\"><h2 class=\"entry-title fusion-post-title\"><a href=\"https:\/\/visit.santcugat.cat\/fr\/marche-dartisans-de-sant-cugat\/\">March\u00e9 d\u2019artisans<\/a><\/h2><div class=\"fusion-post-content\"><\/div><\/div><\/div><\/article><\/div><\/div><\/div><\/div><\/div><\/div><\/p>\n","protected":false},"excerpt":{"rendered":"","protected":false},"author":1,"featured_media":0,"parent":0,"menu_order":0,"comment_status":"closed","ping_status":"closed","template":"","meta":{"_joinchat":[],"footnotes":""},"class_list":["post-40879","page","type-page","status-publish","hentry"],"yoast_head":"<!-- This site is optimized with the Yoast SEO plugin v27.4 - https:\/\/yoast.com\/product\/yoast-seo-wordpress\/ -->\n<title>\u00c0chats<\/title>\n<meta name=\"robots\" content=\"index, follow, max-snippet:-1, max-image-preview:large, max-video-preview:-1\" \/>\n<link rel=\"canonical\" href=\"https:\/\/visit.santcugat.cat\/fr\/achats\/\" \/>\n<meta property=\"og:locale\" content=\"fr_FR\" \/>\n<meta property=\"og:type\" content=\"article\" \/>\n<meta property=\"og:title\" content=\"\u00c0chats\" \/>\n<meta property=\"og:url\" content=\"https:\/\/visit.santcugat.cat\/fr\/achats\/\" \/>\n<meta property=\"og:site_name\" content=\"Visit Sant Cugat\" \/>\n<meta property=\"article:publisher\" content=\"https:\/\/www.facebook.com\/visitsantcugat\/\" \/>\n<meta property=\"article:modified_time\" content=\"2026-04-17T12:00:58+00:00\" \/>\n<meta property=\"og:image\" content=\"https:\/\/visit.santcugat.cat\/wp-content\/uploads\/2023\/03\/CLAUSTRE-MONASTERIO-DE-SANT-CUGAT_resultado.webp\" \/>\n\t<meta property=\"og:image:width\" content=\"984\" \/>\n\t<meta property=\"og:image:height\" content=\"502\" \/>\n\t<meta property=\"og:image:type\" content=\"image\/webp\" \/>\n<meta name=\"twitter:card\" content=\"summary_large_image\" \/>\n<meta name=\"twitter:site\" content=\"@ajsantcugat\" \/>\n<script type=\"application\/ld+json\" class=\"yoast-schema-graph\">{\"@context\":\"https:\\\/\\\/schema.org\",\"@graph\":[{\"@type\":\"WebPage\",\"@id\":\"https:\\\/\\\/visit.santcugat.cat\\\/fr\\\/achats\\\/\",\"url\":\"https:\\\/\\\/visit.santcugat.cat\\\/fr\\\/achats\\\/\",\"name\":\"\u00c0chats\",\"isPartOf\":{\"@id\":\"https:\\\/\\\/visit.santcugat.cat\\\/fr\\\/#website\"},\"datePublished\":\"2024-09-22T20:27:14+00:00\",\"dateModified\":\"2026-04-17T12:00:58+00:00\",\"breadcrumb\":{\"@id\":\"https:\\\/\\\/visit.santcugat.cat\\\/fr\\\/achats\\\/#breadcrumb\"},\"inLanguage\":\"fr-FR\",\"potentialAction\":[{\"@type\":\"ReadAction\",\"target\":[\"https:\\\/\\\/visit.santcugat.cat\\\/fr\\\/achats\\\/\"]}]},{\"@type\":\"BreadcrumbList\",\"@id\":\"https:\\\/\\\/visit.santcugat.cat\\\/fr\\\/achats\\\/#breadcrumb\",\"itemListElement\":[{\"@type\":\"ListItem\",\"position\":1,\"name\":\"Inici\",\"item\":\"https:\\\/\\\/visit.santcugat.cat\\\/fr\\\/\"},{\"@type\":\"ListItem\",\"position\":2,\"name\":\"\u00c0chats\"}]},{\"@type\":\"WebSite\",\"@id\":\"https:\\\/\\\/visit.santcugat.cat\\\/fr\\\/#website\",\"url\":\"https:\\\/\\\/visit.santcugat.cat\\\/fr\\\/\",\"name\":\"Visit Sant Cugat\",\"description\":\"Turisme de Sant Cugat\",\"publisher\":{\"@id\":\"https:\\\/\\\/visit.santcugat.cat\\\/fr\\\/#organization\"},\"potentialAction\":[{\"@type\":\"SearchAction\",\"target\":{\"@type\":\"EntryPoint\",\"urlTemplate\":\"https:\\\/\\\/visit.santcugat.cat\\\/fr\\\/?s={search_term_string}\"},\"query-input\":{\"@type\":\"PropertyValueSpecification\",\"valueRequired\":true,\"valueName\":\"search_term_string\"}}],\"inLanguage\":\"fr-FR\"},{\"@type\":\"Organization\",\"@id\":\"https:\\\/\\\/visit.santcugat.cat\\\/fr\\\/#organization\",\"name\":\"Visit Sant Cugat - Turisme de Sant Cugat - Barcelona\",\"url\":\"https:\\\/\\\/visit.santcugat.cat\\\/fr\\\/\",\"logo\":{\"@type\":\"ImageObject\",\"inLanguage\":\"fr-FR\",\"@id\":\"https:\\\/\\\/visit.santcugat.cat\\\/fr\\\/#\\\/schema\\\/logo\\\/image\\\/\",\"url\":\"https:\\\/\\\/visit.santcugat.cat\\\/wp-content\\\/uploads\\\/2020\\\/09\\\/logo.png\",\"contentUrl\":\"https:\\\/\\\/visit.santcugat.cat\\\/wp-content\\\/uploads\\\/2020\\\/09\\\/logo.png\",\"width\":200,\"height\":44,\"caption\":\"Visit Sant Cugat - Turisme de Sant Cugat - Barcelona\"},\"image\":{\"@id\":\"https:\\\/\\\/visit.santcugat.cat\\\/fr\\\/#\\\/schema\\\/logo\\\/image\\\/\"},\"sameAs\":[\"https:\\\/\\\/www.facebook.com\\\/visitsantcugat\\\/\",\"https:\\\/\\\/x.com\\\/ajsantcugat\",\"https:\\\/\\\/www.instagram.com\\\/visitsantcugat\\\/\",\"https:\\\/\\\/ca.wikipedia.org\\\/wiki\\\/Sant_Cugat_del_Vall\u00e8s\"]}]}<\/script>\n<!-- \/ Yoast SEO plugin. -->","yoast_head_json":{"title":"\u00c0chats","robots":{"index":"index","follow":"follow","max-snippet":"max-snippet:-1","max-image-preview":"max-image-preview:large","max-video-preview":"max-video-preview:-1"},"canonical":"https:\/\/visit.santcugat.cat\/fr\/achats\/","og_locale":"fr_FR","og_type":"article","og_title":"\u00c0chats","og_url":"https:\/\/visit.santcugat.cat\/fr\/achats\/","og_site_name":"Visit Sant Cugat","article_publisher":"https:\/\/www.facebook.com\/visitsantcugat\/","article_modified_time":"2026-04-17T12:00:58+00:00","og_image":[{"width":984,"height":502,"url":"https:\/\/visit.santcugat.cat\/wp-content\/uploads\/2023\/03\/CLAUSTRE-MONASTERIO-DE-SANT-CUGAT_resultado.webp","type":"image\/webp"}],"twitter_card":"summary_large_image","twitter_site":"@ajsantcugat","schema":{"@context":"https:\/\/schema.org","@graph":[{"@type":"WebPage","@id":"https:\/\/visit.santcugat.cat\/fr\/achats\/","url":"https:\/\/visit.santcugat.cat\/fr\/achats\/","name":"\u00c0chats","isPartOf":{"@id":"https:\/\/visit.santcugat.cat\/fr\/#website"},"datePublished":"2024-09-22T20:27:14+00:00","dateModified":"2026-04-17T12:00:58+00:00","breadcrumb":{"@id":"https:\/\/visit.santcugat.cat\/fr\/achats\/#breadcrumb"},"inLanguage":"fr-FR","potentialAction":[{"@type":"ReadAction","target":["https:\/\/visit.santcugat.cat\/fr\/achats\/"]}]},{"@type":"BreadcrumbList","@id":"https:\/\/visit.santcugat.cat\/fr\/achats\/#breadcrumb","itemListElement":[{"@type":"ListItem","position":1,"name":"Inici","item":"https:\/\/visit.santcugat.cat\/fr\/"},{"@type":"ListItem","position":2,"name":"\u00c0chats"}]},{"@type":"WebSite","@id":"https:\/\/visit.santcugat.cat\/fr\/#website","url":"https:\/\/visit.santcugat.cat\/fr\/","name":"Visit Sant Cugat","description":"Turisme de Sant Cugat","publisher":{"@id":"https:\/\/visit.santcugat.cat\/fr\/#organization"},"potentialAction":[{"@type":"SearchAction","target":{"@type":"EntryPoint","urlTemplate":"https:\/\/visit.santcugat.cat\/fr\/?s={search_term_string}"},"query-input":{"@type":"PropertyValueSpecification","valueRequired":true,"valueName":"search_term_string"}}],"inLanguage":"fr-FR"},{"@type":"Organization","@id":"https:\/\/visit.santcugat.cat\/fr\/#organization","name":"Visit Sant Cugat - Turisme de Sant Cugat - Barcelona","url":"https:\/\/visit.santcugat.cat\/fr\/","logo":{"@type":"ImageObject","inLanguage":"fr-FR","@id":"https:\/\/visit.santcugat.cat\/fr\/#\/schema\/logo\/image\/","url":"https:\/\/visit.santcugat.cat\/wp-content\/uploads\/2020\/09\/logo.png","contentUrl":"https:\/\/visit.santcugat.cat\/wp-content\/uploads\/2020\/09\/logo.png","width":200,"height":44,"caption":"Visit Sant Cugat - Turisme de Sant Cugat - Barcelona"},"image":{"@id":"https:\/\/visit.santcugat.cat\/fr\/#\/schema\/logo\/image\/"},"sameAs":["https:\/\/www.facebook.com\/visitsantcugat\/","https:\/\/x.com\/ajsantcugat","https:\/\/www.instagram.com\/visitsantcugat\/","https:\/\/ca.wikipedia.org\/wiki\/Sant_Cugat_del_Vall\u00e8s"]}]}},"_links":{"self":[{"href":"https:\/\/visit.santcugat.cat\/fr\/wp-json\/wp\/v2\/pages\/40879","targetHints":{"allow":["GET"]}}],"collection":[{"href":"https:\/\/visit.santcugat.cat\/fr\/wp-json\/wp\/v2\/pages"}],"about":[{"href":"https:\/\/visit.santcugat.cat\/fr\/wp-json\/wp\/v2\/types\/page"}],"author":[{"embeddable":true,"href":"https:\/\/visit.santcugat.cat\/fr\/wp-json\/wp\/v2\/users\/1"}],"replies":[{"embeddable":true,"href":"https:\/\/visit.santcugat.cat\/fr\/wp-json\/wp\/v2\/comments?post=40879"}],"version-history":[{"count":10,"href":"https:\/\/visit.santcugat.cat\/fr\/wp-json\/wp\/v2\/pages\/40879\/revisions"}],"predecessor-version":[{"id":48520,"href":"https:\/\/visit.santcugat.cat\/fr\/wp-json\/wp\/v2\/pages\/40879\/revisions\/48520"}],"wp:attachment":[{"href":"https:\/\/visit.santcugat.cat\/fr\/wp-json\/wp\/v2\/media?parent=40879"}],"curies":[{"name":"wp","href":"https:\/\/api.w.org\/{rel}","templated":true}]}}