{"id":28977,"date":"2022-02-25T10:51:35","date_gmt":"2022-02-25T09:51:35","guid":{"rendered":"https:\/\/visit.santcugat.cat\/politica-de-privacitat\/"},"modified":"2022-03-03T22:53:36","modified_gmt":"2022-03-03T21:53:36","slug":"politique-de-protection-des-donnees","status":"publish","type":"page","link":"https:\/\/visit.santcugat.cat\/fr\/politique-de-protection-des-donnees\/","title":{"rendered":"Politique de protection des donn\u00e9es"},"content":{"rendered":"<div class=\"fusion-fullwidth fullwidth-box fusion-builder-row-1 fusion-flex-container nonhundred-percent-fullwidth non-hundred-percent-height-scrolling\" style=\"--awb-border-radius-top-left:0px;--awb-border-radius-top-right:0px;--awb-border-radius-bottom-right:0px;--awb-border-radius-bottom-left:0px;--awb-flex-wrap:wrap;\" ><div class=\"fusion-builder-row fusion-row fusion-flex-align-items-flex-start fusion-flex-content-wrap\" style=\"max-width:1216.8px;margin-left: calc(-4% \/ 2 );margin-right: calc(-4% \/ 2 );\"><div class=\"fusion-layout-column fusion_builder_column fusion-builder-column-0 fusion_builder_column_1_2 1_2 fusion-flex-column\" style=\"--awb-bg-blend:overlay;--awb-bg-size:cover;--awb-width-large:50%;--awb-margin-top-large:0px;--awb-spacing-right-large:3.84%;--awb-margin-bottom-large:0px;--awb-spacing-left-large:3.84%;--awb-width-medium:100%;--awb-spacing-right-medium:1.92%;--awb-spacing-left-medium:1.92%;--awb-width-small:100%;--awb-spacing-right-small:1.92%;--awb-spacing-left-small:1.92%;\"><div class=\"fusion-column-wrapper fusion-flex-justify-content-flex-start fusion-content-layout-column\"><div class=\"fusion-separator fusion-full-width-sep\" style=\"align-self: center;margin-left: auto;margin-right: auto;margin-top:20px;width:100%;\"><\/div><div class=\"fusion-text fusion-text-1\" style=\"--awb-text-transform:none;\"><p>La pr\u00e9sente politique de protection des donn\u00e9es r\u00e9git le traitement par la mairie de Sant Cugat del Vall\u00e9s des donn\u00e9es qui peuvent \u00eatre collect\u00e9es sur son site web.<\/p>\n<p><strong>Identit\u00e9 du responsable du traitement des donn\u00e9es<\/strong><\/p>\n<p>Le responsable du traitement des donn\u00e9es personnelles collect\u00e9es sur le site web de l&#8217;entreprise www.santcugat.cat est :<\/p>\n<p>CONSEIL MUNICIPAL DE SANT CUGAT DEL VALL\u00c8S<\/p>\n<p>Plaza de la Villa, 1<\/p>\n<p>08172 Sant Cugat del Vall\u00e8s<\/p>\n<p>Objectif du traitement des donn\u00e9es.<\/p>\n<p>Les donn\u00e9es que vous fournissez \u00e0 la mairie de Sant Cugat del Vall\u00e8s par diff\u00e9rents moyens, formulaires de contact, enqu\u00eates ou proc\u00e9dures utilis\u00e9es lors de la collecte sont ex\u00e9cut\u00e9es conform\u00e9ment \u00e0 la l\u00e9gislation en vigueur sur la protection des donn\u00e9es et dans le seul but de fournir le service que vous demandez.<\/p>\n<p>Dans chacun de ces moyens, nous vous informons en d\u00e9tail de la finalit\u00e9 du traitement des donn\u00e9es, qui est effectu\u00e9 uniquement et exclusivement si vous avez autoris\u00e9 ce traitement.<\/p>\n<p><strong>Traitement<\/strong><\/p>\n<p>Dans le registre des activit\u00e9s de traitement de Sant Cugat, vous pouvez voir toutes les op\u00e9rations de traitement enregistr\u00e9es. Vous pouvez les trouver sur la page :<\/p>\n<p><a href=\"https:\/\/visit.santcugat.cat\/fr\/avis-legal\/\"><strong>Protection des donn\u00e9es<\/strong><\/a><\/p>\n<p>Seules les donn\u00e9es que vous avez fournies seront trait\u00e9es dans le but pour lequel vous avez \u00e9t\u00e9 inform\u00e9 et avez donn\u00e9 votre consentement. Vos donn\u00e9es ne seront pas trait\u00e9es par des tiers et ne seront pas transmises \u00e0 des tiers, sauf si vous avez express\u00e9ment donn\u00e9 votre accord.<\/p>\n<p>La base juridique du traitement de vos donn\u00e9es est l&#8217;ex\u00e9cution des comp\u00e9tences du Conseil municipal et l&#8217;ex\u00e9cution des services que vous nous avez demand\u00e9s.<\/p>\n<p>En aucun cas, des d\u00e9cisions automatis\u00e9es ne seront prises sur la base de vos donn\u00e9es.<\/p>\n<p>L&#8217;utilisateur nous fournit \u00e0 tout moment ses donn\u00e9es de mani\u00e8re volontaire et est inform\u00e9 de l&#8217;utilisation et du traitement qui en est fait. Toutes les informations fournies par l&#8217;utilisateur doivent \u00eatre v\u00e9ridiques. L&#8217;utilisateur est seul responsable de toute d\u00e9claration fausse ou inexacte faite et de tout dommage caus\u00e9 \u00e0 la mairie ou \u00e0 des tiers. Le Conseil municipal se r\u00e9serve le droit d&#8217;exclure des services tout utilisateur ayant fourni de fausses informations, sans pr\u00e9judice des autres actions qui peuvent \u00eatre applicables en droit.<\/p>\n<\/div><\/div><\/div><div class=\"fusion-layout-column fusion_builder_column fusion-builder-column-1 fusion_builder_column_1_2 1_2 fusion-flex-column\" style=\"--awb-bg-blend:overlay;--awb-bg-size:cover;--awb-width-large:50%;--awb-margin-top-large:0px;--awb-spacing-right-large:3.84%;--awb-margin-bottom-large:0px;--awb-spacing-left-large:3.84%;--awb-width-medium:100%;--awb-spacing-right-medium:1.92%;--awb-spacing-left-medium:1.92%;--awb-width-small:100%;--awb-spacing-right-small:1.92%;--awb-spacing-left-small:1.92%;\"><div class=\"fusion-column-wrapper fusion-flex-justify-content-flex-start fusion-content-layout-column\"><div class=\"fusion-separator fusion-full-width-sep\" style=\"align-self: center;margin-left: auto;margin-right: auto;margin-top:20px;width:100%;\"><\/div><div class=\"fusion-text fusion-text-2\" style=\"--awb-text-transform:none;\"><p><strong>Vos droits lorsque vous fournissez vos donn\u00e9es<\/strong><\/p>\n<ul>\n<li>Acc\u00e9der \u00e0 vos donn\u00e9es : demandez quelles donn\u00e9es nous d\u00e9tenons \u00e0 votre sujet et quel usage nous en faisons, et m\u00eame demandez-nous de les transmettre \u00e0 une autre organisation.<\/li>\n<li>Rectifier vos donn\u00e9es : demander la modification ou la rectification de donn\u00e9es inexactes.<\/li>\n<li>Supprimer vos donn\u00e9es : demandez que vos donn\u00e9es soient supprim\u00e9es et ne soient pas trait\u00e9es, \u00e0 l&#8217;exception de celles que nous sommes tenus de conserver en vertu de la loi.<\/li>\n<li>Limiter le traitement : demander que vos donn\u00e9es soient conserv\u00e9es pour des exigences l\u00e9gales.<\/li>\n<li>Opposition au traitement : que nous ne fassions pas un usage sp\u00e9cifique de vos donn\u00e9es.<\/li>\n<li>Portabilit\u00e9 des donn\u00e9es : nous vous donnons vos donn\u00e9es dans un format compatible pour que vous puissiez les transmettre \u00e0 un tiers qui doit vous fournir un service.<\/li>\n<li>Vous pouvez \u00e0 tout moment demander et obtenir des informations sur la mani\u00e8re dont nous traitons vos donn\u00e9es et dans quel but :<\/li>\n<\/ul>\n<p>Pour ce faire, vous pouvez envoyer une lettre indiquant le droit que vous souhaitez exercer (acc\u00e8s, rectification, suppression, opposition ou portabilit\u00e9 des donn\u00e9es) en joignant une copie de votre carte d&#8217;identit\u00e9 en personne ou par courrier ordinaire \u00e0 la mairie de SANT CUGAT, Atenci\u00f3n Ciudadana, Plaza de la Villa, 1 08172 Sant Cugat del Vall\u00e9s, en indiquant &#8220;Ref. Protecci\u00f3n de datos&#8221; ou par courrier \u00e9lectronique \u00e0 lopd@santcugat.cat.<\/p>\n<p><strong>Informations compl\u00e9mentaires sur le traitement des donn\u00e9es \u00e0 caract\u00e8re personnel<\/strong><\/p>\n<p>Si vous souhaitez obtenir de plus amples informations sur le traitement des donn\u00e9es personnelles effectu\u00e9 par la mairie de Sant Cugat del Vall\u00e9s, vous pouvez contacter le d\u00e9l\u00e9gu\u00e9 \u00e0 la protection des donn\u00e9es par courrier \u00e9lectronique \u00e0 l&#8217;adresse dpd@santcugat.cat ou par courrier postal \u00e0 l&#8217;attention du d\u00e9l\u00e9gu\u00e9 \u00e0 la protection des donn\u00e9es \u00e0 la mairie de Sant Cugat del Vall\u00e9s, Plaza de la Vila, 1 08172 Sant Cugat del Vall\u00e8s.<\/p>\n<p>Vous pouvez \u00e9galement consulter la page sur la protection des donn\u00e9es pour obtenir des informations d\u00e9taill\u00e9es sur l&#8217;organisation interne du Conseil municipal dans ce domaine et d&#8217;autres informations int\u00e9ressantes.<\/p>\n<p><strong>Pr\u00e9sentation des plaintes<\/strong><\/p>\n<p>L&#8217;Autorit\u00e9 catalane de protection des donn\u00e9es ( www.apdcat.cat ) est l&#8217;organe de contr\u00f4le qui veille au respect de la l\u00e9gislation sur la protection des donn\u00e9es au sein de l&#8217;Administration publique catalane. Si vous estimez que le conseil municipal n&#8217;a pas respect\u00e9 l&#8217;un des pr\u00e9ceptes \u00e9tablis dans cette l\u00e9gislation, vous pouvez le contacter pour d\u00e9poser une plainte.<\/p>\n<\/div><\/div><\/div><\/div><\/div>\n","protected":false},"excerpt":{"rendered":"","protected":false},"author":1,"featured_media":0,"parent":0,"menu_order":0,"comment_status":"closed","ping_status":"closed","template":"","meta":{"_joinchat":[],"footnotes":""},"class_list":["post-28977","page","type-page","status-publish","hentry"],"yoast_head":"<!-- This site is optimized with the Yoast SEO plugin v27.4 - https:\/\/yoast.com\/product\/yoast-seo-wordpress\/ -->\n<title>Politique de protection des donn\u00e9es | Visit Sant Cugat<\/title>\n<meta name=\"robots\" content=\"noindex, nofollow\" \/>\n<meta property=\"og:locale\" content=\"fr_FR\" \/>\n<meta property=\"og:type\" content=\"article\" \/>\n<meta property=\"og:title\" content=\"Politique de protection des donn\u00e9es | Visit Sant Cugat\" \/>\n<meta property=\"og:url\" content=\"https:\/\/visit.santcugat.cat\/fr\/politique-de-protection-des-donnees\/\" \/>\n<meta property=\"og:site_name\" content=\"Visit Sant Cugat\" \/>\n<meta property=\"article:publisher\" content=\"https:\/\/www.facebook.com\/visitsantcugat\/\" \/>\n<meta property=\"article:modified_time\" content=\"2022-03-03T21:53:36+00:00\" \/>\n<meta property=\"og:image\" content=\"https:\/\/visit.santcugat.cat\/wp-content\/uploads\/2023\/03\/CLAUSTRE-MONASTERIO-DE-SANT-CUGAT_resultado.webp\" \/>\n\t<meta property=\"og:image:width\" content=\"984\" \/>\n\t<meta property=\"og:image:height\" content=\"502\" \/>\n\t<meta property=\"og:image:type\" content=\"image\/webp\" \/>\n<meta name=\"twitter:card\" content=\"summary_large_image\" \/>\n<meta name=\"twitter:site\" content=\"@ajsantcugat\" \/>\n<meta name=\"twitter:label1\" content=\"Dur\u00e9e de lecture estim\u00e9e\" \/>\n\t<meta name=\"twitter:data1\" content=\"5 minutes\" \/>\n<script type=\"application\/ld+json\" class=\"yoast-schema-graph\">{\"@context\":\"https:\\\/\\\/schema.org\",\"@graph\":[{\"@type\":\"WebPage\",\"@id\":\"https:\\\/\\\/visit.santcugat.cat\\\/fr\\\/politique-de-protection-des-donnees\\\/\",\"url\":\"https:\\\/\\\/visit.santcugat.cat\\\/fr\\\/politique-de-protection-des-donnees\\\/\",\"name\":\"Politique de protection des donn\u00e9es | Visit Sant Cugat\",\"isPartOf\":{\"@id\":\"https:\\\/\\\/visit.santcugat.cat\\\/fr\\\/#website\"},\"datePublished\":\"2022-02-25T09:51:35+00:00\",\"dateModified\":\"2022-03-03T21:53:36+00:00\",\"breadcrumb\":{\"@id\":\"https:\\\/\\\/visit.santcugat.cat\\\/fr\\\/politique-de-protection-des-donnees\\\/#breadcrumb\"},\"inLanguage\":\"fr-FR\",\"potentialAction\":[{\"@type\":\"ReadAction\",\"target\":[\"https:\\\/\\\/visit.santcugat.cat\\\/fr\\\/politique-de-protection-des-donnees\\\/\"]}]},{\"@type\":\"BreadcrumbList\",\"@id\":\"https:\\\/\\\/visit.santcugat.cat\\\/fr\\\/politique-de-protection-des-donnees\\\/#breadcrumb\",\"itemListElement\":[{\"@type\":\"ListItem\",\"position\":1,\"name\":\"Inici\",\"item\":\"https:\\\/\\\/visit.santcugat.cat\\\/fr\\\/\"},{\"@type\":\"ListItem\",\"position\":2,\"name\":\"Politique de protection des donn\u00e9es\"}]},{\"@type\":\"WebSite\",\"@id\":\"https:\\\/\\\/visit.santcugat.cat\\\/fr\\\/#website\",\"url\":\"https:\\\/\\\/visit.santcugat.cat\\\/fr\\\/\",\"name\":\"Visit Sant Cugat\",\"description\":\"Turisme de Sant Cugat\",\"publisher\":{\"@id\":\"https:\\\/\\\/visit.santcugat.cat\\\/fr\\\/#organization\"},\"potentialAction\":[{\"@type\":\"SearchAction\",\"target\":{\"@type\":\"EntryPoint\",\"urlTemplate\":\"https:\\\/\\\/visit.santcugat.cat\\\/fr\\\/?s={search_term_string}\"},\"query-input\":{\"@type\":\"PropertyValueSpecification\",\"valueRequired\":true,\"valueName\":\"search_term_string\"}}],\"inLanguage\":\"fr-FR\"},{\"@type\":\"Organization\",\"@id\":\"https:\\\/\\\/visit.santcugat.cat\\\/fr\\\/#organization\",\"name\":\"Visit Sant Cugat - Turisme de Sant Cugat - Barcelona\",\"url\":\"https:\\\/\\\/visit.santcugat.cat\\\/fr\\\/\",\"logo\":{\"@type\":\"ImageObject\",\"inLanguage\":\"fr-FR\",\"@id\":\"https:\\\/\\\/visit.santcugat.cat\\\/fr\\\/#\\\/schema\\\/logo\\\/image\\\/\",\"url\":\"https:\\\/\\\/visit.santcugat.cat\\\/wp-content\\\/uploads\\\/2020\\\/09\\\/logo.png\",\"contentUrl\":\"https:\\\/\\\/visit.santcugat.cat\\\/wp-content\\\/uploads\\\/2020\\\/09\\\/logo.png\",\"width\":200,\"height\":44,\"caption\":\"Visit Sant Cugat - Turisme de Sant Cugat - Barcelona\"},\"image\":{\"@id\":\"https:\\\/\\\/visit.santcugat.cat\\\/fr\\\/#\\\/schema\\\/logo\\\/image\\\/\"},\"sameAs\":[\"https:\\\/\\\/www.facebook.com\\\/visitsantcugat\\\/\",\"https:\\\/\\\/x.com\\\/ajsantcugat\",\"https:\\\/\\\/www.instagram.com\\\/visitsantcugat\\\/\",\"https:\\\/\\\/ca.wikipedia.org\\\/wiki\\\/Sant_Cugat_del_Vall\u00e8s\"]}]}<\/script>\n<!-- \/ Yoast SEO plugin. -->","yoast_head_json":{"title":"Politique de protection des donn\u00e9es | Visit Sant Cugat","robots":{"index":"noindex","follow":"nofollow"},"og_locale":"fr_FR","og_type":"article","og_title":"Politique de protection des donn\u00e9es | Visit Sant Cugat","og_url":"https:\/\/visit.santcugat.cat\/fr\/politique-de-protection-des-donnees\/","og_site_name":"Visit Sant Cugat","article_publisher":"https:\/\/www.facebook.com\/visitsantcugat\/","article_modified_time":"2022-03-03T21:53:36+00:00","og_image":[{"width":984,"height":502,"url":"https:\/\/visit.santcugat.cat\/wp-content\/uploads\/2023\/03\/CLAUSTRE-MONASTERIO-DE-SANT-CUGAT_resultado.webp","type":"image\/webp"}],"twitter_card":"summary_large_image","twitter_site":"@ajsantcugat","twitter_misc":{"Dur\u00e9e de lecture estim\u00e9e":"5 minutes"},"schema":{"@context":"https:\/\/schema.org","@graph":[{"@type":"WebPage","@id":"https:\/\/visit.santcugat.cat\/fr\/politique-de-protection-des-donnees\/","url":"https:\/\/visit.santcugat.cat\/fr\/politique-de-protection-des-donnees\/","name":"Politique de protection des donn\u00e9es | Visit Sant Cugat","isPartOf":{"@id":"https:\/\/visit.santcugat.cat\/fr\/#website"},"datePublished":"2022-02-25T09:51:35+00:00","dateModified":"2022-03-03T21:53:36+00:00","breadcrumb":{"@id":"https:\/\/visit.santcugat.cat\/fr\/politique-de-protection-des-donnees\/#breadcrumb"},"inLanguage":"fr-FR","potentialAction":[{"@type":"ReadAction","target":["https:\/\/visit.santcugat.cat\/fr\/politique-de-protection-des-donnees\/"]}]},{"@type":"BreadcrumbList","@id":"https:\/\/visit.santcugat.cat\/fr\/politique-de-protection-des-donnees\/#breadcrumb","itemListElement":[{"@type":"ListItem","position":1,"name":"Inici","item":"https:\/\/visit.santcugat.cat\/fr\/"},{"@type":"ListItem","position":2,"name":"Politique de protection des donn\u00e9es"}]},{"@type":"WebSite","@id":"https:\/\/visit.santcugat.cat\/fr\/#website","url":"https:\/\/visit.santcugat.cat\/fr\/","name":"Visit Sant Cugat","description":"Turisme de Sant Cugat","publisher":{"@id":"https:\/\/visit.santcugat.cat\/fr\/#organization"},"potentialAction":[{"@type":"SearchAction","target":{"@type":"EntryPoint","urlTemplate":"https:\/\/visit.santcugat.cat\/fr\/?s={search_term_string}"},"query-input":{"@type":"PropertyValueSpecification","valueRequired":true,"valueName":"search_term_string"}}],"inLanguage":"fr-FR"},{"@type":"Organization","@id":"https:\/\/visit.santcugat.cat\/fr\/#organization","name":"Visit Sant Cugat - Turisme de Sant Cugat - Barcelona","url":"https:\/\/visit.santcugat.cat\/fr\/","logo":{"@type":"ImageObject","inLanguage":"fr-FR","@id":"https:\/\/visit.santcugat.cat\/fr\/#\/schema\/logo\/image\/","url":"https:\/\/visit.santcugat.cat\/wp-content\/uploads\/2020\/09\/logo.png","contentUrl":"https:\/\/visit.santcugat.cat\/wp-content\/uploads\/2020\/09\/logo.png","width":200,"height":44,"caption":"Visit Sant Cugat - Turisme de Sant Cugat - Barcelona"},"image":{"@id":"https:\/\/visit.santcugat.cat\/fr\/#\/schema\/logo\/image\/"},"sameAs":["https:\/\/www.facebook.com\/visitsantcugat\/","https:\/\/x.com\/ajsantcugat","https:\/\/www.instagram.com\/visitsantcugat\/","https:\/\/ca.wikipedia.org\/wiki\/Sant_Cugat_del_Vall\u00e8s"]}]}},"_links":{"self":[{"href":"https:\/\/visit.santcugat.cat\/fr\/wp-json\/wp\/v2\/pages\/28977","targetHints":{"allow":["GET"]}}],"collection":[{"href":"https:\/\/visit.santcugat.cat\/fr\/wp-json\/wp\/v2\/pages"}],"about":[{"href":"https:\/\/visit.santcugat.cat\/fr\/wp-json\/wp\/v2\/types\/page"}],"author":[{"embeddable":true,"href":"https:\/\/visit.santcugat.cat\/fr\/wp-json\/wp\/v2\/users\/1"}],"replies":[{"embeddable":true,"href":"https:\/\/visit.santcugat.cat\/fr\/wp-json\/wp\/v2\/comments?post=28977"}],"version-history":[{"count":3,"href":"https:\/\/visit.santcugat.cat\/fr\/wp-json\/wp\/v2\/pages\/28977\/revisions"}],"predecessor-version":[{"id":28987,"href":"https:\/\/visit.santcugat.cat\/fr\/wp-json\/wp\/v2\/pages\/28977\/revisions\/28987"}],"wp:attachment":[{"href":"https:\/\/visit.santcugat.cat\/fr\/wp-json\/wp\/v2\/media?parent=28977"}],"curies":[{"name":"wp","href":"https:\/\/api.w.org\/{rel}","templated":true}]}}