{"id":11529,"date":"2017-06-30T11:43:23","date_gmt":"2017-06-30T10:43:23","guid":{"rendered":"https:\/\/visit.santcugat.cat\/avis-legal\/"},"modified":"2022-02-25T11:03:36","modified_gmt":"2022-02-25T10:03:36","slug":"avis-legal","status":"publish","type":"page","link":"https:\/\/visit.santcugat.cat\/fr\/avis-legal\/","title":{"rendered":"Avis l\u00e9gal"},"content":{"rendered":"<div class=\"fusion-fullwidth fullwidth-box fusion-builder-row-1 nonhundred-percent-fullwidth non-hundred-percent-height-scrolling\" style=\"--awb-border-radius-top-left:0px;--awb-border-radius-top-right:0px;--awb-border-radius-bottom-right:0px;--awb-border-radius-bottom-left:0px;--awb-flex-wrap:wrap;\" ><div class=\"fusion-builder-row fusion-row\"><div class=\"fusion-layout-column fusion_builder_column fusion-builder-column-0 fusion_builder_column_1_2 1_2 fusion-one-half fusion-column-first\" style=\"--awb-bg-size:cover;width:50%;width:calc(50% - ( ( 4% ) * 0.5 ) );margin-right: 4%;\"><div class=\"fusion-column-wrapper fusion-flex-column-wrapper-legacy\"><div class=\"fusion-sep-clear\"><\/div><div class=\"fusion-separator fusion-full-width-sep\" style=\"margin-left: auto;margin-right: auto;margin-top:10px;margin-bottom:15px;width:100%;\"><\/div><div class=\"fusion-sep-clear\"><\/div><div class=\"fusion-text fusion-text-1\"><p>La Mairie de Sant Cugat del Vall\u00e8s, ci-apr\u00e8s <strong>Mairie de Sant Cugat<\/strong>, est propri\u00e9taire du domaine <strong>visit.santcugat.cat<\/strong>, un site web accessible \u00e0 tout utilisateur ou utilisatrice ayant pour but de faciliter des informations concernant des diff\u00e9rents services et gestions propres de cette administration locale et, en m\u00eame temps, de fournir des informations g\u00e9n\u00e9rales concernant la ville de Sant Cugat.<\/p>\n<p>Tous les signes distinctifs, marques, noms commerciaux, contenus (textes, graphiques, images, photographies, logiciels, liens et autres contenus audiovisuels ou sonores et codes sources), structure, desing, et forme de pr\u00e9sentation des \u00e9l\u00e9ments ainsi que toute autre information figurant sur ce site web, telles que les applications municipales mobiles pour appareils Android et IOS sont propri\u00e9t\u00e9 de la Mairie de Sant Cugat et sont prot\u00e9g\u00e9s par les droits de propri\u00e9t\u00e9 industrielle et intellectuelle.<\/p>\n<p>Il est interdit la reproduction, transformation, distribution, communication publique et en g\u00e9n\u00e9ral toute autre forme d\u2019exploitation des \u00e9l\u00e9ments mentionn\u00e9s au paragraphe pr\u00e9c\u00e9dent sans l\u2019autorisation expresse de la Mairie de Sant Cugat. Il est autoris\u00e9 d\u2019imprimer et de t\u00e9l\u00e9charger des extraits des contenus de ce site web et des applications mobiles, uniquement pour un usage personnel et priv\u00e9.<\/p>\n<p>Ce site web fournit plusieurs liens vers d\u2019autres sites ind\u00e9pendants qui ne font pas partie de la Mairie de Sant Cugat, dans le but de faciliter l\u2019acc\u00e8s \u00e0 d\u2019autres sources d\u2019informations li\u00e9es \u00e0 cette organisation municipale et aux droits de propri\u00e9t\u00e9 intellectuelle qui, le cas \u00e9ch\u00e9ant, puissent correspondre \u00e0 leurs auteurs. Cependant, la Mairie de Sant Cugat d\u00e9cline toute responsabilit\u00e9 provenant des connexions ou contenus de ces liens. En outre, la mise en place de liens vers le site web de la Mairie de Sant Cugat, sur demande et approbation pr\u00e9alable de celle-ci, devra respecter les droits de propri\u00e9t\u00e9 intellectuelle de propri\u00e9t\u00e9 municipale.<\/p>\n<p>Les utilisateurs devront s\u2019abstenir d\u2019utiliser des moyens qui puissent supprimer, modifier, \u00e9luder ou manipuler n\u2019importe quel dispositif de protection ou syst\u00e8me de s\u00e9curit\u00e9 pouvant \u00eatre install\u00e9 et qui comportent un risque, dommage ou mauvaise utilisation de ce site web et\/ou de son contenu.<\/p>\n<p>La Mairie de Sant Cugat d\u00e9cline toute responsabilit\u00e9 de l\u2019\u00e9ventuelle utilisation inad\u00e9quate que l\u2019on puisse faire de ce site web ou des diff\u00e9rentes applications mobiles, ni du contenu, r\u00e9sultat de la traduction automatique de Google et mise \u00e0 jour des informations provenant d\u2019autres personnes physiques ou juridiques et figurant sur le site web ou accessible \u00e0 travers des liens ou autres syst\u00e8mes. Le contenu fourni par ce site ou les diff\u00e9rentes applications mobiles ont un caract\u00e8re purement informatif, et donc l\u2019utilisation de l\u2019on puisse en faire ainsi que les \u00e9ventuelles cons\u00e9quences, dommages ou pr\u00e9judices qui pourraient survenir, sont la seule responsabilit\u00e9 de l\u2019utilisateur ou utilisatrice.<\/p>\n<p>La Mairie de Sant Cugat d\u00e9cline toute responsabilit\u00e9 pour les dommages et pr\u00e9judices de n\u2019importe quelle nature qui puissent survenir par l\u2019utilisation des liens, r\u00e9pertoires et outils de recherche, qui permettent l\u2019acc\u00e8s \u00e0 des sites web ou applications mobiles appartenant et\/ou g\u00e9r\u00e9s par des tiers, ainsi que de la pr\u00e9sence de virus ou autres codes malveillants dans le contenu qui puissent causer toute sorte de dommage au syst\u00e8me informatique, aux documents \u00e9lectroniques ou fichiers des utilisateurs.<\/p>\n<p>La Mairie de Sant Cugat\u00a0 se r\u00e9serve le droit d\u2019exercer les actions l\u00e9gales qu\u2019elle juge n\u00e9cessaires d\u00e9coulant de toute utilisation illicite du contenu de son site web ou de ses applications mobiles.<\/p>\n<p><strong>\u00a0<\/strong><\/p>\n<\/div><div class=\"fusion-clearfix\"><\/div><\/div><\/div><div class=\"fusion-layout-column fusion_builder_column fusion-builder-column-1 fusion_builder_column_1_2 1_2 fusion-one-half fusion-column-last\" style=\"--awb-bg-size:cover;width:50%;width:calc(50% - ( ( 4% ) * 0.5 ) );\"><div class=\"fusion-column-wrapper fusion-flex-column-wrapper-legacy\"><div class=\"fusion-text fusion-text-2\" style=\"--awb-text-transform:none;\"><h3><strong>Les Cookies de Session et Google Analytics<\/strong><\/h3>\n<p>Un cookie est une parcelle de texte envoy\u00e9e entre un navigateur web ou application mobile et le serveur auquel il a acc\u00e8s. Les cookies sont utilis\u00e9s pour distinguer un utilisateur d\u2019un autre et pour transmettre des informations d\u2019un site \u00e0 un autre au cours de la session d\u2019un seul utilisateur.<\/p>\n<p>La Mairie de Sant Cugat utilise des cookies afin d\u2019offrir une meilleure exp\u00e9rience \u00e0 l\u2019utilisateur. Les informations fournies par les cookies nous aident \u00e0 comprendre comment nos visiteurs utilisent les sites web et les applications mobiles de la Mairie et ainsi \u00e0 pouvoir am\u00e9liorer la fa\u00e7on dont nous pr\u00e9sentons notre contenu.<\/p>\n<p>Ces cookies appel\u00e9s de session ne peuvent pas \u00eatre d\u00e9sactiv\u00e9s et s\u2019effacent au moment de fermer votre navigateur.<\/p>\n<p>La Mairie de Sant Cugat utilise des cookies de Google Analytics pour d\u00e9finir les sessions d\u2019utilisateur et obtenir des informations g\u00e9n\u00e9rales sur la navigation dans les sites municipaux. Ceux-ci ne recueillent pas de donn\u00e9es personnelles des visiteurs des sites web municipaux et utilisent les standards d\u2019identification et expiration pour attribuer correctement l\u2019activit\u00e9 du visiteur.<\/p>\n<\/div><div class=\"fusion-clearfix\"><\/div><\/div><\/div><\/div><\/div>\n","protected":false},"excerpt":{"rendered":"","protected":false},"author":1,"featured_media":0,"parent":0,"menu_order":0,"comment_status":"closed","ping_status":"closed","template":"","meta":{"_joinchat":[],"footnotes":""},"class_list":["post-11529","page","type-page","status-publish","hentry"],"yoast_head":"<!-- This site is optimized with the Yoast SEO plugin v27.4 - https:\/\/yoast.com\/product\/yoast-seo-wordpress\/ -->\n<title>avis l\u00e9gal<\/title>\n<meta name=\"robots\" content=\"noindex, nofollow\" \/>\n<meta property=\"og:locale\" content=\"fr_FR\" \/>\n<meta property=\"og:type\" content=\"article\" \/>\n<meta property=\"og:title\" content=\"avis l\u00e9gal\" \/>\n<meta property=\"og:url\" content=\"https:\/\/visit.santcugat.cat\/fr\/avis-legal\/\" \/>\n<meta property=\"og:site_name\" content=\"Visit Sant Cugat\" \/>\n<meta property=\"article:publisher\" content=\"https:\/\/www.facebook.com\/visitsantcugat\/\" \/>\n<meta property=\"article:modified_time\" content=\"2022-02-25T10:03:36+00:00\" \/>\n<meta property=\"og:image\" content=\"https:\/\/visit.santcugat.cat\/wp-content\/uploads\/2023\/03\/CLAUSTRE-MONASTERIO-DE-SANT-CUGAT_resultado.webp\" \/>\n\t<meta property=\"og:image:width\" content=\"984\" \/>\n\t<meta property=\"og:image:height\" content=\"502\" \/>\n\t<meta property=\"og:image:type\" content=\"image\/webp\" \/>\n<meta name=\"twitter:card\" content=\"summary_large_image\" \/>\n<meta name=\"twitter:site\" content=\"@ajsantcugat\" \/>\n<meta name=\"twitter:label1\" content=\"Dur\u00e9e de lecture estim\u00e9e\" \/>\n\t<meta name=\"twitter:data1\" content=\"6 minutes\" \/>\n<script type=\"application\/ld+json\" class=\"yoast-schema-graph\">{\"@context\":\"https:\\\/\\\/schema.org\",\"@graph\":[{\"@type\":\"WebPage\",\"@id\":\"https:\\\/\\\/visit.santcugat.cat\\\/fr\\\/avis-legal\\\/\",\"url\":\"https:\\\/\\\/visit.santcugat.cat\\\/fr\\\/avis-legal\\\/\",\"name\":\"avis l\u00e9gal\",\"isPartOf\":{\"@id\":\"https:\\\/\\\/visit.santcugat.cat\\\/fr\\\/#website\"},\"datePublished\":\"2017-06-30T10:43:23+00:00\",\"dateModified\":\"2022-02-25T10:03:36+00:00\",\"breadcrumb\":{\"@id\":\"https:\\\/\\\/visit.santcugat.cat\\\/fr\\\/avis-legal\\\/#breadcrumb\"},\"inLanguage\":\"fr-FR\",\"potentialAction\":[{\"@type\":\"ReadAction\",\"target\":[\"https:\\\/\\\/visit.santcugat.cat\\\/fr\\\/avis-legal\\\/\"]}]},{\"@type\":\"BreadcrumbList\",\"@id\":\"https:\\\/\\\/visit.santcugat.cat\\\/fr\\\/avis-legal\\\/#breadcrumb\",\"itemListElement\":[{\"@type\":\"ListItem\",\"position\":1,\"name\":\"Inici\",\"item\":\"https:\\\/\\\/visit.santcugat.cat\\\/fr\\\/\"},{\"@type\":\"ListItem\",\"position\":2,\"name\":\"Avis l\u00e9gal\"}]},{\"@type\":\"WebSite\",\"@id\":\"https:\\\/\\\/visit.santcugat.cat\\\/fr\\\/#website\",\"url\":\"https:\\\/\\\/visit.santcugat.cat\\\/fr\\\/\",\"name\":\"Visit Sant Cugat\",\"description\":\"Turisme de Sant Cugat\",\"publisher\":{\"@id\":\"https:\\\/\\\/visit.santcugat.cat\\\/fr\\\/#organization\"},\"potentialAction\":[{\"@type\":\"SearchAction\",\"target\":{\"@type\":\"EntryPoint\",\"urlTemplate\":\"https:\\\/\\\/visit.santcugat.cat\\\/fr\\\/?s={search_term_string}\"},\"query-input\":{\"@type\":\"PropertyValueSpecification\",\"valueRequired\":true,\"valueName\":\"search_term_string\"}}],\"inLanguage\":\"fr-FR\"},{\"@type\":\"Organization\",\"@id\":\"https:\\\/\\\/visit.santcugat.cat\\\/fr\\\/#organization\",\"name\":\"Visit Sant Cugat - Turisme de Sant Cugat - Barcelona\",\"url\":\"https:\\\/\\\/visit.santcugat.cat\\\/fr\\\/\",\"logo\":{\"@type\":\"ImageObject\",\"inLanguage\":\"fr-FR\",\"@id\":\"https:\\\/\\\/visit.santcugat.cat\\\/fr\\\/#\\\/schema\\\/logo\\\/image\\\/\",\"url\":\"https:\\\/\\\/visit.santcugat.cat\\\/wp-content\\\/uploads\\\/2020\\\/09\\\/logo.png\",\"contentUrl\":\"https:\\\/\\\/visit.santcugat.cat\\\/wp-content\\\/uploads\\\/2020\\\/09\\\/logo.png\",\"width\":200,\"height\":44,\"caption\":\"Visit Sant Cugat - Turisme de Sant Cugat - Barcelona\"},\"image\":{\"@id\":\"https:\\\/\\\/visit.santcugat.cat\\\/fr\\\/#\\\/schema\\\/logo\\\/image\\\/\"},\"sameAs\":[\"https:\\\/\\\/www.facebook.com\\\/visitsantcugat\\\/\",\"https:\\\/\\\/x.com\\\/ajsantcugat\",\"https:\\\/\\\/www.instagram.com\\\/visitsantcugat\\\/\",\"https:\\\/\\\/ca.wikipedia.org\\\/wiki\\\/Sant_Cugat_del_Vall\u00e8s\"]}]}<\/script>\n<!-- \/ Yoast SEO plugin. -->","yoast_head_json":{"title":"avis l\u00e9gal","robots":{"index":"noindex","follow":"nofollow"},"og_locale":"fr_FR","og_type":"article","og_title":"avis l\u00e9gal","og_url":"https:\/\/visit.santcugat.cat\/fr\/avis-legal\/","og_site_name":"Visit Sant Cugat","article_publisher":"https:\/\/www.facebook.com\/visitsantcugat\/","article_modified_time":"2022-02-25T10:03:36+00:00","og_image":[{"width":984,"height":502,"url":"https:\/\/visit.santcugat.cat\/wp-content\/uploads\/2023\/03\/CLAUSTRE-MONASTERIO-DE-SANT-CUGAT_resultado.webp","type":"image\/webp"}],"twitter_card":"summary_large_image","twitter_site":"@ajsantcugat","twitter_misc":{"Dur\u00e9e de lecture estim\u00e9e":"6 minutes"},"schema":{"@context":"https:\/\/schema.org","@graph":[{"@type":"WebPage","@id":"https:\/\/visit.santcugat.cat\/fr\/avis-legal\/","url":"https:\/\/visit.santcugat.cat\/fr\/avis-legal\/","name":"avis l\u00e9gal","isPartOf":{"@id":"https:\/\/visit.santcugat.cat\/fr\/#website"},"datePublished":"2017-06-30T10:43:23+00:00","dateModified":"2022-02-25T10:03:36+00:00","breadcrumb":{"@id":"https:\/\/visit.santcugat.cat\/fr\/avis-legal\/#breadcrumb"},"inLanguage":"fr-FR","potentialAction":[{"@type":"ReadAction","target":["https:\/\/visit.santcugat.cat\/fr\/avis-legal\/"]}]},{"@type":"BreadcrumbList","@id":"https:\/\/visit.santcugat.cat\/fr\/avis-legal\/#breadcrumb","itemListElement":[{"@type":"ListItem","position":1,"name":"Inici","item":"https:\/\/visit.santcugat.cat\/fr\/"},{"@type":"ListItem","position":2,"name":"Avis l\u00e9gal"}]},{"@type":"WebSite","@id":"https:\/\/visit.santcugat.cat\/fr\/#website","url":"https:\/\/visit.santcugat.cat\/fr\/","name":"Visit Sant Cugat","description":"Turisme de Sant Cugat","publisher":{"@id":"https:\/\/visit.santcugat.cat\/fr\/#organization"},"potentialAction":[{"@type":"SearchAction","target":{"@type":"EntryPoint","urlTemplate":"https:\/\/visit.santcugat.cat\/fr\/?s={search_term_string}"},"query-input":{"@type":"PropertyValueSpecification","valueRequired":true,"valueName":"search_term_string"}}],"inLanguage":"fr-FR"},{"@type":"Organization","@id":"https:\/\/visit.santcugat.cat\/fr\/#organization","name":"Visit Sant Cugat - Turisme de Sant Cugat - Barcelona","url":"https:\/\/visit.santcugat.cat\/fr\/","logo":{"@type":"ImageObject","inLanguage":"fr-FR","@id":"https:\/\/visit.santcugat.cat\/fr\/#\/schema\/logo\/image\/","url":"https:\/\/visit.santcugat.cat\/wp-content\/uploads\/2020\/09\/logo.png","contentUrl":"https:\/\/visit.santcugat.cat\/wp-content\/uploads\/2020\/09\/logo.png","width":200,"height":44,"caption":"Visit Sant Cugat - Turisme de Sant Cugat - Barcelona"},"image":{"@id":"https:\/\/visit.santcugat.cat\/fr\/#\/schema\/logo\/image\/"},"sameAs":["https:\/\/www.facebook.com\/visitsantcugat\/","https:\/\/x.com\/ajsantcugat","https:\/\/www.instagram.com\/visitsantcugat\/","https:\/\/ca.wikipedia.org\/wiki\/Sant_Cugat_del_Vall\u00e8s"]}]}},"_links":{"self":[{"href":"https:\/\/visit.santcugat.cat\/fr\/wp-json\/wp\/v2\/pages\/11529","targetHints":{"allow":["GET"]}}],"collection":[{"href":"https:\/\/visit.santcugat.cat\/fr\/wp-json\/wp\/v2\/pages"}],"about":[{"href":"https:\/\/visit.santcugat.cat\/fr\/wp-json\/wp\/v2\/types\/page"}],"author":[{"embeddable":true,"href":"https:\/\/visit.santcugat.cat\/fr\/wp-json\/wp\/v2\/users\/1"}],"replies":[{"embeddable":true,"href":"https:\/\/visit.santcugat.cat\/fr\/wp-json\/wp\/v2\/comments?post=11529"}],"version-history":[{"count":1,"href":"https:\/\/visit.santcugat.cat\/fr\/wp-json\/wp\/v2\/pages\/11529\/revisions"}],"predecessor-version":[{"id":28950,"href":"https:\/\/visit.santcugat.cat\/fr\/wp-json\/wp\/v2\/pages\/11529\/revisions\/28950"}],"wp:attachment":[{"href":"https:\/\/visit.santcugat.cat\/fr\/wp-json\/wp\/v2\/media?parent=11529"}],"curies":[{"name":"wp","href":"https:\/\/api.w.org\/{rel}","templated":true}]}}