{"id":10106,"date":"2016-11-30T17:07:03","date_gmt":"2016-11-30T17:07:03","guid":{"rendered":"https:\/\/visit.santcugat.cat\/que-voir\/patrimoni\/"},"modified":"2026-04-20T11:45:20","modified_gmt":"2026-04-20T09:45:20","slug":"patrimoine-de-sant-cugat","status":"publish","type":"page","link":"https:\/\/visit.santcugat.cat\/fr\/que-voir\/patrimoine-de-sant-cugat\/","title":{"rendered":"Patrimoine"},"content":{"rendered":"<p><div class=\"fusion-fullwidth fullwidth-box fusion-builder-row-1 nonhundred-percent-fullwidth non-hundred-percent-height-scrolling fusion-equal-height-columns\" style=\"--awb-border-radius-top-left:0px;--awb-border-radius-top-right:0px;--awb-border-radius-bottom-right:0px;--awb-border-radius-bottom-left:0px;--awb-padding-top:15px;--awb-padding-right:0px;--awb-padding-bottom:0px;--awb-padding-left:0px;--awb-flex-wrap:wrap;\" ><div class=\"fusion-builder-row fusion-row\"><div class=\"fusion-layout-column fusion_builder_column fusion-builder-column-0 fusion_builder_column_1_1 1_1 fusion-one-full fusion-column-first fusion-column-last\" style=\"--awb-padding-top:20px;--awb-padding-right:40px;--awb-padding-bottom:20px;--awb-padding-left:40px;--awb-bg-color:#ffffff;--awb-bg-color-hover:#ffffff;--awb-bg-size:cover;\"><div class=\"fusion-column-wrapper fusion-flex-column-wrapper-legacy\"><div class=\"fusion-title title fusion-title-1 fusion-sep-none fusion-title-text fusion-title-size-two\"><h2 class=\"fusion-title-heading title-heading-left fusion-responsive-typography-calculated\" style=\"margin:0;--fontSize:26;line-height:1.69;\">EMPREINTES DU PASS\u00c9 PLEINES D&#8217;INSPIRATION<\/h2><\/div><div class=\"fusion-text fusion-text-1\"><p>Il existe des coins o\u00f9 \u00e9couter le silence, se reposer et contempler l\u2019architecture, l\u2019histoire et la nature. Nous te proposons six points avec un charme particulier, certains sont situ\u00e9s dans le Parc naturel, d\u2019autres se cachent au c\u0153ur du r\u00e9seau urbain.<\/p>\n<\/div><div class=\"fusion-clearfix\"><\/div><\/div><\/div><\/div><\/div><div class=\"fusion-fullwidth fullwidth-box fusion-builder-row-2 fusion-flex-container nonhundred-percent-fullwidth non-hundred-percent-height-scrolling\" style=\"--awb-border-radius-top-left:0px;--awb-border-radius-top-right:0px;--awb-border-radius-bottom-right:0px;--awb-border-radius-bottom-left:0px;--awb-margin-top:5px;--awb-flex-wrap:wrap;\" ><div class=\"fusion-builder-row fusion-row fusion-flex-align-items-flex-start fusion-flex-content-wrap\" style=\"max-width:1216.8px;margin-left: calc(-4% \/ 2 );margin-right: calc(-4% \/ 2 );\"><div class=\"fusion-layout-column fusion_builder_column fusion-builder-column-1 fusion_builder_column_1_3 1_3 fusion-flex-column\" style=\"--awb-bg-size:cover;--awb-width-large:33.333333333333%;--awb-margin-top-large:5px;--awb-spacing-right-large:5.76%;--awb-margin-bottom-large:5px;--awb-spacing-left-large:5.76%;--awb-width-medium:100%;--awb-spacing-right-medium:1.92%;--awb-spacing-left-medium:1.92%;--awb-width-small:100%;--awb-spacing-right-small:1.92%;--awb-spacing-left-small:1.92%;\"><div class=\"fusion-column-wrapper fusion-flex-justify-content-flex-start fusion-content-layout-column\"><div class=\"fusion-image-element \" style=\"--awb-caption-title-font-family:var(--h2_typography-font-family);--awb-caption-title-font-weight:var(--h2_typography-font-weight);--awb-caption-title-font-style:var(--h2_typography-font-style);--awb-caption-title-size:var(--h2_typography-font-size);--awb-caption-title-transform:var(--h2_typography-text-transform);--awb-caption-title-line-height:var(--h2_typography-line-height);--awb-caption-title-letter-spacing:var(--h2_typography-letter-spacing);\"><span class=\" fusion-imageframe imageframe-none imageframe-1 hover-type-none\"><img decoding=\"async\" width=\"500\" height=\"333\" alt=\"L\u2019ermitage de Sant Adjutori\" title=\"FOTO:MAN\u00c9 ESPINOSA. ERMITA DE SANT ADJUTORI.\" src=\"https:\/\/visit.santcugat.cat\/wp-content\/uploads\/2016\/11\/Ermita-de-Sant-Adjutori.jpg\" class=\"img-responsive wp-image-48371\" srcset=\"https:\/\/visit.santcugat.cat\/wp-content\/uploads\/2016\/11\/Ermita-de-Sant-Adjutori-200x133.jpg 200w, https:\/\/visit.santcugat.cat\/wp-content\/uploads\/2016\/11\/Ermita-de-Sant-Adjutori-400x266.jpg 400w, https:\/\/visit.santcugat.cat\/wp-content\/uploads\/2016\/11\/Ermita-de-Sant-Adjutori.jpg 500w\" sizes=\"(max-width: 1024px) 100vw, (max-width: 640px) 100vw, 400px\" \/><\/span><\/div><div class=\"fusion-reading-box-container reading-box-container-1\" style=\"--awb-title-color:#3b4251;--awb-margin-top:0px;--awb-margin-bottom:0px;\"><div class=\"reading-box\" style=\"background-color:#ffffff;border-width:1px;border-color:#aaaaaa;border-bottom-width:3px;border-bottom-color:var(--primary_color);border-style:solid;\"><h2>L\u2019ermitage de Sant Adjutori<br \/>\n<\/h2><div class=\"reading-box-additional fusion-reading-box-additional\">\n<p>C\u2019est un curieux ermitage circulaire qui se trouve sur le chemin de Sant Cugat \u00e0 Sant Medir. Sa construction date du Xe si\u00e8cle. Il a subi quelques r\u00e9formes et agrandissements au cours des si\u00e8cles post\u00e9rieurs.<\/p>\n<p><strong>Adresse\u00a0:<\/strong> carretera de Vallvidrera \u00e0 Sant Cugat, km 4,7<br \/>\n<strong>Coordonn\u00e9es UTM :<\/strong><br \/>\nX : 426025 Y : 4589707<\/p>\n<\/div><div class=\"fusion-clearfix\"><\/div><\/div><\/div><\/div><\/div><div class=\"fusion-layout-column fusion_builder_column fusion-builder-column-2 fusion_builder_column_1_3 1_3 fusion-flex-column\" style=\"--awb-bg-size:cover;--awb-width-large:33.333333333333%;--awb-margin-top-large:5px;--awb-spacing-right-large:5.76%;--awb-margin-bottom-large:5px;--awb-spacing-left-large:5.76%;--awb-width-medium:100%;--awb-spacing-right-medium:1.92%;--awb-spacing-left-medium:1.92%;--awb-width-small:100%;--awb-spacing-right-small:1.92%;--awb-spacing-left-small:1.92%;\"><div class=\"fusion-column-wrapper fusion-flex-justify-content-flex-start fusion-content-layout-column\"><div class=\"fusion-image-element \" style=\"--awb-caption-title-font-family:var(--h2_typography-font-family);--awb-caption-title-font-weight:var(--h2_typography-font-weight);--awb-caption-title-font-style:var(--h2_typography-font-style);--awb-caption-title-size:var(--h2_typography-font-size);--awb-caption-title-transform:var(--h2_typography-text-transform);--awb-caption-title-line-height:var(--h2_typography-line-height);--awb-caption-title-letter-spacing:var(--h2_typography-letter-spacing);\"><span class=\" fusion-imageframe imageframe-none imageframe-2 hover-type-none\"><img decoding=\"async\" width=\"500\" height=\"333\" alt=\"L\u2019ermitage de Sant Medir\" title=\"FOTO: MAN\u00c9 ESPINOSA. ERMITA DE SANT MEDIR\" src=\"https:\/\/visit.santcugat.cat\/wp-content\/uploads\/2016\/11\/Ermita-de-Sant-Medir.jpg\" class=\"img-responsive wp-image-48370\" srcset=\"https:\/\/visit.santcugat.cat\/wp-content\/uploads\/2016\/11\/Ermita-de-Sant-Medir-200x133.jpg 200w, https:\/\/visit.santcugat.cat\/wp-content\/uploads\/2016\/11\/Ermita-de-Sant-Medir-400x266.jpg 400w, https:\/\/visit.santcugat.cat\/wp-content\/uploads\/2016\/11\/Ermita-de-Sant-Medir.jpg 500w\" sizes=\"(max-width: 1024px) 100vw, (max-width: 640px) 100vw, 400px\" \/><\/span><\/div><div class=\"fusion-reading-box-container reading-box-container-2\" style=\"--awb-title-color:#3b4251;--awb-margin-top:0px;--awb-margin-bottom:0px;\"><div class=\"reading-box\" style=\"background-color:#ffffff;border-width:1px;border-color:#aaaaaa;border-bottom-width:3px;border-bottom-color:var(--primary_color);border-style:solid;\"><h2>L\u2019ermitage de Sant Medir<br \/>\n<\/h2><div class=\"reading-box-additional fusion-reading-box-additional\">\n<p>D\u2019origine romane, il a \u00e9t\u00e9 r\u00e9form\u00e9 au XVe si\u00e8cle, il est entour\u00e9 d\u2019un bois touffu. Il est situ\u00e9 dans la vall\u00e9e de Gausac, tout pr\u00e8s de Can Gener qui, actuellement, est un restaurant. Le 3 mars de chaque ann\u00e9e, il accueille l\u2019<a href=\"https:\/\/visit.santcugat.cat\/fr\/que-voir\/fetes-et-traditions-de-sant-cugat\/\"><em>Aplec<\/em> de Sant Medir<\/a>.<\/p>\n<p><strong>Adresse\u00a0:<\/strong> cam\u00ed de Sant Medir<br \/>\n<strong>Coordonn\u00e9es UTM\u00a0:<\/strong><br \/>\nX\u00a0:\u00a0426602 Y\u00a0:\u00a04588379<\/p>\n<div class=\"fusion-separator fusion-full-width-sep\" style=\"align-self: center;margin-left: auto;margin-right: auto;margin-top:50px;width:100%;\"><\/div>\n<\/div><div class=\"fusion-clearfix\"><\/div><\/div><\/div><\/div><\/div><div class=\"fusion-layout-column fusion_builder_column fusion-builder-column-3 fusion_builder_column_1_3 1_3 fusion-flex-column\" style=\"--awb-bg-size:cover;--awb-width-large:33.333333333333%;--awb-margin-top-large:5px;--awb-spacing-right-large:5.76%;--awb-margin-bottom-large:5px;--awb-spacing-left-large:5.76%;--awb-width-medium:100%;--awb-spacing-right-medium:1.92%;--awb-spacing-left-medium:1.92%;--awb-width-small:100%;--awb-spacing-right-small:1.92%;--awb-spacing-left-small:1.92%;\"><div class=\"fusion-column-wrapper fusion-flex-justify-content-flex-start fusion-content-layout-column\"><div class=\"fusion-image-element \" style=\"--awb-caption-title-font-family:var(--h2_typography-font-family);--awb-caption-title-font-weight:var(--h2_typography-font-weight);--awb-caption-title-font-style:var(--h2_typography-font-style);--awb-caption-title-size:var(--h2_typography-font-size);--awb-caption-title-transform:var(--h2_typography-text-transform);--awb-caption-title-line-height:var(--h2_typography-line-height);--awb-caption-title-letter-spacing:var(--h2_typography-letter-spacing);\"><span class=\" fusion-imageframe imageframe-none imageframe-3 hover-type-none\"><img decoding=\"async\" width=\"500\" height=\"333\" alt=\"La Maison Armet\" title=\"FOTO:MAN\u00c9 ESPINOSA. CASA ARMET\" src=\"https:\/\/visit.santcugat.cat\/wp-content\/uploads\/2016\/11\/Casa-Armet-2.jpg\" class=\"img-responsive wp-image-48375\" srcset=\"https:\/\/visit.santcugat.cat\/wp-content\/uploads\/2016\/11\/Casa-Armet-2-200x133.jpg 200w, https:\/\/visit.santcugat.cat\/wp-content\/uploads\/2016\/11\/Casa-Armet-2-400x266.jpg 400w, https:\/\/visit.santcugat.cat\/wp-content\/uploads\/2016\/11\/Casa-Armet-2.jpg 500w\" sizes=\"(max-width: 1024px) 100vw, (max-width: 640px) 100vw, 400px\" \/><\/span><\/div><div class=\"fusion-reading-box-container reading-box-container-3\" style=\"--awb-title-color:#3b4251;--awb-margin-top:0px;--awb-margin-bottom:60px;\"><div class=\"reading-box\" style=\"background-color:#ffffff;border-width:1px;border-color:#aaaaaa;border-bottom-width:3px;border-bottom-color:var(--primary_color);border-style:solid;\"><h2>La Maison Armet<br \/>\n<\/h2><div class=\"reading-box-additional fusion-reading-box-additional\">\n<p>C\u2019est l\u2019exemple le plus important d\u2019Art nouveau dans notre ville. On remarquera son volume et sa structure asym\u00e9trique, avec des compositions tr\u00e8s \u00e9labor\u00e9es et imaginatives. On ne peut pas visiter l\u2019int\u00e9rieur, c\u2019est une propri\u00e9t\u00e9 priv\u00e9e.<\/p>\n<p><strong>Adresse\u00a0:<\/strong> avinguda de Gr\u00e0cia, 30<\/p>\n<div class=\"fusion-separator fusion-full-width-sep\" style=\"align-self: center;margin-left: auto;margin-right: auto;margin-top:58px;margin-bottom:58px;width:100%;\"><\/div>\n<\/div><div class=\"fusion-clearfix\"><\/div><\/div><\/div><\/div><\/div><\/div><\/div><div class=\"fusion-fullwidth fullwidth-box fusion-builder-row-3 fusion-flex-container nonhundred-percent-fullwidth non-hundred-percent-height-scrolling\" style=\"--awb-border-radius-top-left:0px;--awb-border-radius-top-right:0px;--awb-border-radius-bottom-right:0px;--awb-border-radius-bottom-left:0px;--awb-margin-top:-20px;--awb-margin-bottom:20px;--awb-flex-wrap:wrap;\" ><div class=\"fusion-builder-row fusion-row fusion-flex-align-items-flex-start fusion-flex-content-wrap\" style=\"max-width:1216.8px;margin-left: calc(-4% \/ 2 );margin-right: calc(-4% \/ 2 );\"><div class=\"fusion-layout-column fusion_builder_column fusion-builder-column-4 fusion_builder_column_1_3 1_3 fusion-flex-column fusion-flex-align-self-flex-start fusion-column-no-min-height\" style=\"--awb-bg-size:cover;--awb-width-large:33.333333333333%;--awb-margin-top-large:0px;--awb-spacing-right-large:5.76%;--awb-margin-bottom-large:0px;--awb-spacing-left-large:5.76%;--awb-width-medium:100%;--awb-spacing-right-medium:1.92%;--awb-spacing-left-medium:1.92%;--awb-width-small:100%;--awb-spacing-right-small:1.92%;--awb-spacing-left-small:1.92%;\"><div class=\"fusion-column-wrapper fusion-flex-justify-content-flex-start fusion-content-layout-column\"><div class=\"fusion-image-element \" style=\"--awb-caption-title-font-family:var(--h2_typography-font-family);--awb-caption-title-font-weight:var(--h2_typography-font-weight);--awb-caption-title-font-style:var(--h2_typography-font-style);--awb-caption-title-size:var(--h2_typography-font-size);--awb-caption-title-transform:var(--h2_typography-text-transform);--awb-caption-title-line-height:var(--h2_typography-line-height);--awb-caption-title-letter-spacing:var(--h2_typography-letter-spacing);\"><span class=\" fusion-imageframe imageframe-none imageframe-4 hover-type-none\"><img decoding=\"async\" width=\"500\" height=\"333\" alt=\"L&#039;aqueduc de Can Vernet\" title=\"FOTO:MAN\u00c9 ESPINOSA. PONT DE CAN VERNET\" src=\"https:\/\/visit.santcugat.cat\/wp-content\/uploads\/2016\/11\/Aq\u00fceducte-de-Can-Vernet.jpg\" class=\"img-responsive wp-image-48376\" srcset=\"https:\/\/visit.santcugat.cat\/wp-content\/uploads\/2016\/11\/Aq\u00fceducte-de-Can-Vernet-200x133.jpg 200w, https:\/\/visit.santcugat.cat\/wp-content\/uploads\/2016\/11\/Aq\u00fceducte-de-Can-Vernet-400x266.jpg 400w, https:\/\/visit.santcugat.cat\/wp-content\/uploads\/2016\/11\/Aq\u00fceducte-de-Can-Vernet.jpg 500w\" sizes=\"(max-width: 1024px) 100vw, (max-width: 640px) 100vw, 400px\" \/><\/span><\/div><div class=\"fusion-reading-box-container reading-box-container-4\" style=\"--awb-title-color:#3b4251;--awb-margin-top:0px;--awb-margin-bottom:0px;\"><div class=\"reading-box\" style=\"background-color:#ffffff;border-width:1px;border-color:#aaaaaa;border-bottom-width:3px;border-bottom-color:var(--primary_color);border-style:solid;\"><h2>L'aqueduc de Can Vernet<br \/>\n<\/h2><div class=\"reading-box-additional fusion-reading-box-additional\">\n<p>L\u2019aqueduc gothique, datant du XIVe si\u00e8cle, portait l\u2019eau de la mine o\u00f9 se trouvait la source des moines jusqu\u2019\u00e0 la citerne situ\u00e9e \u00e0 c\u00f4t\u00e9 du palais abbatial du Monast\u00e8re et au village. Il est entour\u00e9 d\u2019un <a href=\"https:\/\/visit.santcugat.cat\/parc-de-can-vernet\/\">parc<\/a> du m\u00eame nom.<\/p>\n<p><strong>Adresse\u00a0:<\/strong> carrer de la Mina<\/p>\n<div class=\"fusion-separator fusion-full-width-sep\" style=\"align-self: center;margin-left: auto;margin-right: auto;margin-top:64px;margin-bottom:5px;width:100%;\"><\/div>\n<\/div><div class=\"fusion-clearfix\"><\/div><\/div><\/div><\/div><\/div><div class=\"fusion-layout-column fusion_builder_column fusion-builder-column-5 fusion_builder_column_1_3 1_3 fusion-flex-column\" style=\"--awb-bg-size:cover;--awb-width-large:33.333333333333%;--awb-margin-top-large:0px;--awb-spacing-right-large:5.76%;--awb-margin-bottom-large:0px;--awb-spacing-left-large:5.76%;--awb-width-medium:100%;--awb-spacing-right-medium:1.92%;--awb-spacing-left-medium:1.92%;--awb-width-small:100%;--awb-spacing-right-small:1.92%;--awb-spacing-left-small:1.92%;\"><div class=\"fusion-column-wrapper fusion-flex-justify-content-flex-start fusion-content-layout-column\"><div class=\"fusion-image-element \" style=\"--awb-caption-title-font-family:var(--h2_typography-font-family);--awb-caption-title-font-weight:var(--h2_typography-font-weight);--awb-caption-title-font-style:var(--h2_typography-font-style);--awb-caption-title-size:var(--h2_typography-font-size);--awb-caption-title-transform:var(--h2_typography-text-transform);--awb-caption-title-line-height:var(--h2_typography-line-height);--awb-caption-title-letter-spacing:var(--h2_typography-letter-spacing);\"><span class=\" fusion-imageframe imageframe-none imageframe-5 hover-type-none\"><img decoding=\"async\" width=\"500\" height=\"333\" alt=\"Font Groga\" title=\"La Font groga, PM Collserola, Catalunya\" src=\"https:\/\/visit.santcugat.cat\/wp-content\/uploads\/2016\/11\/fontgroga.jpg\" class=\"img-responsive wp-image-48373\" srcset=\"https:\/\/visit.santcugat.cat\/wp-content\/uploads\/2016\/11\/fontgroga-200x133.jpg 200w, https:\/\/visit.santcugat.cat\/wp-content\/uploads\/2016\/11\/fontgroga-400x266.jpg 400w, https:\/\/visit.santcugat.cat\/wp-content\/uploads\/2016\/11\/fontgroga.jpg 500w\" sizes=\"(max-width: 1024px) 100vw, (max-width: 640px) 100vw, 400px\" \/><\/span><\/div><div class=\"fusion-reading-box-container reading-box-container-5\" style=\"--awb-title-color:#3b4251;--awb-margin-top:0px;--awb-margin-bottom:0px;\"><div class=\"reading-box\" style=\"background-color:#ffffff;border-width:1px;border-color:#aaaaaa;border-bottom-width:3px;border-bottom-color:var(--primary_color);border-style:solid;\"><h2>Font Groga<br \/>\n<\/h2><div class=\"reading-box-additional fusion-reading-box-additional\">\n<p>Cette source se trouve dans une zone bois\u00e9e tr\u00e8s touffue et humide, plant\u00e9e de ch\u00eanes et de ch\u00eanes verts. Les parages composent une r\u00e9serve naturelle qui b\u00e9n\u00e9ficie d\u2019un r\u00e9gime sp\u00e9cial de protection pour sa valeur \u00e9cologique.<\/p>\n<p><strong>Adresse\u00a0:<\/strong> cam\u00ed de la Font Groga<br \/>\n<strong>Coordonn\u00e9es UTM\u00a0:<\/strong><br \/>\nX\u00a0: 426623 Y\u00a0: 4587021<\/p>\n<div class=\"fusion-separator fusion-full-width-sep\" style=\"align-self: center;margin-left: auto;margin-right: auto;margin-top:5px;margin-bottom:4px;width:100%;\"><\/div>\n<\/div><div class=\"fusion-clearfix\"><\/div><\/div><\/div><\/div><\/div><div class=\"fusion-layout-column fusion_builder_column fusion-builder-column-6 fusion_builder_column_1_3 1_3 fusion-flex-column\" style=\"--awb-bg-size:cover;--awb-width-large:33.333333333333%;--awb-margin-top-large:0px;--awb-spacing-right-large:5.76%;--awb-margin-bottom-large:0px;--awb-spacing-left-large:5.76%;--awb-width-medium:100%;--awb-spacing-right-medium:1.92%;--awb-spacing-left-medium:1.92%;--awb-width-small:100%;--awb-spacing-right-small:1.92%;--awb-spacing-left-small:1.92%;\"><div class=\"fusion-column-wrapper fusion-flex-justify-content-flex-start fusion-content-layout-column\"><div class=\"fusion-image-element \" style=\"--awb-caption-title-font-family:var(--h2_typography-font-family);--awb-caption-title-font-weight:var(--h2_typography-font-weight);--awb-caption-title-font-style:var(--h2_typography-font-style);--awb-caption-title-size:var(--h2_typography-font-size);--awb-caption-title-transform:var(--h2_typography-text-transform);--awb-caption-title-line-height:var(--h2_typography-line-height);--awb-caption-title-letter-spacing:var(--h2_typography-letter-spacing);\"><span class=\" fusion-imageframe imageframe-none imageframe-6 hover-type-none\"><img decoding=\"async\" width=\"500\" height=\"333\" alt=\"Le mas Can Montmany\" title=\"CAN MONTMANY\" src=\"https:\/\/visit.santcugat.cat\/wp-content\/uploads\/2016\/11\/Can-Montmany.jpg\" class=\"img-responsive wp-image-48381\"\/><\/span><\/div><div class=\"fusion-reading-box-container reading-box-container-6\" style=\"--awb-title-color:#3b4251;--awb-margin-top:0px;--awb-margin-bottom:0px;\"><div class=\"reading-box\" style=\"background-color:#ffffff;border-width:1px;border-color:#aaaaaa;border-bottom-width:3px;border-bottom-color:var(--primary_color);border-style:solid;\"><h2>Can Montmany<\/h2><div class=\"reading-box-additional fusion-reading-box-additional\">\n<p>Le mas est situ\u00e9 au pied de l\u2019espace naturel Puig Madrona, d\u2019une extraordinaire beaut\u00e9. La tour centrale, avec horloge, la chapelle et les tourelles de d\u00e9fense datent de l\u2019\u00e9poque de richesse et tranquillit\u00e9 de la fin du XIXe si\u00e8cle, avant le fl\u00e9au du phyllox\u00e9ra.<\/p>\n<p><strong>Adresse\u00a0:<\/strong> avinguda de Can Montmany<br \/>\n<strong>Coordonn\u00e9es UTM\u00a0:<\/strong><br \/>\nX\u00a0: 419139 Y\u00a0:\u00a04589318<\/p>\n<\/div><div class=\"fusion-clearfix\"><\/div><\/div><\/div><\/div><\/div><\/div><\/div><\/p>\n","protected":false},"excerpt":{"rendered":"","protected":false},"author":2,"featured_media":0,"parent":9934,"menu_order":7,"comment_status":"closed","ping_status":"closed","template":"","meta":{"_joinchat":[],"footnotes":""},"class_list":["post-10106","page","type-page","status-publish","hentry"],"yoast_head":"<!-- This site is optimized with the Yoast SEO plugin v27.4 - https:\/\/yoast.com\/product\/yoast-seo-wordpress\/ -->\n<title>Patrimoine de Sant Cugat. Architecture, l\u2019histoire et la nature.<\/title>\n<meta name=\"description\" content=\"Patrimoine de Sant Cugat. Il y a six points avec un charme particulier, certains sont situ\u00e9s dans le Parc naturel, d\u2019autres au c\u0153ur du r\u00e9seau urbain.\" \/>\n<meta name=\"robots\" content=\"index, follow, max-snippet:-1, max-image-preview:large, max-video-preview:-1\" \/>\n<link rel=\"canonical\" href=\"https:\/\/visit.santcugat.cat\/fr\/que-voir\/patrimoine-de-sant-cugat\/\" \/>\n<meta property=\"og:locale\" content=\"fr_FR\" \/>\n<meta property=\"og:type\" content=\"article\" \/>\n<meta property=\"og:title\" content=\"Patrimoine de Sant Cugat. Architecture, l\u2019histoire et la nature.\" \/>\n<meta property=\"og:description\" content=\"Patrimoine de Sant Cugat. Il y a six points avec un charme particulier, certains sont situ\u00e9s dans le Parc naturel, d\u2019autres au c\u0153ur du r\u00e9seau urbain.\" \/>\n<meta property=\"og:url\" content=\"https:\/\/visit.santcugat.cat\/fr\/que-voir\/patrimoine-de-sant-cugat\/\" \/>\n<meta property=\"og:site_name\" content=\"Visit Sant Cugat\" \/>\n<meta property=\"article:publisher\" content=\"https:\/\/www.facebook.com\/visitsantcugat\/\" \/>\n<meta property=\"article:modified_time\" content=\"2026-04-20T09:45:20+00:00\" \/>\n<meta property=\"og:image\" content=\"https:\/\/visit.santcugat.cat\/wp-content\/uploads\/2023\/03\/CLAUSTRE-MONASTERIO-DE-SANT-CUGAT_resultado.webp\" \/>\n\t<meta property=\"og:image:width\" content=\"984\" \/>\n\t<meta property=\"og:image:height\" content=\"502\" \/>\n\t<meta property=\"og:image:type\" content=\"image\/webp\" \/>\n<meta name=\"twitter:card\" content=\"summary_large_image\" \/>\n<meta name=\"twitter:site\" content=\"@ajsantcugat\" \/>\n<meta name=\"twitter:label1\" content=\"Dur\u00e9e de lecture estim\u00e9e\" \/>\n\t<meta name=\"twitter:data1\" content=\"8 minutes\" \/>\n<script type=\"application\/ld+json\" class=\"yoast-schema-graph\">{\"@context\":\"https:\\\/\\\/schema.org\",\"@graph\":[{\"@type\":\"WebPage\",\"@id\":\"https:\\\/\\\/visit.santcugat.cat\\\/fr\\\/que-voir\\\/patrimoine-de-sant-cugat\\\/\",\"url\":\"https:\\\/\\\/visit.santcugat.cat\\\/fr\\\/que-voir\\\/patrimoine-de-sant-cugat\\\/\",\"name\":\"Patrimoine de Sant Cugat. Architecture, l\u2019histoire et la nature.\",\"isPartOf\":{\"@id\":\"https:\\\/\\\/visit.santcugat.cat\\\/fr\\\/#website\"},\"datePublished\":\"2016-11-30T17:07:03+00:00\",\"dateModified\":\"2026-04-20T09:45:20+00:00\",\"description\":\"Patrimoine de Sant Cugat. Il y a six points avec un charme particulier, certains sont situ\u00e9s dans le Parc naturel, d\u2019autres au c\u0153ur du r\u00e9seau urbain.\",\"breadcrumb\":{\"@id\":\"https:\\\/\\\/visit.santcugat.cat\\\/fr\\\/que-voir\\\/patrimoine-de-sant-cugat\\\/#breadcrumb\"},\"inLanguage\":\"fr-FR\",\"potentialAction\":[{\"@type\":\"ReadAction\",\"target\":[\"https:\\\/\\\/visit.santcugat.cat\\\/fr\\\/que-voir\\\/patrimoine-de-sant-cugat\\\/\"]}]},{\"@type\":\"BreadcrumbList\",\"@id\":\"https:\\\/\\\/visit.santcugat.cat\\\/fr\\\/que-voir\\\/patrimoine-de-sant-cugat\\\/#breadcrumb\",\"itemListElement\":[{\"@type\":\"ListItem\",\"position\":1,\"name\":\"Inici\",\"item\":\"https:\\\/\\\/visit.santcugat.cat\\\/fr\\\/\"},{\"@type\":\"ListItem\",\"position\":2,\"name\":\"QU\u00c9 VOIR?\",\"item\":\"https:\\\/\\\/visit.santcugat.cat\\\/fr\\\/que-voir\\\/\"},{\"@type\":\"ListItem\",\"position\":3,\"name\":\"Patrimoine\"}]},{\"@type\":\"WebSite\",\"@id\":\"https:\\\/\\\/visit.santcugat.cat\\\/fr\\\/#website\",\"url\":\"https:\\\/\\\/visit.santcugat.cat\\\/fr\\\/\",\"name\":\"Visit Sant Cugat\",\"description\":\"Turisme de Sant Cugat\",\"publisher\":{\"@id\":\"https:\\\/\\\/visit.santcugat.cat\\\/fr\\\/#organization\"},\"potentialAction\":[{\"@type\":\"SearchAction\",\"target\":{\"@type\":\"EntryPoint\",\"urlTemplate\":\"https:\\\/\\\/visit.santcugat.cat\\\/fr\\\/?s={search_term_string}\"},\"query-input\":{\"@type\":\"PropertyValueSpecification\",\"valueRequired\":true,\"valueName\":\"search_term_string\"}}],\"inLanguage\":\"fr-FR\"},{\"@type\":\"Organization\",\"@id\":\"https:\\\/\\\/visit.santcugat.cat\\\/fr\\\/#organization\",\"name\":\"Visit Sant Cugat - Turisme de Sant Cugat - Barcelona\",\"url\":\"https:\\\/\\\/visit.santcugat.cat\\\/fr\\\/\",\"logo\":{\"@type\":\"ImageObject\",\"inLanguage\":\"fr-FR\",\"@id\":\"https:\\\/\\\/visit.santcugat.cat\\\/fr\\\/#\\\/schema\\\/logo\\\/image\\\/\",\"url\":\"https:\\\/\\\/visit.santcugat.cat\\\/wp-content\\\/uploads\\\/2020\\\/09\\\/logo.png\",\"contentUrl\":\"https:\\\/\\\/visit.santcugat.cat\\\/wp-content\\\/uploads\\\/2020\\\/09\\\/logo.png\",\"width\":200,\"height\":44,\"caption\":\"Visit Sant Cugat - Turisme de Sant Cugat - Barcelona\"},\"image\":{\"@id\":\"https:\\\/\\\/visit.santcugat.cat\\\/fr\\\/#\\\/schema\\\/logo\\\/image\\\/\"},\"sameAs\":[\"https:\\\/\\\/www.facebook.com\\\/visitsantcugat\\\/\",\"https:\\\/\\\/x.com\\\/ajsantcugat\",\"https:\\\/\\\/www.instagram.com\\\/visitsantcugat\\\/\",\"https:\\\/\\\/ca.wikipedia.org\\\/wiki\\\/Sant_Cugat_del_Vall\u00e8s\"]}]}<\/script>\n<!-- \/ Yoast SEO plugin. -->","yoast_head_json":{"title":"Patrimoine de Sant Cugat. Architecture, l\u2019histoire et la nature.","description":"Patrimoine de Sant Cugat. Il y a six points avec un charme particulier, certains sont situ\u00e9s dans le Parc naturel, d\u2019autres au c\u0153ur du r\u00e9seau urbain.","robots":{"index":"index","follow":"follow","max-snippet":"max-snippet:-1","max-image-preview":"max-image-preview:large","max-video-preview":"max-video-preview:-1"},"canonical":"https:\/\/visit.santcugat.cat\/fr\/que-voir\/patrimoine-de-sant-cugat\/","og_locale":"fr_FR","og_type":"article","og_title":"Patrimoine de Sant Cugat. Architecture, l\u2019histoire et la nature.","og_description":"Patrimoine de Sant Cugat. Il y a six points avec un charme particulier, certains sont situ\u00e9s dans le Parc naturel, d\u2019autres au c\u0153ur du r\u00e9seau urbain.","og_url":"https:\/\/visit.santcugat.cat\/fr\/que-voir\/patrimoine-de-sant-cugat\/","og_site_name":"Visit Sant Cugat","article_publisher":"https:\/\/www.facebook.com\/visitsantcugat\/","article_modified_time":"2026-04-20T09:45:20+00:00","og_image":[{"width":984,"height":502,"url":"https:\/\/visit.santcugat.cat\/wp-content\/uploads\/2023\/03\/CLAUSTRE-MONASTERIO-DE-SANT-CUGAT_resultado.webp","type":"image\/webp"}],"twitter_card":"summary_large_image","twitter_site":"@ajsantcugat","twitter_misc":{"Dur\u00e9e de lecture estim\u00e9e":"8 minutes"},"schema":{"@context":"https:\/\/schema.org","@graph":[{"@type":"WebPage","@id":"https:\/\/visit.santcugat.cat\/fr\/que-voir\/patrimoine-de-sant-cugat\/","url":"https:\/\/visit.santcugat.cat\/fr\/que-voir\/patrimoine-de-sant-cugat\/","name":"Patrimoine de Sant Cugat. Architecture, l\u2019histoire et la nature.","isPartOf":{"@id":"https:\/\/visit.santcugat.cat\/fr\/#website"},"datePublished":"2016-11-30T17:07:03+00:00","dateModified":"2026-04-20T09:45:20+00:00","description":"Patrimoine de Sant Cugat. Il y a six points avec un charme particulier, certains sont situ\u00e9s dans le Parc naturel, d\u2019autres au c\u0153ur du r\u00e9seau urbain.","breadcrumb":{"@id":"https:\/\/visit.santcugat.cat\/fr\/que-voir\/patrimoine-de-sant-cugat\/#breadcrumb"},"inLanguage":"fr-FR","potentialAction":[{"@type":"ReadAction","target":["https:\/\/visit.santcugat.cat\/fr\/que-voir\/patrimoine-de-sant-cugat\/"]}]},{"@type":"BreadcrumbList","@id":"https:\/\/visit.santcugat.cat\/fr\/que-voir\/patrimoine-de-sant-cugat\/#breadcrumb","itemListElement":[{"@type":"ListItem","position":1,"name":"Inici","item":"https:\/\/visit.santcugat.cat\/fr\/"},{"@type":"ListItem","position":2,"name":"QU\u00c9 VOIR?","item":"https:\/\/visit.santcugat.cat\/fr\/que-voir\/"},{"@type":"ListItem","position":3,"name":"Patrimoine"}]},{"@type":"WebSite","@id":"https:\/\/visit.santcugat.cat\/fr\/#website","url":"https:\/\/visit.santcugat.cat\/fr\/","name":"Visit Sant Cugat","description":"Turisme de Sant Cugat","publisher":{"@id":"https:\/\/visit.santcugat.cat\/fr\/#organization"},"potentialAction":[{"@type":"SearchAction","target":{"@type":"EntryPoint","urlTemplate":"https:\/\/visit.santcugat.cat\/fr\/?s={search_term_string}"},"query-input":{"@type":"PropertyValueSpecification","valueRequired":true,"valueName":"search_term_string"}}],"inLanguage":"fr-FR"},{"@type":"Organization","@id":"https:\/\/visit.santcugat.cat\/fr\/#organization","name":"Visit Sant Cugat - Turisme de Sant Cugat - Barcelona","url":"https:\/\/visit.santcugat.cat\/fr\/","logo":{"@type":"ImageObject","inLanguage":"fr-FR","@id":"https:\/\/visit.santcugat.cat\/fr\/#\/schema\/logo\/image\/","url":"https:\/\/visit.santcugat.cat\/wp-content\/uploads\/2020\/09\/logo.png","contentUrl":"https:\/\/visit.santcugat.cat\/wp-content\/uploads\/2020\/09\/logo.png","width":200,"height":44,"caption":"Visit Sant Cugat - Turisme de Sant Cugat - Barcelona"},"image":{"@id":"https:\/\/visit.santcugat.cat\/fr\/#\/schema\/logo\/image\/"},"sameAs":["https:\/\/www.facebook.com\/visitsantcugat\/","https:\/\/x.com\/ajsantcugat","https:\/\/www.instagram.com\/visitsantcugat\/","https:\/\/ca.wikipedia.org\/wiki\/Sant_Cugat_del_Vall\u00e8s"]}]}},"_links":{"self":[{"href":"https:\/\/visit.santcugat.cat\/fr\/wp-json\/wp\/v2\/pages\/10106","targetHints":{"allow":["GET"]}}],"collection":[{"href":"https:\/\/visit.santcugat.cat\/fr\/wp-json\/wp\/v2\/pages"}],"about":[{"href":"https:\/\/visit.santcugat.cat\/fr\/wp-json\/wp\/v2\/types\/page"}],"author":[{"embeddable":true,"href":"https:\/\/visit.santcugat.cat\/fr\/wp-json\/wp\/v2\/users\/2"}],"replies":[{"embeddable":true,"href":"https:\/\/visit.santcugat.cat\/fr\/wp-json\/wp\/v2\/comments?post=10106"}],"version-history":[{"count":4,"href":"https:\/\/visit.santcugat.cat\/fr\/wp-json\/wp\/v2\/pages\/10106\/revisions"}],"predecessor-version":[{"id":48715,"href":"https:\/\/visit.santcugat.cat\/fr\/wp-json\/wp\/v2\/pages\/10106\/revisions\/48715"}],"up":[{"embeddable":true,"href":"https:\/\/visit.santcugat.cat\/fr\/wp-json\/wp\/v2\/pages\/9934"}],"wp:attachment":[{"href":"https:\/\/visit.santcugat.cat\/fr\/wp-json\/wp\/v2\/media?parent=10106"}],"curies":[{"name":"wp","href":"https:\/\/api.w.org\/{rel}","templated":true}]}}