{"id":9983,"date":"2017-07-16T16:27:17","date_gmt":"2017-07-16T15:27:17","guid":{"rendered":"https:\/\/visit.santcugat.cat\/portfolio-items\/parc-del-turo-de-can-mates\/"},"modified":"2026-04-27T08:42:11","modified_gmt":"2026-04-27T06:42:11","slug":"parc-del-turo-de-can-mates","status":"publish","type":"avada_portfolio","link":"https:\/\/visit.santcugat.cat\/fr\/parc-del-turo-de-can-mates\/","title":{"rendered":"Parc del Tur\u00f3 de Can Mates"},"content":{"rendered":"<div class=\"fusion-fullwidth fullwidth-box fusion-builder-row-1 fusion-flex-container nonhundred-percent-fullwidth non-hundred-percent-height-scrolling\" style=\"--awb-background-position:left top;--awb-border-sizes-top:0px;--awb-border-sizes-bottom:0px;--awb-border-sizes-left:0px;--awb-border-sizes-right:0px;--awb-border-radius-top-left:0px;--awb-border-radius-top-right:0px;--awb-border-radius-bottom-right:0px;--awb-border-radius-bottom-left:0px;--awb-padding-top:60px;--awb-padding-bottom:100px;--awb-flex-wrap:wrap;\" ><div class=\"fusion-builder-row fusion-row fusion-flex-align-items-stretch fusion-flex-content-wrap\" style=\"max-width:1216.8px;margin-left: calc(-4% \/ 2 );margin-right: calc(-4% \/ 2 );\"><div class=\"fusion-layout-column fusion_builder_column fusion-builder-column-0 fusion_builder_column_2_3 2_3 fusion-flex-column\" style=\"--awb-padding-top:40px;--awb-padding-right:40px;--awb-padding-bottom:40px;--awb-padding-left:40px;--awb-bg-color:#ffffff;--awb-bg-color-hover:#ffffff;--awb-bg-size:cover;--awb-border-color:#dddddd;--awb-border-top:1px;--awb-border-right:1px;--awb-border-bottom:1px;--awb-border-left:1px;--awb-border-style:solid;--awb-width-large:66.666666666667%;--awb-margin-top-large:0px;--awb-spacing-right-large:3.84%;--awb-margin-bottom-large:0px;--awb-spacing-left-large:2.88%;--awb-width-medium:100%;--awb-spacing-right-medium:1.92%;--awb-spacing-left-medium:1.92%;--awb-width-small:100%;--awb-spacing-right-small:1.92%;--awb-spacing-left-small:1.92%;\"><div class=\"fusion-column-wrapper fusion-flex-justify-content-flex-start fusion-content-layout-column\"><div class=\"fusion-image-element \" style=\"--awb-caption-title-font-family:var(--h2_typography-font-family);--awb-caption-title-font-weight:var(--h2_typography-font-weight);--awb-caption-title-font-style:var(--h2_typography-font-style);--awb-caption-title-size:var(--h2_typography-font-size);--awb-caption-title-transform:var(--h2_typography-text-transform);--awb-caption-title-line-height:var(--h2_typography-line-height);--awb-caption-title-letter-spacing:var(--h2_typography-letter-spacing);\"><span class=\" fusion-imageframe imageframe-none imageframe-1 hover-type-none\"><img decoding=\"async\" width=\"1169\" height=\"520\" alt=\"PARC DEL TUR\u00d3 DE CAN MATES DE SANT CUGAT\" title=\"FOTO: MAN\u00c9 ESPINOSA. PARC DEL TUR\u00d3 DE CAN MATES DE SANT CUGAT\" src=\"https:\/\/visit.santcugat.cat\/wp-content\/uploads\/2017\/02\/PARC-CAN-TURO-MATES.jpg\" class=\"img-responsive wp-image-12520\" srcset=\"https:\/\/visit.santcugat.cat\/wp-content\/uploads\/2017\/02\/PARC-CAN-TURO-MATES-200x89.jpg 200w, https:\/\/visit.santcugat.cat\/wp-content\/uploads\/2017\/02\/PARC-CAN-TURO-MATES-400x178.jpg 400w, https:\/\/visit.santcugat.cat\/wp-content\/uploads\/2017\/02\/PARC-CAN-TURO-MATES-600x267.jpg 600w, https:\/\/visit.santcugat.cat\/wp-content\/uploads\/2017\/02\/PARC-CAN-TURO-MATES-800x356.jpg 800w, https:\/\/visit.santcugat.cat\/wp-content\/uploads\/2017\/02\/PARC-CAN-TURO-MATES.jpg 1169w\" sizes=\"(max-width: 1024px) 100vw, (max-width: 640px) 100vw, 800px\" \/><\/span><\/div><div class=\"fusion-separator fusion-full-width-sep\" style=\"align-self: center;margin-left: auto;margin-right: auto;margin-top:30px;width:100%;\"><\/div><div class=\"fusion-text fusion-text-1\"><h2 style=\"font-weight: 400;\">Parc del Tur\u00f3 de Can Mates<\/h2>\n<\/div><div class=\"fusion-text fusion-text-2\"><p>C\u2019est le parc urbain le plus grand de la ville. Il est plant\u00e9 de ch\u00eanes verts, de ch\u00eanes et d\u2019arbustes m\u00e9diterran\u00e9ens. Depuis l\u2019endroit le plus \u00e9lev\u00e9 du parc, 178 m\u00e8tres, on a des vues impressionnantes sur Sant Cugat et sur la montagne de Montserrat. Le Parc du Tur\u00f3 de Can Mates est connu des enfants comme le parc des toboggans g\u00e9ants.<\/p>\n<\/div><\/div><\/div><div class=\"fusion-layout-column fusion_builder_column fusion-builder-column-1 fusion_builder_column_1_3 1_3 fusion-flex-column\" style=\"--awb-padding-top:30px;--awb-padding-right:30px;--awb-padding-bottom:30px;--awb-padding-left:30px;--awb-bg-color:#ffffff;--awb-bg-color-hover:#ffffff;--awb-bg-size:cover;--awb-border-color:#dddddd;--awb-border-top:1px;--awb-border-right:1px;--awb-border-bottom:1px;--awb-border-left:1px;--awb-border-style:solid;--awb-width-large:33.333333333333%;--awb-margin-top-large:0px;--awb-spacing-right-large:5.76%;--awb-margin-bottom-large:0px;--awb-spacing-left-large:3.84%;--awb-width-medium:100%;--awb-spacing-right-medium:1.92%;--awb-spacing-left-medium:1.92%;--awb-width-small:100%;--awb-spacing-right-small:1.92%;--awb-spacing-left-small:1.92%;\"><div class=\"fusion-column-wrapper fusion-flex-justify-content-flex-start fusion-content-layout-column\"><div class=\"fusion-text fusion-text-3\"><h4 style=\"font-weight: 400; text-align: center;\"><i class=\"fa fa-map-marker\"><\/i> LOCALISATION<\/h4>\n<\/div><div class=\"fusion-separator fusion-full-width-sep\" style=\"align-self: center;margin-left: auto;margin-right: auto;margin-top:0px;margin-bottom:30px;width:100%;max-width:100%;\"><div class=\"fusion-separator-border sep-single sep-solid\" style=\"--awb-height:20px;--awb-amount:20px;border-color:#7ac142;border-top-width:2px;\"><\/div><\/div><iframe class=\"fusion-hidden\" data-privacy-type=\"gmaps\" src=\"\" data-privacy-src=\"https:\/\/www.google.com\/maps\/embed?pb=!1m18!1m12!1m3!1d2989.370515426341!2d2.0591737768553267!3d41.47456639058192!2m3!1f0!2f0!3f0!3m2!1i1024!2i768!4f13.1!3m3!1m2!1s0x12a491332a0c26ef%3A0xf0415c8c3a68e7b3!2sParque%20del%20Tur%C3%B3%20de%20Can%20Mates!5e0!3m2!1ses!2ses!4v1721640546709!5m2!1ses!2ses\" width=\"300\" height=\"275\" style=\"border:0;\" allowfullscreen=\"\" loading=\"lazy\" referrerpolicy=\"no-referrer-when-downgrade\"><\/iframe><div class=\"fusion-privacy-placeholder\" style=\"width:300px; height:275px;\" data-privacy-type=\"gmaps\"><div class=\"fusion-privacy-placeholder-content\"><div class=\"fusion-privacy-label\">Pour des raisons de confidentialit\u00e9 Google Maps a besoin de votre autorisation pour charger.<\/div><button data-privacy-type=\"gmaps\" class=\"fusion-button button-default fusion-button-default-size button fusion-privacy-consent\">J&#039;accepte<\/button><\/div><\/div><div class=\"fusion-text fusion-text-4\"><h4>Carrer de Ramon Llull, 18<\/h4>\n<\/div><div class=\"fusion-separator fusion-full-width-sep\" style=\"align-self: center;margin-left: auto;margin-right: auto;margin-top:50px;width:100%;\"><\/div><\/div><\/div><\/div><\/div>\n","protected":false},"excerpt":{"rendered":"","protected":false},"author":2,"featured_media":9998,"menu_order":0,"comment_status":"open","ping_status":"closed","template":"","format":"standard","meta":{"_joinchat":[],"footnotes":""},"portfolio_category":[223,224,225],"portfolio_skills":[],"portfolio_tags":[],"class_list":["post-9983","avada_portfolio","type-avada_portfolio","status-publish","format-standard","has-post-thumbnail","hentry","portfolio_category-pour-etre-en-pleine-forme","portfolio_category-belvederes-et-vues","portfolio_category-pour-y-aller-avec-les-enfants"],"yoast_head":"<!-- This site is optimized with the Yoast SEO plugin v27.5 - https:\/\/yoast.com\/product\/yoast-seo-wordpress\/ -->\n<title>Parc del Tur\u00f3 de Can Mates ou des toboggans g\u00e9ants<\/title>\n<meta name=\"description\" content=\"Le Parc du Tur\u00f3 de Can Mates est connu des enfants comme le parc des toboggans g\u00e9ants. C\u2019est le parc urbain le plus grand de la ville\" \/>\n<meta name=\"robots\" content=\"index, follow, max-snippet:-1, max-image-preview:large, max-video-preview:-1\" \/>\n<link rel=\"canonical\" href=\"https:\/\/visit.santcugat.cat\/fr\/parc-del-turo-de-can-mates\/\" \/>\n<meta property=\"og:locale\" content=\"fr_FR\" \/>\n<meta property=\"og:type\" content=\"article\" \/>\n<meta property=\"og:title\" content=\"Parc del Tur\u00f3 de Can Mates ou des toboggans g\u00e9ants\" \/>\n<meta property=\"og:description\" content=\"Le Parc du Tur\u00f3 de Can Mates est connu des enfants comme le parc des toboggans g\u00e9ants. C\u2019est le parc urbain le plus grand de la ville\" \/>\n<meta property=\"og:url\" content=\"https:\/\/visit.santcugat.cat\/fr\/parc-del-turo-de-can-mates\/\" \/>\n<meta property=\"og:site_name\" content=\"Visit Sant Cugat\" \/>\n<meta property=\"article:publisher\" content=\"https:\/\/www.facebook.com\/visitsantcugat\/\" \/>\n<meta property=\"article:modified_time\" content=\"2026-04-27T06:42:11+00:00\" \/>\n<meta property=\"og:image\" content=\"https:\/\/visit.santcugat.cat\/wp-content\/uploads\/2017\/07\/PARC-CAN-TURO-MATES-600x267-1.jpg\" \/>\n\t<meta property=\"og:image:width\" content=\"600\" \/>\n\t<meta property=\"og:image:height\" content=\"267\" \/>\n\t<meta property=\"og:image:type\" content=\"image\/jpeg\" \/>\n<meta name=\"twitter:card\" content=\"summary_large_image\" \/>\n<meta name=\"twitter:site\" content=\"@ajsantcugat\" \/>\n<meta name=\"twitter:label1\" content=\"Dur\u00e9e de lecture estim\u00e9e\" \/>\n\t<meta name=\"twitter:data1\" content=\"1 minute\" \/>\n<script type=\"application\/ld+json\" class=\"yoast-schema-graph\">{\"@context\":\"https:\\\/\\\/schema.org\",\"@graph\":[{\"@type\":\"WebPage\",\"@id\":\"https:\\\/\\\/visit.santcugat.cat\\\/fr\\\/parc-del-turo-de-can-mates\\\/\",\"url\":\"https:\\\/\\\/visit.santcugat.cat\\\/fr\\\/parc-del-turo-de-can-mates\\\/\",\"name\":\"Parc del Tur\u00f3 de Can Mates ou des toboggans g\u00e9ants\",\"isPartOf\":{\"@id\":\"https:\\\/\\\/visit.santcugat.cat\\\/fr\\\/#website\"},\"primaryImageOfPage\":{\"@id\":\"https:\\\/\\\/visit.santcugat.cat\\\/fr\\\/parc-del-turo-de-can-mates\\\/#primaryimage\"},\"image\":{\"@id\":\"https:\\\/\\\/visit.santcugat.cat\\\/fr\\\/parc-del-turo-de-can-mates\\\/#primaryimage\"},\"thumbnailUrl\":\"https:\\\/\\\/visit.santcugat.cat\\\/wp-content\\\/uploads\\\/2017\\\/07\\\/PARC-CAN-TURO-MATES-600x267-1.jpg\",\"datePublished\":\"2017-07-16T15:27:17+00:00\",\"dateModified\":\"2026-04-27T06:42:11+00:00\",\"description\":\"Le Parc du Tur\u00f3 de Can Mates est connu des enfants comme le parc des toboggans g\u00e9ants. C\u2019est le parc urbain le plus grand de la ville\",\"breadcrumb\":{\"@id\":\"https:\\\/\\\/visit.santcugat.cat\\\/fr\\\/parc-del-turo-de-can-mates\\\/#breadcrumb\"},\"inLanguage\":\"fr-FR\",\"potentialAction\":[{\"@type\":\"ReadAction\",\"target\":[\"https:\\\/\\\/visit.santcugat.cat\\\/fr\\\/parc-del-turo-de-can-mates\\\/\"]}]},{\"@type\":\"ImageObject\",\"inLanguage\":\"fr-FR\",\"@id\":\"https:\\\/\\\/visit.santcugat.cat\\\/fr\\\/parc-del-turo-de-can-mates\\\/#primaryimage\",\"url\":\"https:\\\/\\\/visit.santcugat.cat\\\/wp-content\\\/uploads\\\/2017\\\/07\\\/PARC-CAN-TURO-MATES-600x267-1.jpg\",\"contentUrl\":\"https:\\\/\\\/visit.santcugat.cat\\\/wp-content\\\/uploads\\\/2017\\\/07\\\/PARC-CAN-TURO-MATES-600x267-1.jpg\",\"width\":600,\"height\":267,\"caption\":\"Parc del Tur\u00f3 de Can Mates\"},{\"@type\":\"BreadcrumbList\",\"@id\":\"https:\\\/\\\/visit.santcugat.cat\\\/fr\\\/parc-del-turo-de-can-mates\\\/#breadcrumb\",\"itemListElement\":[{\"@type\":\"ListItem\",\"position\":1,\"name\":\"Inici\",\"item\":\"https:\\\/\\\/visit.santcugat.cat\\\/fr\\\/\"},{\"@type\":\"ListItem\",\"position\":2,\"name\":\"Portfolio\",\"item\":\"https:\\\/\\\/visit.santcugat.cat\\\/fr\\\/avada_portfolio\\\/\"},{\"@type\":\"ListItem\",\"position\":3,\"name\":\"Parc del Tur\u00f3 de Can Mates\"}]},{\"@type\":\"WebSite\",\"@id\":\"https:\\\/\\\/visit.santcugat.cat\\\/fr\\\/#website\",\"url\":\"https:\\\/\\\/visit.santcugat.cat\\\/fr\\\/\",\"name\":\"Visit Sant Cugat\",\"description\":\"Turisme de Sant Cugat\",\"publisher\":{\"@id\":\"https:\\\/\\\/visit.santcugat.cat\\\/fr\\\/#organization\"},\"potentialAction\":[{\"@type\":\"SearchAction\",\"target\":{\"@type\":\"EntryPoint\",\"urlTemplate\":\"https:\\\/\\\/visit.santcugat.cat\\\/fr\\\/?s={search_term_string}\"},\"query-input\":{\"@type\":\"PropertyValueSpecification\",\"valueRequired\":true,\"valueName\":\"search_term_string\"}}],\"inLanguage\":\"fr-FR\"},{\"@type\":\"Organization\",\"@id\":\"https:\\\/\\\/visit.santcugat.cat\\\/fr\\\/#organization\",\"name\":\"Visit Sant Cugat - Turisme de Sant Cugat - Barcelona\",\"url\":\"https:\\\/\\\/visit.santcugat.cat\\\/fr\\\/\",\"logo\":{\"@type\":\"ImageObject\",\"inLanguage\":\"fr-FR\",\"@id\":\"https:\\\/\\\/visit.santcugat.cat\\\/fr\\\/#\\\/schema\\\/logo\\\/image\\\/\",\"url\":\"https:\\\/\\\/visit.santcugat.cat\\\/wp-content\\\/uploads\\\/2020\\\/09\\\/logo.png\",\"contentUrl\":\"https:\\\/\\\/visit.santcugat.cat\\\/wp-content\\\/uploads\\\/2020\\\/09\\\/logo.png\",\"width\":200,\"height\":44,\"caption\":\"Visit Sant Cugat - Turisme de Sant Cugat - Barcelona\"},\"image\":{\"@id\":\"https:\\\/\\\/visit.santcugat.cat\\\/fr\\\/#\\\/schema\\\/logo\\\/image\\\/\"},\"sameAs\":[\"https:\\\/\\\/www.facebook.com\\\/visitsantcugat\\\/\",\"https:\\\/\\\/x.com\\\/ajsantcugat\",\"https:\\\/\\\/www.instagram.com\\\/visitsantcugat\\\/\",\"https:\\\/\\\/ca.wikipedia.org\\\/wiki\\\/Sant_Cugat_del_Vall\u00e8s\"]}]}<\/script>\n<!-- \/ Yoast SEO plugin. -->","yoast_head_json":{"title":"Parc del Tur\u00f3 de Can Mates ou des toboggans g\u00e9ants","description":"Le Parc du Tur\u00f3 de Can Mates est connu des enfants comme le parc des toboggans g\u00e9ants. C\u2019est le parc urbain le plus grand de la ville","robots":{"index":"index","follow":"follow","max-snippet":"max-snippet:-1","max-image-preview":"max-image-preview:large","max-video-preview":"max-video-preview:-1"},"canonical":"https:\/\/visit.santcugat.cat\/fr\/parc-del-turo-de-can-mates\/","og_locale":"fr_FR","og_type":"article","og_title":"Parc del Tur\u00f3 de Can Mates ou des toboggans g\u00e9ants","og_description":"Le Parc du Tur\u00f3 de Can Mates est connu des enfants comme le parc des toboggans g\u00e9ants. C\u2019est le parc urbain le plus grand de la ville","og_url":"https:\/\/visit.santcugat.cat\/fr\/parc-del-turo-de-can-mates\/","og_site_name":"Visit Sant Cugat","article_publisher":"https:\/\/www.facebook.com\/visitsantcugat\/","article_modified_time":"2026-04-27T06:42:11+00:00","og_image":[{"width":600,"height":267,"url":"https:\/\/visit.santcugat.cat\/wp-content\/uploads\/2017\/07\/PARC-CAN-TURO-MATES-600x267-1.jpg","type":"image\/jpeg"}],"twitter_card":"summary_large_image","twitter_site":"@ajsantcugat","twitter_misc":{"Dur\u00e9e de lecture estim\u00e9e":"1 minute"},"schema":{"@context":"https:\/\/schema.org","@graph":[{"@type":"WebPage","@id":"https:\/\/visit.santcugat.cat\/fr\/parc-del-turo-de-can-mates\/","url":"https:\/\/visit.santcugat.cat\/fr\/parc-del-turo-de-can-mates\/","name":"Parc del Tur\u00f3 de Can Mates ou des toboggans g\u00e9ants","isPartOf":{"@id":"https:\/\/visit.santcugat.cat\/fr\/#website"},"primaryImageOfPage":{"@id":"https:\/\/visit.santcugat.cat\/fr\/parc-del-turo-de-can-mates\/#primaryimage"},"image":{"@id":"https:\/\/visit.santcugat.cat\/fr\/parc-del-turo-de-can-mates\/#primaryimage"},"thumbnailUrl":"https:\/\/visit.santcugat.cat\/wp-content\/uploads\/2017\/07\/PARC-CAN-TURO-MATES-600x267-1.jpg","datePublished":"2017-07-16T15:27:17+00:00","dateModified":"2026-04-27T06:42:11+00:00","description":"Le Parc du Tur\u00f3 de Can Mates est connu des enfants comme le parc des toboggans g\u00e9ants. C\u2019est le parc urbain le plus grand de la ville","breadcrumb":{"@id":"https:\/\/visit.santcugat.cat\/fr\/parc-del-turo-de-can-mates\/#breadcrumb"},"inLanguage":"fr-FR","potentialAction":[{"@type":"ReadAction","target":["https:\/\/visit.santcugat.cat\/fr\/parc-del-turo-de-can-mates\/"]}]},{"@type":"ImageObject","inLanguage":"fr-FR","@id":"https:\/\/visit.santcugat.cat\/fr\/parc-del-turo-de-can-mates\/#primaryimage","url":"https:\/\/visit.santcugat.cat\/wp-content\/uploads\/2017\/07\/PARC-CAN-TURO-MATES-600x267-1.jpg","contentUrl":"https:\/\/visit.santcugat.cat\/wp-content\/uploads\/2017\/07\/PARC-CAN-TURO-MATES-600x267-1.jpg","width":600,"height":267,"caption":"Parc del Tur\u00f3 de Can Mates"},{"@type":"BreadcrumbList","@id":"https:\/\/visit.santcugat.cat\/fr\/parc-del-turo-de-can-mates\/#breadcrumb","itemListElement":[{"@type":"ListItem","position":1,"name":"Inici","item":"https:\/\/visit.santcugat.cat\/fr\/"},{"@type":"ListItem","position":2,"name":"Portfolio","item":"https:\/\/visit.santcugat.cat\/fr\/avada_portfolio\/"},{"@type":"ListItem","position":3,"name":"Parc del Tur\u00f3 de Can Mates"}]},{"@type":"WebSite","@id":"https:\/\/visit.santcugat.cat\/fr\/#website","url":"https:\/\/visit.santcugat.cat\/fr\/","name":"Visit Sant Cugat","description":"Turisme de Sant Cugat","publisher":{"@id":"https:\/\/visit.santcugat.cat\/fr\/#organization"},"potentialAction":[{"@type":"SearchAction","target":{"@type":"EntryPoint","urlTemplate":"https:\/\/visit.santcugat.cat\/fr\/?s={search_term_string}"},"query-input":{"@type":"PropertyValueSpecification","valueRequired":true,"valueName":"search_term_string"}}],"inLanguage":"fr-FR"},{"@type":"Organization","@id":"https:\/\/visit.santcugat.cat\/fr\/#organization","name":"Visit Sant Cugat - Turisme de Sant Cugat - Barcelona","url":"https:\/\/visit.santcugat.cat\/fr\/","logo":{"@type":"ImageObject","inLanguage":"fr-FR","@id":"https:\/\/visit.santcugat.cat\/fr\/#\/schema\/logo\/image\/","url":"https:\/\/visit.santcugat.cat\/wp-content\/uploads\/2020\/09\/logo.png","contentUrl":"https:\/\/visit.santcugat.cat\/wp-content\/uploads\/2020\/09\/logo.png","width":200,"height":44,"caption":"Visit Sant Cugat - Turisme de Sant Cugat - Barcelona"},"image":{"@id":"https:\/\/visit.santcugat.cat\/fr\/#\/schema\/logo\/image\/"},"sameAs":["https:\/\/www.facebook.com\/visitsantcugat\/","https:\/\/x.com\/ajsantcugat","https:\/\/www.instagram.com\/visitsantcugat\/","https:\/\/ca.wikipedia.org\/wiki\/Sant_Cugat_del_Vall\u00e8s"]}]}},"_links":{"self":[{"href":"https:\/\/visit.santcugat.cat\/fr\/wp-json\/wp\/v2\/avada_portfolio\/9983","targetHints":{"allow":["GET"]}}],"collection":[{"href":"https:\/\/visit.santcugat.cat\/fr\/wp-json\/wp\/v2\/avada_portfolio"}],"about":[{"href":"https:\/\/visit.santcugat.cat\/fr\/wp-json\/wp\/v2\/types\/avada_portfolio"}],"author":[{"embeddable":true,"href":"https:\/\/visit.santcugat.cat\/fr\/wp-json\/wp\/v2\/users\/2"}],"replies":[{"embeddable":true,"href":"https:\/\/visit.santcugat.cat\/fr\/wp-json\/wp\/v2\/comments?post=9983"}],"version-history":[{"count":7,"href":"https:\/\/visit.santcugat.cat\/fr\/wp-json\/wp\/v2\/avada_portfolio\/9983\/revisions"}],"predecessor-version":[{"id":49573,"href":"https:\/\/visit.santcugat.cat\/fr\/wp-json\/wp\/v2\/avada_portfolio\/9983\/revisions\/49573"}],"wp:featuredmedia":[{"embeddable":true,"href":"https:\/\/visit.santcugat.cat\/fr\/wp-json\/wp\/v2\/media\/9998"}],"wp:attachment":[{"href":"https:\/\/visit.santcugat.cat\/fr\/wp-json\/wp\/v2\/media?parent=9983"}],"wp:term":[{"taxonomy":"portfolio_category","embeddable":true,"href":"https:\/\/visit.santcugat.cat\/fr\/wp-json\/wp\/v2\/portfolio_category?post=9983"},{"taxonomy":"portfolio_skills","embeddable":true,"href":"https:\/\/visit.santcugat.cat\/fr\/wp-json\/wp\/v2\/portfolio_skills?post=9983"},{"taxonomy":"portfolio_tags","embeddable":true,"href":"https:\/\/visit.santcugat.cat\/fr\/wp-json\/wp\/v2\/portfolio_tags?post=9983"}],"curies":[{"name":"wp","href":"https:\/\/api.w.org\/{rel}","templated":true}]}}