{"id":10866,"date":"2017-07-18T21:59:00","date_gmt":"2017-07-18T20:59:00","guid":{"rendered":"https:\/\/visit.santcugat.cat\/portfolio-items\/itineraire-a-pied\/"},"modified":"2026-04-29T09:36:04","modified_gmt":"2026-04-29T07:36:04","slug":"itineraires-a-pied-a-sant-cugat","status":"publish","type":"avada_portfolio","link":"https:\/\/visit.santcugat.cat\/fr\/itineraires-a-pied-a-sant-cugat\/","title":{"rendered":"Itin\u00e9raires \u00e0 pied"},"content":{"rendered":"<div class=\"fusion-fullwidth fullwidth-box fusion-builder-row-1 fusion-flex-container nonhundred-percent-fullwidth non-hundred-percent-height-scrolling\" style=\"--awb-border-radius-top-left:0px;--awb-border-radius-top-right:0px;--awb-border-radius-bottom-right:0px;--awb-border-radius-bottom-left:0px;--awb-padding-top:60px;--awb-padding-bottom:30px;--awb-margin-top:15px;--awb-background-color:rgba(255,255,255,0);--awb-flex-wrap:wrap;\" ><div class=\"fusion-builder-row fusion-row fusion-flex-align-items-stretch fusion-flex-content-wrap\" style=\"max-width:calc( 1170px + 0px );margin-left: calc(-0px \/ 2 );margin-right: calc(-0px \/ 2 );\"><div class=\"fusion-layout-column fusion_builder_column fusion-builder-column-0 fusion_builder_column_1_3 1_3 fusion-flex-column\" style=\"--awb-bg-size:cover;--awb-width-large:33.333333333333%;--awb-margin-top-large:5px;--awb-spacing-right-large:0px;--awb-margin-bottom-large:1px;--awb-spacing-left-large:0px;--awb-width-medium:100%;--awb-spacing-right-medium:0px;--awb-spacing-left-medium:0px;--awb-width-small:100%;--awb-spacing-right-small:0px;--awb-spacing-left-small:0px;\"><div class=\"fusion-column-wrapper fusion-flex-justify-content-flex-start fusion-content-layout-column\"><div class=\"fusion-image-element \" style=\"text-align:center;--awb-caption-title-font-family:var(--h2_typography-font-family);--awb-caption-title-font-weight:var(--h2_typography-font-weight);--awb-caption-title-font-style:var(--h2_typography-font-style);--awb-caption-title-size:var(--h2_typography-font-size);--awb-caption-title-transform:var(--h2_typography-text-transform);--awb-caption-title-line-height:var(--h2_typography-line-height);--awb-caption-title-letter-spacing:var(--h2_typography-letter-spacing);\"><span class=\" fusion-imageframe imageframe-none imageframe-1 hover-type-none\"><img decoding=\"async\" width=\"421\" height=\"475\" alt=\"Collserola - Itin\u00e9raires \u00e0 pied\" title=\"FOTO:MAN\u00c9 ESPINOSA. PARC DE COLLSEROLA. CAM\u00cd DE CAN BORRELL A SANT MEDIR.\" src=\"https:\/\/visit.santcugat.cat\/wp-content\/uploads\/2017\/03\/75aCOLLSEROLA-Itineraris-a-peu-1-1.jpg\" class=\"img-responsive wp-image-39100\" srcset=\"https:\/\/visit.santcugat.cat\/wp-content\/uploads\/2017\/03\/75aCOLLSEROLA-Itineraris-a-peu-1-1-200x226.jpg 200w, https:\/\/visit.santcugat.cat\/wp-content\/uploads\/2017\/03\/75aCOLLSEROLA-Itineraris-a-peu-1-1-400x451.jpg 400w, https:\/\/visit.santcugat.cat\/wp-content\/uploads\/2017\/03\/75aCOLLSEROLA-Itineraris-a-peu-1-1.jpg 421w\" sizes=\"(max-width: 1024px) 100vw, (max-width: 640px) 100vw, 400px\" \/><\/span><\/div><\/div><\/div><div class=\"fusion-layout-column fusion_builder_column fusion-builder-column-1 fusion_builder_column_2_3 2_3 fusion-flex-column\" style=\"--awb-padding-top:15px;--awb-padding-right:40px;--awb-padding-bottom:15px;--awb-padding-left:40px;--awb-bg-color:#ffffff;--awb-bg-color-hover:#ffffff;--awb-bg-size:cover;--awb-width-large:66.666666666667%;--awb-margin-top-large:5px;--awb-spacing-right-large:0px;--awb-margin-bottom-large:1px;--awb-spacing-left-large:0px;--awb-width-medium:100%;--awb-spacing-right-medium:0px;--awb-spacing-left-medium:0px;--awb-width-small:100%;--awb-spacing-right-small:0px;--awb-spacing-left-small:0px;\"><div class=\"fusion-column-wrapper fusion-flex-justify-content-flex-start fusion-content-layout-column\"><div class=\"fusion-title title fusion-title-1 fusion-sep-none fusion-title-text fusion-title-size-one\" style=\"--awb-margin-top-small:0px;--awb-margin-bottom-small:20px;--awb-font-size:32px;\"><h1 class=\"fusion-title-heading title-heading-left fusion-responsive-typography-calculated\" style=\"margin:0;font-size:1em;--fontSize:32;line-height:1.11;\"><span style=\"color: black;\"> Itin\u00e9raires \u00e0 pied<br \/>\n<\/span><\/h1><\/div><div class=\"fusion-text fusion-text-1\"><p>Huit itin\u00e9raires p\u00e9destres sont \u00e0 ta disposition, ils te permettront de d\u00e9couvrir des sources, des vall\u00e9es, des chemins et de beaux mas. Nous te recommandons ces trois itin\u00e9raires\u00a0:<\/p>\n<\/div><div class=\"accordian fusion-accordian\" style=\"--awb-border-size:1px;--awb-icon-size:13px;--awb-content-font-size:16px;--awb-icon-alignment:left;--awb-hover-color:#f9f9f9;--awb-border-color:#cccccc;--awb-background-color:#ffffff;--awb-divider-color:#7ac142;--awb-divider-hover-color:#7ac142;--awb-icon-color:#ffffff;--awb-title-color:#7ac142;--awb-content-color:#666666;--awb-icon-box-color:#333333;--awb-toggle-hover-accent-color:#7ac142;--awb-title-font-family:&quot;Roboto&quot;;--awb-title-font-weight:400;--awb-title-font-style:normal;--awb-title-font-size:18px;--awb-content-font-family:&quot;Roboto&quot;;--awb-content-font-style:normal;--awb-content-font-weight:400;\"><div class=\"panel-group fusion-toggle-icon-boxed\" id=\"accordion-10866-1\"><div class=\"fusion-panel panel-default panel-58f3cb7b8f012b428 fusion-toggle-has-divider\"><div class=\"panel-heading\"><h2 class=\"panel-title toggle\" id=\"toggle_58f3cb7b8f012b428\"><a aria-expanded=\"false\" aria-controls=\"58f3cb7b8f012b428\" role=\"button\" data-toggle=\"collapse\" data-parent=\"#accordion-10866-1\" data-target=\"#58f3cb7b8f012b428\" href=\"#58f3cb7b8f012b428\"><span class=\"fusion-toggle-icon-wrapper\" aria-hidden=\"true\"><i class=\"fa-fusion-box active-icon awb-icon-minus\" aria-hidden=\"true\"><\/i><i class=\"fa-fusion-box inactive-icon awb-icon-plus\" aria-hidden=\"true\"><\/i><\/span><span class=\"fusion-toggle-heading\">De Sant Cugat \u00e0 Can Borrell<\/span><\/a><\/h2><\/div><div id=\"58f3cb7b8f012b428\" class=\"panel-collapse collapse \" aria-labelledby=\"toggle_58f3cb7b8f012b428\"><div class=\"panel-body toggle-content fusion-clearfix\">\n<ul>\n<li>Dur\u00e9e\u00a0: 40 min<\/li>\n<li>Distance\u00a0: 2,55 km<\/li>\n<li>Difficult\u00e9\u00a0: facile<\/li>\n<\/ul>\n<\/div><\/div><\/div><div class=\"fusion-panel panel-default panel-d73cb9cf3d634afd0 fusion-toggle-has-divider\"><div class=\"panel-heading\"><h2 class=\"panel-title toggle\" id=\"toggle_d73cb9cf3d634afd0\"><a aria-expanded=\"false\" aria-controls=\"d73cb9cf3d634afd0\" role=\"button\" data-toggle=\"collapse\" data-parent=\"#accordion-10866-1\" data-target=\"#d73cb9cf3d634afd0\" href=\"#d73cb9cf3d634afd0\"><span class=\"fusion-toggle-icon-wrapper\" aria-hidden=\"true\"><i class=\"fa-fusion-box active-icon awb-icon-minus\" aria-hidden=\"true\"><\/i><i class=\"fa-fusion-box inactive-icon awb-icon-plus\" aria-hidden=\"true\"><\/i><\/span><span class=\"fusion-toggle-heading\">Barrage de Can Borrell et Sant Medir<\/span><\/a><\/h2><\/div><div id=\"d73cb9cf3d634afd0\" class=\"panel-collapse collapse \" aria-labelledby=\"toggle_d73cb9cf3d634afd0\"><div class=\"panel-body toggle-content fusion-clearfix\">\n<ul>\n<li>Dur\u00e9e\u00a0: 2h<\/li>\n<li>Distance\u00a0: 6,20 km<\/li>\n<li>Difficult\u00e9\u00a0: facile, chemin circulaire<\/li>\n<\/ul>\n<\/div><\/div><\/div><div class=\"fusion-panel panel-default panel-bbe3dda70d9318d4b fusion-toggle-has-divider\"><div class=\"panel-heading\"><h2 class=\"panel-title toggle\" id=\"toggle_bbe3dda70d9318d4b\"><a aria-expanded=\"false\" aria-controls=\"bbe3dda70d9318d4b\" role=\"button\" data-toggle=\"collapse\" data-parent=\"#accordion-10866-1\" data-target=\"#bbe3dda70d9318d4b\" href=\"#bbe3dda70d9318d4b\"><span class=\"fusion-toggle-icon-wrapper\" aria-hidden=\"true\"><i class=\"fa-fusion-box active-icon awb-icon-minus\" aria-hidden=\"true\"><\/i><i class=\"fa-fusion-box inactive-icon awb-icon-plus\" aria-hidden=\"true\"><\/i><\/span><span class=\"fusion-toggle-heading\">Font Groga<\/span><\/a><\/h2><\/div><div id=\"bbe3dda70d9318d4b\" class=\"panel-collapse collapse \" aria-labelledby=\"toggle_bbe3dda70d9318d4b\"><div class=\"panel-body toggle-content fusion-clearfix\">\n<ul>\n<li>Dur\u00e9e\u00a0: 1h30 min<\/li>\n<li>Difficult\u00e9\u00a0: facile<\/li>\n<\/ul>\n<\/div><\/div><\/div><\/div><\/div><div class=\"fusion-separator fusion-full-width-sep\" style=\"align-self: center;margin-left: auto;margin-right: auto;margin-top:10px;margin-bottom:20x;width:100%;\"><\/div><div style=\"text-align:left;\"><a class=\"fusion-button button-flat button-small button-default fusion-button-default button-1 fusion-button-span-no fusion-button-default-type\" target=\"_blank\" rel=\"noopener noreferrer\" href=\"https:\/\/visit.santcugat.cat\/wp-content\/uploads\/2017\/06\/12mountain-bike-routes-and-routes-on-foot-2.pdf\"><span class=\"fusion-button-text awb-button__text awb-button__text--default fusion-button-text-right\">T\u00e9l\u00e9charger le PDF<\/span><span class=\"fusion-button-icon-divider button-icon-divider-right\"><i class=\" fa fa-chevron-down awb-button__icon awb-button__icon--default\" aria-hidden=\"true\"><\/i><\/span><\/a><\/div><\/div><\/div><\/div><\/div>\n","protected":false},"excerpt":{"rendered":"","protected":false},"author":2,"featured_media":23914,"menu_order":0,"comment_status":"open","ping_status":"closed","template":"","format":"standard","meta":{"_joinchat":[],"footnotes":""},"portfolio_category":[259,261],"portfolio_skills":[],"portfolio_tags":[],"class_list":["post-10866","avada_portfolio","type-avada_portfolio","status-publish","format-standard","has-post-thumbnail","hentry","portfolio_category-a-ton-rythme","portfolio_category-itineraires-et-visites"],"yoast_head":"<!-- This site is optimized with the Yoast SEO plugin v27.5 - https:\/\/yoast.com\/product\/yoast-seo-wordpress\/ -->\n<title>Sentiers de randonn\u00e9e \u00e0 Collserola - Itin\u00e9raires \u00e0 pied \u00e0 Sant Cugat<\/title>\n<meta name=\"description\" content=\"Huit itin\u00e9raires \u00e0 pied \u00e0 Sant Cugat sont \u00e0 ta disposition, ils te permettront de d\u00e9couvrir des sources, des vall\u00e9es, des chemins et de beaux mas.\" \/>\n<meta name=\"robots\" content=\"index, follow, max-snippet:-1, max-image-preview:large, max-video-preview:-1\" \/>\n<link rel=\"canonical\" href=\"https:\/\/visit.santcugat.cat\/fr\/itineraires-a-pied-a-sant-cugat\/\" \/>\n<meta property=\"og:locale\" content=\"fr_FR\" \/>\n<meta property=\"og:type\" content=\"article\" \/>\n<meta property=\"og:title\" content=\"Sentiers de randonn\u00e9e \u00e0 Collserola - Itin\u00e9raires \u00e0 pied \u00e0 Sant Cugat\" \/>\n<meta property=\"og:description\" content=\"Huit itin\u00e9raires \u00e0 pied \u00e0 Sant Cugat sont \u00e0 ta disposition, ils te permettront de d\u00e9couvrir des sources, des vall\u00e9es, des chemins et de beaux mas.\" \/>\n<meta property=\"og:url\" content=\"https:\/\/visit.santcugat.cat\/fr\/itineraires-a-pied-a-sant-cugat\/\" \/>\n<meta property=\"og:site_name\" content=\"Visit Sant Cugat\" \/>\n<meta property=\"article:publisher\" content=\"https:\/\/www.facebook.com\/visitsantcugat\/\" \/>\n<meta property=\"article:modified_time\" content=\"2026-04-29T07:36:04+00:00\" \/>\n<meta property=\"og:image\" content=\"https:\/\/visit.santcugat.cat\/wp-content\/uploads\/2020\/10\/Collserola-Slider3.jpg\" \/>\n\t<meta property=\"og:image:width\" content=\"900\" \/>\n\t<meta property=\"og:image:height\" content=\"600\" \/>\n\t<meta property=\"og:image:type\" content=\"image\/jpeg\" \/>\n<meta name=\"twitter:card\" content=\"summary_large_image\" \/>\n<meta name=\"twitter:site\" content=\"@ajsantcugat\" \/>\n<meta name=\"twitter:label1\" content=\"Dur\u00e9e de lecture estim\u00e9e\" \/>\n\t<meta name=\"twitter:data1\" content=\"1 minute\" \/>\n<script type=\"application\/ld+json\" class=\"yoast-schema-graph\">{\"@context\":\"https:\\\/\\\/schema.org\",\"@graph\":[{\"@type\":\"WebPage\",\"@id\":\"https:\\\/\\\/visit.santcugat.cat\\\/fr\\\/itineraires-a-pied-a-sant-cugat\\\/\",\"url\":\"https:\\\/\\\/visit.santcugat.cat\\\/fr\\\/itineraires-a-pied-a-sant-cugat\\\/\",\"name\":\"Sentiers de randonn\u00e9e \u00e0 Collserola - Itin\u00e9raires \u00e0 pied \u00e0 Sant Cugat\",\"isPartOf\":{\"@id\":\"https:\\\/\\\/visit.santcugat.cat\\\/fr\\\/#website\"},\"primaryImageOfPage\":{\"@id\":\"https:\\\/\\\/visit.santcugat.cat\\\/fr\\\/itineraires-a-pied-a-sant-cugat\\\/#primaryimage\"},\"image\":{\"@id\":\"https:\\\/\\\/visit.santcugat.cat\\\/fr\\\/itineraires-a-pied-a-sant-cugat\\\/#primaryimage\"},\"thumbnailUrl\":\"https:\\\/\\\/visit.santcugat.cat\\\/wp-content\\\/uploads\\\/2020\\\/10\\\/Collserola-Slider3.jpg\",\"datePublished\":\"2017-07-18T20:59:00+00:00\",\"dateModified\":\"2026-04-29T07:36:04+00:00\",\"description\":\"Huit itin\u00e9raires \u00e0 pied \u00e0 Sant Cugat sont \u00e0 ta disposition, ils te permettront de d\u00e9couvrir des sources, des vall\u00e9es, des chemins et de beaux mas.\",\"breadcrumb\":{\"@id\":\"https:\\\/\\\/visit.santcugat.cat\\\/fr\\\/itineraires-a-pied-a-sant-cugat\\\/#breadcrumb\"},\"inLanguage\":\"fr-FR\",\"potentialAction\":[{\"@type\":\"ReadAction\",\"target\":[\"https:\\\/\\\/visit.santcugat.cat\\\/fr\\\/itineraires-a-pied-a-sant-cugat\\\/\"]}]},{\"@type\":\"ImageObject\",\"inLanguage\":\"fr-FR\",\"@id\":\"https:\\\/\\\/visit.santcugat.cat\\\/fr\\\/itineraires-a-pied-a-sant-cugat\\\/#primaryimage\",\"url\":\"https:\\\/\\\/visit.santcugat.cat\\\/wp-content\\\/uploads\\\/2020\\\/10\\\/Collserola-Slider3.jpg\",\"contentUrl\":\"https:\\\/\\\/visit.santcugat.cat\\\/wp-content\\\/uploads\\\/2020\\\/10\\\/Collserola-Slider3.jpg\",\"width\":900,\"height\":600,\"caption\":\"FOTO:MANE ESPINOSA.CAMI DE CAN BORRELL A SANT MEDIR, AL PARC DE COLLSEROLA\"},{\"@type\":\"BreadcrumbList\",\"@id\":\"https:\\\/\\\/visit.santcugat.cat\\\/fr\\\/itineraires-a-pied-a-sant-cugat\\\/#breadcrumb\",\"itemListElement\":[{\"@type\":\"ListItem\",\"position\":1,\"name\":\"Inici\",\"item\":\"https:\\\/\\\/visit.santcugat.cat\\\/fr\\\/\"},{\"@type\":\"ListItem\",\"position\":2,\"name\":\"Portfolio\",\"item\":\"https:\\\/\\\/visit.santcugat.cat\\\/fr\\\/avada_portfolio\\\/\"},{\"@type\":\"ListItem\",\"position\":3,\"name\":\"Itin\u00e9raires \u00e0 pied\"}]},{\"@type\":\"WebSite\",\"@id\":\"https:\\\/\\\/visit.santcugat.cat\\\/fr\\\/#website\",\"url\":\"https:\\\/\\\/visit.santcugat.cat\\\/fr\\\/\",\"name\":\"Visit Sant Cugat\",\"description\":\"Turisme de Sant Cugat\",\"publisher\":{\"@id\":\"https:\\\/\\\/visit.santcugat.cat\\\/fr\\\/#organization\"},\"potentialAction\":[{\"@type\":\"SearchAction\",\"target\":{\"@type\":\"EntryPoint\",\"urlTemplate\":\"https:\\\/\\\/visit.santcugat.cat\\\/fr\\\/?s={search_term_string}\"},\"query-input\":{\"@type\":\"PropertyValueSpecification\",\"valueRequired\":true,\"valueName\":\"search_term_string\"}}],\"inLanguage\":\"fr-FR\"},{\"@type\":\"Organization\",\"@id\":\"https:\\\/\\\/visit.santcugat.cat\\\/fr\\\/#organization\",\"name\":\"Visit Sant Cugat - Turisme de Sant Cugat - Barcelona\",\"url\":\"https:\\\/\\\/visit.santcugat.cat\\\/fr\\\/\",\"logo\":{\"@type\":\"ImageObject\",\"inLanguage\":\"fr-FR\",\"@id\":\"https:\\\/\\\/visit.santcugat.cat\\\/fr\\\/#\\\/schema\\\/logo\\\/image\\\/\",\"url\":\"https:\\\/\\\/visit.santcugat.cat\\\/wp-content\\\/uploads\\\/2020\\\/09\\\/logo.png\",\"contentUrl\":\"https:\\\/\\\/visit.santcugat.cat\\\/wp-content\\\/uploads\\\/2020\\\/09\\\/logo.png\",\"width\":200,\"height\":44,\"caption\":\"Visit Sant Cugat - Turisme de Sant Cugat - Barcelona\"},\"image\":{\"@id\":\"https:\\\/\\\/visit.santcugat.cat\\\/fr\\\/#\\\/schema\\\/logo\\\/image\\\/\"},\"sameAs\":[\"https:\\\/\\\/www.facebook.com\\\/visitsantcugat\\\/\",\"https:\\\/\\\/x.com\\\/ajsantcugat\",\"https:\\\/\\\/www.instagram.com\\\/visitsantcugat\\\/\",\"https:\\\/\\\/ca.wikipedia.org\\\/wiki\\\/Sant_Cugat_del_Vall\u00e8s\"]}]}<\/script>\n<!-- \/ Yoast SEO plugin. -->","yoast_head_json":{"title":"Sentiers de randonn\u00e9e \u00e0 Collserola - Itin\u00e9raires \u00e0 pied \u00e0 Sant Cugat","description":"Huit itin\u00e9raires \u00e0 pied \u00e0 Sant Cugat sont \u00e0 ta disposition, ils te permettront de d\u00e9couvrir des sources, des vall\u00e9es, des chemins et de beaux mas.","robots":{"index":"index","follow":"follow","max-snippet":"max-snippet:-1","max-image-preview":"max-image-preview:large","max-video-preview":"max-video-preview:-1"},"canonical":"https:\/\/visit.santcugat.cat\/fr\/itineraires-a-pied-a-sant-cugat\/","og_locale":"fr_FR","og_type":"article","og_title":"Sentiers de randonn\u00e9e \u00e0 Collserola - Itin\u00e9raires \u00e0 pied \u00e0 Sant Cugat","og_description":"Huit itin\u00e9raires \u00e0 pied \u00e0 Sant Cugat sont \u00e0 ta disposition, ils te permettront de d\u00e9couvrir des sources, des vall\u00e9es, des chemins et de beaux mas.","og_url":"https:\/\/visit.santcugat.cat\/fr\/itineraires-a-pied-a-sant-cugat\/","og_site_name":"Visit Sant Cugat","article_publisher":"https:\/\/www.facebook.com\/visitsantcugat\/","article_modified_time":"2026-04-29T07:36:04+00:00","og_image":[{"width":900,"height":600,"url":"https:\/\/visit.santcugat.cat\/wp-content\/uploads\/2020\/10\/Collserola-Slider3.jpg","type":"image\/jpeg"}],"twitter_card":"summary_large_image","twitter_site":"@ajsantcugat","twitter_misc":{"Dur\u00e9e de lecture estim\u00e9e":"1 minute"},"schema":{"@context":"https:\/\/schema.org","@graph":[{"@type":"WebPage","@id":"https:\/\/visit.santcugat.cat\/fr\/itineraires-a-pied-a-sant-cugat\/","url":"https:\/\/visit.santcugat.cat\/fr\/itineraires-a-pied-a-sant-cugat\/","name":"Sentiers de randonn\u00e9e \u00e0 Collserola - Itin\u00e9raires \u00e0 pied \u00e0 Sant Cugat","isPartOf":{"@id":"https:\/\/visit.santcugat.cat\/fr\/#website"},"primaryImageOfPage":{"@id":"https:\/\/visit.santcugat.cat\/fr\/itineraires-a-pied-a-sant-cugat\/#primaryimage"},"image":{"@id":"https:\/\/visit.santcugat.cat\/fr\/itineraires-a-pied-a-sant-cugat\/#primaryimage"},"thumbnailUrl":"https:\/\/visit.santcugat.cat\/wp-content\/uploads\/2020\/10\/Collserola-Slider3.jpg","datePublished":"2017-07-18T20:59:00+00:00","dateModified":"2026-04-29T07:36:04+00:00","description":"Huit itin\u00e9raires \u00e0 pied \u00e0 Sant Cugat sont \u00e0 ta disposition, ils te permettront de d\u00e9couvrir des sources, des vall\u00e9es, des chemins et de beaux mas.","breadcrumb":{"@id":"https:\/\/visit.santcugat.cat\/fr\/itineraires-a-pied-a-sant-cugat\/#breadcrumb"},"inLanguage":"fr-FR","potentialAction":[{"@type":"ReadAction","target":["https:\/\/visit.santcugat.cat\/fr\/itineraires-a-pied-a-sant-cugat\/"]}]},{"@type":"ImageObject","inLanguage":"fr-FR","@id":"https:\/\/visit.santcugat.cat\/fr\/itineraires-a-pied-a-sant-cugat\/#primaryimage","url":"https:\/\/visit.santcugat.cat\/wp-content\/uploads\/2020\/10\/Collserola-Slider3.jpg","contentUrl":"https:\/\/visit.santcugat.cat\/wp-content\/uploads\/2020\/10\/Collserola-Slider3.jpg","width":900,"height":600,"caption":"FOTO:MANE ESPINOSA.CAMI DE CAN BORRELL A SANT MEDIR, AL PARC DE COLLSEROLA"},{"@type":"BreadcrumbList","@id":"https:\/\/visit.santcugat.cat\/fr\/itineraires-a-pied-a-sant-cugat\/#breadcrumb","itemListElement":[{"@type":"ListItem","position":1,"name":"Inici","item":"https:\/\/visit.santcugat.cat\/fr\/"},{"@type":"ListItem","position":2,"name":"Portfolio","item":"https:\/\/visit.santcugat.cat\/fr\/avada_portfolio\/"},{"@type":"ListItem","position":3,"name":"Itin\u00e9raires \u00e0 pied"}]},{"@type":"WebSite","@id":"https:\/\/visit.santcugat.cat\/fr\/#website","url":"https:\/\/visit.santcugat.cat\/fr\/","name":"Visit Sant Cugat","description":"Turisme de Sant Cugat","publisher":{"@id":"https:\/\/visit.santcugat.cat\/fr\/#organization"},"potentialAction":[{"@type":"SearchAction","target":{"@type":"EntryPoint","urlTemplate":"https:\/\/visit.santcugat.cat\/fr\/?s={search_term_string}"},"query-input":{"@type":"PropertyValueSpecification","valueRequired":true,"valueName":"search_term_string"}}],"inLanguage":"fr-FR"},{"@type":"Organization","@id":"https:\/\/visit.santcugat.cat\/fr\/#organization","name":"Visit Sant Cugat - Turisme de Sant Cugat - Barcelona","url":"https:\/\/visit.santcugat.cat\/fr\/","logo":{"@type":"ImageObject","inLanguage":"fr-FR","@id":"https:\/\/visit.santcugat.cat\/fr\/#\/schema\/logo\/image\/","url":"https:\/\/visit.santcugat.cat\/wp-content\/uploads\/2020\/09\/logo.png","contentUrl":"https:\/\/visit.santcugat.cat\/wp-content\/uploads\/2020\/09\/logo.png","width":200,"height":44,"caption":"Visit Sant Cugat - Turisme de Sant Cugat - Barcelona"},"image":{"@id":"https:\/\/visit.santcugat.cat\/fr\/#\/schema\/logo\/image\/"},"sameAs":["https:\/\/www.facebook.com\/visitsantcugat\/","https:\/\/x.com\/ajsantcugat","https:\/\/www.instagram.com\/visitsantcugat\/","https:\/\/ca.wikipedia.org\/wiki\/Sant_Cugat_del_Vall\u00e8s"]}]}},"_links":{"self":[{"href":"https:\/\/visit.santcugat.cat\/fr\/wp-json\/wp\/v2\/avada_portfolio\/10866","targetHints":{"allow":["GET"]}}],"collection":[{"href":"https:\/\/visit.santcugat.cat\/fr\/wp-json\/wp\/v2\/avada_portfolio"}],"about":[{"href":"https:\/\/visit.santcugat.cat\/fr\/wp-json\/wp\/v2\/types\/avada_portfolio"}],"author":[{"embeddable":true,"href":"https:\/\/visit.santcugat.cat\/fr\/wp-json\/wp\/v2\/users\/2"}],"replies":[{"embeddable":true,"href":"https:\/\/visit.santcugat.cat\/fr\/wp-json\/wp\/v2\/comments?post=10866"}],"version-history":[{"count":6,"href":"https:\/\/visit.santcugat.cat\/fr\/wp-json\/wp\/v2\/avada_portfolio\/10866\/revisions"}],"predecessor-version":[{"id":50134,"href":"https:\/\/visit.santcugat.cat\/fr\/wp-json\/wp\/v2\/avada_portfolio\/10866\/revisions\/50134"}],"wp:featuredmedia":[{"embeddable":true,"href":"https:\/\/visit.santcugat.cat\/fr\/wp-json\/wp\/v2\/media\/23914"}],"wp:attachment":[{"href":"https:\/\/visit.santcugat.cat\/fr\/wp-json\/wp\/v2\/media?parent=10866"}],"wp:term":[{"taxonomy":"portfolio_category","embeddable":true,"href":"https:\/\/visit.santcugat.cat\/fr\/wp-json\/wp\/v2\/portfolio_category?post=10866"},{"taxonomy":"portfolio_skills","embeddable":true,"href":"https:\/\/visit.santcugat.cat\/fr\/wp-json\/wp\/v2\/portfolio_skills?post=10866"},{"taxonomy":"portfolio_tags","embeddable":true,"href":"https:\/\/visit.santcugat.cat\/fr\/wp-json\/wp\/v2\/portfolio_tags?post=10866"}],"curies":[{"name":"wp","href":"https:\/\/api.w.org\/{rel}","templated":true}]}}