{"id":10605,"date":"2017-01-06T19:46:54","date_gmt":"2017-01-06T19:46:54","guid":{"rendered":"https:\/\/visit.santcugat.cat\/portfolio-items\/hotel-h2-sant-cugat\/"},"modified":"2026-04-29T13:17:09","modified_gmt":"2026-04-29T11:17:09","slug":"hotel-h2-sant-cugat","status":"publish","type":"avada_portfolio","link":"https:\/\/visit.santcugat.cat\/fr\/hotel-h2-sant-cugat\/","title":{"rendered":"H\u00f4tel Venture Sant Cugat***"},"content":{"rendered":"<p><div class=\"fusion-fullwidth fullwidth-box fusion-builder-row-1 nonhundred-percent-fullwidth non-hundred-percent-height-scrolling\" style=\"--awb-border-radius-top-left:0px;--awb-border-radius-top-right:0px;--awb-border-radius-bottom-right:0px;--awb-border-radius-bottom-left:0px;--awb-margin-top:15px;--awb-flex-wrap:wrap;\" ><div class=\"fusion-builder-row fusion-row\"><div class=\"fusion-layout-column fusion_builder_column fusion-builder-column-0 fusion_builder_column_1_1 1_1 fusion-one-full fusion-column-first fusion-column-last\" style=\"--awb-bg-blend:overlay;--awb-bg-size:cover;\"><div class=\"fusion-column-wrapper fusion-flex-column-wrapper-legacy\"><div class=\"fusion-sep-clear\"><\/div><div class=\"fusion-separator fusion-full-width-sep\" style=\"margin-left: auto;margin-right: auto;margin-top:20px;margin-bottom:20px;width:100%;\"><\/div><div class=\"fusion-sep-clear\"><\/div><div class=\"fusion-clearfix\"><\/div><\/div><\/div><\/div><\/div><div class=\"fusion-fullwidth fullwidth-box fusion-builder-row-2 fusion-flex-container nonhundred-percent-fullwidth non-hundred-percent-height-scrolling\" style=\"--awb-background-position:left top;--awb-border-sizes-top:0px;--awb-border-sizes-bottom:0px;--awb-border-sizes-left:0px;--awb-border-sizes-right:0px;--awb-border-radius-top-left:0px;--awb-border-radius-top-right:0px;--awb-border-radius-bottom-right:0px;--awb-border-radius-bottom-left:0px;--awb-padding-top:60px;--awb-padding-bottom:100px;--awb-flex-wrap:wrap;\" ><div class=\"fusion-builder-row fusion-row fusion-flex-align-items-stretch fusion-flex-content-wrap\" style=\"max-width:1216.8px;margin-left: calc(-4% \/ 2 );margin-right: calc(-4% \/ 2 );\"><div class=\"fusion-layout-column fusion_builder_column fusion-builder-column-1 fusion_builder_column_2_3 2_3 fusion-flex-column\" style=\"--awb-padding-top:40px;--awb-padding-right:40px;--awb-padding-bottom:40px;--awb-padding-left:40px;--awb-bg-color:#ffffff;--awb-bg-color-hover:#ffffff;--awb-bg-size:cover;--awb-border-color:#dddddd;--awb-border-top:1px;--awb-border-right:1px;--awb-border-bottom:1px;--awb-border-left:1px;--awb-border-style:solid;--awb-width-large:66.666666666667%;--awb-margin-top-large:0px;--awb-spacing-right-large:3.84%;--awb-margin-bottom-large:0px;--awb-spacing-left-large:2.88%;--awb-width-medium:100%;--awb-spacing-right-medium:1.92%;--awb-spacing-left-medium:1.92%;--awb-width-small:100%;--awb-spacing-right-small:1.92%;--awb-spacing-left-small:1.92%;\"><div class=\"fusion-column-wrapper fusion-flex-justify-content-flex-start fusion-content-layout-column\"><div class=\"fusion-image-carousel fusion-image-carousel-auto fusion-image-carousel-1 lightbox-enabled fusion-carousel-border\"><div class=\"awb-carousel awb-swiper awb-swiper-carousel awb-carousel--carousel awb-swiper-dots-position-bottom\" data-layout=\"carousel\" data-autoplay=\"yes\" data-autoplayspeed=\"3750\" data-autoplaypause=\"no\" data-loop=\"yes\" data-columns=\"1\" data-columnsmedium=\"1\" data-columnssmall=\"1\" data-itemmargin=\"13\" data-itemwidth=\"180\" data-touchscroll=\"drag\" data-freemode=\"no\" data-imagesize=\"auto\" data-scrollitems=\"0\" data-centeredslides=\"no\" data-rotationangle=\"50\" data-depth=\"100\" data-speed=\"500\" data-shadow=\"no\" data-pagination=\"bullets\" style=\"--awb-columns:1;--awb-border-width:1px;--awb-border-color:#e9eaee;\"><div class=\"swiper-wrapper awb-image-carousel-wrapper fusion-flex-align-items-center\"><div class=\"swiper-slide\"><div class=\"fusion-carousel-item-wrapper\"><div class=\"fusion-image-wrapper hover-type-none\"><img decoding=\"async\" width=\"2048\" height=\"1280\" src=\"https:\/\/visit.santcugat.cat\/wp-content\/uploads\/2017\/01\/19_Habitaci\u00f3n_2-comp.jpg\" class=\"attachment-full size-full\" alt=\"Chambre de l\u2019h\u00f4tel Venture\" srcset=\"https:\/\/visit.santcugat.cat\/wp-content\/uploads\/2017\/01\/19_Habitaci\u00f3n_2-comp-200x125.jpg 200w, https:\/\/visit.santcugat.cat\/wp-content\/uploads\/2017\/01\/19_Habitaci\u00f3n_2-comp-300x188.jpg 300w, https:\/\/visit.santcugat.cat\/wp-content\/uploads\/2017\/01\/19_Habitaci\u00f3n_2-comp-400x250.jpg 400w, https:\/\/visit.santcugat.cat\/wp-content\/uploads\/2017\/01\/19_Habitaci\u00f3n_2-comp-500x313.jpg 500w, https:\/\/visit.santcugat.cat\/wp-content\/uploads\/2017\/01\/19_Habitaci\u00f3n_2-comp-600x375.jpg 600w, https:\/\/visit.santcugat.cat\/wp-content\/uploads\/2017\/01\/19_Habitaci\u00f3n_2-comp-700x438.jpg 700w, https:\/\/visit.santcugat.cat\/wp-content\/uploads\/2017\/01\/19_Habitaci\u00f3n_2-comp-768x480.jpg 768w, https:\/\/visit.santcugat.cat\/wp-content\/uploads\/2017\/01\/19_Habitaci\u00f3n_2-comp-800x500.jpg 800w, https:\/\/visit.santcugat.cat\/wp-content\/uploads\/2017\/01\/19_Habitaci\u00f3n_2-comp-1024x640.jpg 1024w, https:\/\/visit.santcugat.cat\/wp-content\/uploads\/2017\/01\/19_Habitaci\u00f3n_2-comp-1200x750.jpg 1200w, https:\/\/visit.santcugat.cat\/wp-content\/uploads\/2017\/01\/19_Habitaci\u00f3n_2-comp-1536x960.jpg 1536w, https:\/\/visit.santcugat.cat\/wp-content\/uploads\/2017\/01\/19_Habitaci\u00f3n_2-comp.jpg 2048w\" sizes=\"(max-width: 2048px) 100vw, 2048px\" \/><\/div><\/div><\/div><div class=\"swiper-slide\"><div class=\"fusion-carousel-item-wrapper\"><div class=\"fusion-image-wrapper hover-type-none\"><img decoding=\"async\" width=\"2048\" height=\"1280\" src=\"https:\/\/visit.santcugat.cat\/wp-content\/uploads\/2017\/01\/8_Lobby_4-comp.jpg\" class=\"attachment-full size-full\" alt=\"Salle \u00e0 manger de l\u2019h\u00f4tel Venture\" srcset=\"https:\/\/visit.santcugat.cat\/wp-content\/uploads\/2017\/01\/8_Lobby_4-comp-200x125.jpg 200w, https:\/\/visit.santcugat.cat\/wp-content\/uploads\/2017\/01\/8_Lobby_4-comp-300x188.jpg 300w, https:\/\/visit.santcugat.cat\/wp-content\/uploads\/2017\/01\/8_Lobby_4-comp-400x250.jpg 400w, https:\/\/visit.santcugat.cat\/wp-content\/uploads\/2017\/01\/8_Lobby_4-comp-500x313.jpg 500w, https:\/\/visit.santcugat.cat\/wp-content\/uploads\/2017\/01\/8_Lobby_4-comp-600x375.jpg 600w, https:\/\/visit.santcugat.cat\/wp-content\/uploads\/2017\/01\/8_Lobby_4-comp-700x438.jpg 700w, https:\/\/visit.santcugat.cat\/wp-content\/uploads\/2017\/01\/8_Lobby_4-comp-768x480.jpg 768w, https:\/\/visit.santcugat.cat\/wp-content\/uploads\/2017\/01\/8_Lobby_4-comp-800x500.jpg 800w, https:\/\/visit.santcugat.cat\/wp-content\/uploads\/2017\/01\/8_Lobby_4-comp-1024x640.jpg 1024w, https:\/\/visit.santcugat.cat\/wp-content\/uploads\/2017\/01\/8_Lobby_4-comp-1200x750.jpg 1200w, https:\/\/visit.santcugat.cat\/wp-content\/uploads\/2017\/01\/8_Lobby_4-comp-1536x960.jpg 1536w, https:\/\/visit.santcugat.cat\/wp-content\/uploads\/2017\/01\/8_Lobby_4-comp.jpg 2048w\" sizes=\"(max-width: 2048px) 100vw, 2048px\" \/><\/div><\/div><\/div><div class=\"swiper-slide\"><div class=\"fusion-carousel-item-wrapper\"><div class=\"fusion-image-wrapper hover-type-none\"><img decoding=\"async\" width=\"2048\" height=\"1280\" src=\"https:\/\/visit.santcugat.cat\/wp-content\/uploads\/2017\/01\/comp2.jpg\" class=\"attachment-full size-full\" alt=\"Hall de l\u2019h\u00f4tel Venture\" srcset=\"https:\/\/visit.santcugat.cat\/wp-content\/uploads\/2017\/01\/comp2-200x125.jpg 200w, https:\/\/visit.santcugat.cat\/wp-content\/uploads\/2017\/01\/comp2-300x188.jpg 300w, https:\/\/visit.santcugat.cat\/wp-content\/uploads\/2017\/01\/comp2-400x250.jpg 400w, https:\/\/visit.santcugat.cat\/wp-content\/uploads\/2017\/01\/comp2-500x313.jpg 500w, https:\/\/visit.santcugat.cat\/wp-content\/uploads\/2017\/01\/comp2-600x375.jpg 600w, https:\/\/visit.santcugat.cat\/wp-content\/uploads\/2017\/01\/comp2-700x438.jpg 700w, https:\/\/visit.santcugat.cat\/wp-content\/uploads\/2017\/01\/comp2-768x480.jpg 768w, https:\/\/visit.santcugat.cat\/wp-content\/uploads\/2017\/01\/comp2-800x500.jpg 800w, https:\/\/visit.santcugat.cat\/wp-content\/uploads\/2017\/01\/comp2-1024x640.jpg 1024w, https:\/\/visit.santcugat.cat\/wp-content\/uploads\/2017\/01\/comp2-1200x750.jpg 1200w, https:\/\/visit.santcugat.cat\/wp-content\/uploads\/2017\/01\/comp2-1536x960.jpg 1536w, https:\/\/visit.santcugat.cat\/wp-content\/uploads\/2017\/01\/comp2.jpg 2048w\" sizes=\"(max-width: 2048px) 100vw, 2048px\" \/><\/div><\/div><\/div><\/div><div class=\"awb-swiper-button awb-swiper-button-prev\"><i class=\"awb-icon-angle-left\" aria-hidden=\"true\"><\/i><\/div><div class=\"awb-swiper-button awb-swiper-button-next\"><i class=\"awb-icon-angle-right\" aria-hidden=\"true\"><\/i><\/div><\/div><\/div><div class=\"fusion-text fusion-text-1\"><h1 style=\"font-weight: 400; font-size: 24px;\">H\u00f4tel Venture Sant Cugat***<\/h1>\n<\/div><div class=\"fusion-text fusion-text-2\"><p style=\"font-weight: 400;\">\u00c0 5 minutes \u00e0 pied de la gare de Volpelleres, cet h\u00f4tel b\u00e9n\u00e9ficie d&#8217;un excellent acc\u00e8s \u00e0 Barcelone et \u00e0 l&#8217;autoroute A7. Il propose une t\u00e9l\u00e9vision \u00e0 \u00e9cran plat, une connexion Wi-Fi gratuite et un parking priv\u00e9 gratuit.<\/p>\n<p style=\"font-weight: 400;\">Les chambres du H2 Sant Cugat comprennent la climatisation, du parquet et une t\u00e9l\u00e9vision \u00e0 \u00e9cran plasma de 81 cm. Les salles de bains sont \u00e9quip\u00e9es d&#8217;une douche de luxe et d&#8217;un s\u00e8che-cheveux. Les chambres disposent \u00e9galement du chauffage, d&#8217;un coffre-fort gratuit et d&#8217;eau min\u00e9rale gratuite.<\/p>\n<p style=\"font-weight: 400;\">Il y a deux ascenseurs panoramiques qui vous m\u00e8neront au sommet de l&#8217;h\u00f4tel. Il y a aussi un restaurant, ouvert pour le d\u00e9jeuner et le d\u00eener, et un caf\u00e9 ouvert 24h \/ 24 o\u00f9 vous pourrez d\u00e9guster des collations.<\/p>\n<p style=\"font-weight: 400;\">L&#8217;h\u00f4tel se trouve \u00e0 25 minutes en voiture du centre de Barcelone. Les tunnels de Vallvidrera sont \u00e0 10 minutes et Sant Cugat del Vall\u00e8s est \u00e0 seulement quelques minutes.<\/p>\n<\/div><div class=\"fusion-separator fusion-full-width-sep\" style=\"align-self: center;margin-left: auto;margin-right: auto;margin-top:30px;width:100%;\"><\/div><div class=\"fusion-image-element \" style=\"--awb-caption-title-font-family:var(--h2_typography-font-family);--awb-caption-title-font-weight:var(--h2_typography-font-weight);--awb-caption-title-font-style:var(--h2_typography-font-style);--awb-caption-title-size:var(--h2_typography-font-size);--awb-caption-title-transform:var(--h2_typography-text-transform);--awb-caption-title-line-height:var(--h2_typography-line-height);--awb-caption-title-letter-spacing:var(--h2_typography-letter-spacing);\"><span class=\" fusion-imageframe imageframe-none imageframe-1 hover-type-none\"><img decoding=\"async\" width=\"856\" height=\"535\" alt=\"Vue ext\u00e9rieure du b\u00e2timent de l\u2019h\u00f4tel Venture\" title=\"1_Fachada-comp\" src=\"https:\/\/visit.santcugat.cat\/wp-content\/uploads\/2017\/01\/1_Fachada-comp-1-e1591623804814.jpg\" class=\"img-responsive wp-image-21676\" srcset=\"https:\/\/visit.santcugat.cat\/wp-content\/uploads\/2017\/01\/1_Fachada-comp-1-e1591623804814-500x313.jpg 500w, https:\/\/visit.santcugat.cat\/wp-content\/uploads\/2017\/01\/1_Fachada-comp-1-e1591623804814-700x438.jpg 700w, https:\/\/visit.santcugat.cat\/wp-content\/uploads\/2017\/01\/1_Fachada-comp-1-e1591623804814.jpg 856w\" sizes=\"(max-width: 856px) 100vw, 856px\" \/><\/span><\/div><\/div><\/div><div class=\"fusion-layout-column fusion_builder_column fusion-builder-column-2 fusion_builder_column_1_3 1_3 fusion-flex-column\" style=\"--awb-padding-top:30px;--awb-padding-right:30px;--awb-padding-bottom:30px;--awb-padding-left:30px;--awb-bg-color:#ffffff;--awb-bg-color-hover:#ffffff;--awb-bg-size:cover;--awb-border-color:#dddddd;--awb-border-top:1px;--awb-border-right:1px;--awb-border-bottom:1px;--awb-border-left:1px;--awb-border-style:solid;--awb-width-large:33.333333333333%;--awb-margin-top-large:0px;--awb-spacing-right-large:5.76%;--awb-margin-bottom-large:0px;--awb-spacing-left-large:3.84%;--awb-width-medium:100%;--awb-spacing-right-medium:1.92%;--awb-spacing-left-medium:1.92%;--awb-width-small:100%;--awb-spacing-right-small:1.92%;--awb-spacing-left-small:1.92%;\"><div class=\"fusion-column-wrapper fusion-flex-justify-content-flex-start fusion-content-layout-column\"><div class=\"fusion-text fusion-text-3\"><h4 style=\"font-weight: 400; text-align: center;\"><i class=\"fa fa-info-circle\"><\/i> INFORMATION G\u00c9N\u00c9RALE<\/h4>\n<\/div><div class=\"fusion-separator fusion-full-width-sep\" style=\"align-self: center;margin-left: auto;margin-right: auto;margin-top:0px;margin-bottom:30px;width:100%;max-width:100%;\"><div class=\"fusion-separator-border sep-single sep-solid\" style=\"--awb-height:20px;--awb-amount:20px;border-color:#7ac142;border-top-width:2px;\"><\/div><\/div><div class=\"fusion-text fusion-text-4\"><p>Carrer de Vic, 19<br \/>\n08173 Sant Cugat del Vall\u00e8s<br \/>\nT\u00e9l. +(34) 935 890 605<br \/>\nFax: +(34) 935 907 470<br \/>\nsantcugat@hoteles2.com<br \/>\n<a href=\"https:\/\/www.venturesantcugat.com\/fr\/\" target=\"_blank\" rel=\"noopener noreferrer nofollow\">Site de l&#8217;h\u00f4tel<\/a><\/p>\n<\/div><div class=\"fusion-separator fusion-full-width-sep\" style=\"align-self: center;margin-left: auto;margin-right: auto;margin-top:30px;margin-bottom:30px;width:100%;max-width:100%;\"><div class=\"fusion-separator-border sep-single sep-solid\" style=\"--awb-height:20px;--awb-amount:20px;border-color:#7ac142;border-top-width:2px;\"><\/div><\/div><div class=\"fusion-text fusion-text-5\"><div class=\"table-2\">\n<table width=\"100%\">\n<tbody>\n<tr>\n<td style=\"text-align: left;\">CHAMBRES<\/td>\n<td style=\"text-align: right;\"><span style=\"color: #7ac142;\">83<\/span><\/td>\n<\/tr>\n<tr>\n<td style=\"text-align: left;\">INDIVIDUAL<\/td>\n<td style=\"text-align: right;\"><span style=\"color: #7ac142;\">3<\/span><\/td>\n<\/tr>\n<tr>\n<td style=\"text-align: left;\">KING SIZE<\/td>\n<td style=\"text-align: right;\"><span style=\"color: #7ac142;\">41<\/span><\/td>\n<\/tr>\n<tr>\n<td style=\"text-align: left;\">DOUBLE<\/td>\n<td style=\"text-align: right;\"><span style=\"color: #7ac142;\">39<\/span><\/td>\n<\/tr>\n<tr>\n<td style=\"text-align: left;\">HANDICAP\u00c9<\/td>\n<td style=\"text-align: right;\"><span style=\"color: #7ac142;\">3<\/span><\/td>\n<\/tr>\n<tr>\n<td style=\"text-align: left;\">PLACES<\/td>\n<td style=\"text-align: right;\"><span style=\"color: #7ac142;\">166<\/span><\/td>\n<\/tr>\n<tr>\n<td style=\"text-align: left;\">PLACES RESTAURANT<\/td>\n<td style=\"text-align: right;\"><span style=\"color: #7ac142;\">40<\/span><\/td>\n<\/tr>\n<tr>\n<td style=\"text-align: left;\">PARKING<\/td>\n<td style=\"text-align: right;\"><span style=\"color: #7ac142;\">130<\/span><\/td>\n<\/tr>\n<\/tbody>\n<\/table>\n<\/div>\n<\/div><div class=\"fusion-separator fusion-full-width-sep\" style=\"align-self: center;margin-left: auto;margin-right: auto;margin-top:50px;width:100%;\"><\/div><div class=\"fusion-text fusion-text-6\"><h4 style=\"font-weight: 400; text-align: center;\"><i class=\"fa fa-map-marker\"><\/i> LOCALISATION<\/h4>\n<\/div><div class=\"fusion-separator fusion-full-width-sep\" style=\"align-self: center;margin-left: auto;margin-right: auto;margin-top:0px;margin-bottom:30px;width:100%;max-width:100%;\"><div class=\"fusion-separator-border sep-single sep-solid\" style=\"--awb-height:20px;--awb-amount:20px;border-color:#7ac142;border-top-width:2px;\"><\/div><\/div><iframe class=\"fusion-hidden\" data-privacy-type=\"gmaps\" src=\"\" data-privacy-src=\"https:\/\/www.google.com\/maps\/embed?pb=!1m18!1m12!1m3!1d2988.90526605479!2d2.082799512689763!3d41.48465347116784!2m3!1f0!2f0!3f0!3m2!1i1024!2i768!4f13.1!3m3!1m2!1s0x12a497dca0c0f5b3%3A0xdb3288e73dcf6239!2sCIM%20Aparthotel!5e0!3m2!1ses!2ses!4v1721766722523!5m2!1ses!2ses\" width=\"300\" height=\"200\" style=\"border:0;\" allowfullscreen=\"\" loading=\"lazy\" referrerpolicy=\"no-referrer-when-downgrade\"><\/iframe><div class=\"fusion-privacy-placeholder\" style=\"width:300px; height:200px;\" data-privacy-type=\"gmaps\"><div class=\"fusion-privacy-placeholder-content\"><div class=\"fusion-privacy-label\">Pour des raisons de confidentialit\u00e9 Google Maps a besoin de votre autorisation pour charger.<\/div><button data-privacy-type=\"gmaps\" class=\"fusion-button button-default fusion-button-default-size button fusion-privacy-consent\">J&#039;accepte<\/button><\/div><\/div><div class=\"fusion-separator fusion-full-width-sep\" style=\"align-self: center;margin-left: auto;margin-right: auto;margin-top:30px;width:100%;\"><\/div><\/div><\/div><\/div><\/div><\/p>\n","protected":false},"excerpt":{"rendered":"","protected":false},"author":2,"featured_media":49344,"menu_order":0,"comment_status":"open","ping_status":"closed","template":"","format":"standard","meta":{"_joinchat":[],"footnotes":""},"portfolio_category":[263],"portfolio_skills":[],"portfolio_tags":[],"class_list":["post-10605","avada_portfolio","type-avada_portfolio","status-publish","format-standard","has-post-thumbnail","hentry","portfolio_category-hotels-3-etoiles"],"yoast_head":"<!-- This site is optimized with the Yoast SEO plugin v27.5 - https:\/\/yoast.com\/product\/yoast-seo-wordpress\/ -->\n<title>H\u00f4tel H2 Sant Cugat*** pr\u00e8s de Barcelone - Visit Sant Cugat<\/title>\n<meta name=\"description\" content=\"H\u00f4tel H2 Sant Cugat, 2010, situ\u00e9 sur l\u2019un des acc\u00e8s principaux de la ville (tunnels de Vallvidrera et de l\u2019AP7) \u00e0 c\u00f4t\u00e9 du centre financier.\" \/>\n<meta name=\"robots\" content=\"index, follow, max-snippet:-1, max-image-preview:large, max-video-preview:-1\" \/>\n<link rel=\"canonical\" href=\"https:\/\/visit.santcugat.cat\/fr\/hotel-h2-sant-cugat\/\" \/>\n<meta property=\"og:locale\" content=\"fr_FR\" \/>\n<meta property=\"og:type\" content=\"article\" \/>\n<meta property=\"og:title\" content=\"H\u00f4tel H2 Sant Cugat*** pr\u00e8s de Barcelone - Visit Sant Cugat\" \/>\n<meta property=\"og:description\" content=\"H\u00f4tel H2 Sant Cugat, 2010, situ\u00e9 sur l\u2019un des acc\u00e8s principaux de la ville (tunnels de Vallvidrera et de l\u2019AP7) \u00e0 c\u00f4t\u00e9 du centre financier.\" \/>\n<meta property=\"og:url\" content=\"https:\/\/visit.santcugat.cat\/fr\/hotel-h2-sant-cugat\/\" \/>\n<meta property=\"og:site_name\" content=\"Visit Sant Cugat\" \/>\n<meta property=\"article:publisher\" content=\"https:\/\/www.facebook.com\/visitsantcugat\/\" \/>\n<meta property=\"article:modified_time\" content=\"2026-04-29T11:17:09+00:00\" \/>\n<meta property=\"og:image\" content=\"https:\/\/visit.santcugat.cat\/wp-content\/uploads\/2026\/04\/hotel-venture-sant-cugat-barcelona_FRA-1.jpg\" \/>\n\t<meta property=\"og:image:width\" content=\"573\" \/>\n\t<meta property=\"og:image:height\" content=\"314\" \/>\n\t<meta property=\"og:image:type\" content=\"image\/jpeg\" \/>\n<meta name=\"twitter:card\" content=\"summary_large_image\" \/>\n<meta name=\"twitter:site\" content=\"@ajsantcugat\" \/>\n<meta name=\"twitter:label1\" content=\"Dur\u00e9e de lecture estim\u00e9e\" \/>\n\t<meta name=\"twitter:data1\" content=\"3 minutes\" \/>\n<script type=\"application\/ld+json\" class=\"yoast-schema-graph\">{\"@context\":\"https:\\\/\\\/schema.org\",\"@graph\":[{\"@type\":\"WebPage\",\"@id\":\"https:\\\/\\\/visit.santcugat.cat\\\/fr\\\/hotel-h2-sant-cugat\\\/\",\"url\":\"https:\\\/\\\/visit.santcugat.cat\\\/fr\\\/hotel-h2-sant-cugat\\\/\",\"name\":\"H\u00f4tel H2 Sant Cugat*** pr\u00e8s de Barcelone - Visit Sant Cugat\",\"isPartOf\":{\"@id\":\"https:\\\/\\\/visit.santcugat.cat\\\/fr\\\/#website\"},\"primaryImageOfPage\":{\"@id\":\"https:\\\/\\\/visit.santcugat.cat\\\/fr\\\/hotel-h2-sant-cugat\\\/#primaryimage\"},\"image\":{\"@id\":\"https:\\\/\\\/visit.santcugat.cat\\\/fr\\\/hotel-h2-sant-cugat\\\/#primaryimage\"},\"thumbnailUrl\":\"https:\\\/\\\/visit.santcugat.cat\\\/wp-content\\\/uploads\\\/2026\\\/04\\\/hotel-venture-sant-cugat-barcelona_FRA-1.jpg\",\"datePublished\":\"2017-01-06T19:46:54+00:00\",\"dateModified\":\"2026-04-29T11:17:09+00:00\",\"description\":\"H\u00f4tel H2 Sant Cugat, 2010, situ\u00e9 sur l\u2019un des acc\u00e8s principaux de la ville (tunnels de Vallvidrera et de l\u2019AP7) \u00e0 c\u00f4t\u00e9 du centre financier.\",\"breadcrumb\":{\"@id\":\"https:\\\/\\\/visit.santcugat.cat\\\/fr\\\/hotel-h2-sant-cugat\\\/#breadcrumb\"},\"inLanguage\":\"fr-FR\",\"potentialAction\":[{\"@type\":\"ReadAction\",\"target\":[\"https:\\\/\\\/visit.santcugat.cat\\\/fr\\\/hotel-h2-sant-cugat\\\/\"]}]},{\"@type\":\"ImageObject\",\"inLanguage\":\"fr-FR\",\"@id\":\"https:\\\/\\\/visit.santcugat.cat\\\/fr\\\/hotel-h2-sant-cugat\\\/#primaryimage\",\"url\":\"https:\\\/\\\/visit.santcugat.cat\\\/wp-content\\\/uploads\\\/2026\\\/04\\\/hotel-venture-sant-cugat-barcelona_FRA-1.jpg\",\"contentUrl\":\"https:\\\/\\\/visit.santcugat.cat\\\/wp-content\\\/uploads\\\/2026\\\/04\\\/hotel-venture-sant-cugat-barcelona_FRA-1.jpg\",\"width\":573,\"height\":314,\"caption\":\"H\u00f4tel Venture Sant Cugat***\"},{\"@type\":\"BreadcrumbList\",\"@id\":\"https:\\\/\\\/visit.santcugat.cat\\\/fr\\\/hotel-h2-sant-cugat\\\/#breadcrumb\",\"itemListElement\":[{\"@type\":\"ListItem\",\"position\":1,\"name\":\"Inici\",\"item\":\"https:\\\/\\\/visit.santcugat.cat\\\/fr\\\/\"},{\"@type\":\"ListItem\",\"position\":2,\"name\":\"Portfolio\",\"item\":\"https:\\\/\\\/visit.santcugat.cat\\\/fr\\\/avada_portfolio\\\/\"},{\"@type\":\"ListItem\",\"position\":3,\"name\":\"H\u00f4tel Venture Sant Cugat***\"}]},{\"@type\":\"WebSite\",\"@id\":\"https:\\\/\\\/visit.santcugat.cat\\\/fr\\\/#website\",\"url\":\"https:\\\/\\\/visit.santcugat.cat\\\/fr\\\/\",\"name\":\"Visit Sant Cugat\",\"description\":\"Turisme de Sant Cugat\",\"publisher\":{\"@id\":\"https:\\\/\\\/visit.santcugat.cat\\\/fr\\\/#organization\"},\"potentialAction\":[{\"@type\":\"SearchAction\",\"target\":{\"@type\":\"EntryPoint\",\"urlTemplate\":\"https:\\\/\\\/visit.santcugat.cat\\\/fr\\\/?s={search_term_string}\"},\"query-input\":{\"@type\":\"PropertyValueSpecification\",\"valueRequired\":true,\"valueName\":\"search_term_string\"}}],\"inLanguage\":\"fr-FR\"},{\"@type\":\"Organization\",\"@id\":\"https:\\\/\\\/visit.santcugat.cat\\\/fr\\\/#organization\",\"name\":\"Visit Sant Cugat - Turisme de Sant Cugat - Barcelona\",\"url\":\"https:\\\/\\\/visit.santcugat.cat\\\/fr\\\/\",\"logo\":{\"@type\":\"ImageObject\",\"inLanguage\":\"fr-FR\",\"@id\":\"https:\\\/\\\/visit.santcugat.cat\\\/fr\\\/#\\\/schema\\\/logo\\\/image\\\/\",\"url\":\"https:\\\/\\\/visit.santcugat.cat\\\/wp-content\\\/uploads\\\/2020\\\/09\\\/logo.png\",\"contentUrl\":\"https:\\\/\\\/visit.santcugat.cat\\\/wp-content\\\/uploads\\\/2020\\\/09\\\/logo.png\",\"width\":200,\"height\":44,\"caption\":\"Visit Sant Cugat - Turisme de Sant Cugat - Barcelona\"},\"image\":{\"@id\":\"https:\\\/\\\/visit.santcugat.cat\\\/fr\\\/#\\\/schema\\\/logo\\\/image\\\/\"},\"sameAs\":[\"https:\\\/\\\/www.facebook.com\\\/visitsantcugat\\\/\",\"https:\\\/\\\/x.com\\\/ajsantcugat\",\"https:\\\/\\\/www.instagram.com\\\/visitsantcugat\\\/\",\"https:\\\/\\\/ca.wikipedia.org\\\/wiki\\\/Sant_Cugat_del_Vall\u00e8s\"]}]}<\/script>\n<!-- \/ Yoast SEO plugin. -->","yoast_head_json":{"title":"H\u00f4tel H2 Sant Cugat*** pr\u00e8s de Barcelone - Visit Sant Cugat","description":"H\u00f4tel H2 Sant Cugat, 2010, situ\u00e9 sur l\u2019un des acc\u00e8s principaux de la ville (tunnels de Vallvidrera et de l\u2019AP7) \u00e0 c\u00f4t\u00e9 du centre financier.","robots":{"index":"index","follow":"follow","max-snippet":"max-snippet:-1","max-image-preview":"max-image-preview:large","max-video-preview":"max-video-preview:-1"},"canonical":"https:\/\/visit.santcugat.cat\/fr\/hotel-h2-sant-cugat\/","og_locale":"fr_FR","og_type":"article","og_title":"H\u00f4tel H2 Sant Cugat*** pr\u00e8s de Barcelone - Visit Sant Cugat","og_description":"H\u00f4tel H2 Sant Cugat, 2010, situ\u00e9 sur l\u2019un des acc\u00e8s principaux de la ville (tunnels de Vallvidrera et de l\u2019AP7) \u00e0 c\u00f4t\u00e9 du centre financier.","og_url":"https:\/\/visit.santcugat.cat\/fr\/hotel-h2-sant-cugat\/","og_site_name":"Visit Sant Cugat","article_publisher":"https:\/\/www.facebook.com\/visitsantcugat\/","article_modified_time":"2026-04-29T11:17:09+00:00","og_image":[{"width":573,"height":314,"url":"https:\/\/visit.santcugat.cat\/wp-content\/uploads\/2026\/04\/hotel-venture-sant-cugat-barcelona_FRA-1.jpg","type":"image\/jpeg"}],"twitter_card":"summary_large_image","twitter_site":"@ajsantcugat","twitter_misc":{"Dur\u00e9e de lecture estim\u00e9e":"3 minutes"},"schema":{"@context":"https:\/\/schema.org","@graph":[{"@type":"WebPage","@id":"https:\/\/visit.santcugat.cat\/fr\/hotel-h2-sant-cugat\/","url":"https:\/\/visit.santcugat.cat\/fr\/hotel-h2-sant-cugat\/","name":"H\u00f4tel H2 Sant Cugat*** pr\u00e8s de Barcelone - Visit Sant Cugat","isPartOf":{"@id":"https:\/\/visit.santcugat.cat\/fr\/#website"},"primaryImageOfPage":{"@id":"https:\/\/visit.santcugat.cat\/fr\/hotel-h2-sant-cugat\/#primaryimage"},"image":{"@id":"https:\/\/visit.santcugat.cat\/fr\/hotel-h2-sant-cugat\/#primaryimage"},"thumbnailUrl":"https:\/\/visit.santcugat.cat\/wp-content\/uploads\/2026\/04\/hotel-venture-sant-cugat-barcelona_FRA-1.jpg","datePublished":"2017-01-06T19:46:54+00:00","dateModified":"2026-04-29T11:17:09+00:00","description":"H\u00f4tel H2 Sant Cugat, 2010, situ\u00e9 sur l\u2019un des acc\u00e8s principaux de la ville (tunnels de Vallvidrera et de l\u2019AP7) \u00e0 c\u00f4t\u00e9 du centre financier.","breadcrumb":{"@id":"https:\/\/visit.santcugat.cat\/fr\/hotel-h2-sant-cugat\/#breadcrumb"},"inLanguage":"fr-FR","potentialAction":[{"@type":"ReadAction","target":["https:\/\/visit.santcugat.cat\/fr\/hotel-h2-sant-cugat\/"]}]},{"@type":"ImageObject","inLanguage":"fr-FR","@id":"https:\/\/visit.santcugat.cat\/fr\/hotel-h2-sant-cugat\/#primaryimage","url":"https:\/\/visit.santcugat.cat\/wp-content\/uploads\/2026\/04\/hotel-venture-sant-cugat-barcelona_FRA-1.jpg","contentUrl":"https:\/\/visit.santcugat.cat\/wp-content\/uploads\/2026\/04\/hotel-venture-sant-cugat-barcelona_FRA-1.jpg","width":573,"height":314,"caption":"H\u00f4tel Venture Sant Cugat***"},{"@type":"BreadcrumbList","@id":"https:\/\/visit.santcugat.cat\/fr\/hotel-h2-sant-cugat\/#breadcrumb","itemListElement":[{"@type":"ListItem","position":1,"name":"Inici","item":"https:\/\/visit.santcugat.cat\/fr\/"},{"@type":"ListItem","position":2,"name":"Portfolio","item":"https:\/\/visit.santcugat.cat\/fr\/avada_portfolio\/"},{"@type":"ListItem","position":3,"name":"H\u00f4tel Venture Sant Cugat***"}]},{"@type":"WebSite","@id":"https:\/\/visit.santcugat.cat\/fr\/#website","url":"https:\/\/visit.santcugat.cat\/fr\/","name":"Visit Sant Cugat","description":"Turisme de Sant Cugat","publisher":{"@id":"https:\/\/visit.santcugat.cat\/fr\/#organization"},"potentialAction":[{"@type":"SearchAction","target":{"@type":"EntryPoint","urlTemplate":"https:\/\/visit.santcugat.cat\/fr\/?s={search_term_string}"},"query-input":{"@type":"PropertyValueSpecification","valueRequired":true,"valueName":"search_term_string"}}],"inLanguage":"fr-FR"},{"@type":"Organization","@id":"https:\/\/visit.santcugat.cat\/fr\/#organization","name":"Visit Sant Cugat - Turisme de Sant Cugat - Barcelona","url":"https:\/\/visit.santcugat.cat\/fr\/","logo":{"@type":"ImageObject","inLanguage":"fr-FR","@id":"https:\/\/visit.santcugat.cat\/fr\/#\/schema\/logo\/image\/","url":"https:\/\/visit.santcugat.cat\/wp-content\/uploads\/2020\/09\/logo.png","contentUrl":"https:\/\/visit.santcugat.cat\/wp-content\/uploads\/2020\/09\/logo.png","width":200,"height":44,"caption":"Visit Sant Cugat - Turisme de Sant Cugat - Barcelona"},"image":{"@id":"https:\/\/visit.santcugat.cat\/fr\/#\/schema\/logo\/image\/"},"sameAs":["https:\/\/www.facebook.com\/visitsantcugat\/","https:\/\/x.com\/ajsantcugat","https:\/\/www.instagram.com\/visitsantcugat\/","https:\/\/ca.wikipedia.org\/wiki\/Sant_Cugat_del_Vall\u00e8s"]}]}},"_links":{"self":[{"href":"https:\/\/visit.santcugat.cat\/fr\/wp-json\/wp\/v2\/avada_portfolio\/10605","targetHints":{"allow":["GET"]}}],"collection":[{"href":"https:\/\/visit.santcugat.cat\/fr\/wp-json\/wp\/v2\/avada_portfolio"}],"about":[{"href":"https:\/\/visit.santcugat.cat\/fr\/wp-json\/wp\/v2\/types\/avada_portfolio"}],"author":[{"embeddable":true,"href":"https:\/\/visit.santcugat.cat\/fr\/wp-json\/wp\/v2\/users\/2"}],"replies":[{"embeddable":true,"href":"https:\/\/visit.santcugat.cat\/fr\/wp-json\/wp\/v2\/comments?post=10605"}],"version-history":[{"count":9,"href":"https:\/\/visit.santcugat.cat\/fr\/wp-json\/wp\/v2\/avada_portfolio\/10605\/revisions"}],"predecessor-version":[{"id":50258,"href":"https:\/\/visit.santcugat.cat\/fr\/wp-json\/wp\/v2\/avada_portfolio\/10605\/revisions\/50258"}],"wp:featuredmedia":[{"embeddable":true,"href":"https:\/\/visit.santcugat.cat\/fr\/wp-json\/wp\/v2\/media\/49344"}],"wp:attachment":[{"href":"https:\/\/visit.santcugat.cat\/fr\/wp-json\/wp\/v2\/media?parent=10605"}],"wp:term":[{"taxonomy":"portfolio_category","embeddable":true,"href":"https:\/\/visit.santcugat.cat\/fr\/wp-json\/wp\/v2\/portfolio_category?post=10605"},{"taxonomy":"portfolio_skills","embeddable":true,"href":"https:\/\/visit.santcugat.cat\/fr\/wp-json\/wp\/v2\/portfolio_skills?post=10605"},{"taxonomy":"portfolio_tags","embeddable":true,"href":"https:\/\/visit.santcugat.cat\/fr\/wp-json\/wp\/v2\/portfolio_tags?post=10605"}],"curies":[{"name":"wp","href":"https:\/\/api.w.org\/{rel}","templated":true}]}}