{"id":7350,"date":"2016-12-21T17:22:15","date_gmt":"2016-12-21T17:22:15","guid":{"rendered":"https:\/\/visit.santcugat.cat\/moures-per-la-ciutat\/"},"modified":"2026-04-20T13:35:04","modified_gmt":"2026-04-20T11:35:04","slug":"moverte-por-la-ciudad","status":"publish","type":"page","link":"https:\/\/visit.santcugat.cat\/es\/moverte-por-la-ciudad\/","title":{"rendered":"Moverte por la ciudad"},"content":{"rendered":"<p><div class=\"fusion-fullwidth fullwidth-box fusion-builder-row-1 fusion-flex-container hundred-percent-fullwidth non-hundred-percent-height-scrolling\" style=\"--awb-border-radius-top-left:0px;--awb-border-radius-top-right:0px;--awb-border-radius-bottom-right:0px;--awb-border-radius-bottom-left:0px;--awb-padding-top:20px;--awb-padding-bottom:20px;--awb-margin-top:5px;--awb-flex-wrap:wrap;\" ><div class=\"fusion-builder-row fusion-row fusion-flex-align-items-stretch fusion-flex-content-wrap\" style=\"width:104% !important;max-width:104% !important;margin-left: calc(-4% \/ 2 );margin-right: calc(-4% \/ 2 );\"><div class=\"fusion-layout-column fusion_builder_column fusion-builder-column-0 fusion_builder_column_1_1 1_1 fusion-flex-column\" style=\"--awb-padding-top:10px;--awb-padding-right:40px;--awb-padding-bottom:10px;--awb-padding-left:40px;--awb-bg-color:#ffffff;--awb-bg-color-hover:#ffffff;--awb-bg-size:cover;--awb-width-large:100%;--awb-margin-top-large:5px;--awb-spacing-right-large:1.92%;--awb-margin-bottom-large:5px;--awb-spacing-left-large:1.92%;--awb-width-medium:100%;--awb-spacing-right-medium:1.92%;--awb-spacing-left-medium:1.92%;--awb-width-small:100%;--awb-spacing-right-small:1.92%;--awb-spacing-left-small:1.92%;\"><div class=\"fusion-column-wrapper fusion-flex-justify-content-flex-start fusion-content-layout-column\"><div class=\"fusion-title title fusion-title-1 fusion-sep-none fusion-title-text fusion-title-size-two\"><h2 class=\"fusion-title-heading title-heading-left fusion-responsive-typography-calculated\" style=\"margin:0;--fontSize:26;line-height:1.69;\">EN SANT CUGAT NOS GUSTA CAMINAR Y EL TRANSPORTE ECO<\/h2><\/div><div class=\"fusion-text fusion-text-1\"><p>No lo dudes, para moverte por Sant Cugat la mejor opci\u00f3n es hacerlo andando o en bicicleta. Y si tienes que desplazarte a alguno de los barrios de monta\u00f1a o m\u00e1s alejados del centro puedes usar el transporte p\u00fablico.<\/p>\n<\/div><\/div><\/div><div class=\"fusion-layout-column fusion_builder_column fusion-builder-column-1 fusion_builder_column_1_3 1_3 fusion-flex-column\" style=\"--awb-bg-size:cover;--awb-width-large:33.333333333333%;--awb-margin-top-large:5px;--awb-spacing-right-large:5.76%;--awb-margin-bottom-large:5px;--awb-spacing-left-large:5.76%;--awb-width-medium:100%;--awb-spacing-right-medium:1.92%;--awb-spacing-left-medium:1.92%;--awb-width-small:100%;--awb-spacing-right-small:1.92%;--awb-spacing-left-small:1.92%;\"><div class=\"fusion-column-wrapper fusion-flex-justify-content-flex-start fusion-content-layout-column\"><div class=\"fusion-image-element \" style=\"--awb-caption-title-font-family:var(--h2_typography-font-family);--awb-caption-title-font-weight:var(--h2_typography-font-weight);--awb-caption-title-font-style:var(--h2_typography-font-style);--awb-caption-title-size:var(--h2_typography-font-size);--awb-caption-title-transform:var(--h2_typography-text-transform);--awb-caption-title-line-height:var(--h2_typography-line-height);--awb-caption-title-letter-spacing:var(--h2_typography-letter-spacing);\"><span class=\" fusion-imageframe imageframe-none imageframe-1 hover-type-none\"><img decoding=\"async\" width=\"1024\" height=\"768\" alt=\"Calle peatonal Sant Cugat\" title=\"SANT CUGAT\" src=\"https:\/\/visit.santcugat.cat\/wp-content\/uploads\/2016\/12\/4GENT.jpg\" class=\"img-responsive wp-image-19523\" srcset=\"https:\/\/visit.santcugat.cat\/wp-content\/uploads\/2016\/12\/4GENT-200x150.jpg 200w, https:\/\/visit.santcugat.cat\/wp-content\/uploads\/2016\/12\/4GENT-400x300.jpg 400w, https:\/\/visit.santcugat.cat\/wp-content\/uploads\/2016\/12\/4GENT-600x450.jpg 600w, https:\/\/visit.santcugat.cat\/wp-content\/uploads\/2016\/12\/4GENT-800x600.jpg 800w, https:\/\/visit.santcugat.cat\/wp-content\/uploads\/2016\/12\/4GENT.jpg 1024w\" sizes=\"(max-width: 1024px) 100vw, (max-width: 640px) 100vw, 400px\" \/><\/span><\/div><div class=\"fusion-reading-box-container reading-box-container-1\" style=\"--awb-title-color:#3b4251;--awb-margin-top:0px;--awb-margin-bottom:0px;\"><div class=\"reading-box\" style=\"background-color:#ffffff;border-width:1px;border-color:#aaaaaa;border-bottom-width:3px;border-bottom-color:var(--primary_color);border-style:solid;\"><h2>A pie<\/h2><div class=\"reading-box-additional fusion-reading-box-additional\">\n<p>El centro de Sant Cugat es para los peatones, ya que en \u00e9l se puede disfrutar de la oferta cultural, gastron\u00f3mica y de ocio sin el tr\u00e1fico de veh\u00edculos.<div class=\"fusion-separator fusion-full-width-sep\" style=\"align-self: center;margin-left: auto;margin-right: auto;margin-top:52px;margin-bottom:52px;width:100%;\"><\/div>\n<\/div><div class=\"fusion-clearfix\"><\/div><\/div><\/div><\/div><\/div><div class=\"fusion-layout-column fusion_builder_column fusion-builder-column-2 fusion_builder_column_1_3 1_3 fusion-flex-column\" style=\"--awb-bg-size:cover;--awb-width-large:33.333333333333%;--awb-margin-top-large:5px;--awb-spacing-right-large:5.76%;--awb-margin-bottom-large:5px;--awb-spacing-left-large:5.76%;--awb-width-medium:100%;--awb-spacing-right-medium:1.92%;--awb-spacing-left-medium:1.92%;--awb-width-small:100%;--awb-spacing-right-small:1.92%;--awb-spacing-left-small:1.92%;\"><div class=\"fusion-column-wrapper fusion-flex-justify-content-flex-start fusion-content-layout-column\"><div class=\"fusion-image-element \" style=\"--awb-caption-title-font-family:var(--h2_typography-font-family);--awb-caption-title-font-weight:var(--h2_typography-font-weight);--awb-caption-title-font-style:var(--h2_typography-font-style);--awb-caption-title-size:var(--h2_typography-font-size);--awb-caption-title-transform:var(--h2_typography-text-transform);--awb-caption-title-line-height:var(--h2_typography-line-height);--awb-caption-title-letter-spacing:var(--h2_typography-letter-spacing);\"><span class=\" fusion-imageframe imageframe-none imageframe-2 hover-type-none\"><img decoding=\"async\" width=\"1024\" height=\"768\" alt=\"Estaci\u00f3n RENFE Sant Cugat\" title=\"SANT CUGAT\" src=\"https:\/\/visit.santcugat.cat\/wp-content\/uploads\/2016\/12\/1FGC-e1653644513671.jpg\" class=\"img-responsive wp-image-19517\"\/><\/span><\/div><div class=\"fusion-reading-box-container reading-box-container-2\" style=\"--awb-title-color:#3b4251;--awb-margin-top:0px;--awb-margin-bottom:0px;\"><div class=\"reading-box\" style=\"background-color:#ffffff;border-width:1px;border-color:#aaaaaa;border-bottom-width:3px;border-bottom-color:var(--primary_color);border-style:solid;\"><h2>En ferrocarril<\/h2><div class=\"reading-box-additional fusion-reading-box-additional\">\n<p>Ferrocarrils de la Generalitat de Catalunya (FGC) tiene siete estaciones en el municipio: La Floresta, Valldoreix, Sant Cugat, Volpelleres, Sant Joan, Mira-sol y Hospital General. La l\u00ednea Barcelona- Vall\u00e8s\u00a0 (S1, S2, S5 y S55) funciona con la fluidez de un metro. <a href=\"https:\/\/www.fgc.cat\/es\/\" target=\"_blank\" rel=\"noopener noreferrer nofollow\">fgc.cat.<\/a><\/p>\n<\/div><div class=\"fusion-clearfix\"><\/div><\/div><\/div><\/div><\/div><div class=\"fusion-layout-column fusion_builder_column fusion-builder-column-3 fusion_builder_column_1_3 1_3 fusion-flex-column\" style=\"--awb-bg-size:cover;--awb-width-large:33.333333333333%;--awb-margin-top-large:5px;--awb-spacing-right-large:5.76%;--awb-margin-bottom-large:5px;--awb-spacing-left-large:5.76%;--awb-width-medium:100%;--awb-spacing-right-medium:1.92%;--awb-spacing-left-medium:1.92%;--awb-width-small:100%;--awb-spacing-right-small:1.92%;--awb-spacing-left-small:1.92%;\"><div class=\"fusion-column-wrapper fusion-flex-justify-content-flex-start fusion-content-layout-column\"><div class=\"fusion-image-element \" style=\"--awb-caption-title-font-family:var(--h2_typography-font-family);--awb-caption-title-font-weight:var(--h2_typography-font-weight);--awb-caption-title-font-style:var(--h2_typography-font-style);--awb-caption-title-size:var(--h2_typography-font-size);--awb-caption-title-transform:var(--h2_typography-text-transform);--awb-caption-title-line-height:var(--h2_typography-line-height);--awb-caption-title-letter-spacing:var(--h2_typography-letter-spacing);\"><span class=\" fusion-imageframe imageframe-none imageframe-3 hover-type-none\"><img decoding=\"async\" width=\"1024\" height=\"768\" alt=\"Ciclistas - Sant Cugat.\" title=\"1BTT\" src=\"https:\/\/visit.santcugat.cat\/wp-content\/uploads\/2016\/12\/1BTT.jpg\" class=\"img-responsive wp-image-7351\" srcset=\"https:\/\/visit.santcugat.cat\/wp-content\/uploads\/2016\/12\/1BTT-200x150.jpg 200w, https:\/\/visit.santcugat.cat\/wp-content\/uploads\/2016\/12\/1BTT-400x300.jpg 400w, https:\/\/visit.santcugat.cat\/wp-content\/uploads\/2016\/12\/1BTT-600x450.jpg 600w, https:\/\/visit.santcugat.cat\/wp-content\/uploads\/2016\/12\/1BTT-800x600.jpg 800w, https:\/\/visit.santcugat.cat\/wp-content\/uploads\/2016\/12\/1BTT.jpg 1024w\" sizes=\"(max-width: 1024px) 100vw, (max-width: 640px) 100vw, 400px\" \/><\/span><\/div><div class=\"fusion-reading-box-container reading-box-container-3\" style=\"--awb-title-color:#3b4251;--awb-margin-top:0px;--awb-margin-bottom:0px;\"><div class=\"reading-box\" style=\"background-color:#ffffff;border-width:1px;border-color:#aaaaaa;border-bottom-width:3px;border-bottom-color:var(--primary_color);border-style:solid;\"><h2>En bicicleta<\/h2><div class=\"reading-box-additional fusion-reading-box-additional\">\n<p>Es una ciudad c\u00f3moda para ir en bicicleta. La orograf\u00eda llana, sobre todo en el centro, y los m\u00e1s de 30 kil\u00f3metros de carril bici de Sant Cugat permiten desplazarse a los lugares de inter\u00e9s sin mucha dificultad y en pocos minutos. Desc\u00e1rgate el\u00a0<a href=\"https:\/\/visit.santcugat.cat\/wp-content\/uploads\/2017\/05\/CarrilBici_StC.pdf\" target=\"_blank\" rel=\"noopener noreferrer\">plano de bolsillo<\/a> de los carriles bici (disponible en catal\u00e1n).<\/p>\n<\/div><div class=\"fusion-clearfix\"><\/div><\/div><\/div><\/div><\/div><\/div><\/div><div class=\"fusion-fullwidth fullwidth-box fusion-builder-row-2 fusion-flex-container hundred-percent-fullwidth non-hundred-percent-height-scrolling\" style=\"--awb-border-radius-top-left:0px;--awb-border-radius-top-right:0px;--awb-border-radius-bottom-right:0px;--awb-border-radius-bottom-left:0px;--awb-padding-top:20px;--awb-padding-bottom:20px;--awb-margin-top:5px;--awb-margin-bottom:5px;--awb-flex-wrap:wrap;\" ><div class=\"fusion-builder-row fusion-row fusion-flex-align-items-flex-start fusion-flex-content-wrap\" style=\"width:104% !important;max-width:104% !important;margin-left: calc(-4% \/ 2 );margin-right: calc(-4% \/ 2 );\"><div class=\"fusion-layout-column fusion_builder_column fusion-builder-column-4 fusion_builder_column_1_3 1_3 fusion-flex-column\" style=\"--awb-bg-size:cover;--awb-width-large:33.333333333333%;--awb-margin-top-large:5px;--awb-spacing-right-large:5.76%;--awb-margin-bottom-large:5px;--awb-spacing-left-large:5.76%;--awb-width-medium:100%;--awb-spacing-right-medium:1.92%;--awb-spacing-left-medium:1.92%;--awb-width-small:100%;--awb-spacing-right-small:1.92%;--awb-spacing-left-small:1.92%;\"><div class=\"fusion-column-wrapper fusion-flex-justify-content-flex-start fusion-content-layout-column\"><div class=\"fusion-image-element \" style=\"--awb-caption-title-font-family:var(--h2_typography-font-family);--awb-caption-title-font-weight:var(--h2_typography-font-weight);--awb-caption-title-font-style:var(--h2_typography-font-style);--awb-caption-title-size:var(--h2_typography-font-size);--awb-caption-title-transform:var(--h2_typography-text-transform);--awb-caption-title-line-height:var(--h2_typography-line-height);--awb-caption-title-letter-spacing:var(--h2_typography-letter-spacing);\"><span class=\" fusion-imageframe imageframe-none imageframe-4 hover-type-none\"><img decoding=\"async\" width=\"1024\" height=\"768\" alt=\"Parada bus Sant Cugat\" title=\"SANT CUGAT\" src=\"https:\/\/visit.santcugat.cat\/wp-content\/uploads\/2016\/12\/1TRANSPORT.jpg\" class=\"img-responsive wp-image-19524\" srcset=\"https:\/\/visit.santcugat.cat\/wp-content\/uploads\/2016\/12\/1TRANSPORT-200x150.jpg 200w, https:\/\/visit.santcugat.cat\/wp-content\/uploads\/2016\/12\/1TRANSPORT-400x300.jpg 400w, https:\/\/visit.santcugat.cat\/wp-content\/uploads\/2016\/12\/1TRANSPORT-600x450.jpg 600w, https:\/\/visit.santcugat.cat\/wp-content\/uploads\/2016\/12\/1TRANSPORT-800x600.jpg 800w, https:\/\/visit.santcugat.cat\/wp-content\/uploads\/2016\/12\/1TRANSPORT.jpg 1024w\" sizes=\"(max-width: 1024px) 100vw, (max-width: 640px) 100vw, 400px\" \/><\/span><\/div><div class=\"fusion-reading-box-container reading-box-container-4\" style=\"--awb-title-color:#3b4251;--awb-margin-top:0px;--awb-margin-bottom:0px;\"><div class=\"reading-box\" style=\"background-color:#ffffff;border-width:1px;border-color:#aaaaaa;border-bottom-width:3px;border-bottom-color:var(--primary_color);border-style:solid;\"><h2>En autob\u00fas<\/h2><div class=\"reading-box-additional fusion-reading-box-additional\">\n<p>La red de autobuses realiza diferentes recorridos por la ciudad.<br \/>\nPueden consultarse los horarios en\u00a0<a href=\"http:\/\/santqbus.santcugat.cat\" target=\"_blank\" rel=\"noopener noreferrer nofollow\">santqbus.santcugat.cat<\/a> o descargar la aplicaci\u00f3n m\u00f3vil StQbus disponible en\u00a0Google Play\u00a0y en\u00a0Apps Store.<\/p>\n<\/div><div class=\"fusion-clearfix\"><\/div><\/div><\/div><\/div><\/div><div class=\"fusion-layout-column fusion_builder_column fusion-builder-column-5 fusion_builder_column_1_3 1_3 fusion-flex-column\" style=\"--awb-bg-size:cover;--awb-width-large:33.333333333333%;--awb-margin-top-large:5px;--awb-spacing-right-large:5.76%;--awb-margin-bottom-large:5px;--awb-spacing-left-large:5.76%;--awb-width-medium:100%;--awb-spacing-right-medium:1.92%;--awb-spacing-left-medium:1.92%;--awb-width-small:100%;--awb-spacing-right-small:1.92%;--awb-spacing-left-small:1.92%;\"><div class=\"fusion-column-wrapper fusion-flex-justify-content-flex-start fusion-content-layout-column\"><div class=\"fusion-image-element \" style=\"--awb-caption-title-font-family:var(--h2_typography-font-family);--awb-caption-title-font-weight:var(--h2_typography-font-weight);--awb-caption-title-font-style:var(--h2_typography-font-style);--awb-caption-title-size:var(--h2_typography-font-size);--awb-caption-title-transform:var(--h2_typography-text-transform);--awb-caption-title-line-height:var(--h2_typography-line-height);--awb-caption-title-letter-spacing:var(--h2_typography-letter-spacing);\"><span class=\" fusion-imageframe imageframe-none imageframe-5 hover-type-none\"><img decoding=\"async\" width=\"1024\" height=\"768\" alt=\"Taxi - Sant Cugat\" title=\"Taxi_Electric_MC_1024\" src=\"https:\/\/visit.santcugat.cat\/wp-content\/uploads\/2016\/12\/Taxi_Electric_MC_1024.jpg\" class=\"img-responsive wp-image-19521\" srcset=\"https:\/\/visit.santcugat.cat\/wp-content\/uploads\/2016\/12\/Taxi_Electric_MC_1024-200x150.jpg 200w, https:\/\/visit.santcugat.cat\/wp-content\/uploads\/2016\/12\/Taxi_Electric_MC_1024-400x300.jpg 400w, https:\/\/visit.santcugat.cat\/wp-content\/uploads\/2016\/12\/Taxi_Electric_MC_1024-600x450.jpg 600w, https:\/\/visit.santcugat.cat\/wp-content\/uploads\/2016\/12\/Taxi_Electric_MC_1024-800x600.jpg 800w, https:\/\/visit.santcugat.cat\/wp-content\/uploads\/2016\/12\/Taxi_Electric_MC_1024.jpg 1024w\" sizes=\"(max-width: 1024px) 100vw, (max-width: 640px) 100vw, 400px\" \/><\/span><\/div><div class=\"fusion-reading-box-container reading-box-container-5\" style=\"--awb-title-color:#3b4251;--awb-margin-top:0px;--awb-margin-bottom:0px;\"><div class=\"reading-box\" style=\"background-color:#ffffff;border-width:1px;border-color:#aaaaaa;border-bottom-width:3px;border-bottom-color:var(--primary_color);border-style:solid;\"><h2>En taxi<\/h2><div class=\"reading-box-additional fusion-reading-box-additional\">Diversas emisoras de radiotaxi operan en toda la zona del \u00e1rea metropolitana de Barcelona. En Sant Cugat tienen la sede una empresa:<div class=\"fusion-fa-align-right\"><i class=\"fb-icon-element-1 fb-icon-element fontawesome-icon fa fa-chevron-right circle-no\" style=\"--awb-iconcolor:#8bc34a;--awb-iconcolor-hover:#8bc34a;--awb-font-size:32px;--awb-margin-left:16px;\"><\/i><\/div><\/div><div class=\"fusion-clearfix\"><\/div><\/div><\/div><\/div><\/div><div class=\"fusion-layout-column fusion_builder_column fusion-builder-column-6 fusion_builder_column_1_3 1_3 fusion-flex-column\" style=\"--awb-bg-size:cover;--awb-width-large:33.333333333333%;--awb-margin-top-large:5px;--awb-spacing-right-large:5.76%;--awb-margin-bottom-large:5px;--awb-spacing-left-large:5.76%;--awb-width-medium:100%;--awb-spacing-right-medium:1.92%;--awb-spacing-left-medium:1.92%;--awb-width-small:100%;--awb-spacing-right-small:1.92%;--awb-spacing-left-small:1.92%;\"><div class=\"fusion-column-wrapper fusion-flex-justify-content-flex-start fusion-content-layout-column\"><div class=\"fusion-reading-box-container reading-box-container-6\" style=\"--awb-title-color:#3b4251;--awb-margin-top:0px;--awb-margin-bottom:0px;\"><div class=\"reading-box\" style=\"background-color:#ffffff;border-width:1px;border-color:#aaaaaa;border-bottom-width:3px;border-bottom-color:var(--primary_color);border-style:solid;\"><div class=\"reading-box-additional\">\n<p>R\u00e0dio Taxi Sant Cugat<br \/>\nTel.: +(34) 935 894 422<br \/>\n+(34) 936 741 111<br \/>\nreservas@radiotaxisantcugat.com<br \/>\nExisten seis paradas de taxi, situadas junto al CAP Sant Cugat (calle de la Mina), en la estaci\u00f3n FGC Sant Cugat (calle Andana), en la estaci\u00f3n FGC Valldoreix (calle Esgl\u00e9sia), en el AC Hotel (plaza Xavier Cugat), en la calle C\u00e8sar Martinell y en el Hospital General de Catalu\u00f1a.<div class=\"fusion-separator fusion-full-width-sep\" style=\"align-self: center;margin-left: auto;margin-right: auto;margin-top:6px;margin-bottom:5px;width:100%;\"><\/div><\/div><div class=\"fusion-clearfix\"><\/div><\/div><\/div><\/div><\/div><\/div><\/div><\/p>\n","protected":false},"excerpt":{"rendered":"","protected":false},"author":2,"featured_media":0,"parent":0,"menu_order":0,"comment_status":"closed","ping_status":"closed","template":"","meta":{"_joinchat":[],"footnotes":""},"class_list":["post-7350","page","type-page","status-publish","hentry"],"yoast_head":"<!-- This site is optimized with the Yoast SEO plugin v27.4 - https:\/\/yoast.com\/product\/yoast-seo-wordpress\/ -->\n<title>Moverse por la ciudad de Sant Cugat | Visit Sant Cugat<\/title>\n<meta name=\"description\" content=\"Descubre todas las maneras de moverte por la ciudad de sant cugat, te informamos sobre \ud83d\ude8cel transporte p\u00fablico y privado\ud83d\ude96.\" \/>\n<meta name=\"robots\" content=\"index, follow, max-snippet:-1, max-image-preview:large, max-video-preview:-1\" \/>\n<link rel=\"canonical\" href=\"https:\/\/visit.santcugat.cat\/fr\/se-deplacer-dans-la-ville\/\" \/>\n<meta property=\"og:locale\" content=\"es_ES\" \/>\n<meta property=\"og:type\" content=\"article\" \/>\n<meta property=\"og:title\" content=\"Moverse por la ciudad de Sant Cugat | Visit Sant Cugat\" \/>\n<meta property=\"og:description\" content=\"Descubre todas las maneras de moverte por la ciudad de sant cugat, te informamos sobre \ud83d\ude8cel transporte p\u00fablico y privado\ud83d\ude96.\" \/>\n<meta property=\"og:url\" content=\"https:\/\/visit.santcugat.cat\/fr\/se-deplacer-dans-la-ville\/\" \/>\n<meta property=\"og:site_name\" content=\"Visit Sant Cugat\" \/>\n<meta property=\"article:publisher\" content=\"https:\/\/www.facebook.com\/visitsantcugat\/\" \/>\n<meta property=\"article:modified_time\" content=\"2026-04-20T11:35:04+00:00\" \/>\n<meta property=\"og:image\" content=\"https:\/\/visit.santcugat.cat\/wp-content\/uploads\/2023\/03\/CLAUSTRE-MONASTERIO-DE-SANT-CUGAT_resultado.webp\" \/>\n\t<meta property=\"og:image:width\" content=\"984\" \/>\n\t<meta property=\"og:image:height\" content=\"502\" \/>\n\t<meta property=\"og:image:type\" content=\"image\/webp\" \/>\n<meta name=\"twitter:card\" content=\"summary_large_image\" \/>\n<meta name=\"twitter:site\" content=\"@ajsantcugat\" \/>\n<meta name=\"twitter:label1\" content=\"Tiempo de lectura\" \/>\n\t<meta name=\"twitter:data1\" content=\"3 minutos\" \/>\n<script type=\"application\/ld+json\" class=\"yoast-schema-graph\">{\"@context\":\"https:\\\/\\\/schema.org\",\"@graph\":[{\"@type\":\"WebPage\",\"@id\":\"https:\\\/\\\/visit.santcugat.cat\\\/fr\\\/se-deplacer-dans-la-ville\\\/\",\"url\":\"https:\\\/\\\/visit.santcugat.cat\\\/fr\\\/se-deplacer-dans-la-ville\\\/\",\"name\":\"Moverse por la ciudad de Sant Cugat | Visit Sant Cugat\",\"isPartOf\":{\"@id\":\"https:\\\/\\\/visit.santcugat.cat\\\/fr\\\/#website\"},\"datePublished\":\"2016-12-21T17:22:15+00:00\",\"dateModified\":\"2026-04-20T11:35:04+00:00\",\"description\":\"Descubre todas las maneras de moverte por la ciudad de sant cugat, te informamos sobre \ud83d\ude8cel transporte p\u00fablico y privado\ud83d\ude96.\",\"breadcrumb\":{\"@id\":\"https:\\\/\\\/visit.santcugat.cat\\\/fr\\\/se-deplacer-dans-la-ville\\\/#breadcrumb\"},\"inLanguage\":\"es\",\"potentialAction\":[{\"@type\":\"ReadAction\",\"target\":[\"https:\\\/\\\/visit.santcugat.cat\\\/fr\\\/se-deplacer-dans-la-ville\\\/\"]}]},{\"@type\":\"BreadcrumbList\",\"@id\":\"https:\\\/\\\/visit.santcugat.cat\\\/fr\\\/se-deplacer-dans-la-ville\\\/#breadcrumb\",\"itemListElement\":[{\"@type\":\"ListItem\",\"position\":1,\"name\":\"Inici\",\"item\":\"https:\\\/\\\/visit.santcugat.cat\\\/es\\\/\"},{\"@type\":\"ListItem\",\"position\":2,\"name\":\"Moverte por la ciudad\"}]},{\"@type\":\"WebSite\",\"@id\":\"https:\\\/\\\/visit.santcugat.cat\\\/fr\\\/#website\",\"url\":\"https:\\\/\\\/visit.santcugat.cat\\\/fr\\\/\",\"name\":\"Visit Sant Cugat\",\"description\":\"Turisme de Sant Cugat\",\"publisher\":{\"@id\":\"https:\\\/\\\/visit.santcugat.cat\\\/fr\\\/#organization\"},\"potentialAction\":[{\"@type\":\"SearchAction\",\"target\":{\"@type\":\"EntryPoint\",\"urlTemplate\":\"https:\\\/\\\/visit.santcugat.cat\\\/fr\\\/?s={search_term_string}\"},\"query-input\":{\"@type\":\"PropertyValueSpecification\",\"valueRequired\":true,\"valueName\":\"search_term_string\"}}],\"inLanguage\":\"es\"},{\"@type\":\"Organization\",\"@id\":\"https:\\\/\\\/visit.santcugat.cat\\\/fr\\\/#organization\",\"name\":\"Visit Sant Cugat - Turisme de Sant Cugat - Barcelona\",\"url\":\"https:\\\/\\\/visit.santcugat.cat\\\/fr\\\/\",\"logo\":{\"@type\":\"ImageObject\",\"inLanguage\":\"es\",\"@id\":\"https:\\\/\\\/visit.santcugat.cat\\\/fr\\\/#\\\/schema\\\/logo\\\/image\\\/\",\"url\":\"https:\\\/\\\/visit.santcugat.cat\\\/wp-content\\\/uploads\\\/2020\\\/09\\\/logo.png\",\"contentUrl\":\"https:\\\/\\\/visit.santcugat.cat\\\/wp-content\\\/uploads\\\/2020\\\/09\\\/logo.png\",\"width\":200,\"height\":44,\"caption\":\"Visit Sant Cugat - Turisme de Sant Cugat - Barcelona\"},\"image\":{\"@id\":\"https:\\\/\\\/visit.santcugat.cat\\\/fr\\\/#\\\/schema\\\/logo\\\/image\\\/\"},\"sameAs\":[\"https:\\\/\\\/www.facebook.com\\\/visitsantcugat\\\/\",\"https:\\\/\\\/x.com\\\/ajsantcugat\",\"https:\\\/\\\/www.instagram.com\\\/visitsantcugat\\\/\",\"https:\\\/\\\/ca.wikipedia.org\\\/wiki\\\/Sant_Cugat_del_Vall\u00e8s\"]}]}<\/script>\n<!-- \/ Yoast SEO plugin. -->","yoast_head_json":{"title":"Moverse por la ciudad de Sant Cugat | Visit Sant Cugat","description":"Descubre todas las maneras de moverte por la ciudad de sant cugat, te informamos sobre \ud83d\ude8cel transporte p\u00fablico y privado\ud83d\ude96.","robots":{"index":"index","follow":"follow","max-snippet":"max-snippet:-1","max-image-preview":"max-image-preview:large","max-video-preview":"max-video-preview:-1"},"canonical":"https:\/\/visit.santcugat.cat\/fr\/se-deplacer-dans-la-ville\/","og_locale":"es_ES","og_type":"article","og_title":"Moverse por la ciudad de Sant Cugat | Visit Sant Cugat","og_description":"Descubre todas las maneras de moverte por la ciudad de sant cugat, te informamos sobre \ud83d\ude8cel transporte p\u00fablico y privado\ud83d\ude96.","og_url":"https:\/\/visit.santcugat.cat\/fr\/se-deplacer-dans-la-ville\/","og_site_name":"Visit Sant Cugat","article_publisher":"https:\/\/www.facebook.com\/visitsantcugat\/","article_modified_time":"2026-04-20T11:35:04+00:00","og_image":[{"width":984,"height":502,"url":"https:\/\/visit.santcugat.cat\/wp-content\/uploads\/2023\/03\/CLAUSTRE-MONASTERIO-DE-SANT-CUGAT_resultado.webp","type":"image\/webp"}],"twitter_card":"summary_large_image","twitter_site":"@ajsantcugat","twitter_misc":{"Tiempo de lectura":"3 minutos"},"schema":{"@context":"https:\/\/schema.org","@graph":[{"@type":"WebPage","@id":"https:\/\/visit.santcugat.cat\/fr\/se-deplacer-dans-la-ville\/","url":"https:\/\/visit.santcugat.cat\/fr\/se-deplacer-dans-la-ville\/","name":"Moverse por la ciudad de Sant Cugat | Visit Sant Cugat","isPartOf":{"@id":"https:\/\/visit.santcugat.cat\/fr\/#website"},"datePublished":"2016-12-21T17:22:15+00:00","dateModified":"2026-04-20T11:35:04+00:00","description":"Descubre todas las maneras de moverte por la ciudad de sant cugat, te informamos sobre \ud83d\ude8cel transporte p\u00fablico y privado\ud83d\ude96.","breadcrumb":{"@id":"https:\/\/visit.santcugat.cat\/fr\/se-deplacer-dans-la-ville\/#breadcrumb"},"inLanguage":"es","potentialAction":[{"@type":"ReadAction","target":["https:\/\/visit.santcugat.cat\/fr\/se-deplacer-dans-la-ville\/"]}]},{"@type":"BreadcrumbList","@id":"https:\/\/visit.santcugat.cat\/fr\/se-deplacer-dans-la-ville\/#breadcrumb","itemListElement":[{"@type":"ListItem","position":1,"name":"Inici","item":"https:\/\/visit.santcugat.cat\/es\/"},{"@type":"ListItem","position":2,"name":"Moverte por la ciudad"}]},{"@type":"WebSite","@id":"https:\/\/visit.santcugat.cat\/fr\/#website","url":"https:\/\/visit.santcugat.cat\/fr\/","name":"Visit Sant Cugat","description":"Turisme de Sant Cugat","publisher":{"@id":"https:\/\/visit.santcugat.cat\/fr\/#organization"},"potentialAction":[{"@type":"SearchAction","target":{"@type":"EntryPoint","urlTemplate":"https:\/\/visit.santcugat.cat\/fr\/?s={search_term_string}"},"query-input":{"@type":"PropertyValueSpecification","valueRequired":true,"valueName":"search_term_string"}}],"inLanguage":"es"},{"@type":"Organization","@id":"https:\/\/visit.santcugat.cat\/fr\/#organization","name":"Visit Sant Cugat - Turisme de Sant Cugat - Barcelona","url":"https:\/\/visit.santcugat.cat\/fr\/","logo":{"@type":"ImageObject","inLanguage":"es","@id":"https:\/\/visit.santcugat.cat\/fr\/#\/schema\/logo\/image\/","url":"https:\/\/visit.santcugat.cat\/wp-content\/uploads\/2020\/09\/logo.png","contentUrl":"https:\/\/visit.santcugat.cat\/wp-content\/uploads\/2020\/09\/logo.png","width":200,"height":44,"caption":"Visit Sant Cugat - Turisme de Sant Cugat - Barcelona"},"image":{"@id":"https:\/\/visit.santcugat.cat\/fr\/#\/schema\/logo\/image\/"},"sameAs":["https:\/\/www.facebook.com\/visitsantcugat\/","https:\/\/x.com\/ajsantcugat","https:\/\/www.instagram.com\/visitsantcugat\/","https:\/\/ca.wikipedia.org\/wiki\/Sant_Cugat_del_Vall\u00e8s"]}]}},"_links":{"self":[{"href":"https:\/\/visit.santcugat.cat\/es\/wp-json\/wp\/v2\/pages\/7350","targetHints":{"allow":["GET"]}}],"collection":[{"href":"https:\/\/visit.santcugat.cat\/es\/wp-json\/wp\/v2\/pages"}],"about":[{"href":"https:\/\/visit.santcugat.cat\/es\/wp-json\/wp\/v2\/types\/page"}],"author":[{"embeddable":true,"href":"https:\/\/visit.santcugat.cat\/es\/wp-json\/wp\/v2\/users\/2"}],"replies":[{"embeddable":true,"href":"https:\/\/visit.santcugat.cat\/es\/wp-json\/wp\/v2\/comments?post=7350"}],"version-history":[{"count":7,"href":"https:\/\/visit.santcugat.cat\/es\/wp-json\/wp\/v2\/pages\/7350\/revisions"}],"predecessor-version":[{"id":48819,"href":"https:\/\/visit.santcugat.cat\/es\/wp-json\/wp\/v2\/pages\/7350\/revisions\/48819"}],"wp:attachment":[{"href":"https:\/\/visit.santcugat.cat\/es\/wp-json\/wp\/v2\/media?parent=7350"}],"curies":[{"name":"wp","href":"https:\/\/api.w.org\/{rel}","templated":true}]}}