{"id":7111,"date":"2016-11-29T23:21:48","date_gmt":"2016-11-29T23:21:48","guid":{"rendered":"https:\/\/visit.santcugat.cat\/compres\/"},"modified":"2026-04-22T11:34:56","modified_gmt":"2026-04-22T09:34:56","slug":"de-compras-por-sant-cugat","status":"publish","type":"page","link":"https:\/\/visit.santcugat.cat\/es\/de-compras-por-sant-cugat\/","title":{"rendered":"De compras y gastronom\u00eda"},"content":{"rendered":"<p><div class=\"fusion-fullwidth fullwidth-box fusion-builder-row-1 fusion-flex-container has-pattern-background has-mask-background hundred-percent-fullwidth non-hundred-percent-height-scrolling\" style=\"--awb-background-position:left top;--awb-border-sizes-top:0px;--awb-border-sizes-bottom:0px;--awb-border-sizes-left:0px;--awb-border-sizes-right:0px;--awb-border-radius-top-left:0px;--awb-border-radius-top-right:0px;--awb-border-radius-bottom-right:0px;--awb-border-radius-bottom-left:0px;--awb-flex-wrap:wrap;\" ><div class=\"fusion-builder-row fusion-row fusion-flex-align-items-flex-start fusion-flex-content-wrap\" style=\"width:104% !important;max-width:104% !important;margin-left: calc(-4% \/ 2 );margin-right: calc(-4% \/ 2 );\"><div class=\"fusion-layout-column fusion_builder_column fusion-builder-column-0 fusion_builder_column_1_1 1_1 fusion-flex-column\" style=\"--awb-padding-top:40px;--awb-padding-right:40px;--awb-padding-bottom:40px;--awb-padding-left:40px;--awb-padding-top-small:20px;--awb-padding-right-small:20px;--awb-padding-bottom-small:20px;--awb-padding-left-small:20px;--awb-bg-color:#ffffff;--awb-bg-color-hover:#ffffff;--awb-bg-size:cover;--awb-border-color:#dddddd;--awb-border-top:1px;--awb-border-right:1px;--awb-border-bottom:1px;--awb-border-left:1px;--awb-border-style:solid;--awb-width-large:100%;--awb-margin-top-large:0px;--awb-spacing-right-large:1.92%;--awb-margin-bottom-large:0px;--awb-spacing-left-large:1.92%;--awb-width-medium:100%;--awb-order-medium:0;--awb-spacing-right-medium:1.92%;--awb-spacing-left-medium:1.92%;--awb-width-small:100%;--awb-order-small:0;--awb-spacing-right-small:1.92%;--awb-spacing-left-small:1.92%;\" data-scroll-devices=\"small-visibility,medium-visibility,large-visibility\"><div class=\"fusion-column-wrapper fusion-column-has-shadow fusion-flex-justify-content-center fusion-content-layout-column\"><div class=\"fusion-title title fusion-title-1 fusion-sep-none fusion-title-text fusion-title-size-two\"><h2 class=\"fusion-title-heading title-heading-left fusion-responsive-typography-calculated\" style=\"margin:0;--fontSize:26;line-height:1.69;\">\u00bfQUIERES IR DE COMPRAS?<\/h2><\/div><div class=\"fusion-text fusion-text-1\"><p style=\"text-align: left;\">Te hemos preparado una selecci\u00f3n de propuestas variadas. Podr\u00e1s encontrar tiendas modernas, establecimientos tradicionales y diferentes, y todo tipo de ferias y mercados de alimentaci\u00f3n, artesan\u00eda y antig\u00fcedades. Siempre con una oferta \u00fanica y original que no encontrar\u00e1s en otros lugares. \u00a1Comprar en Sant Cugat es un placer!<\/p>\n<\/div><\/div><\/div><\/div><\/div><div class=\"fusion-fullwidth fullwidth-box fusion-builder-row-2 has-pattern-background has-mask-background nonhundred-percent-fullwidth non-hundred-percent-height-scrolling fusion-equal-height-columns containers-hidden-for-now\" style=\"--awb-background-position:left top;--awb-border-sizes-top:0px;--awb-border-sizes-bottom:0px;--awb-border-sizes-left:0px;--awb-border-sizes-right:0px;--awb-border-radius-top-left:0px;--awb-border-radius-top-right:0px;--awb-border-radius-bottom-right:0px;--awb-border-radius-bottom-left:0px;--awb-padding-top:0px;--awb-padding-bottom:0px;--awb-flex-wrap:wrap;\" ><div class=\"fusion-builder-row fusion-row\"><div class=\"fusion-layout-column fusion_builder_column fusion-builder-column-1 fusion_builder_column_1_1 1_1 fusion-one-full fusion-column-first fusion-column-last\" style=\"--awb-bg-size:cover;\"><div class=\"fusion-column-wrapper fusion-flex-column-wrapper-legacy\"><style type=\"text\/css\">.fusion-portfolio-wrapper#fusion-portfolio-1 .fusion-portfolio-content{ padding: 25px 25px 25px 25px; text-align: center; }<\/style><div class=\"fusion-recent-works fusion-portfolio-element fusion-portfolio fusion-portfolio-1 fusion-portfolio-grid fusion-portfolio-paging-none fusion-portfolio-three fusion-portfolio-boxed fusion-portfolio-text hover-card-avada-portfolio\" data-id=\"-rw-1\" data-columns=\"three\"><div><ul class=\"fusion-filters\" role=\"menu\" aria-label=\"Portfolio Filters\"><li role=\"presentation\" class=\"fusion-filter fusion-hidden fusion-active\"><a href=\"#\" data-filter=\".de-compras\" role=\"menuitem\">De compras<\/a><\/li><li role=\"presentation\" class=\"fusion-filter fusion-hidden\"><a href=\"#\" data-filter=\".mercados-permanentes-de-alimentos\" role=\"menuitem\">Mercados permanentes de alimentos<\/a><\/li><li role=\"presentation\" class=\"fusion-filter fusion-hidden\"><a href=\"#\" data-filter=\".mercados-temporales-de-alimentos\" role=\"menuitem\">Mercados temporales de alimentos<\/a><\/li><li role=\"presentation\" class=\"fusion-filter fusion-hidden\"><a href=\"#\" data-filter=\".otros-mercados-temporales\" role=\"menuitem\">Otros mercados<\/a><\/li><\/ul><\/div><style type=\"text\/css\">.fusion-portfolio-1 .fusion-portfolio-wrapper .fusion-col-spacing{padding:10px;}<\/style><div class=\"fusion-portfolio-wrapper\" id=\"fusion-portfolio-1\" data-picturesize=\"auto\" data-pages=\"1\" style=\"margin:-10px;\"><article id=\"portfolio-1-post-7286\" class=\"fusion-portfolio-post de-compras fusion-col-spacing post-7286\"><div class=\"fusion-portfolio-content-wrapper\" style=\"border:1px solid #ebeaea;border-bottom-width:3px;background-color:rgba(255,255,255,1);\"><span class=\"vcard rich-snippet-hidden\"><span class=\"fn\"><a href=\"https:\/\/visit.santcugat.cat\/es\/author\/visit\/\" title=\"Entradas de Visit Sant Cugat\" rel=\"author\">Visit Sant Cugat<\/a><\/span><\/span><span class=\"updated rich-snippet-hidden\">2026-04-23T12:49:21+02:00<\/span><div  class=\"fusion-image-wrapper\" aria-haspopup=\"true\">\n\t\t\t\t\t\t\t<a href=\"https:\/\/visit.santcugat.cat\/es\/centro-comercial-urbano-a-cielo-abierto\/?portfolioCats=124%2C123%2C126%2C133\" aria-label=\"Centro comercial urbano\">\n\t\t\t\t\t\t\t<img decoding=\"async\" width=\"800\" height=\"356\" src=\"https:\/\/visit.santcugat.cat\/wp-content\/uploads\/2017\/05\/comerc_sant_cugat.jpg\" class=\"attachment-full size-full wp-post-image\" alt=\"comer\u00e7 sant cugat\" srcset=\"https:\/\/visit.santcugat.cat\/wp-content\/uploads\/2017\/05\/comerc_sant_cugat-200x89.jpg 200w, https:\/\/visit.santcugat.cat\/wp-content\/uploads\/2017\/05\/comerc_sant_cugat-400x178.jpg 400w, https:\/\/visit.santcugat.cat\/wp-content\/uploads\/2017\/05\/comerc_sant_cugat-600x267.jpg 600w, https:\/\/visit.santcugat.cat\/wp-content\/uploads\/2017\/05\/comerc_sant_cugat.jpg 800w\" sizes=\"(min-width: 2200px) 100vw, (min-width: 824px) 377px, (min-width: 732px) 565px, (min-width: 640px) 732px, \" \/>\t\t\t<\/a>\n\t\t\t\t\t\t\t<\/div>\n<div class=\"fusion-portfolio-content\" style=\"background-color:rgba(255,255,255,1);\"><h2 class=\"entry-title fusion-post-title\"><a href=\"https:\/\/visit.santcugat.cat\/es\/centro-comercial-urbano-a-cielo-abierto\/?portfolioCats=124%2C123%2C126%2C133\">Centro comercial urbano<\/a><\/h2><div class=\"fusion-post-content\"><\/div><\/div><\/div><\/article><article id=\"portfolio-1-post-7269\" class=\"fusion-portfolio-post de-compras otros-mercados-temporales fusion-col-spacing post-7269\"><div class=\"fusion-portfolio-content-wrapper\" style=\"border:1px solid #ebeaea;border-bottom-width:3px;background-color:rgba(255,255,255,1);\"><span class=\"vcard rich-snippet-hidden\"><span class=\"fn\"><a href=\"https:\/\/visit.santcugat.cat\/es\/author\/visit\/\" title=\"Entradas de Visit Sant Cugat\" rel=\"author\">Visit Sant Cugat<\/a><\/span><\/span><span class=\"updated rich-snippet-hidden\">2026-04-23T13:03:56+02:00<\/span><div  class=\"fusion-image-wrapper\" aria-haspopup=\"true\">\n\t\t\t\t\t\t\t<a href=\"https:\/\/visit.santcugat.cat\/es\/vintage-village\/?portfolioCats=124%2C123%2C126%2C133\" aria-label=\"Mercantic, vintage village\">\n\t\t\t\t\t\t\t<img decoding=\"async\" width=\"1168\" height=\"520\" src=\"https:\/\/visit.santcugat.cat\/wp-content\/uploads\/2017\/05\/MERCANTIC_sant_cugat_4.jpg\" class=\"attachment-full size-full wp-post-image\" alt=\"Mercantic Sant Cugat.\" srcset=\"https:\/\/visit.santcugat.cat\/wp-content\/uploads\/2017\/05\/MERCANTIC_sant_cugat_4-200x89.jpg 200w, https:\/\/visit.santcugat.cat\/wp-content\/uploads\/2017\/05\/MERCANTIC_sant_cugat_4-400x178.jpg 400w, https:\/\/visit.santcugat.cat\/wp-content\/uploads\/2017\/05\/MERCANTIC_sant_cugat_4-600x267.jpg 600w, https:\/\/visit.santcugat.cat\/wp-content\/uploads\/2017\/05\/MERCANTIC_sant_cugat_4-800x356.jpg 800w, https:\/\/visit.santcugat.cat\/wp-content\/uploads\/2017\/05\/MERCANTIC_sant_cugat_4.jpg 1168w\" sizes=\"(min-width: 2200px) 100vw, (min-width: 824px) 377px, (min-width: 732px) 565px, (min-width: 640px) 732px, \" \/>\t\t\t<\/a>\n\t\t\t\t\t\t\t<\/div>\n<div class=\"fusion-portfolio-content\" style=\"background-color:rgba(255,255,255,1);\"><h2 class=\"entry-title fusion-post-title\"><a href=\"https:\/\/visit.santcugat.cat\/es\/vintage-village\/?portfolioCats=124%2C123%2C126%2C133\">Mercantic, vintage village<\/a><\/h2><div class=\"fusion-post-content\"><\/div><\/div><\/div><\/article><article id=\"portfolio-1-post-7264\" class=\"fusion-portfolio-post de-compras fusion-col-spacing post-7264\"><div class=\"fusion-portfolio-content-wrapper\" style=\"border:1px solid #ebeaea;border-bottom-width:3px;background-color:rgba(255,255,255,1);\"><span class=\"vcard rich-snippet-hidden\"><span class=\"fn\"><a href=\"https:\/\/visit.santcugat.cat\/es\/author\/visit\/\" title=\"Entradas de Visit Sant Cugat\" rel=\"author\">Visit Sant Cugat<\/a><\/span><\/span><span class=\"updated rich-snippet-hidden\">2026-04-23T13:07:11+02:00<\/span><div  class=\"fusion-image-wrapper\" aria-haspopup=\"true\">\n\t\t\t\t\t\t\t<a href=\"https:\/\/visit.santcugat.cat\/es\/sant-cugat-centro-comercial-y-ocio\/?portfolioCats=124%2C123%2C126%2C133\" aria-label=\"Sant Cugat Centro Comercial\">\n\t\t\t\t\t\t\t<img decoding=\"async\" width=\"800\" height=\"356\" src=\"https:\/\/visit.santcugat.cat\/wp-content\/uploads\/2017\/05\/2CENTRE_Comercial_Sant_Cugat.jpg\" class=\"attachment-full size-full wp-post-image\" alt=\"Sant Cugat Centro Comercial, interior galerias\" srcset=\"https:\/\/visit.santcugat.cat\/wp-content\/uploads\/2017\/05\/2CENTRE_Comercial_Sant_Cugat-200x89.jpg 200w, https:\/\/visit.santcugat.cat\/wp-content\/uploads\/2017\/05\/2CENTRE_Comercial_Sant_Cugat-400x178.jpg 400w, https:\/\/visit.santcugat.cat\/wp-content\/uploads\/2017\/05\/2CENTRE_Comercial_Sant_Cugat-600x267.jpg 600w, https:\/\/visit.santcugat.cat\/wp-content\/uploads\/2017\/05\/2CENTRE_Comercial_Sant_Cugat.jpg 800w\" sizes=\"(min-width: 2200px) 100vw, (min-width: 824px) 377px, (min-width: 732px) 565px, (min-width: 640px) 732px, \" \/>\t\t\t<\/a>\n\t\t\t\t\t\t\t<\/div>\n<div class=\"fusion-portfolio-content\" style=\"background-color:rgba(255,255,255,1);\"><h2 class=\"entry-title fusion-post-title\"><a href=\"https:\/\/visit.santcugat.cat\/es\/sant-cugat-centro-comercial-y-ocio\/?portfolioCats=124%2C123%2C126%2C133\">Sant Cugat Centro Comercial<\/a><\/h2><div class=\"fusion-post-content\"><\/div><\/div><\/div><\/article><article id=\"portfolio-1-post-7283\" class=\"fusion-portfolio-post de-compras mercados-permanentes-de-alimentos fusion-col-spacing post-7283\"><div class=\"fusion-portfolio-content-wrapper\" style=\"border:1px solid #ebeaea;border-bottom-width:3px;background-color:rgba(255,255,255,1);\"><span class=\"vcard rich-snippet-hidden\"><span class=\"fn\"><a href=\"https:\/\/visit.santcugat.cat\/es\/author\/visit\/\" title=\"Entradas de Visit Sant Cugat\" rel=\"author\">Visit Sant Cugat<\/a><\/span><\/span><span class=\"updated rich-snippet-hidden\">2026-04-23T13:49:31+02:00<\/span><div  class=\"fusion-image-wrapper\" aria-haspopup=\"true\">\n\t\t\t\t\t\t\t<a href=\"https:\/\/visit.santcugat.cat\/es\/el-mercat-vell\/?portfolioCats=124%2C123%2C126%2C133\" aria-label=\"El Mercat Vell\">\n\t\t\t\t\t\t\t<img decoding=\"async\" width=\"900\" height=\"400\" src=\"https:\/\/visit.santcugat.cat\/wp-content\/uploads\/2017\/04\/El-mercat-vell-de-Sant-Cugat.jpg\" class=\"attachment-full size-full wp-post-image\" alt=\"El mercat vell de Sant Cugat\" srcset=\"https:\/\/visit.santcugat.cat\/wp-content\/uploads\/2017\/04\/El-mercat-vell-de-Sant-Cugat-200x89.jpg 200w, https:\/\/visit.santcugat.cat\/wp-content\/uploads\/2017\/04\/El-mercat-vell-de-Sant-Cugat-400x178.jpg 400w, https:\/\/visit.santcugat.cat\/wp-content\/uploads\/2017\/04\/El-mercat-vell-de-Sant-Cugat-600x267.jpg 600w, https:\/\/visit.santcugat.cat\/wp-content\/uploads\/2017\/04\/El-mercat-vell-de-Sant-Cugat-800x356.jpg 800w, https:\/\/visit.santcugat.cat\/wp-content\/uploads\/2017\/04\/El-mercat-vell-de-Sant-Cugat.jpg 900w\" sizes=\"(min-width: 2200px) 100vw, (min-width: 824px) 377px, (min-width: 732px) 565px, (min-width: 640px) 732px, \" \/>\t\t\t<\/a>\n\t\t\t\t\t\t\t<\/div>\n<div class=\"fusion-portfolio-content\" style=\"background-color:rgba(255,255,255,1);\"><h2 class=\"entry-title fusion-post-title\"><a href=\"https:\/\/visit.santcugat.cat\/es\/el-mercat-vell\/?portfolioCats=124%2C123%2C126%2C133\">El Mercat Vell<\/a><\/h2><div class=\"fusion-post-content\"><\/div><\/div><\/div><\/article><article id=\"portfolio-1-post-7280\" class=\"fusion-portfolio-post de-compras mercados-permanentes-de-alimentos fusion-col-spacing post-7280\"><div class=\"fusion-portfolio-content-wrapper\" style=\"border:1px solid #ebeaea;border-bottom-width:3px;background-color:rgba(255,255,255,1);\"><span class=\"vcard rich-snippet-hidden\"><span class=\"fn\"><a href=\"https:\/\/visit.santcugat.cat\/es\/author\/visit\/\" title=\"Entradas de Visit Sant Cugat\" rel=\"author\">Visit Sant Cugat<\/a><\/span><\/span><span class=\"updated rich-snippet-hidden\">2026-04-23T13:50:28+02:00<\/span><div  class=\"fusion-image-wrapper\" aria-haspopup=\"true\">\n\t\t\t\t\t\t\t<a href=\"https:\/\/visit.santcugat.cat\/es\/mercado-torreblanca\/?portfolioCats=124%2C123%2C126%2C133\" aria-label=\"Mercado Torreblanca\">\n\t\t\t\t\t\t\t<img decoding=\"async\" width=\"800\" height=\"356\" src=\"https:\/\/visit.santcugat.cat\/wp-content\/uploads\/2017\/05\/57bmercat_torre_blanca_sant_cugat.jpg\" class=\"attachment-full size-full wp-post-image\" alt=\"mercat torre blanca\" srcset=\"https:\/\/visit.santcugat.cat\/wp-content\/uploads\/2017\/05\/57bmercat_torre_blanca_sant_cugat-200x89.jpg 200w, https:\/\/visit.santcugat.cat\/wp-content\/uploads\/2017\/05\/57bmercat_torre_blanca_sant_cugat-400x178.jpg 400w, https:\/\/visit.santcugat.cat\/wp-content\/uploads\/2017\/05\/57bmercat_torre_blanca_sant_cugat-600x267.jpg 600w, https:\/\/visit.santcugat.cat\/wp-content\/uploads\/2017\/05\/57bmercat_torre_blanca_sant_cugat.jpg 800w\" sizes=\"(min-width: 2200px) 100vw, (min-width: 824px) 377px, (min-width: 732px) 565px, (min-width: 640px) 732px, \" \/>\t\t\t<\/a>\n\t\t\t\t\t\t\t<\/div>\n<div class=\"fusion-portfolio-content\" style=\"background-color:rgba(255,255,255,1);\"><h2 class=\"entry-title fusion-post-title\"><a href=\"https:\/\/visit.santcugat.cat\/es\/mercado-torreblanca\/?portfolioCats=124%2C123%2C126%2C133\">Mercado Torreblanca<\/a><\/h2><div class=\"fusion-post-content\"><\/div><\/div><\/div><\/article><article id=\"portfolio-1-post-7277\" class=\"fusion-portfolio-post de-compras mercados-permanentes-de-alimentos fusion-col-spacing post-7277\"><div class=\"fusion-portfolio-content-wrapper\" style=\"border:1px solid #ebeaea;border-bottom-width:3px;background-color:rgba(255,255,255,1);\"><span class=\"vcard rich-snippet-hidden\"><span class=\"fn\"><a href=\"https:\/\/visit.santcugat.cat\/es\/author\/visit\/\" title=\"Entradas de Visit Sant Cugat\" rel=\"author\">Visit Sant Cugat<\/a><\/span><\/span><span class=\"updated rich-snippet-hidden\">2026-04-23T13:51:07+02:00<\/span><div  class=\"fusion-image-wrapper\" aria-haspopup=\"true\">\n\t\t\t\t\t\t\t<a href=\"https:\/\/visit.santcugat.cat\/es\/mira-sol-centre\/?portfolioCats=124%2C123%2C126%2C133\" aria-label=\"Mira-sol Centre\">\n\t\t\t\t\t\t\t<img decoding=\"async\" width=\"1169\" height=\"520\" src=\"https:\/\/visit.santcugat.cat\/wp-content\/uploads\/2017\/05\/Mira-sol_mercat_sant_cugat.jpg\" class=\"attachment-full size-full wp-post-image\" alt=\"Mira-sol Centre Sant Cugat\" srcset=\"https:\/\/visit.santcugat.cat\/wp-content\/uploads\/2017\/05\/Mira-sol_mercat_sant_cugat-200x89.jpg 200w, https:\/\/visit.santcugat.cat\/wp-content\/uploads\/2017\/05\/Mira-sol_mercat_sant_cugat-400x178.jpg 400w, https:\/\/visit.santcugat.cat\/wp-content\/uploads\/2017\/05\/Mira-sol_mercat_sant_cugat-600x267.jpg 600w, https:\/\/visit.santcugat.cat\/wp-content\/uploads\/2017\/05\/Mira-sol_mercat_sant_cugat-800x356.jpg 800w, https:\/\/visit.santcugat.cat\/wp-content\/uploads\/2017\/05\/Mira-sol_mercat_sant_cugat.jpg 1169w\" sizes=\"(min-width: 2200px) 100vw, (min-width: 824px) 377px, (min-width: 732px) 565px, (min-width: 640px) 732px, \" \/>\t\t\t<\/a>\n\t\t\t\t\t\t\t<\/div>\n<div class=\"fusion-portfolio-content\" style=\"background-color:rgba(255,255,255,1);\"><h2 class=\"entry-title fusion-post-title\"><a href=\"https:\/\/visit.santcugat.cat\/es\/mira-sol-centre\/?portfolioCats=124%2C123%2C126%2C133\">Mira-sol Centre<\/a><\/h2><div class=\"fusion-post-content\"><\/div><\/div><\/div><\/article><article id=\"portfolio-1-post-7276\" class=\"fusion-portfolio-post de-compras mercados-temporales-de-alimentos fusion-col-spacing post-7276\"><div class=\"fusion-portfolio-content-wrapper\" style=\"border:1px solid #ebeaea;border-bottom-width:3px;background-color:rgba(255,255,255,1);\"><span class=\"vcard rich-snippet-hidden\"><span class=\"fn\"><a href=\"https:\/\/visit.santcugat.cat\/es\/author\/visit\/\" title=\"Entradas de Visit Sant Cugat\" rel=\"author\">Visit Sant Cugat<\/a><\/span><\/span><span class=\"updated rich-snippet-hidden\">2026-04-23T13:51:31+02:00<\/span><div  class=\"fusion-image-wrapper\" aria-haspopup=\"true\">\n\t\t\t\t\t\t\t<a href=\"https:\/\/visit.santcugat.cat\/es\/mercado-del-jueves\/?portfolioCats=124%2C123%2C126%2C133\" aria-label=\"Mercado del Jueves\">\n\t\t\t\t\t\t\t<img decoding=\"async\" width=\"1169\" height=\"520\" src=\"https:\/\/visit.santcugat.cat\/wp-content\/uploads\/2017\/05\/MERCAT-DIJOUS-SANT-CUGAT.jpg\" class=\"attachment-full size-full wp-post-image\" alt=\"Mercado del Jueves Sant Cugat\" srcset=\"https:\/\/visit.santcugat.cat\/wp-content\/uploads\/2017\/05\/MERCAT-DIJOUS-SANT-CUGAT-200x89.jpg 200w, https:\/\/visit.santcugat.cat\/wp-content\/uploads\/2017\/05\/MERCAT-DIJOUS-SANT-CUGAT-400x178.jpg 400w, https:\/\/visit.santcugat.cat\/wp-content\/uploads\/2017\/05\/MERCAT-DIJOUS-SANT-CUGAT-600x267.jpg 600w, https:\/\/visit.santcugat.cat\/wp-content\/uploads\/2017\/05\/MERCAT-DIJOUS-SANT-CUGAT-800x356.jpg 800w, https:\/\/visit.santcugat.cat\/wp-content\/uploads\/2017\/05\/MERCAT-DIJOUS-SANT-CUGAT.jpg 1169w\" sizes=\"(min-width: 2200px) 100vw, (min-width: 824px) 377px, (min-width: 732px) 565px, (min-width: 640px) 732px, \" \/>\t\t\t<\/a>\n\t\t\t\t\t\t\t<\/div>\n<div class=\"fusion-portfolio-content\" style=\"background-color:rgba(255,255,255,1);\"><h2 class=\"entry-title fusion-post-title\"><a href=\"https:\/\/visit.santcugat.cat\/es\/mercado-del-jueves\/?portfolioCats=124%2C123%2C126%2C133\">Mercado del Jueves<\/a><\/h2><div class=\"fusion-post-content\"><\/div><\/div><\/div><\/article><article id=\"portfolio-1-post-7274\" class=\"fusion-portfolio-post de-compras mercados-temporales-de-alimentos fusion-col-spacing post-7274\"><div class=\"fusion-portfolio-content-wrapper\" style=\"border:1px solid #ebeaea;border-bottom-width:3px;background-color:rgba(255,255,255,1);\"><span class=\"vcard rich-snippet-hidden\"><span class=\"fn\"><a href=\"https:\/\/visit.santcugat.cat\/es\/author\/visit\/\" title=\"Entradas de Visit Sant Cugat\" rel=\"author\">Visit Sant Cugat<\/a><\/span><\/span><span class=\"updated rich-snippet-hidden\">2026-04-23T13:51:49+02:00<\/span><div  class=\"fusion-image-wrapper\" aria-haspopup=\"true\">\n\t\t\t\t\t\t\t<a href=\"https:\/\/visit.santcugat.cat\/es\/mercado-de-payes-de-sant-cugat\/?portfolioCats=124%2C123%2C126%2C133\" aria-label=\"Mercado de Pay\u00e9s\">\n\t\t\t\t\t\t\t<img decoding=\"async\" width=\"1169\" height=\"520\" src=\"https:\/\/visit.santcugat.cat\/wp-content\/uploads\/2017\/05\/mercat_pages_sant_Cugat.jpg\" class=\"attachment-full size-full wp-post-image\" alt=\"Mercado de Pay\u00e9s Sant Cugat\" srcset=\"https:\/\/visit.santcugat.cat\/wp-content\/uploads\/2017\/05\/mercat_pages_sant_Cugat-200x89.jpg 200w, https:\/\/visit.santcugat.cat\/wp-content\/uploads\/2017\/05\/mercat_pages_sant_Cugat-400x178.jpg 400w, https:\/\/visit.santcugat.cat\/wp-content\/uploads\/2017\/05\/mercat_pages_sant_Cugat-600x267.jpg 600w, https:\/\/visit.santcugat.cat\/wp-content\/uploads\/2017\/05\/mercat_pages_sant_Cugat-800x356.jpg 800w, https:\/\/visit.santcugat.cat\/wp-content\/uploads\/2017\/05\/mercat_pages_sant_Cugat.jpg 1169w\" sizes=\"(min-width: 2200px) 100vw, (min-width: 824px) 377px, (min-width: 732px) 565px, (min-width: 640px) 732px, \" \/>\t\t\t<\/a>\n\t\t\t\t\t\t\t<\/div>\n<div class=\"fusion-portfolio-content\" style=\"background-color:rgba(255,255,255,1);\"><h2 class=\"entry-title fusion-post-title\"><a href=\"https:\/\/visit.santcugat.cat\/es\/mercado-de-payes-de-sant-cugat\/?portfolioCats=124%2C123%2C126%2C133\">Mercado de Pay\u00e9s<\/a><\/h2><div class=\"fusion-post-content\"><\/div><\/div><\/div><\/article><article id=\"portfolio-1-post-7266\" class=\"fusion-portfolio-post de-compras otros-mercados-temporales fusion-col-spacing post-7266\"><div class=\"fusion-portfolio-content-wrapper\" style=\"border:1px solid #ebeaea;border-bottom-width:3px;background-color:rgba(255,255,255,1);\"><span class=\"vcard rich-snippet-hidden\"><span class=\"fn\"><a href=\"https:\/\/visit.santcugat.cat\/es\/author\/visit\/\" title=\"Entradas de Visit Sant Cugat\" rel=\"author\">Visit Sant Cugat<\/a><\/span><\/span><span class=\"updated rich-snippet-hidden\">2026-04-23T13:52:08+02:00<\/span><div  class=\"fusion-image-wrapper\" aria-haspopup=\"true\">\n\t\t\t\t\t\t\t<a href=\"https:\/\/visit.santcugat.cat\/es\/muestra-de-arte-en-la-calle-firart\/?portfolioCats=124%2C123%2C126%2C133\" aria-label=\"Muestra de arte en la calle\">\n\t\t\t\t\t\t\t<img decoding=\"async\" width=\"1169\" height=\"520\" src=\"https:\/\/visit.santcugat.cat\/wp-content\/uploads\/2017\/05\/fira-art-sant-cugat-.jpg\" class=\"attachment-full size-full wp-post-image\" alt=\"Muestra de Arte en la Calle - Sant Cugat\" srcset=\"https:\/\/visit.santcugat.cat\/wp-content\/uploads\/2017\/05\/fira-art-sant-cugat--200x89.jpg 200w, https:\/\/visit.santcugat.cat\/wp-content\/uploads\/2017\/05\/fira-art-sant-cugat--400x178.jpg 400w, https:\/\/visit.santcugat.cat\/wp-content\/uploads\/2017\/05\/fira-art-sant-cugat--600x267.jpg 600w, https:\/\/visit.santcugat.cat\/wp-content\/uploads\/2017\/05\/fira-art-sant-cugat--800x356.jpg 800w, https:\/\/visit.santcugat.cat\/wp-content\/uploads\/2017\/05\/fira-art-sant-cugat-.jpg 1169w\" sizes=\"(min-width: 2200px) 100vw, (min-width: 824px) 377px, (min-width: 732px) 565px, (min-width: 640px) 732px, \" \/>\t\t\t<\/a>\n\t\t\t\t\t\t\t<\/div>\n<div class=\"fusion-portfolio-content\" style=\"background-color:rgba(255,255,255,1);\"><h2 class=\"entry-title fusion-post-title\"><a href=\"https:\/\/visit.santcugat.cat\/es\/muestra-de-arte-en-la-calle-firart\/?portfolioCats=124%2C123%2C126%2C133\">Muestra de arte en la calle<\/a><\/h2><div class=\"fusion-post-content\"><\/div><\/div><\/div><\/article><article id=\"portfolio-1-post-7271\" class=\"fusion-portfolio-post de-compras otros-mercados-temporales fusion-col-spacing post-7271\"><div class=\"fusion-portfolio-content-wrapper\" style=\"border:1px solid #ebeaea;border-bottom-width:3px;background-color:rgba(255,255,255,1);\"><span class=\"vcard rich-snippet-hidden\"><span class=\"fn\"><a href=\"https:\/\/visit.santcugat.cat\/es\/author\/visit\/\" title=\"Entradas de Visit Sant Cugat\" rel=\"author\">Visit Sant Cugat<\/a><\/span><\/span><span class=\"updated rich-snippet-hidden\">2026-04-23T13:52:27+02:00<\/span><div  class=\"fusion-image-wrapper\" aria-haspopup=\"true\">\n\t\t\t\t\t\t\t<a href=\"https:\/\/visit.santcugat.cat\/es\/mercado-de-artesanos-de-sant-cugat\/?portfolioCats=124%2C123%2C126%2C133\" aria-label=\"Mercado de Artesanos\">\n\t\t\t\t\t\t\t<img decoding=\"async\" width=\"1169\" height=\"520\" src=\"https:\/\/visit.santcugat.cat\/wp-content\/uploads\/2017\/05\/img_4454.jpg\" class=\"attachment-full size-full wp-post-image\" alt=\"Mercado de Artesanos Sant Cugat\" srcset=\"https:\/\/visit.santcugat.cat\/wp-content\/uploads\/2017\/05\/img_4454-200x89.jpg 200w, https:\/\/visit.santcugat.cat\/wp-content\/uploads\/2017\/05\/img_4454-400x178.jpg 400w, https:\/\/visit.santcugat.cat\/wp-content\/uploads\/2017\/05\/img_4454-600x267.jpg 600w, https:\/\/visit.santcugat.cat\/wp-content\/uploads\/2017\/05\/img_4454-800x356.jpg 800w, https:\/\/visit.santcugat.cat\/wp-content\/uploads\/2017\/05\/img_4454.jpg 1169w\" sizes=\"(min-width: 2200px) 100vw, (min-width: 824px) 377px, (min-width: 732px) 565px, (min-width: 640px) 732px, \" \/>\t\t\t<\/a>\n\t\t\t\t\t\t\t<\/div>\n<div class=\"fusion-portfolio-content\" style=\"background-color:rgba(255,255,255,1);\"><h2 class=\"entry-title fusion-post-title\"><a href=\"https:\/\/visit.santcugat.cat\/es\/mercado-de-artesanos-de-sant-cugat\/?portfolioCats=124%2C123%2C126%2C133\">Mercado de Artesanos<\/a><\/h2><div class=\"fusion-post-content\"><\/div><\/div><\/div><\/article><\/div><\/div><div class=\"fusion-clearfix\"><\/div><\/div><\/div><\/div><\/div><div class=\"fusion-fullwidth fullwidth-box fusion-builder-row-3 fusion-flex-container nonhundred-percent-fullwidth non-hundred-percent-height-scrolling\" style=\"--awb-border-radius-top-left:0px;--awb-border-radius-top-right:0px;--awb-border-radius-bottom-right:0px;--awb-border-radius-bottom-left:0px;--awb-flex-wrap:wrap;\" ><div class=\"fusion-builder-row fusion-row fusion-flex-align-items-flex-start fusion-flex-content-wrap\" style=\"max-width:1216.8px;margin-left: calc(-4% \/ 2 );margin-right: calc(-4% \/ 2 );\"><div class=\"fusion-layout-column fusion_builder_column fusion-builder-column-2 fusion_builder_column_1_1 1_1 fusion-flex-column hover-card-avada-portfolio\" style=\"--awb-bg-size:cover;--awb-width-large:100%;--awb-margin-top-large:0px;--awb-spacing-right-large:1.92%;--awb-margin-bottom-large:0px;--awb-spacing-left-large:1.92%;--awb-width-medium:100%;--awb-order-medium:0;--awb-spacing-right-medium:1.92%;--awb-spacing-left-medium:1.92%;--awb-width-small:100%;--awb-order-small:0;--awb-spacing-right-small:1.92%;--awb-spacing-left-small:1.92%;\" data-scroll-devices=\"small-visibility,medium-visibility,large-visibility\"><div class=\"fusion-column-wrapper fusion-column-has-shadow fusion-flex-justify-content-flex-start fusion-content-layout-column\"><style type=\"text\/css\">.fusion-portfolio-wrapper#fusion-portfolio-2 .fusion-portfolio-content{ padding: 25px 25px 25px 25px; text-align: center; }<\/style><div class=\"fusion-recent-works fusion-portfolio-element fusion-portfolio fusion-portfolio-2 fusion-portfolio-grid fusion-portfolio-paging-none fusion-portfolio-three fusion-portfolio-boxed fusion-portfolio-text section-portfolio-improved\" style=\"margin-top:8px;margin-bottom:8px;\" data-id=\"-rw-2\" data-columns=\"three\"><div><ul class=\"fusion-filters\" role=\"menu\" aria-label=\"Portfolio Filters\"><li role=\"presentation\" class=\"fusion-filter fusion-filter-all fusion-active\"><a href=\"#\" data-filter=\"*\" role=\"menuitem\">Todo<\/a><\/li><li role=\"presentation\" class=\"fusion-filter fusion-hidden\"><a href=\"#\" data-filter=\".de-compras\" role=\"menuitem\">De compras<\/a><\/li><li role=\"presentation\" class=\"fusion-filter fusion-hidden\"><a href=\"#\" data-filter=\".mercados-permanentes-de-alimentos\" role=\"menuitem\">Mercados permanentes de alimentos<\/a><\/li><li role=\"presentation\" class=\"fusion-filter fusion-hidden\"><a href=\"#\" data-filter=\".mercados-temporales-de-alimentos\" role=\"menuitem\">Mercados temporales de alimentos<\/a><\/li><li role=\"presentation\" class=\"fusion-filter fusion-hidden\"><a href=\"#\" data-filter=\".otros-mercados-temporales\" role=\"menuitem\">Otros mercados<\/a><\/li><\/ul><\/div><style type=\"text\/css\">.fusion-portfolio-2 .fusion-portfolio-wrapper .fusion-col-spacing{padding:10px;}<\/style><div class=\"fusion-portfolio-wrapper\" id=\"fusion-portfolio-2\" data-picturesize=\"auto\" data-pages=\"1\" style=\"margin:-10px;\"><article id=\"portfolio-2-post-7286\" class=\"fusion-portfolio-post de-compras fusion-col-spacing post-7286\"><div class=\"fusion-portfolio-content-wrapper\" style=\"border:1px solid #ffffff;border-bottom-width:3px;background-color:rgba(255,255,255,1);\"><span class=\"vcard rich-snippet-hidden\"><span class=\"fn\"><a href=\"https:\/\/visit.santcugat.cat\/es\/author\/visit\/\" title=\"Entradas de Visit Sant Cugat\" rel=\"author\">Visit Sant Cugat<\/a><\/span><\/span><span class=\"updated rich-snippet-hidden\">2026-04-23T12:49:21+02:00<\/span><div  class=\"fusion-image-wrapper\" aria-haspopup=\"true\">\n\t\t\t\t\t\t\t<a href=\"https:\/\/visit.santcugat.cat\/es\/centro-comercial-urbano-a-cielo-abierto\/\" aria-label=\"Centro comercial urbano\">\n\t\t\t\t\t\t\t<img decoding=\"async\" width=\"800\" height=\"356\" src=\"https:\/\/visit.santcugat.cat\/wp-content\/uploads\/2017\/05\/comerc_sant_cugat.jpg\" class=\"attachment-full size-full wp-post-image\" alt=\"comer\u00e7 sant cugat\" srcset=\"https:\/\/visit.santcugat.cat\/wp-content\/uploads\/2017\/05\/comerc_sant_cugat-200x89.jpg 200w, https:\/\/visit.santcugat.cat\/wp-content\/uploads\/2017\/05\/comerc_sant_cugat-400x178.jpg 400w, https:\/\/visit.santcugat.cat\/wp-content\/uploads\/2017\/05\/comerc_sant_cugat-600x267.jpg 600w, https:\/\/visit.santcugat.cat\/wp-content\/uploads\/2017\/05\/comerc_sant_cugat.jpg 800w\" sizes=\"(min-width: 2200px) 100vw, (min-width: 824px) 377px, (min-width: 732px) 565px, (min-width: 640px) 732px, \" \/>\t\t\t<\/a>\n\t\t\t\t\t\t\t<\/div>\n<div class=\"fusion-portfolio-content\" style=\"background-color:rgba(255,255,255,1);\"><h2 class=\"entry-title fusion-post-title\"><a href=\"https:\/\/visit.santcugat.cat\/es\/centro-comercial-urbano-a-cielo-abierto\/\">Centro comercial urbano<\/a><\/h2><div class=\"fusion-post-content\"><\/div><\/div><\/div><\/article><article id=\"portfolio-2-post-7269\" class=\"fusion-portfolio-post de-compras otros-mercados-temporales fusion-col-spacing post-7269\"><div class=\"fusion-portfolio-content-wrapper\" style=\"border:1px solid #ffffff;border-bottom-width:3px;background-color:rgba(255,255,255,1);\"><span class=\"vcard rich-snippet-hidden\"><span class=\"fn\"><a href=\"https:\/\/visit.santcugat.cat\/es\/author\/visit\/\" title=\"Entradas de Visit Sant Cugat\" rel=\"author\">Visit Sant Cugat<\/a><\/span><\/span><span class=\"updated rich-snippet-hidden\">2026-04-23T13:03:56+02:00<\/span><div  class=\"fusion-image-wrapper\" aria-haspopup=\"true\">\n\t\t\t\t\t\t\t<a href=\"https:\/\/visit.santcugat.cat\/es\/vintage-village\/\" aria-label=\"Mercantic, vintage village\">\n\t\t\t\t\t\t\t<img decoding=\"async\" width=\"1168\" height=\"520\" src=\"https:\/\/visit.santcugat.cat\/wp-content\/uploads\/2017\/05\/MERCANTIC_sant_cugat_4.jpg\" class=\"attachment-full size-full wp-post-image\" alt=\"Mercantic Sant Cugat.\" srcset=\"https:\/\/visit.santcugat.cat\/wp-content\/uploads\/2017\/05\/MERCANTIC_sant_cugat_4-200x89.jpg 200w, https:\/\/visit.santcugat.cat\/wp-content\/uploads\/2017\/05\/MERCANTIC_sant_cugat_4-400x178.jpg 400w, https:\/\/visit.santcugat.cat\/wp-content\/uploads\/2017\/05\/MERCANTIC_sant_cugat_4-600x267.jpg 600w, https:\/\/visit.santcugat.cat\/wp-content\/uploads\/2017\/05\/MERCANTIC_sant_cugat_4-800x356.jpg 800w, https:\/\/visit.santcugat.cat\/wp-content\/uploads\/2017\/05\/MERCANTIC_sant_cugat_4.jpg 1168w\" sizes=\"(min-width: 2200px) 100vw, (min-width: 824px) 377px, (min-width: 732px) 565px, (min-width: 640px) 732px, \" \/>\t\t\t<\/a>\n\t\t\t\t\t\t\t<\/div>\n<div class=\"fusion-portfolio-content\" style=\"background-color:rgba(255,255,255,1);\"><h2 class=\"entry-title fusion-post-title\"><a href=\"https:\/\/visit.santcugat.cat\/es\/vintage-village\/\">Mercantic, vintage village<\/a><\/h2><div class=\"fusion-post-content\"><\/div><\/div><\/div><\/article><article id=\"portfolio-2-post-7264\" class=\"fusion-portfolio-post de-compras fusion-col-spacing post-7264\"><div class=\"fusion-portfolio-content-wrapper\" style=\"border:1px solid #ffffff;border-bottom-width:3px;background-color:rgba(255,255,255,1);\"><span class=\"vcard rich-snippet-hidden\"><span class=\"fn\"><a href=\"https:\/\/visit.santcugat.cat\/es\/author\/visit\/\" title=\"Entradas de Visit Sant Cugat\" rel=\"author\">Visit Sant Cugat<\/a><\/span><\/span><span class=\"updated rich-snippet-hidden\">2026-04-23T13:07:11+02:00<\/span><div  class=\"fusion-image-wrapper\" aria-haspopup=\"true\">\n\t\t\t\t\t\t\t<a href=\"https:\/\/visit.santcugat.cat\/es\/sant-cugat-centro-comercial-y-ocio\/\" aria-label=\"Sant Cugat Centro Comercial\">\n\t\t\t\t\t\t\t<img decoding=\"async\" width=\"800\" height=\"356\" src=\"https:\/\/visit.santcugat.cat\/wp-content\/uploads\/2017\/05\/2CENTRE_Comercial_Sant_Cugat.jpg\" class=\"attachment-full size-full wp-post-image\" alt=\"Sant Cugat Centro Comercial, interior galerias\" srcset=\"https:\/\/visit.santcugat.cat\/wp-content\/uploads\/2017\/05\/2CENTRE_Comercial_Sant_Cugat-200x89.jpg 200w, https:\/\/visit.santcugat.cat\/wp-content\/uploads\/2017\/05\/2CENTRE_Comercial_Sant_Cugat-400x178.jpg 400w, https:\/\/visit.santcugat.cat\/wp-content\/uploads\/2017\/05\/2CENTRE_Comercial_Sant_Cugat-600x267.jpg 600w, https:\/\/visit.santcugat.cat\/wp-content\/uploads\/2017\/05\/2CENTRE_Comercial_Sant_Cugat.jpg 800w\" sizes=\"(min-width: 2200px) 100vw, (min-width: 824px) 377px, (min-width: 732px) 565px, (min-width: 640px) 732px, \" \/>\t\t\t<\/a>\n\t\t\t\t\t\t\t<\/div>\n<div class=\"fusion-portfolio-content\" style=\"background-color:rgba(255,255,255,1);\"><h2 class=\"entry-title fusion-post-title\"><a href=\"https:\/\/visit.santcugat.cat\/es\/sant-cugat-centro-comercial-y-ocio\/\">Sant Cugat Centro Comercial<\/a><\/h2><div class=\"fusion-post-content\"><\/div><\/div><\/div><\/article><article id=\"portfolio-2-post-7283\" class=\"fusion-portfolio-post de-compras mercados-permanentes-de-alimentos fusion-col-spacing post-7283\"><div class=\"fusion-portfolio-content-wrapper\" style=\"border:1px solid #ffffff;border-bottom-width:3px;background-color:rgba(255,255,255,1);\"><span class=\"vcard rich-snippet-hidden\"><span class=\"fn\"><a href=\"https:\/\/visit.santcugat.cat\/es\/author\/visit\/\" title=\"Entradas de Visit Sant Cugat\" rel=\"author\">Visit Sant Cugat<\/a><\/span><\/span><span class=\"updated rich-snippet-hidden\">2026-04-23T13:49:31+02:00<\/span><div  class=\"fusion-image-wrapper\" aria-haspopup=\"true\">\n\t\t\t\t\t\t\t<a href=\"https:\/\/visit.santcugat.cat\/es\/el-mercat-vell\/\" aria-label=\"El Mercat Vell\">\n\t\t\t\t\t\t\t<img decoding=\"async\" width=\"900\" height=\"400\" src=\"https:\/\/visit.santcugat.cat\/wp-content\/uploads\/2017\/04\/El-mercat-vell-de-Sant-Cugat.jpg\" class=\"attachment-full size-full wp-post-image\" alt=\"El mercat vell de Sant Cugat\" srcset=\"https:\/\/visit.santcugat.cat\/wp-content\/uploads\/2017\/04\/El-mercat-vell-de-Sant-Cugat-200x89.jpg 200w, https:\/\/visit.santcugat.cat\/wp-content\/uploads\/2017\/04\/El-mercat-vell-de-Sant-Cugat-400x178.jpg 400w, https:\/\/visit.santcugat.cat\/wp-content\/uploads\/2017\/04\/El-mercat-vell-de-Sant-Cugat-600x267.jpg 600w, https:\/\/visit.santcugat.cat\/wp-content\/uploads\/2017\/04\/El-mercat-vell-de-Sant-Cugat-800x356.jpg 800w, https:\/\/visit.santcugat.cat\/wp-content\/uploads\/2017\/04\/El-mercat-vell-de-Sant-Cugat.jpg 900w\" sizes=\"(min-width: 2200px) 100vw, (min-width: 824px) 377px, (min-width: 732px) 565px, (min-width: 640px) 732px, \" \/>\t\t\t<\/a>\n\t\t\t\t\t\t\t<\/div>\n<div class=\"fusion-portfolio-content\" style=\"background-color:rgba(255,255,255,1);\"><h2 class=\"entry-title fusion-post-title\"><a href=\"https:\/\/visit.santcugat.cat\/es\/el-mercat-vell\/\">El Mercat Vell<\/a><\/h2><div class=\"fusion-post-content\"><\/div><\/div><\/div><\/article><article id=\"portfolio-2-post-7280\" class=\"fusion-portfolio-post de-compras mercados-permanentes-de-alimentos fusion-col-spacing post-7280\"><div class=\"fusion-portfolio-content-wrapper\" style=\"border:1px solid #ffffff;border-bottom-width:3px;background-color:rgba(255,255,255,1);\"><span class=\"vcard rich-snippet-hidden\"><span class=\"fn\"><a href=\"https:\/\/visit.santcugat.cat\/es\/author\/visit\/\" title=\"Entradas de Visit Sant Cugat\" rel=\"author\">Visit Sant Cugat<\/a><\/span><\/span><span class=\"updated rich-snippet-hidden\">2026-04-23T13:50:28+02:00<\/span><div  class=\"fusion-image-wrapper\" aria-haspopup=\"true\">\n\t\t\t\t\t\t\t<a href=\"https:\/\/visit.santcugat.cat\/es\/mercado-torreblanca\/\" aria-label=\"Mercado Torreblanca\">\n\t\t\t\t\t\t\t<img decoding=\"async\" width=\"800\" height=\"356\" src=\"https:\/\/visit.santcugat.cat\/wp-content\/uploads\/2017\/05\/57bmercat_torre_blanca_sant_cugat.jpg\" class=\"attachment-full size-full wp-post-image\" alt=\"mercat torre blanca\" srcset=\"https:\/\/visit.santcugat.cat\/wp-content\/uploads\/2017\/05\/57bmercat_torre_blanca_sant_cugat-200x89.jpg 200w, https:\/\/visit.santcugat.cat\/wp-content\/uploads\/2017\/05\/57bmercat_torre_blanca_sant_cugat-400x178.jpg 400w, https:\/\/visit.santcugat.cat\/wp-content\/uploads\/2017\/05\/57bmercat_torre_blanca_sant_cugat-600x267.jpg 600w, https:\/\/visit.santcugat.cat\/wp-content\/uploads\/2017\/05\/57bmercat_torre_blanca_sant_cugat.jpg 800w\" sizes=\"(min-width: 2200px) 100vw, (min-width: 824px) 377px, (min-width: 732px) 565px, (min-width: 640px) 732px, \" \/>\t\t\t<\/a>\n\t\t\t\t\t\t\t<\/div>\n<div class=\"fusion-portfolio-content\" style=\"background-color:rgba(255,255,255,1);\"><h2 class=\"entry-title fusion-post-title\"><a href=\"https:\/\/visit.santcugat.cat\/es\/mercado-torreblanca\/\">Mercado Torreblanca<\/a><\/h2><div class=\"fusion-post-content\"><\/div><\/div><\/div><\/article><article id=\"portfolio-2-post-7277\" class=\"fusion-portfolio-post de-compras mercados-permanentes-de-alimentos fusion-col-spacing post-7277\"><div class=\"fusion-portfolio-content-wrapper\" style=\"border:1px solid #ffffff;border-bottom-width:3px;background-color:rgba(255,255,255,1);\"><span class=\"vcard rich-snippet-hidden\"><span class=\"fn\"><a href=\"https:\/\/visit.santcugat.cat\/es\/author\/visit\/\" title=\"Entradas de Visit Sant Cugat\" rel=\"author\">Visit Sant Cugat<\/a><\/span><\/span><span class=\"updated rich-snippet-hidden\">2026-04-23T13:51:07+02:00<\/span><div  class=\"fusion-image-wrapper\" aria-haspopup=\"true\">\n\t\t\t\t\t\t\t<a href=\"https:\/\/visit.santcugat.cat\/es\/mira-sol-centre\/\" aria-label=\"Mira-sol Centre\">\n\t\t\t\t\t\t\t<img decoding=\"async\" width=\"1169\" height=\"520\" src=\"https:\/\/visit.santcugat.cat\/wp-content\/uploads\/2017\/05\/Mira-sol_mercat_sant_cugat.jpg\" class=\"attachment-full size-full wp-post-image\" alt=\"Mira-sol Centre Sant Cugat\" srcset=\"https:\/\/visit.santcugat.cat\/wp-content\/uploads\/2017\/05\/Mira-sol_mercat_sant_cugat-200x89.jpg 200w, https:\/\/visit.santcugat.cat\/wp-content\/uploads\/2017\/05\/Mira-sol_mercat_sant_cugat-400x178.jpg 400w, https:\/\/visit.santcugat.cat\/wp-content\/uploads\/2017\/05\/Mira-sol_mercat_sant_cugat-600x267.jpg 600w, https:\/\/visit.santcugat.cat\/wp-content\/uploads\/2017\/05\/Mira-sol_mercat_sant_cugat-800x356.jpg 800w, https:\/\/visit.santcugat.cat\/wp-content\/uploads\/2017\/05\/Mira-sol_mercat_sant_cugat.jpg 1169w\" sizes=\"(min-width: 2200px) 100vw, (min-width: 824px) 377px, (min-width: 732px) 565px, (min-width: 640px) 732px, \" \/>\t\t\t<\/a>\n\t\t\t\t\t\t\t<\/div>\n<div class=\"fusion-portfolio-content\" style=\"background-color:rgba(255,255,255,1);\"><h2 class=\"entry-title fusion-post-title\"><a href=\"https:\/\/visit.santcugat.cat\/es\/mira-sol-centre\/\">Mira-sol Centre<\/a><\/h2><div class=\"fusion-post-content\"><\/div><\/div><\/div><\/article><article id=\"portfolio-2-post-7276\" class=\"fusion-portfolio-post de-compras mercados-temporales-de-alimentos fusion-col-spacing post-7276\"><div class=\"fusion-portfolio-content-wrapper\" style=\"border:1px solid #ffffff;border-bottom-width:3px;background-color:rgba(255,255,255,1);\"><span class=\"vcard rich-snippet-hidden\"><span class=\"fn\"><a href=\"https:\/\/visit.santcugat.cat\/es\/author\/visit\/\" title=\"Entradas de Visit Sant Cugat\" rel=\"author\">Visit Sant Cugat<\/a><\/span><\/span><span class=\"updated rich-snippet-hidden\">2026-04-23T13:51:31+02:00<\/span><div  class=\"fusion-image-wrapper\" aria-haspopup=\"true\">\n\t\t\t\t\t\t\t<a href=\"https:\/\/visit.santcugat.cat\/es\/mercado-del-jueves\/\" aria-label=\"Mercado del Jueves\">\n\t\t\t\t\t\t\t<img decoding=\"async\" width=\"1169\" height=\"520\" src=\"https:\/\/visit.santcugat.cat\/wp-content\/uploads\/2017\/05\/MERCAT-DIJOUS-SANT-CUGAT.jpg\" class=\"attachment-full size-full wp-post-image\" alt=\"Mercado del Jueves Sant Cugat\" srcset=\"https:\/\/visit.santcugat.cat\/wp-content\/uploads\/2017\/05\/MERCAT-DIJOUS-SANT-CUGAT-200x89.jpg 200w, https:\/\/visit.santcugat.cat\/wp-content\/uploads\/2017\/05\/MERCAT-DIJOUS-SANT-CUGAT-400x178.jpg 400w, https:\/\/visit.santcugat.cat\/wp-content\/uploads\/2017\/05\/MERCAT-DIJOUS-SANT-CUGAT-600x267.jpg 600w, https:\/\/visit.santcugat.cat\/wp-content\/uploads\/2017\/05\/MERCAT-DIJOUS-SANT-CUGAT-800x356.jpg 800w, https:\/\/visit.santcugat.cat\/wp-content\/uploads\/2017\/05\/MERCAT-DIJOUS-SANT-CUGAT.jpg 1169w\" sizes=\"(min-width: 2200px) 100vw, (min-width: 824px) 377px, (min-width: 732px) 565px, (min-width: 640px) 732px, \" \/>\t\t\t<\/a>\n\t\t\t\t\t\t\t<\/div>\n<div class=\"fusion-portfolio-content\" style=\"background-color:rgba(255,255,255,1);\"><h2 class=\"entry-title fusion-post-title\"><a href=\"https:\/\/visit.santcugat.cat\/es\/mercado-del-jueves\/\">Mercado del Jueves<\/a><\/h2><div class=\"fusion-post-content\"><\/div><\/div><\/div><\/article><article id=\"portfolio-2-post-7274\" class=\"fusion-portfolio-post de-compras mercados-temporales-de-alimentos fusion-col-spacing post-7274\"><div class=\"fusion-portfolio-content-wrapper\" style=\"border:1px solid #ffffff;border-bottom-width:3px;background-color:rgba(255,255,255,1);\"><span class=\"vcard rich-snippet-hidden\"><span class=\"fn\"><a href=\"https:\/\/visit.santcugat.cat\/es\/author\/visit\/\" title=\"Entradas de Visit Sant Cugat\" rel=\"author\">Visit Sant Cugat<\/a><\/span><\/span><span class=\"updated rich-snippet-hidden\">2026-04-23T13:51:49+02:00<\/span><div  class=\"fusion-image-wrapper\" aria-haspopup=\"true\">\n\t\t\t\t\t\t\t<a href=\"https:\/\/visit.santcugat.cat\/es\/mercado-de-payes-de-sant-cugat\/\" aria-label=\"Mercado de Pay\u00e9s\">\n\t\t\t\t\t\t\t<img decoding=\"async\" width=\"1169\" height=\"520\" src=\"https:\/\/visit.santcugat.cat\/wp-content\/uploads\/2017\/05\/mercat_pages_sant_Cugat.jpg\" class=\"attachment-full size-full wp-post-image\" alt=\"Mercado de Pay\u00e9s Sant Cugat\" srcset=\"https:\/\/visit.santcugat.cat\/wp-content\/uploads\/2017\/05\/mercat_pages_sant_Cugat-200x89.jpg 200w, https:\/\/visit.santcugat.cat\/wp-content\/uploads\/2017\/05\/mercat_pages_sant_Cugat-400x178.jpg 400w, https:\/\/visit.santcugat.cat\/wp-content\/uploads\/2017\/05\/mercat_pages_sant_Cugat-600x267.jpg 600w, https:\/\/visit.santcugat.cat\/wp-content\/uploads\/2017\/05\/mercat_pages_sant_Cugat-800x356.jpg 800w, https:\/\/visit.santcugat.cat\/wp-content\/uploads\/2017\/05\/mercat_pages_sant_Cugat.jpg 1169w\" sizes=\"(min-width: 2200px) 100vw, (min-width: 824px) 377px, (min-width: 732px) 565px, (min-width: 640px) 732px, \" \/>\t\t\t<\/a>\n\t\t\t\t\t\t\t<\/div>\n<div class=\"fusion-portfolio-content\" style=\"background-color:rgba(255,255,255,1);\"><h2 class=\"entry-title fusion-post-title\"><a href=\"https:\/\/visit.santcugat.cat\/es\/mercado-de-payes-de-sant-cugat\/\">Mercado de Pay\u00e9s<\/a><\/h2><div class=\"fusion-post-content\"><\/div><\/div><\/div><\/article><article id=\"portfolio-2-post-7266\" class=\"fusion-portfolio-post de-compras otros-mercados-temporales fusion-col-spacing post-7266\"><div class=\"fusion-portfolio-content-wrapper\" style=\"border:1px solid #ffffff;border-bottom-width:3px;background-color:rgba(255,255,255,1);\"><span class=\"vcard rich-snippet-hidden\"><span class=\"fn\"><a href=\"https:\/\/visit.santcugat.cat\/es\/author\/visit\/\" title=\"Entradas de Visit Sant Cugat\" rel=\"author\">Visit Sant Cugat<\/a><\/span><\/span><span class=\"updated rich-snippet-hidden\">2026-04-23T13:52:08+02:00<\/span><div  class=\"fusion-image-wrapper\" aria-haspopup=\"true\">\n\t\t\t\t\t\t\t<a href=\"https:\/\/visit.santcugat.cat\/es\/muestra-de-arte-en-la-calle-firart\/\" aria-label=\"Muestra de arte en la calle\">\n\t\t\t\t\t\t\t<img decoding=\"async\" width=\"1169\" height=\"520\" src=\"https:\/\/visit.santcugat.cat\/wp-content\/uploads\/2017\/05\/fira-art-sant-cugat-.jpg\" class=\"attachment-full size-full wp-post-image\" alt=\"Muestra de Arte en la Calle - Sant Cugat\" srcset=\"https:\/\/visit.santcugat.cat\/wp-content\/uploads\/2017\/05\/fira-art-sant-cugat--200x89.jpg 200w, https:\/\/visit.santcugat.cat\/wp-content\/uploads\/2017\/05\/fira-art-sant-cugat--400x178.jpg 400w, https:\/\/visit.santcugat.cat\/wp-content\/uploads\/2017\/05\/fira-art-sant-cugat--600x267.jpg 600w, https:\/\/visit.santcugat.cat\/wp-content\/uploads\/2017\/05\/fira-art-sant-cugat--800x356.jpg 800w, https:\/\/visit.santcugat.cat\/wp-content\/uploads\/2017\/05\/fira-art-sant-cugat-.jpg 1169w\" sizes=\"(min-width: 2200px) 100vw, (min-width: 824px) 377px, (min-width: 732px) 565px, (min-width: 640px) 732px, \" \/>\t\t\t<\/a>\n\t\t\t\t\t\t\t<\/div>\n<div class=\"fusion-portfolio-content\" style=\"background-color:rgba(255,255,255,1);\"><h2 class=\"entry-title fusion-post-title\"><a href=\"https:\/\/visit.santcugat.cat\/es\/muestra-de-arte-en-la-calle-firart\/\">Muestra de arte en la calle<\/a><\/h2><div class=\"fusion-post-content\"><\/div><\/div><\/div><\/article><article id=\"portfolio-2-post-7271\" class=\"fusion-portfolio-post de-compras otros-mercados-temporales fusion-col-spacing post-7271\"><div class=\"fusion-portfolio-content-wrapper\" style=\"border:1px solid #ffffff;border-bottom-width:3px;background-color:rgba(255,255,255,1);\"><span class=\"vcard rich-snippet-hidden\"><span class=\"fn\"><a href=\"https:\/\/visit.santcugat.cat\/es\/author\/visit\/\" title=\"Entradas de Visit Sant Cugat\" rel=\"author\">Visit Sant Cugat<\/a><\/span><\/span><span class=\"updated rich-snippet-hidden\">2026-04-23T13:52:27+02:00<\/span><div  class=\"fusion-image-wrapper\" aria-haspopup=\"true\">\n\t\t\t\t\t\t\t<a href=\"https:\/\/visit.santcugat.cat\/es\/mercado-de-artesanos-de-sant-cugat\/\" aria-label=\"Mercado de Artesanos\">\n\t\t\t\t\t\t\t<img decoding=\"async\" width=\"1169\" height=\"520\" src=\"https:\/\/visit.santcugat.cat\/wp-content\/uploads\/2017\/05\/img_4454.jpg\" class=\"attachment-full size-full wp-post-image\" alt=\"Mercado de Artesanos Sant Cugat\" srcset=\"https:\/\/visit.santcugat.cat\/wp-content\/uploads\/2017\/05\/img_4454-200x89.jpg 200w, https:\/\/visit.santcugat.cat\/wp-content\/uploads\/2017\/05\/img_4454-400x178.jpg 400w, https:\/\/visit.santcugat.cat\/wp-content\/uploads\/2017\/05\/img_4454-600x267.jpg 600w, https:\/\/visit.santcugat.cat\/wp-content\/uploads\/2017\/05\/img_4454-800x356.jpg 800w, https:\/\/visit.santcugat.cat\/wp-content\/uploads\/2017\/05\/img_4454.jpg 1169w\" sizes=\"(min-width: 2200px) 100vw, (min-width: 824px) 377px, (min-width: 732px) 565px, (min-width: 640px) 732px, \" \/>\t\t\t<\/a>\n\t\t\t\t\t\t\t<\/div>\n<div class=\"fusion-portfolio-content\" style=\"background-color:rgba(255,255,255,1);\"><h2 class=\"entry-title fusion-post-title\"><a href=\"https:\/\/visit.santcugat.cat\/es\/mercado-de-artesanos-de-sant-cugat\/\">Mercado de Artesanos<\/a><\/h2><div class=\"fusion-post-content\"><\/div><\/div><\/div><\/article><\/div><\/div><\/div><\/div><\/div><\/div><div class=\"fusion-fullwidth fullwidth-box fusion-builder-row-4 nonhundred-percent-fullwidth non-hundred-percent-height-scrolling\" style=\"--awb-border-radius-top-left:0px;--awb-border-radius-top-right:0px;--awb-border-radius-bottom-right:0px;--awb-border-radius-bottom-left:0px;--awb-flex-wrap:wrap;\" ><div class=\"fusion-builder-row fusion-row\"><div class=\"fusion-layout-column fusion_builder_column fusion-builder-column-3 fusion_builder_column_1_1 1_1 fusion-one-full fusion-column-first fusion-column-last\" style=\"--awb-bg-size:cover;\"><div class=\"fusion-column-wrapper fusion-flex-column-wrapper-legacy\"><div class=\"fusion-clearfix\"><\/div><\/div><\/div><\/div><\/div><div class=\"fusion-fullwidth fullwidth-box fusion-builder-row-5 fusion-flex-container has-pattern-background has-mask-background hundred-percent-fullwidth non-hundred-percent-height-scrolling containers-hidden-for-now\" style=\"--awb-background-position:left top;--awb-border-sizes-top:0px;--awb-border-sizes-bottom:0px;--awb-border-sizes-left:0px;--awb-border-sizes-right:0px;--awb-border-radius-top-left:0px;--awb-border-radius-top-right:0px;--awb-border-radius-bottom-right:0px;--awb-border-radius-bottom-left:0px;--awb-padding-top:15px;--awb-padding-right:0px;--awb-padding-bottom:0px;--awb-padding-left:0px;--awb-background-color:rgba(255,255,255,0);--awb-flex-wrap:wrap;\" ><div class=\"fusion-builder-row fusion-row fusion-flex-align-items-flex-start fusion-flex-content-wrap\" style=\"width:104% !important;max-width:104% !important;margin-left: calc(-4% \/ 2 );margin-right: calc(-4% \/ 2 );\"><div class=\"fusion-layout-column fusion_builder_column fusion-builder-column-4 fusion_builder_column_1_1 1_1 fusion-flex-column\" style=\"--awb-padding-top:40px;--awb-padding-right:40px;--awb-padding-bottom:40px;--awb-padding-left:40px;--awb-padding-top-small:20px;--awb-padding-right-small:20px;--awb-padding-bottom-small:20px;--awb-padding-left-small:20px;--awb-bg-color:#ffffff;--awb-bg-color-hover:#ffffff;--awb-bg-size:cover;--awb-border-color:#dddddd;--awb-border-top:1px;--awb-border-right:1px;--awb-border-bottom:1px;--awb-border-left:1px;--awb-border-style:solid;--awb-width-large:100%;--awb-margin-top-large:0px;--awb-spacing-right-large:1.92%;--awb-margin-bottom-large:0px;--awb-spacing-left-large:1.92%;--awb-width-medium:100%;--awb-order-medium:0;--awb-spacing-right-medium:1.92%;--awb-spacing-left-medium:1.92%;--awb-width-small:100%;--awb-order-small:0;--awb-spacing-right-small:1.92%;--awb-spacing-left-small:1.92%;\" data-scroll-devices=\"small-visibility,medium-visibility,large-visibility\"><div class=\"fusion-column-wrapper fusion-column-has-shadow fusion-flex-justify-content-center fusion-content-layout-column\"><div class=\"fusion-title title fusion-title-2 fusion-sep-none fusion-title-text fusion-title-size-two\"><h2 class=\"fusion-title-heading title-heading-left fusion-responsive-typography-calculated\" style=\"margin:0;--fontSize:26;line-height:1.69;\">GASTRONOM\u00cdA DE SAN CUGAT: RESTAURANTES PARA REPETIR<\/h2><\/div><div class=\"fusion-text fusion-text-2\" style=\"--awb-text-transform:none;\"><p>Si buscas vivir una buena experiencia gastron\u00f3mica, Sant Cugat es el sitio ideal. Esta ciudad combina la mejor\u00a0<strong>gastronom\u00eda de proximidad<\/strong>\u00a0con una oferta de\u00a0<strong>restaurantes en Sant Cugat<\/strong>\u00a0que te sorprender\u00e1n, tanto por su calidad como por su diversidad.<\/p>\n<h3 class=\"fusion-responsive-typography-calculated\" data-fontsize=\"24\" data-lineheight=\"40.08px\">Restaurantes de Sant Cugat: para todos los momentos<\/h3>\n<p>En Sant Cugat encontrar\u00e1s opciones para todos los gustos: desde peque\u00f1os locales con encanto en el centro hasta restaurantes rodeados de naturaleza en Collserola.\u00a0<strong>La cocina catalana,<\/strong>\u00a0reconocida mundialmente, es una de las protagonistas indiscutibles, con platos tradicionales y creativos que conectar\u00e1n con el territorio. Adem\u00e1s, podr\u00e1s disfrutar de una excelente oferta de\u00a0<strong>gastronom\u00eda internacional.<\/strong>\u00a0Si quieres asegurarte la elecci\u00f3n perfecta, consulta los mejores\u00a0<a href=\"https:\/\/www.tripadvisor.es\/Restaurants-g1080422-Sant_Cugat_del_Valles_Catalonia.html\" target=\"_blank\" rel=\"nofollow noopener\" data-hasqtip=\"41606\" aria-describedby=\"qtip-41606\">restaurantes de Sant Cugat en TripAdvisor.<\/a><\/p>\n<h3 class=\"fusion-responsive-typography-calculated\" data-fontsize=\"24\" data-lineheight=\"40.08px\">Gastronom\u00eda de proximidad y entornos \u00fanicos<\/h3>\n<p>En Sant Cugat, cada plato cuenta una historia. Los ingredientes frescos y de proximidad son el punto de partida de una cocina que destaca por su autenticidad. Y el entorno acompa\u00f1a: desde el almuerzo con vistas al Monasterio hasta una cena tranquila en un restaurante rodeado de bosques, cada comida se vive de una manera especial.<\/p>\n<h2 class=\"fusion-responsive-typography-calculated\" data-fontsize=\"26\" data-lineheight=\"43.94px\">\u00bfPor qu\u00e9 visitar los restaurantes de Sant Cugat?<\/h2>\n<ul>\n<li><strong>Cercan\u00eda y calidad:<\/strong>\u00a0<a href=\"https:\/\/visit.santcugat.cat\/es\/productos-de-la-tierra\/\" rel=\"nofollow\">Productos de la tierra<\/a>\u00a0que dan a los platos un sabor aut\u00e9ntico.<\/li>\n<li><strong>Diversidad gastron\u00f3mica<\/strong>\u00a0: Hay restaurantes para todas las preferencias, desde la cocina tradicional catalana hasta la internacional.<\/li>\n<li><strong>Escenarios \u00fanicos:<\/strong>\u00a0El centro hist\u00f3rico, Collserola o las terrazas de la ciudad hacen que comer aqu\u00ed sea una experiencia inolvidable.<\/li>\n<li><strong>Una buena combinaci\u00f3n:<\/strong>\u00a0Los sabores, texturas, aromas, cultura y buen clima son los ingredientes de la gastronom\u00eda de los restaurantes de Sant Cugat.<\/li>\n<\/ul>\n<\/div><\/div><\/div><div class=\"fusion-layout-column fusion_builder_column fusion-builder-column-5 fusion_builder_column_1_2 1_2 fusion-flex-column\" style=\"--awb-bg-color:#f5f5f5;--awb-bg-color-hover:#f5f5f5;--awb-bg-size:cover;--awb-border-color:#dddddd;--awb-border-top:0;--awb-border-right:0;--awb-border-bottom:0;--awb-border-left:0;--awb-border-style:solid;--awb-width-large:50%;--awb-margin-top-large:0px;--awb-spacing-right-large:3.84%;--awb-margin-bottom-large:0px;--awb-spacing-left-large:3.84%;--awb-width-medium:100%;--awb-spacing-right-medium:1.92%;--awb-spacing-left-medium:1.92%;--awb-width-small:100%;--awb-spacing-right-small:1.92%;--awb-spacing-left-small:1.92%;\"><div class=\"fusion-column-wrapper fusion-flex-justify-content-center fusion-content-layout-column\"><div class=\"fusion-slider-sc\"><div class=\"fusion-flexslider-loading flexslider flexslider-hover-type-none\" data-slideshow_autoplay=\"1\" data-slideshow_smooth_height=\"0\" data-slideshow_speed=\"2950\" style=\"max-width:100%;height:100%;\"><ul class=\"slides\"><li class=\"image\"><span class=\"fusion-image-hover-element hover-type-none\"><img decoding=\"async\" src=\"https:\/\/visit.santcugat.cat\/wp-content\/uploads\/2017\/05\/4STA-MARIA-1-e1494612574687.jpg\" width=\"566\" height=\"377\" class=\"wp-image-5371\" srcset=\"https:\/\/visit.santcugat.cat\/wp-content\/uploads\/2017\/05\/4STA-MARIA-1-e1494612574687-200x133.jpg 200w, https:\/\/visit.santcugat.cat\/wp-content\/uploads\/2017\/05\/4STA-MARIA-1-e1494612574687-400x266.jpg 400w, https:\/\/visit.santcugat.cat\/wp-content\/uploads\/2017\/05\/4STA-MARIA-1-e1494612574687.jpg 566w\" sizes=\"(max-width: 1024px) 100vw, (max-width: 640px) 100vw, 566px\" \/><\/span><\/li><li class=\"image\"><span class=\"fusion-image-hover-element hover-type-none\"><img decoding=\"async\" src=\"https:\/\/visit.santcugat.cat\/wp-content\/uploads\/2017\/05\/5TERRASSES_sant_cugat.jpg\" width=\"565\" height=\"377\" class=\"wp-image-5872\" srcset=\"https:\/\/visit.santcugat.cat\/wp-content\/uploads\/2017\/05\/5TERRASSES_sant_cugat-200x133.jpg 200w, https:\/\/visit.santcugat.cat\/wp-content\/uploads\/2017\/05\/5TERRASSES_sant_cugat-400x267.jpg 400w, https:\/\/visit.santcugat.cat\/wp-content\/uploads\/2017\/05\/5TERRASSES_sant_cugat.jpg 565w\" sizes=\"(max-width: 1024px) 100vw, (max-width: 640px) 100vw, 565px\" \/><\/span><\/li><\/ul><\/div><\/div><\/div><\/div><div class=\"fusion-layout-column fusion_builder_column fusion-builder-column-6 fusion_builder_column_1_2 1_2 fusion-flex-column\" style=\"--awb-bg-color:#f5f5f5;--awb-bg-color-hover:#f5f5f5;--awb-bg-size:cover;--awb-border-color:#dddddd;--awb-border-top:0;--awb-border-right:0;--awb-border-bottom:0;--awb-border-left:0;--awb-border-style:solid;--awb-width-large:50%;--awb-margin-top-large:0px;--awb-spacing-right-large:3.84%;--awb-margin-bottom-large:0px;--awb-spacing-left-large:3.84%;--awb-width-medium:100%;--awb-spacing-right-medium:1.92%;--awb-spacing-left-medium:1.92%;--awb-width-small:100%;--awb-spacing-right-small:1.92%;--awb-spacing-left-small:1.92%;\"><div class=\"fusion-column-wrapper fusion-flex-justify-content-center fusion-content-layout-column\"><div class=\"fusion-slider-sc\"><div class=\"fusion-flexslider-loading flexslider flexslider-hover-type-none\" data-slideshow_autoplay=\"1\" data-slideshow_smooth_height=\"0\" data-slideshow_speed=\"2950\" style=\"max-width:100%;height:100%;\"><ul class=\"slides\"><li class=\"image\"><span class=\"fusion-image-hover-element hover-type-none\"><img decoding=\"async\" src=\"https:\/\/visit.santcugat.cat\/wp-content\/uploads\/2025\/10\/El-Roseto-de-Sant-Cugat-restaurant-escola.jpg\" width=\"565\" height=\"372\" class=\"wp-image-45060\" srcset=\"https:\/\/visit.santcugat.cat\/wp-content\/uploads\/2025\/10\/El-Roseto-de-Sant-Cugat-restaurant-escola-200x132.jpg 200w, https:\/\/visit.santcugat.cat\/wp-content\/uploads\/2025\/10\/El-Roseto-de-Sant-Cugat-restaurant-escola-400x263.jpg 400w, https:\/\/visit.santcugat.cat\/wp-content\/uploads\/2025\/10\/El-Roseto-de-Sant-Cugat-restaurant-escola.jpg 565w\" sizes=\"(max-width: 1024px) 100vw, (max-width: 640px) 100vw, 565px\" \/><\/span><\/li><li class=\"image\"><span class=\"fusion-image-hover-element hover-type-none\"><img decoding=\"async\" src=\"https:\/\/visit.santcugat.cat\/wp-content\/uploads\/2017\/05\/2MATILDA.jpg\" width=\"565\" height=\"377\" class=\"wp-image-5339\" srcset=\"https:\/\/visit.santcugat.cat\/wp-content\/uploads\/2017\/05\/2MATILDA-200x133.jpg 200w, https:\/\/visit.santcugat.cat\/wp-content\/uploads\/2017\/05\/2MATILDA-400x267.jpg 400w, https:\/\/visit.santcugat.cat\/wp-content\/uploads\/2017\/05\/2MATILDA.jpg 565w\" sizes=\"(max-width: 1024px) 100vw, (max-width: 640px) 100vw, 565px\" \/><\/span><\/li><\/ul><\/div><\/div><\/div><\/div><\/div><\/div><div class=\"fusion-fullwidth fullwidth-box fusion-builder-row-6 fusion-flex-container has-pattern-background has-mask-background hundred-percent-fullwidth non-hundred-percent-height-scrolling\" style=\"--awb-background-position:left top;--awb-border-sizes-top:0px;--awb-border-sizes-bottom:0px;--awb-border-sizes-left:0px;--awb-border-sizes-right:0px;--awb-border-radius-top-left:0px;--awb-border-radius-top-right:0px;--awb-border-radius-bottom-right:0px;--awb-border-radius-bottom-left:0px;--awb-padding-top:15px;--awb-padding-right:0px;--awb-padding-bottom:0px;--awb-padding-left:0px;--awb-margin-bottom:60px;--awb-margin-bottom-small:40px;--awb-background-color:rgba(255,255,255,0);--awb-flex-wrap:wrap;\" ><div class=\"fusion-builder-row fusion-row fusion-flex-align-items-flex-start fusion-flex-content-wrap\" style=\"width:104% !important;max-width:104% !important;margin-left: calc(-4% \/ 2 );margin-right: calc(-4% \/ 2 );\"><div class=\"fusion-layout-column fusion_builder_column fusion-builder-column-7 fusion_builder_column_1_1 1_1 fusion-flex-column\" style=\"--awb-padding-top:40px;--awb-padding-right:40px;--awb-padding-bottom:40px;--awb-padding-left:40px;--awb-padding-top-small:20px;--awb-padding-right-small:20px;--awb-padding-bottom-small:20px;--awb-padding-left-small:20px;--awb-bg-color:#ffffff;--awb-bg-color-hover:#ffffff;--awb-bg-size:cover;--awb-border-color:#dddddd;--awb-border-top:1px;--awb-border-right:1px;--awb-border-bottom:1px;--awb-border-left:1px;--awb-border-style:solid;--awb-width-large:100%;--awb-margin-top-large:0px;--awb-spacing-right-large:1.92%;--awb-margin-bottom-large:0px;--awb-spacing-left-large:1.92%;--awb-width-medium:100%;--awb-order-medium:0;--awb-spacing-right-medium:1.92%;--awb-spacing-left-medium:1.92%;--awb-width-small:100%;--awb-order-small:0;--awb-spacing-right-small:1.92%;--awb-spacing-left-small:1.92%;\" data-scroll-devices=\"small-visibility,medium-visibility,large-visibility\"><div class=\"fusion-column-wrapper fusion-column-has-shadow fusion-flex-justify-content-center fusion-content-layout-column\"><div class=\"fusion-title title fusion-title-3 fusion-sep-none fusion-title-text fusion-title-size-two\"><h2 class=\"fusion-title-heading title-heading-left fusion-responsive-typography-calculated\" style=\"margin:0;--fontSize:26;line-height:1.69;\">GASTRONOM\u00cdA DE SAN CUGAT: RESTAURANTES PARA REPETIR<\/h2><\/div><div class=\"fusion-text fusion-text-3\" style=\"--awb-text-transform:none;\"><p>Si buscas vivir una buena experiencia gastron\u00f3mica, Sant Cugat es el sitio ideal. Esta ciudad combina la mejor\u00a0<strong>gastronom\u00eda de proximidad<\/strong>\u00a0con una oferta de\u00a0<strong>restaurantes en Sant Cugat<\/strong>\u00a0que te sorprender\u00e1n, tanto por su calidad como por su diversidad.<\/p>\n<h3 class=\"fusion-responsive-typography-calculated\" data-fontsize=\"24\" data-lineheight=\"40.08px\">Restaurantes de Sant Cugat: para todos los momentos<\/h3>\n<p>En Sant Cugat encontrar\u00e1s opciones para todos los gustos: desde peque\u00f1os locales con encanto en el centro hasta restaurantes rodeados de naturaleza en Collserola.\u00a0<strong>La cocina catalana,<\/strong>\u00a0reconocida mundialmente, es una de las protagonistas indiscutibles, con platos tradicionales y creativos que conectar\u00e1n con el territorio. Adem\u00e1s, podr\u00e1s disfrutar de una excelente oferta de\u00a0<strong>gastronom\u00eda internacional.<\/strong>\u00a0Si quieres asegurarte la elecci\u00f3n perfecta, consulta los mejores\u00a0<a href=\"https:\/\/www.tripadvisor.es\/Restaurants-g1080422-Sant_Cugat_del_Valles_Catalonia.html\" target=\"_blank\" rel=\"nofollow noopener\" data-hasqtip=\"41606\" aria-describedby=\"qtip-41606\">restaurantes de Sant Cugat en TripAdvisor.<\/a><\/p>\n<h3 class=\"fusion-responsive-typography-calculated\" data-fontsize=\"24\" data-lineheight=\"40.08px\">Gastronom\u00eda de proximidad y entornos \u00fanicos<\/h3>\n<p>En Sant Cugat, cada plato cuenta una historia. Los ingredientes frescos y de proximidad son el punto de partida de una cocina que destaca por su autenticidad. Y el entorno acompa\u00f1a: desde el almuerzo con vistas al Monasterio hasta una cena tranquila en un restaurante rodeado de bosques, cada comida se vive de una manera especial.<\/p>\n<h2 class=\"fusion-responsive-typography-calculated\" data-fontsize=\"26\" data-lineheight=\"43.94px\">\u00bfPor qu\u00e9 visitar los restaurantes de Sant Cugat?<\/h2>\n<ul>\n<li><strong>Cercan\u00eda y calidad:<\/strong>\u00a0<a href=\"https:\/\/visit.santcugat.cat\/es\/productos-de-la-tierra\/\" rel=\"nofollow\">Productos de la tierra<\/a>\u00a0que dan a los platos un sabor aut\u00e9ntico.<\/li>\n<li><strong>Diversidad gastron\u00f3mica<\/strong>\u00a0: Hay restaurantes para todas las preferencias, desde la cocina tradicional catalana hasta la internacional.<\/li>\n<li><strong>Escenarios \u00fanicos:<\/strong>\u00a0El centro hist\u00f3rico, Collserola o las terrazas de la ciudad hacen que comer aqu\u00ed sea una experiencia inolvidable.<\/li>\n<li><strong>Una buena combinaci\u00f3n:<\/strong>\u00a0Los sabores, texturas, aromas, cultura y buen clima son los ingredientes de la gastronom\u00eda de los restaurantes de Sant Cugat.<\/li>\n<\/ul>\n<\/div><\/div><\/div><div class=\"fusion-layout-column fusion_builder_column fusion-builder-column-8 fusion_builder_column_1_2 1_2 fusion-flex-column\" style=\"--awb-bg-color:#f5f5f5;--awb-bg-color-hover:#f5f5f5;--awb-bg-size:cover;--awb-border-color:#dddddd;--awb-border-top:0;--awb-border-right:0;--awb-border-bottom:0;--awb-border-left:0;--awb-border-style:solid;--awb-width-large:50%;--awb-margin-top-large:0px;--awb-spacing-right-large:3.84%;--awb-margin-bottom-large:0px;--awb-spacing-left-large:3.84%;--awb-width-medium:100%;--awb-spacing-right-medium:1.92%;--awb-spacing-left-medium:1.92%;--awb-width-small:100%;--awb-spacing-right-small:1.92%;--awb-spacing-left-small:1.92%;\"><div class=\"fusion-column-wrapper fusion-flex-justify-content-center fusion-content-layout-column\"><div class=\"fusion-image-carousel fusion-image-carousel-auto fusion-image-carousel-1 section-image-carousel-only-one-plus-dots-improved\"><div data-slide-effect=\"fade\" class=\"awb-carousel awb-swiper awb-swiper-carousel awb-carousel--slider awb-swiper-dots-position-bottom\" data-layout=\"slider\" data-autoplay=\"no\" data-autoplayspeed=\"5000\" data-autoplaypause=\"yes\" data-columns=\"5\" data-columnsmedium=\"1\" data-columnssmall=\"1\" data-itemmargin=\"13\" data-itemwidth=\"180\" data-touchscroll=\"no\" data-freemode=\"no\" data-imagesize=\"auto\" data-scrollitems=\"0\" data-centeredslides=\"no\" data-rotationangle=\"50\" data-depth=\"100\" data-speed=\"500\" data-shadow=\"no\" data-pagination=\"bullets\" style=\"--awb-arrow-position-horizontal:4px;--awb-arrow-size:32px;--awb-arrow-box-width:48px;--awb-arrow-box-height:48px;--awb-arrow-color:#ffffff;--awb-arrow-hover-bgcolor:#ffffff;--awb-arrow-hover-color:#000000;--awb-dots-color:#ffffff;--awb-dots-size:18px;--awb-dots-active-size:18px;--awb-dots-spacing:8px;--awb-dots-align:center;\"><div class=\"swiper-wrapper awb-image-carousel-wrapper fusion-flex-align-items-center\"><div class=\"swiper-slide\"><div class=\"fusion-carousel-item-wrapper\"><div class=\"fusion-image-wrapper hover-type-zoomin\"><img decoding=\"async\" width=\"566\" height=\"377\" src=\"https:\/\/visit.santcugat.cat\/wp-content\/uploads\/2017\/05\/4STA-MARIA-1-e1494612574687.jpg\" class=\"attachment-full size-full\" alt=\"Pan y embutido\" srcset=\"https:\/\/visit.santcugat.cat\/wp-content\/uploads\/2017\/05\/4STA-MARIA-1-e1494612574687-500x333.jpg 500w, https:\/\/visit.santcugat.cat\/wp-content\/uploads\/2017\/05\/4STA-MARIA-1-e1494612574687.jpg 566w\" sizes=\"(max-width: 566px) 100vw, 566px\" \/><\/div><\/div><\/div><div class=\"swiper-slide\"><div class=\"fusion-carousel-item-wrapper\"><div class=\"fusion-image-wrapper hover-type-zoomin\"><img decoding=\"async\" width=\"565\" height=\"377\" src=\"https:\/\/visit.santcugat.cat\/wp-content\/uploads\/2017\/05\/5TERRASSES_sant_cugat.jpg\" class=\"attachment-full size-full\" alt=\"Un bar de Sant Cugat\" srcset=\"https:\/\/visit.santcugat.cat\/wp-content\/uploads\/2017\/05\/5TERRASSES_sant_cugat-200x133.jpg 200w, https:\/\/visit.santcugat.cat\/wp-content\/uploads\/2017\/05\/5TERRASSES_sant_cugat-300x200.jpg 300w, https:\/\/visit.santcugat.cat\/wp-content\/uploads\/2017\/05\/5TERRASSES_sant_cugat-400x267.jpg 400w, https:\/\/visit.santcugat.cat\/wp-content\/uploads\/2017\/05\/5TERRASSES_sant_cugat-500x334.jpg 500w, https:\/\/visit.santcugat.cat\/wp-content\/uploads\/2017\/05\/5TERRASSES_sant_cugat.jpg 565w\" sizes=\"(max-width: 565px) 100vw, 565px\" \/><\/div><\/div><\/div><\/div><div class=\"swiper-pagination\"><\/div><div class=\"awb-swiper-button awb-swiper-button-prev\"><i class=\"fa-angle-left far\" aria-hidden=\"true\"><\/i><\/div><div class=\"awb-swiper-button awb-swiper-button-next\"><i class=\"fa-angle-right far\" aria-hidden=\"true\"><\/i><\/div><\/div><\/div><\/div><\/div><div class=\"fusion-layout-column fusion_builder_column fusion-builder-column-9 fusion_builder_column_1_2 1_2 fusion-flex-column\" style=\"--awb-bg-color:#f5f5f5;--awb-bg-color-hover:#f5f5f5;--awb-bg-size:cover;--awb-border-color:#dddddd;--awb-border-top:0;--awb-border-right:0;--awb-border-bottom:0;--awb-border-left:0;--awb-border-style:solid;--awb-width-large:50%;--awb-margin-top-large:0px;--awb-spacing-right-large:3.84%;--awb-margin-bottom-large:0px;--awb-spacing-left-large:3.84%;--awb-width-medium:100%;--awb-spacing-right-medium:1.92%;--awb-spacing-left-medium:1.92%;--awb-width-small:100%;--awb-spacing-right-small:1.92%;--awb-spacing-left-small:1.92%;\"><div class=\"fusion-column-wrapper fusion-flex-justify-content-center fusion-content-layout-column\"><div class=\"fusion-image-carousel fusion-image-carousel-auto fusion-image-carousel-2 section-image-carousel-only-one-plus-dots-improved\"><div data-slide-effect=\"fade\" class=\"awb-carousel awb-swiper awb-swiper-carousel awb-carousel--slider awb-swiper-dots-position-bottom\" data-layout=\"slider\" data-autoplay=\"no\" data-autoplayspeed=\"5000\" data-autoplaypause=\"yes\" data-columns=\"5\" data-columnsmedium=\"1\" data-columnssmall=\"1\" data-itemmargin=\"13\" data-itemwidth=\"180\" data-touchscroll=\"no\" data-freemode=\"no\" data-imagesize=\"auto\" data-scrollitems=\"0\" data-centeredslides=\"no\" data-rotationangle=\"50\" data-depth=\"100\" data-speed=\"500\" data-shadow=\"no\" data-pagination=\"bullets\" style=\"--awb-arrow-position-horizontal:4px;--awb-arrow-size:32px;--awb-arrow-box-width:48px;--awb-arrow-box-height:48px;--awb-arrow-color:#ffffff;--awb-arrow-hover-bgcolor:#ffffff;--awb-arrow-hover-color:#000000;--awb-dots-color:#ffffff;--awb-dots-size:18px;--awb-dots-active-size:18px;--awb-dots-spacing:8px;--awb-dots-align:center;\"><div class=\"swiper-wrapper awb-image-carousel-wrapper fusion-flex-align-items-center\"><div class=\"swiper-slide\"><div class=\"fusion-carousel-item-wrapper\"><div class=\"fusion-image-wrapper hover-type-zoomin\"><img decoding=\"async\" width=\"565\" height=\"377\" src=\"https:\/\/visit.santcugat.cat\/wp-content\/uploads\/2017\/05\/2MATILDA.jpg\" class=\"attachment-full size-full\" alt=\"Un restaurante llamado Matilda\" srcset=\"https:\/\/visit.santcugat.cat\/wp-content\/uploads\/2017\/05\/2MATILDA-200x133.jpg 200w, https:\/\/visit.santcugat.cat\/wp-content\/uploads\/2017\/05\/2MATILDA-300x200.jpg 300w, https:\/\/visit.santcugat.cat\/wp-content\/uploads\/2017\/05\/2MATILDA-400x267.jpg 400w, https:\/\/visit.santcugat.cat\/wp-content\/uploads\/2017\/05\/2MATILDA-500x334.jpg 500w, https:\/\/visit.santcugat.cat\/wp-content\/uploads\/2017\/05\/2MATILDA.jpg 565w\" sizes=\"(max-width: 565px) 100vw, 565px\" \/><\/div><\/div><\/div><div class=\"swiper-slide\"><div class=\"fusion-carousel-item-wrapper\"><div class=\"fusion-image-wrapper hover-type-zoomin\"><img decoding=\"async\" width=\"565\" height=\"377\" src=\"https:\/\/visit.santcugat.cat\/wp-content\/uploads\/2024\/11\/2TERRASSES-sant-cugat.jpg\" class=\"attachment-full size-full\" alt=\"Una terraza de Sant Cugat\" srcset=\"https:\/\/visit.santcugat.cat\/wp-content\/uploads\/2024\/11\/2TERRASSES-sant-cugat-200x133.jpg 200w, https:\/\/visit.santcugat.cat\/wp-content\/uploads\/2024\/11\/2TERRASSES-sant-cugat-300x200.jpg 300w, https:\/\/visit.santcugat.cat\/wp-content\/uploads\/2024\/11\/2TERRASSES-sant-cugat-400x267.jpg 400w, https:\/\/visit.santcugat.cat\/wp-content\/uploads\/2024\/11\/2TERRASSES-sant-cugat.jpg 565w\" sizes=\"(max-width: 565px) 100vw, 565px\" \/><\/div><\/div><\/div><\/div><div class=\"swiper-pagination\"><\/div><div class=\"awb-swiper-button awb-swiper-button-prev\"><i class=\"fa-angle-left far\" aria-hidden=\"true\"><\/i><\/div><div class=\"awb-swiper-button awb-swiper-button-next\"><i class=\"fa-angle-right far\" aria-hidden=\"true\"><\/i><\/div><\/div><\/div><\/div><\/div><\/div><\/div><\/p>\n","protected":false},"excerpt":{"rendered":"","protected":false},"author":2,"featured_media":0,"parent":0,"menu_order":8,"comment_status":"closed","ping_status":"closed","template":"","meta":{"_joinchat":[],"footnotes":""},"class_list":["post-7111","page","type-page","status-publish","hentry"],"yoast_head":"<!-- This site is optimized with the Yoast SEO plugin v27.4 - https:\/\/yoast.com\/product\/yoast-seo-wordpress\/ -->\n<title>Compras y gastronom\u00eda en Sant Cugat del Vall\u00e8s<\/title>\n<meta name=\"description\" content=\"De compras o de restaurantes por Sant Cugat\ud83c\udf81 consulta nuestra selecci\u00f3n de ferias, mercados y los mejores restaurantes seg\u00fan TripAdvisor\" \/>\n<meta name=\"robots\" content=\"index, follow, max-snippet:-1, max-image-preview:large, max-video-preview:-1\" \/>\n<link rel=\"canonical\" href=\"https:\/\/visit.santcugat.cat\/es\/de-compras-por-sant-cugat\/\" \/>\n<meta property=\"og:locale\" content=\"es_ES\" \/>\n<meta property=\"og:type\" content=\"article\" \/>\n<meta property=\"og:title\" content=\"Compras y gastronom\u00eda en Sant Cugat del Vall\u00e8s\" \/>\n<meta property=\"og:description\" content=\"De compras o de restaurantes por Sant Cugat\ud83c\udf81 consulta nuestra selecci\u00f3n de ferias, mercados y los mejores restaurantes seg\u00fan TripAdvisor\" \/>\n<meta property=\"og:url\" content=\"https:\/\/visit.santcugat.cat\/es\/de-compras-por-sant-cugat\/\" \/>\n<meta property=\"og:site_name\" content=\"Visit Sant Cugat\" \/>\n<meta property=\"article:publisher\" content=\"https:\/\/www.facebook.com\/visitsantcugat\/\" \/>\n<meta property=\"article:modified_time\" content=\"2026-04-22T09:34:56+00:00\" \/>\n<meta property=\"og:image\" content=\"https:\/\/visit.santcugat.cat\/wp-content\/uploads\/2023\/03\/CLAUSTRE-MONASTERIO-DE-SANT-CUGAT_resultado.webp\" \/>\n\t<meta property=\"og:image:width\" content=\"984\" \/>\n\t<meta property=\"og:image:height\" content=\"502\" \/>\n\t<meta property=\"og:image:type\" content=\"image\/webp\" \/>\n<meta name=\"twitter:card\" content=\"summary_large_image\" \/>\n<meta name=\"twitter:site\" content=\"@ajsantcugat\" \/>\n<meta name=\"twitter:label1\" content=\"Tiempo de lectura\" \/>\n\t<meta name=\"twitter:data1\" content=\"10 minutos\" \/>\n<script type=\"application\/ld+json\" class=\"yoast-schema-graph\">{\"@context\":\"https:\\\/\\\/schema.org\",\"@graph\":[{\"@type\":\"WebPage\",\"@id\":\"https:\\\/\\\/visit.santcugat.cat\\\/es\\\/de-compras-por-sant-cugat\\\/\",\"url\":\"https:\\\/\\\/visit.santcugat.cat\\\/es\\\/de-compras-por-sant-cugat\\\/\",\"name\":\"Compras y gastronom\u00eda en Sant Cugat del Vall\u00e8s\",\"isPartOf\":{\"@id\":\"https:\\\/\\\/visit.santcugat.cat\\\/fr\\\/#website\"},\"datePublished\":\"2016-11-29T23:21:48+00:00\",\"dateModified\":\"2026-04-22T09:34:56+00:00\",\"description\":\"De compras o de restaurantes por Sant Cugat\ud83c\udf81 consulta nuestra selecci\u00f3n de ferias, mercados y los mejores restaurantes seg\u00fan TripAdvisor\",\"breadcrumb\":{\"@id\":\"https:\\\/\\\/visit.santcugat.cat\\\/es\\\/de-compras-por-sant-cugat\\\/#breadcrumb\"},\"inLanguage\":\"es\",\"potentialAction\":[{\"@type\":\"ReadAction\",\"target\":[\"https:\\\/\\\/visit.santcugat.cat\\\/es\\\/de-compras-por-sant-cugat\\\/\"]}]},{\"@type\":\"BreadcrumbList\",\"@id\":\"https:\\\/\\\/visit.santcugat.cat\\\/es\\\/de-compras-por-sant-cugat\\\/#breadcrumb\",\"itemListElement\":[{\"@type\":\"ListItem\",\"position\":1,\"name\":\"Inici\",\"item\":\"https:\\\/\\\/visit.santcugat.cat\\\/es\\\/\"},{\"@type\":\"ListItem\",\"position\":2,\"name\":\"De compras y gastronom\u00eda\"}]},{\"@type\":\"WebSite\",\"@id\":\"https:\\\/\\\/visit.santcugat.cat\\\/fr\\\/#website\",\"url\":\"https:\\\/\\\/visit.santcugat.cat\\\/fr\\\/\",\"name\":\"Visit Sant Cugat\",\"description\":\"Turisme de Sant Cugat\",\"publisher\":{\"@id\":\"https:\\\/\\\/visit.santcugat.cat\\\/fr\\\/#organization\"},\"potentialAction\":[{\"@type\":\"SearchAction\",\"target\":{\"@type\":\"EntryPoint\",\"urlTemplate\":\"https:\\\/\\\/visit.santcugat.cat\\\/fr\\\/?s={search_term_string}\"},\"query-input\":{\"@type\":\"PropertyValueSpecification\",\"valueRequired\":true,\"valueName\":\"search_term_string\"}}],\"inLanguage\":\"es\"},{\"@type\":\"Organization\",\"@id\":\"https:\\\/\\\/visit.santcugat.cat\\\/fr\\\/#organization\",\"name\":\"Visit Sant Cugat - Turisme de Sant Cugat - Barcelona\",\"url\":\"https:\\\/\\\/visit.santcugat.cat\\\/fr\\\/\",\"logo\":{\"@type\":\"ImageObject\",\"inLanguage\":\"es\",\"@id\":\"https:\\\/\\\/visit.santcugat.cat\\\/fr\\\/#\\\/schema\\\/logo\\\/image\\\/\",\"url\":\"https:\\\/\\\/visit.santcugat.cat\\\/wp-content\\\/uploads\\\/2020\\\/09\\\/logo.png\",\"contentUrl\":\"https:\\\/\\\/visit.santcugat.cat\\\/wp-content\\\/uploads\\\/2020\\\/09\\\/logo.png\",\"width\":200,\"height\":44,\"caption\":\"Visit Sant Cugat - Turisme de Sant Cugat - Barcelona\"},\"image\":{\"@id\":\"https:\\\/\\\/visit.santcugat.cat\\\/fr\\\/#\\\/schema\\\/logo\\\/image\\\/\"},\"sameAs\":[\"https:\\\/\\\/www.facebook.com\\\/visitsantcugat\\\/\",\"https:\\\/\\\/x.com\\\/ajsantcugat\",\"https:\\\/\\\/www.instagram.com\\\/visitsantcugat\\\/\",\"https:\\\/\\\/ca.wikipedia.org\\\/wiki\\\/Sant_Cugat_del_Vall\u00e8s\"]}]}<\/script>\n<!-- \/ Yoast SEO plugin. -->","yoast_head_json":{"title":"Compras y gastronom\u00eda en Sant Cugat del Vall\u00e8s","description":"De compras o de restaurantes por Sant Cugat\ud83c\udf81 consulta nuestra selecci\u00f3n de ferias, mercados y los mejores restaurantes seg\u00fan TripAdvisor","robots":{"index":"index","follow":"follow","max-snippet":"max-snippet:-1","max-image-preview":"max-image-preview:large","max-video-preview":"max-video-preview:-1"},"canonical":"https:\/\/visit.santcugat.cat\/es\/de-compras-por-sant-cugat\/","og_locale":"es_ES","og_type":"article","og_title":"Compras y gastronom\u00eda en Sant Cugat del Vall\u00e8s","og_description":"De compras o de restaurantes por Sant Cugat\ud83c\udf81 consulta nuestra selecci\u00f3n de ferias, mercados y los mejores restaurantes seg\u00fan TripAdvisor","og_url":"https:\/\/visit.santcugat.cat\/es\/de-compras-por-sant-cugat\/","og_site_name":"Visit Sant Cugat","article_publisher":"https:\/\/www.facebook.com\/visitsantcugat\/","article_modified_time":"2026-04-22T09:34:56+00:00","og_image":[{"width":984,"height":502,"url":"https:\/\/visit.santcugat.cat\/wp-content\/uploads\/2023\/03\/CLAUSTRE-MONASTERIO-DE-SANT-CUGAT_resultado.webp","type":"image\/webp"}],"twitter_card":"summary_large_image","twitter_site":"@ajsantcugat","twitter_misc":{"Tiempo de lectura":"10 minutos"},"schema":{"@context":"https:\/\/schema.org","@graph":[{"@type":"WebPage","@id":"https:\/\/visit.santcugat.cat\/es\/de-compras-por-sant-cugat\/","url":"https:\/\/visit.santcugat.cat\/es\/de-compras-por-sant-cugat\/","name":"Compras y gastronom\u00eda en Sant Cugat del Vall\u00e8s","isPartOf":{"@id":"https:\/\/visit.santcugat.cat\/fr\/#website"},"datePublished":"2016-11-29T23:21:48+00:00","dateModified":"2026-04-22T09:34:56+00:00","description":"De compras o de restaurantes por Sant Cugat\ud83c\udf81 consulta nuestra selecci\u00f3n de ferias, mercados y los mejores restaurantes seg\u00fan TripAdvisor","breadcrumb":{"@id":"https:\/\/visit.santcugat.cat\/es\/de-compras-por-sant-cugat\/#breadcrumb"},"inLanguage":"es","potentialAction":[{"@type":"ReadAction","target":["https:\/\/visit.santcugat.cat\/es\/de-compras-por-sant-cugat\/"]}]},{"@type":"BreadcrumbList","@id":"https:\/\/visit.santcugat.cat\/es\/de-compras-por-sant-cugat\/#breadcrumb","itemListElement":[{"@type":"ListItem","position":1,"name":"Inici","item":"https:\/\/visit.santcugat.cat\/es\/"},{"@type":"ListItem","position":2,"name":"De compras y gastronom\u00eda"}]},{"@type":"WebSite","@id":"https:\/\/visit.santcugat.cat\/fr\/#website","url":"https:\/\/visit.santcugat.cat\/fr\/","name":"Visit Sant Cugat","description":"Turisme de Sant Cugat","publisher":{"@id":"https:\/\/visit.santcugat.cat\/fr\/#organization"},"potentialAction":[{"@type":"SearchAction","target":{"@type":"EntryPoint","urlTemplate":"https:\/\/visit.santcugat.cat\/fr\/?s={search_term_string}"},"query-input":{"@type":"PropertyValueSpecification","valueRequired":true,"valueName":"search_term_string"}}],"inLanguage":"es"},{"@type":"Organization","@id":"https:\/\/visit.santcugat.cat\/fr\/#organization","name":"Visit Sant Cugat - Turisme de Sant Cugat - Barcelona","url":"https:\/\/visit.santcugat.cat\/fr\/","logo":{"@type":"ImageObject","inLanguage":"es","@id":"https:\/\/visit.santcugat.cat\/fr\/#\/schema\/logo\/image\/","url":"https:\/\/visit.santcugat.cat\/wp-content\/uploads\/2020\/09\/logo.png","contentUrl":"https:\/\/visit.santcugat.cat\/wp-content\/uploads\/2020\/09\/logo.png","width":200,"height":44,"caption":"Visit Sant Cugat - Turisme de Sant Cugat - Barcelona"},"image":{"@id":"https:\/\/visit.santcugat.cat\/fr\/#\/schema\/logo\/image\/"},"sameAs":["https:\/\/www.facebook.com\/visitsantcugat\/","https:\/\/x.com\/ajsantcugat","https:\/\/www.instagram.com\/visitsantcugat\/","https:\/\/ca.wikipedia.org\/wiki\/Sant_Cugat_del_Vall\u00e8s"]}]}},"_links":{"self":[{"href":"https:\/\/visit.santcugat.cat\/es\/wp-json\/wp\/v2\/pages\/7111","targetHints":{"allow":["GET"]}}],"collection":[{"href":"https:\/\/visit.santcugat.cat\/es\/wp-json\/wp\/v2\/pages"}],"about":[{"href":"https:\/\/visit.santcugat.cat\/es\/wp-json\/wp\/v2\/types\/page"}],"author":[{"embeddable":true,"href":"https:\/\/visit.santcugat.cat\/es\/wp-json\/wp\/v2\/users\/2"}],"replies":[{"embeddable":true,"href":"https:\/\/visit.santcugat.cat\/es\/wp-json\/wp\/v2\/comments?post=7111"}],"version-history":[{"count":10,"href":"https:\/\/visit.santcugat.cat\/es\/wp-json\/wp\/v2\/pages\/7111\/revisions"}],"predecessor-version":[{"id":49177,"href":"https:\/\/visit.santcugat.cat\/es\/wp-json\/wp\/v2\/pages\/7111\/revisions\/49177"}],"wp:attachment":[{"href":"https:\/\/visit.santcugat.cat\/es\/wp-json\/wp\/v2\/media?parent=7111"}],"curies":[{"name":"wp","href":"https:\/\/api.w.org\/{rel}","templated":true}]}}