{"id":7109,"date":"2016-11-29T23:21:06","date_gmt":"2016-11-29T23:21:06","guid":{"rendered":"https:\/\/visit.santcugat.cat\/cultura-i-oci\/"},"modified":"2025-01-10T11:31:09","modified_gmt":"2025-01-10T10:31:09","slug":"cultura-y-ocio","status":"publish","type":"page","link":"https:\/\/visit.santcugat.cat\/es\/cultura-y-ocio\/","title":{"rendered":"Cultura y ocio"},"content":{"rendered":"<p><div class=\"fusion-fullwidth fullwidth-box fusion-builder-row-1 hundred-percent-fullwidth non-hundred-percent-height-scrolling\" style=\"--awb-background-position:left top;--awb-border-sizes-top:0px;--awb-border-sizes-bottom:0px;--awb-border-sizes-left:0px;--awb-border-sizes-right:0px;--awb-border-radius-top-left:0px;--awb-border-radius-top-right:0px;--awb-border-radius-bottom-right:0px;--awb-border-radius-bottom-left:0px;--awb-flex-wrap:wrap;\" ><div class=\"fusion-builder-row fusion-row\"><div class=\"fusion-layout-column fusion_builder_column fusion-builder-column-0 fusion_builder_column_1_1 1_1 fusion-one-full fusion-column-first fusion-column-last\" style=\"--awb-padding-top:20px;--awb-padding-right:40px;--awb-padding-bottom:20px;--awb-padding-left:40px;--awb-bg-color:#ffffff;--awb-bg-color-hover:#ffffff;--awb-bg-size:cover;--awb-border-color:#dddddd;--awb-border-top:1px;--awb-border-right:1px;--awb-border-bottom:1px;--awb-border-left:1px;--awb-border-style:solid;\"><div class=\"fusion-column-wrapper fusion-flex-column-wrapper-legacy\"><div class=\"fusion-column-content-centered\"><div class=\"fusion-column-content\"><div class=\"fusion-title title fusion-title-1 fusion-sep-none fusion-title-text fusion-title-size-two\"><h2 class=\"fusion-title-heading title-heading-left fusion-responsive-typography-calculated\" style=\"margin:0;--fontSize:26;line-height:1.69;\">\u00a1QUE EMPIECE EL ESPECT\u00c1CULO!<\/h2><\/div><div class=\"fusion-text fusion-text-1\"><p>Si te gusta la m\u00fasica, el teatro, la danza, el arte y el cine est\u00e1s en la ciudad adecuada. Podr\u00e1s elegir entre ir a ver un espect\u00e1culo al Teatro-Auditorio, pararte a escuchar buena m\u00fasica en la calle y disfrutar de un concierto en el Claustro del Monasterio.<\/p>\n<\/div><\/div><\/div><div class=\"fusion-clearfix\"><\/div><\/div><\/div><\/div><\/div><div class=\"fusion-fullwidth fullwidth-box fusion-builder-row-2 nonhundred-percent-fullwidth non-hundred-percent-height-scrolling\" style=\"--awb-border-radius-top-left:0px;--awb-border-radius-top-right:0px;--awb-border-radius-bottom-right:0px;--awb-border-radius-bottom-left:0px;--awb-flex-wrap:wrap;\" ><div class=\"fusion-builder-row fusion-row\"><div class=\"fusion-layout-column fusion_builder_column fusion-builder-column-1 fusion_builder_column_1_2 1_2 fusion-one-half fusion-column-first\" style=\"--awb-bg-color:#ffffff;--awb-bg-color-hover:#ffffff;--awb-bg-size:cover;--awb-border-color:#f8f8f8;--awb-border-top:1px;--awb-border-right:1px;--awb-border-bottom:1px;--awb-border-left:1px;--awb-border-style:solid;--awb-margin-bottom:3%;width:48%; margin-right: 4%;\"><div class=\"fusion-column-wrapper fusion-flex-column-wrapper-legacy\"><div class=\"fusion-image-element fusion-image-align-center in-legacy-container\" style=\"text-align:center;--awb-caption-title-font-family:var(--h2_typography-font-family);--awb-caption-title-font-weight:var(--h2_typography-font-weight);--awb-caption-title-font-style:var(--h2_typography-font-style);--awb-caption-title-size:var(--h2_typography-font-size);--awb-caption-title-transform:var(--h2_typography-text-transform);--awb-caption-title-line-height:var(--h2_typography-line-height);--awb-caption-title-letter-spacing:var(--h2_typography-letter-spacing);\"><div class=\"imageframe-align-center\"><span class=\" fusion-imageframe imageframe-none imageframe-1 hover-type-none\" style=\"border:1px solid rgba(246,246,246,0);\"><a class=\"fusion-no-lightbox\" href=\"https:\/\/visit.santcugat.cat\/es\/teatro-auditorio-sant-cugat\/\" target=\"_self\" aria-label=\"TEATRE-AUDITORI DE EXTERIOR DEL TEATRE AUDITORI\"><img decoding=\"async\" width=\"575\" height=\"314\" alt=\"Teatro-Auditorio Sant Cugat\" src=\"https:\/\/visit.santcugat.cat\/wp-content\/uploads\/2016\/11\/TEATRE-AUDITORI-DE-EXTERIOR-DEL-TEATRE-AUDITORI.jpg\" class=\"img-responsive wp-image-38712\" srcset=\"https:\/\/visit.santcugat.cat\/wp-content\/uploads\/2016\/11\/TEATRE-AUDITORI-DE-EXTERIOR-DEL-TEATRE-AUDITORI-200x109.jpg 200w, https:\/\/visit.santcugat.cat\/wp-content\/uploads\/2016\/11\/TEATRE-AUDITORI-DE-EXTERIOR-DEL-TEATRE-AUDITORI-400x218.jpg 400w, https:\/\/visit.santcugat.cat\/wp-content\/uploads\/2016\/11\/TEATRE-AUDITORI-DE-EXTERIOR-DEL-TEATRE-AUDITORI.jpg 575w\" sizes=\"(max-width: 800px) 100vw, 575px\" \/><\/a><\/span><\/div><\/div><div class=\"fusion-text fusion-text-2\"><h3 style=\"margin: 5% 0% 2.75%; text-align: center;\"><a href=\"https:\/\/visit.santcugat.cat\/es\/teatro-auditorio-sant-cugat\/\">Teatro<\/a><\/h3>\n<\/div><div class=\"fusion-clearfix\"><\/div><\/div><\/div><div class=\"fusion-layout-column fusion_builder_column fusion-builder-column-2 fusion_builder_column_1_2 1_2 fusion-one-half fusion-column-last\" style=\"--awb-bg-color:#ffffff;--awb-bg-color-hover:#ffffff;--awb-bg-size:cover;--awb-border-color:#e8e8e8;--awb-border-top:1px;--awb-border-right:1px;--awb-border-bottom:1px;--awb-border-left:1px;--awb-border-style:dashed;--awb-margin-bottom:3%;width:48%;\"><div class=\"fusion-column-wrapper fusion-flex-column-wrapper-legacy\"><div class=\"fusion-image-element fusion-image-align-center in-legacy-container\" style=\"text-align:center;--awb-caption-title-font-family:var(--h2_typography-font-family);--awb-caption-title-font-weight:var(--h2_typography-font-weight);--awb-caption-title-font-style:var(--h2_typography-font-style);--awb-caption-title-size:var(--h2_typography-font-size);--awb-caption-title-transform:var(--h2_typography-text-transform);--awb-caption-title-line-height:var(--h2_typography-line-height);--awb-caption-title-letter-spacing:var(--h2_typography-letter-spacing);\"><div class=\"imageframe-align-center\"><span class=\" fusion-imageframe imageframe-none imageframe-2 hover-type-none\" style=\"border:1px solid rgba(246,246,246,0);\"><a class=\"fusion-no-lightbox\" href=\"https:\/\/visit.santcugat.cat\/es\/galerias-de-arte-y-el-centro-de-arte-maristany\/\" target=\"_self\" aria-label=\"CENTRE D&#8217;ART MARISTANY\"><img decoding=\"async\" width=\"575\" height=\"314\" alt=\"Centro de Arte Maristany\" src=\"https:\/\/visit.santcugat.cat\/wp-content\/uploads\/2016\/11\/3MARISTANY.jpg\" class=\"img-responsive wp-image-38713\" srcset=\"https:\/\/visit.santcugat.cat\/wp-content\/uploads\/2016\/11\/3MARISTANY-200x109.jpg 200w, https:\/\/visit.santcugat.cat\/wp-content\/uploads\/2016\/11\/3MARISTANY-400x218.jpg 400w, https:\/\/visit.santcugat.cat\/wp-content\/uploads\/2016\/11\/3MARISTANY.jpg 575w\" sizes=\"(max-width: 800px) 100vw, 575px\" \/><\/a><\/span><\/div><\/div><div class=\"fusion-text fusion-text-3\"><h3 style=\"margin: 5% 0% 2.75%; text-align: center;\"><a href=\"https:\/\/visit.santcugat.cat\/es\/galerias-de-arte-y-el-centro-de-arte-maristany\/\">Galer\u00edas de arte\u00a0<\/a><\/h3>\n<\/div><div class=\"fusion-clearfix\"><\/div><\/div><\/div><\/div><\/div><div class=\"fusion-fullwidth fullwidth-box fusion-builder-row-3 nonhundred-percent-fullwidth non-hundred-percent-height-scrolling\" style=\"--awb-border-radius-top-left:0px;--awb-border-radius-top-right:0px;--awb-border-radius-bottom-right:0px;--awb-border-radius-bottom-left:0px;--awb-flex-wrap:wrap;\" ><div class=\"fusion-builder-row fusion-row\"><div class=\"fusion-layout-column fusion_builder_column fusion-builder-column-3 fusion_builder_column_1_2 1_2 fusion-one-half fusion-column-first\" style=\"--awb-bg-color:#ffffff;--awb-bg-color-hover:#ffffff;--awb-bg-size:cover;--awb-border-color:#f8f8f8;--awb-border-top:1px;--awb-border-right:1px;--awb-border-bottom:1px;--awb-border-left:1px;--awb-border-style:solid;--awb-margin-bottom:3%;width:48%; margin-right: 4%;\"><div class=\"fusion-column-wrapper fusion-flex-column-wrapper-legacy\"><div class=\"fusion-image-element fusion-image-align-center in-legacy-container\" style=\"text-align:center;--awb-caption-title-font-family:var(--h2_typography-font-family);--awb-caption-title-font-weight:var(--h2_typography-font-weight);--awb-caption-title-font-style:var(--h2_typography-font-style);--awb-caption-title-size:var(--h2_typography-font-size);--awb-caption-title-transform:var(--h2_typography-text-transform);--awb-caption-title-line-height:var(--h2_typography-line-height);--awb-caption-title-letter-spacing:var(--h2_typography-letter-spacing);\"><div class=\"imageframe-align-center\"><span class=\" fusion-imageframe imageframe-none imageframe-3 hover-type-none\" style=\"border:1px solid rgba(246,246,246,0);\"><a class=\"fusion-no-lightbox\" href=\"https:\/\/visit.santcugat.cat\/es\/musica\/\" target=\"_self\" aria-label=\"Musica_alclaustre\"><img decoding=\"async\" width=\"575\" height=\"314\" alt=\"Noches de m\u00fasica en el Claustro Monasterio de Sant Cugat\" src=\"https:\/\/visit.santcugat.cat\/wp-content\/uploads\/2016\/11\/Musica_alclaustre.jpg\" class=\"img-responsive wp-image-5323\" srcset=\"https:\/\/visit.santcugat.cat\/wp-content\/uploads\/2016\/11\/Musica_alclaustre-200x109.jpg 200w, https:\/\/visit.santcugat.cat\/wp-content\/uploads\/2016\/11\/Musica_alclaustre-400x218.jpg 400w, https:\/\/visit.santcugat.cat\/wp-content\/uploads\/2016\/11\/Musica_alclaustre.jpg 575w\" sizes=\"(max-width: 800px) 100vw, 575px\" \/><\/a><\/span><\/div><\/div><div class=\"fusion-text fusion-text-4\"><h3 style=\"margin: 5% 0% 2.75%; text-align: center;\"><a href=\"https:\/\/visit.santcugat.cat\/musica\/\">M\u00fasica<\/a><\/h3>\n<\/div><div class=\"fusion-clearfix\"><\/div><\/div><\/div><div class=\"fusion-layout-column fusion_builder_column fusion-builder-column-4 fusion_builder_column_1_2 1_2 fusion-one-half fusion-column-last\" style=\"--awb-bg-color:#ffffff;--awb-bg-color-hover:#ffffff;--awb-bg-size:cover;--awb-border-color:#f8f8f8;--awb-border-top:1px;--awb-border-right:1px;--awb-border-bottom:1px;--awb-border-left:1px;--awb-border-style:solid;--awb-margin-bottom:3%;width:48%;\"><div class=\"fusion-column-wrapper fusion-flex-column-wrapper-legacy\"><div class=\"fusion-image-element fusion-image-align-center in-legacy-container\" style=\"text-align:center;--awb-caption-title-font-family:var(--h2_typography-font-family);--awb-caption-title-font-weight:var(--h2_typography-font-weight);--awb-caption-title-font-style:var(--h2_typography-font-style);--awb-caption-title-size:var(--h2_typography-font-size);--awb-caption-title-transform:var(--h2_typography-text-transform);--awb-caption-title-line-height:var(--h2_typography-line-height);--awb-caption-title-letter-spacing:var(--h2_typography-letter-spacing);\"><div class=\"imageframe-align-center\"><span class=\" fusion-imageframe imageframe-none imageframe-4 hover-type-none\" style=\"border:1px solid rgba(246,246,246,0);\"><a class=\"fusion-no-lightbox\" href=\"https:\/\/visit.santcugat.cat\/es\/cine-en-sant-cugt\/\" target=\"_self\" aria-label=\"cinema\"><img decoding=\"async\" width=\"575\" height=\"314\" alt=\"Sala de cine Sant Cugat\" src=\"https:\/\/visit.santcugat.cat\/wp-content\/uploads\/2016\/11\/cinema.jpg\" class=\"img-responsive wp-image-7110\" srcset=\"https:\/\/visit.santcugat.cat\/wp-content\/uploads\/2016\/11\/cinema-200x109.jpg 200w, https:\/\/visit.santcugat.cat\/wp-content\/uploads\/2016\/11\/cinema-400x218.jpg 400w, https:\/\/visit.santcugat.cat\/wp-content\/uploads\/2016\/11\/cinema.jpg 575w\" sizes=\"(max-width: 800px) 100vw, 575px\" \/><\/a><\/span><\/div><\/div><div class=\"fusion-text fusion-text-5\"><h3 style=\"margin: 5% 0% 2.75%; text-align: center;\"><a href=\"https:\/\/visit.santcugat.cat\/es\/cine-en-sant-cugt\/\">Cine<\/a><\/h3>\n<\/div><div class=\"fusion-clearfix\"><\/div><\/div><\/div><\/div><\/div><\/p>\n","protected":false},"excerpt":{"rendered":"","protected":false},"author":2,"featured_media":0,"parent":0,"menu_order":5,"comment_status":"closed","ping_status":"closed","template":"","meta":{"_joinchat":[],"footnotes":""},"class_list":["post-7109","page","type-page","status-publish","hentry"],"yoast_head":"<!-- This site is optimized with the Yoast SEO plugin v27.4 - https:\/\/yoast.com\/product\/yoast-seo-wordpress\/ -->\n<title>Cultura y Ocio en Sant Cugat | Visit Sant Cugat<\/title>\n<meta name=\"description\" content=\"Sant Cugat llena de opciones de cultura y ocio. Los \u00faltimos estrenos de cine, grandes espect\u00e1culos en el Teatro-Auditorio y mucho m\u00e1s.\" \/>\n<meta name=\"robots\" content=\"noindex, follow\" \/>\n<meta property=\"og:locale\" content=\"es_ES\" \/>\n<meta property=\"og:type\" content=\"article\" \/>\n<meta property=\"og:title\" content=\"Cultura y Ocio en Sant Cugat | Visit Sant Cugat\" \/>\n<meta property=\"og:description\" content=\"Sant Cugat llena de opciones de cultura y ocio. Los \u00faltimos estrenos de cine, grandes espect\u00e1culos en el Teatro-Auditorio y mucho m\u00e1s.\" \/>\n<meta property=\"og:url\" content=\"https:\/\/visit.santcugat.cat\/es\/cultura-y-ocio\/\" \/>\n<meta property=\"og:site_name\" content=\"Visit Sant Cugat\" \/>\n<meta property=\"article:publisher\" content=\"https:\/\/www.facebook.com\/visitsantcugat\/\" \/>\n<meta property=\"article:modified_time\" content=\"2025-01-10T10:31:09+00:00\" \/>\n<meta property=\"og:image\" content=\"https:\/\/visit.santcugat.cat\/wp-content\/uploads\/2023\/03\/CLAUSTRE-MONASTERIO-DE-SANT-CUGAT_resultado.webp\" \/>\n\t<meta property=\"og:image:width\" content=\"984\" \/>\n\t<meta property=\"og:image:height\" content=\"502\" \/>\n\t<meta property=\"og:image:type\" content=\"image\/webp\" \/>\n<meta name=\"twitter:card\" content=\"summary_large_image\" \/>\n<meta name=\"twitter:site\" content=\"@ajsantcugat\" \/>\n<meta name=\"twitter:label1\" content=\"Tiempo de lectura\" \/>\n\t<meta name=\"twitter:data1\" content=\"2 minutos\" \/>\n<script type=\"application\/ld+json\" class=\"yoast-schema-graph\">{\"@context\":\"https:\\\/\\\/schema.org\",\"@graph\":[{\"@type\":\"WebPage\",\"@id\":\"https:\\\/\\\/visit.santcugat.cat\\\/es\\\/cultura-y-ocio\\\/\",\"url\":\"https:\\\/\\\/visit.santcugat.cat\\\/es\\\/cultura-y-ocio\\\/\",\"name\":\"Cultura y Ocio en Sant Cugat | Visit Sant Cugat\",\"isPartOf\":{\"@id\":\"https:\\\/\\\/visit.santcugat.cat\\\/fr\\\/#website\"},\"datePublished\":\"2016-11-29T23:21:06+00:00\",\"dateModified\":\"2025-01-10T10:31:09+00:00\",\"description\":\"Sant Cugat llena de opciones de cultura y ocio. Los \u00faltimos estrenos de cine, grandes espect\u00e1culos en el Teatro-Auditorio y mucho m\u00e1s.\",\"breadcrumb\":{\"@id\":\"https:\\\/\\\/visit.santcugat.cat\\\/es\\\/cultura-y-ocio\\\/#breadcrumb\"},\"inLanguage\":\"es\",\"potentialAction\":[{\"@type\":\"ReadAction\",\"target\":[\"https:\\\/\\\/visit.santcugat.cat\\\/es\\\/cultura-y-ocio\\\/\"]}]},{\"@type\":\"BreadcrumbList\",\"@id\":\"https:\\\/\\\/visit.santcugat.cat\\\/es\\\/cultura-y-ocio\\\/#breadcrumb\",\"itemListElement\":[{\"@type\":\"ListItem\",\"position\":1,\"name\":\"Inici\",\"item\":\"https:\\\/\\\/visit.santcugat.cat\\\/es\\\/\"},{\"@type\":\"ListItem\",\"position\":2,\"name\":\"Cultura y ocio\"}]},{\"@type\":\"WebSite\",\"@id\":\"https:\\\/\\\/visit.santcugat.cat\\\/fr\\\/#website\",\"url\":\"https:\\\/\\\/visit.santcugat.cat\\\/fr\\\/\",\"name\":\"Visit Sant Cugat\",\"description\":\"Turisme de Sant Cugat\",\"publisher\":{\"@id\":\"https:\\\/\\\/visit.santcugat.cat\\\/fr\\\/#organization\"},\"potentialAction\":[{\"@type\":\"SearchAction\",\"target\":{\"@type\":\"EntryPoint\",\"urlTemplate\":\"https:\\\/\\\/visit.santcugat.cat\\\/fr\\\/?s={search_term_string}\"},\"query-input\":{\"@type\":\"PropertyValueSpecification\",\"valueRequired\":true,\"valueName\":\"search_term_string\"}}],\"inLanguage\":\"es\"},{\"@type\":\"Organization\",\"@id\":\"https:\\\/\\\/visit.santcugat.cat\\\/fr\\\/#organization\",\"name\":\"Visit Sant Cugat - Turisme de Sant Cugat - Barcelona\",\"url\":\"https:\\\/\\\/visit.santcugat.cat\\\/fr\\\/\",\"logo\":{\"@type\":\"ImageObject\",\"inLanguage\":\"es\",\"@id\":\"https:\\\/\\\/visit.santcugat.cat\\\/fr\\\/#\\\/schema\\\/logo\\\/image\\\/\",\"url\":\"https:\\\/\\\/visit.santcugat.cat\\\/wp-content\\\/uploads\\\/2020\\\/09\\\/logo.png\",\"contentUrl\":\"https:\\\/\\\/visit.santcugat.cat\\\/wp-content\\\/uploads\\\/2020\\\/09\\\/logo.png\",\"width\":200,\"height\":44,\"caption\":\"Visit Sant Cugat - Turisme de Sant Cugat - Barcelona\"},\"image\":{\"@id\":\"https:\\\/\\\/visit.santcugat.cat\\\/fr\\\/#\\\/schema\\\/logo\\\/image\\\/\"},\"sameAs\":[\"https:\\\/\\\/www.facebook.com\\\/visitsantcugat\\\/\",\"https:\\\/\\\/x.com\\\/ajsantcugat\",\"https:\\\/\\\/www.instagram.com\\\/visitsantcugat\\\/\",\"https:\\\/\\\/ca.wikipedia.org\\\/wiki\\\/Sant_Cugat_del_Vall\u00e8s\"]}]}<\/script>\n<!-- \/ Yoast SEO plugin. -->","yoast_head_json":{"title":"Cultura y Ocio en Sant Cugat | Visit Sant Cugat","description":"Sant Cugat llena de opciones de cultura y ocio. Los \u00faltimos estrenos de cine, grandes espect\u00e1culos en el Teatro-Auditorio y mucho m\u00e1s.","robots":{"index":"noindex","follow":"follow"},"og_locale":"es_ES","og_type":"article","og_title":"Cultura y Ocio en Sant Cugat | Visit Sant Cugat","og_description":"Sant Cugat llena de opciones de cultura y ocio. Los \u00faltimos estrenos de cine, grandes espect\u00e1culos en el Teatro-Auditorio y mucho m\u00e1s.","og_url":"https:\/\/visit.santcugat.cat\/es\/cultura-y-ocio\/","og_site_name":"Visit Sant Cugat","article_publisher":"https:\/\/www.facebook.com\/visitsantcugat\/","article_modified_time":"2025-01-10T10:31:09+00:00","og_image":[{"width":984,"height":502,"url":"https:\/\/visit.santcugat.cat\/wp-content\/uploads\/2023\/03\/CLAUSTRE-MONASTERIO-DE-SANT-CUGAT_resultado.webp","type":"image\/webp"}],"twitter_card":"summary_large_image","twitter_site":"@ajsantcugat","twitter_misc":{"Tiempo de lectura":"2 minutos"},"schema":{"@context":"https:\/\/schema.org","@graph":[{"@type":"WebPage","@id":"https:\/\/visit.santcugat.cat\/es\/cultura-y-ocio\/","url":"https:\/\/visit.santcugat.cat\/es\/cultura-y-ocio\/","name":"Cultura y Ocio en Sant Cugat | Visit Sant Cugat","isPartOf":{"@id":"https:\/\/visit.santcugat.cat\/fr\/#website"},"datePublished":"2016-11-29T23:21:06+00:00","dateModified":"2025-01-10T10:31:09+00:00","description":"Sant Cugat llena de opciones de cultura y ocio. Los \u00faltimos estrenos de cine, grandes espect\u00e1culos en el Teatro-Auditorio y mucho m\u00e1s.","breadcrumb":{"@id":"https:\/\/visit.santcugat.cat\/es\/cultura-y-ocio\/#breadcrumb"},"inLanguage":"es","potentialAction":[{"@type":"ReadAction","target":["https:\/\/visit.santcugat.cat\/es\/cultura-y-ocio\/"]}]},{"@type":"BreadcrumbList","@id":"https:\/\/visit.santcugat.cat\/es\/cultura-y-ocio\/#breadcrumb","itemListElement":[{"@type":"ListItem","position":1,"name":"Inici","item":"https:\/\/visit.santcugat.cat\/es\/"},{"@type":"ListItem","position":2,"name":"Cultura y ocio"}]},{"@type":"WebSite","@id":"https:\/\/visit.santcugat.cat\/fr\/#website","url":"https:\/\/visit.santcugat.cat\/fr\/","name":"Visit Sant Cugat","description":"Turisme de Sant Cugat","publisher":{"@id":"https:\/\/visit.santcugat.cat\/fr\/#organization"},"potentialAction":[{"@type":"SearchAction","target":{"@type":"EntryPoint","urlTemplate":"https:\/\/visit.santcugat.cat\/fr\/?s={search_term_string}"},"query-input":{"@type":"PropertyValueSpecification","valueRequired":true,"valueName":"search_term_string"}}],"inLanguage":"es"},{"@type":"Organization","@id":"https:\/\/visit.santcugat.cat\/fr\/#organization","name":"Visit Sant Cugat - Turisme de Sant Cugat - Barcelona","url":"https:\/\/visit.santcugat.cat\/fr\/","logo":{"@type":"ImageObject","inLanguage":"es","@id":"https:\/\/visit.santcugat.cat\/fr\/#\/schema\/logo\/image\/","url":"https:\/\/visit.santcugat.cat\/wp-content\/uploads\/2020\/09\/logo.png","contentUrl":"https:\/\/visit.santcugat.cat\/wp-content\/uploads\/2020\/09\/logo.png","width":200,"height":44,"caption":"Visit Sant Cugat - Turisme de Sant Cugat - Barcelona"},"image":{"@id":"https:\/\/visit.santcugat.cat\/fr\/#\/schema\/logo\/image\/"},"sameAs":["https:\/\/www.facebook.com\/visitsantcugat\/","https:\/\/x.com\/ajsantcugat","https:\/\/www.instagram.com\/visitsantcugat\/","https:\/\/ca.wikipedia.org\/wiki\/Sant_Cugat_del_Vall\u00e8s"]}]}},"_links":{"self":[{"href":"https:\/\/visit.santcugat.cat\/es\/wp-json\/wp\/v2\/pages\/7109","targetHints":{"allow":["GET"]}}],"collection":[{"href":"https:\/\/visit.santcugat.cat\/es\/wp-json\/wp\/v2\/pages"}],"about":[{"href":"https:\/\/visit.santcugat.cat\/es\/wp-json\/wp\/v2\/types\/page"}],"author":[{"embeddable":true,"href":"https:\/\/visit.santcugat.cat\/es\/wp-json\/wp\/v2\/users\/2"}],"replies":[{"embeddable":true,"href":"https:\/\/visit.santcugat.cat\/es\/wp-json\/wp\/v2\/comments?post=7109"}],"version-history":[{"count":5,"href":"https:\/\/visit.santcugat.cat\/es\/wp-json\/wp\/v2\/pages\/7109\/revisions"}],"predecessor-version":[{"id":42314,"href":"https:\/\/visit.santcugat.cat\/es\/wp-json\/wp\/v2\/pages\/7109\/revisions\/42314"}],"wp:attachment":[{"href":"https:\/\/visit.santcugat.cat\/es\/wp-json\/wp\/v2\/media?parent=7109"}],"curies":[{"name":"wp","href":"https:\/\/api.w.org\/{rel}","templated":true}]}}