{"id":6635,"date":"2016-11-30T17:04:20","date_gmt":"2016-11-30T17:04:20","guid":{"rendered":"https:\/\/visit.santcugat.cat\/la-ciutat\/"},"modified":"2025-01-29T10:41:57","modified_gmt":"2025-01-29T09:41:57","slug":"la-ciudad-de-sant-cugat","status":"publish","type":"page","link":"https:\/\/visit.santcugat.cat\/es\/la-ciudad-de-sant-cugat\/","title":{"rendered":"La ciudad"},"content":{"rendered":"<p><div class=\"fusion-fullwidth fullwidth-box fusion-builder-row-1 hundred-percent-fullwidth non-hundred-percent-height-scrolling fusion-equal-height-columns\" style=\"--awb-background-position:left top;--awb-border-sizes-top:0px;--awb-border-sizes-bottom:0px;--awb-border-sizes-left:0px;--awb-border-sizes-right:0px;--awb-border-radius-top-left:0px;--awb-border-radius-top-right:0px;--awb-border-radius-bottom-right:0px;--awb-border-radius-bottom-left:0px;--awb-padding-top:15px;--awb-padding-right:0px;--awb-padding-bottom:0px;--awb-padding-left:0px;--awb-background-color:rgba(255,255,255,0);--awb-flex-wrap:wrap;\" ><div class=\"fusion-builder-row fusion-row\"><div class=\"fusion-layout-column fusion_builder_column fusion-builder-column-0 fusion_builder_column_1_2 1_2 fusion-one-half fusion-column-first\" style=\"--awb-padding-top:20px;--awb-padding-right:40px;--awb-padding-bottom:20px;--awb-padding-left:40px;--awb-bg-color:#ffffff;--awb-bg-color-hover:#ffffff;--awb-bg-size:cover;--awb-border-color:#dddddd;--awb-border-top:1px;--awb-border-right:1px;--awb-border-bottom:1px;--awb-border-left:1px;--awb-border-style:solid;width:48%; margin-right: 4%;\"><div class=\"fusion-column-wrapper fusion-flex-column-wrapper-legacy\"><div class=\"fusion-column-content-centered\"><div class=\"fusion-column-content\"><div class=\"fusion-title title fusion-title-1 fusion-sep-none fusion-title-text fusion-title-size-two\"><h2 class=\"fusion-title-heading title-heading-left fusion-responsive-typography-calculated\" style=\"margin:0;--fontSize:26;line-height:1.69;\">SANT CUGAT, \u00a1SABER VIVIR!<\/h2><\/div><div class=\"fusion-text fusion-text-1\"><p style=\"text-align: left;\">Dicen que en nuestra ciudad se vive bien. Te animamos a que lo compruebes t\u00fa mismo.<br \/>\nS<strong>i vienes del centro de Barcelona, al cabo de 20 minutos ya estar\u00e1s en Sant Cugat<\/strong>, el ritmo fren\u00e9tico de la gran ciudad desaparecer\u00e1 en seguida y te adentrar\u00e1s en la amalgama de calles y comercios del centro hist\u00f3rico. Sin darte cuenta, se abrir\u00e1 ante ti la inmensidad de la plaza d\u2019Octavi\u00e0, donde se encuentra el imponente Monasterio de Sant Cugat.<br \/>\nPocas ciudades tienen a 10 minutos del centro un parque natural inmenso como el de <a href=\"https:\/\/visit.santcugat.cat\/es\/parque-natural-de-collserola\/\">Collserola<\/a>, donde podr\u00e1s desconectar, hacer deporte y oxigenarte.<br \/>\nSi pasas un tiempo con nosotros podr\u00e1s descubrir lugares de lo m\u00e1s curiosos, como <a href=\"https:\/\/visit.santcugat.cat\/es\/mercantic\/\">Mercantic<\/a>, del que dicen que es como un vintage village, ya que combina un mercado de antig\u00fcedades, objetos peculiares, gastronom\u00eda, dise\u00f1o y espect\u00e1culos. No puedes perderte la exposici\u00f3n permanente de <a href=\"https:\/\/visit.santcugat.cat\/casa-museu-cal-gerrer%e2%80%8b\/?portfolioCats=130\">Marilyn Monroe<\/a> en la Casa Museo &#8211; Cal Gerrer. Podr\u00e1s visitar la <a href=\"https:\/\/visit.santcugat.cat\/es\/museos\/\">Bodega Modernista<\/a>, el espacio gastron\u00f3mico <a href=\"https:\/\/visit.santcugat.cat\/el-mercat-vell\/\">El Mercat Vell<\/a> y las galer\u00edas de arte, y tambi\u00e9n disfrutar\u00e1s de un mont\u00f3n de <a href=\"https:\/\/visit.santcugat.cat\/es\/cultura-y-ocio\/\">actividades culturales<\/a> y deportivas que ofrece la ciudad. Tu eliges cu\u00e1nto dura tu estancia y nosotros te ayudamos a aprovecharla al m\u00e1ximo.<\/p>\n<\/div><\/div><\/div><div class=\"fusion-clearfix\"><\/div><\/div><\/div><div class=\"fusion-layout-column fusion_builder_column fusion-builder-column-1 fusion_builder_column_1_2 1_2 fusion-one-half fusion-column-last\" style=\"--awb-bg-color:#ffffff;--awb-bg-color-hover:#ffffff;--awb-bg-size:cover;--awb-border-color:#dddddd;--awb-border-top:1px;--awb-border-right:1px;--awb-border-bottom:1px;--awb-border-left:1px;--awb-border-style:solid;width:48%;\"><div class=\"fusion-column-wrapper fusion-flex-column-wrapper-legacy\"><div class=\"fusion-column-content-centered\"><div class=\"fusion-column-content\"><div class=\"fusion-image-element fusion-image-align-center in-legacy-container\" style=\"text-align:center;--awb-caption-title-font-family:var(--h2_typography-font-family);--awb-caption-title-font-weight:var(--h2_typography-font-weight);--awb-caption-title-font-style:var(--h2_typography-font-style);--awb-caption-title-size:var(--h2_typography-font-size);--awb-caption-title-transform:var(--h2_typography-text-transform);--awb-caption-title-line-height:var(--h2_typography-line-height);--awb-caption-title-letter-spacing:var(--h2_typography-letter-spacing);\"><div class=\"imageframe-align-center\"><span class=\" fusion-imageframe imageframe-none imageframe-1 hover-type-none\"><img decoding=\"async\" width=\"561\" height=\"729\" alt=\"Sant Cugat - Castellers\" title=\"JORNADA CASTELLERA\" src=\"https:\/\/visit.santcugat.cat\/wp-content\/uploads\/2016\/11\/93FESTACASTELLERS-e1494488858806.jpg\" class=\"img-responsive wp-image-6667\" srcset=\"https:\/\/visit.santcugat.cat\/wp-content\/uploads\/2016\/11\/93FESTACASTELLERS-e1494488858806-200x260.jpg 200w, https:\/\/visit.santcugat.cat\/wp-content\/uploads\/2016\/11\/93FESTACASTELLERS-e1494488858806-400x520.jpg 400w, https:\/\/visit.santcugat.cat\/wp-content\/uploads\/2016\/11\/93FESTACASTELLERS-e1494488858806.jpg 561w\" sizes=\"(max-width: 800px) 100vw, 561px\" \/><\/span><\/div><\/div><\/div><\/div><div class=\"fusion-clearfix\"><\/div><\/div><\/div><\/div><\/div><div class=\"fusion-fullwidth fullwidth-box fusion-builder-row-2 nonhundred-percent-fullwidth non-hundred-percent-height-scrolling fusion-equal-height-columns fusion-no-small-visibility fusion-no-medium-visibility\" style=\"--awb-border-radius-top-left:0px;--awb-border-radius-top-right:0px;--awb-border-radius-bottom-right:0px;--awb-border-radius-bottom-left:0px;--awb-padding-top:20px;--awb-padding-bottom:20px;--awb-flex-wrap:wrap;\" ><div class=\"fusion-builder-row fusion-row\"><div class=\"fusion-layout-column fusion_builder_column fusion-builder-column-2 fusion_builder_column_1_2 1_2 fusion-one-half fusion-column-first fusion-column-no-min-height\" style=\"--awb-bg-color:#ffffff;--awb-bg-color-hover:#ffffff;--awb-bg-size:cover;width:48%; margin-right: 4%;\"><div class=\"fusion-column-wrapper fusion-flex-column-wrapper-legacy\"><div class=\"fusion-column-content-centered\"><div class=\"fusion-column-content\"><iframe class=\"fusion-hidden\" data-privacy-type=\"youtube\" src=\"\" width=\"500\" height=\"310\" data-privacy-src=\"https:\/\/www.youtube.com\/embed\/x7Jrh45WU08\" frameborder=\"0\" allow=\"accelerometer; autoplay; encrypted-media; gyroscope; picture-in-picture\" allowfullscreen><\/iframe><div class=\"fusion-privacy-placeholder\" style=\"width:500px; height:310px;\" data-privacy-type=\"youtube\"><div class=\"fusion-privacy-placeholder-content\"><div class=\"fusion-privacy-label\">Por razones de privacidad YouTube necesita tu permiso para cargarse.<\/div><button data-privacy-type=\"youtube\" class=\"fusion-button button-default fusion-button-default-size button fusion-privacy-consent\">I Accept<\/button><\/div><\/div><\/div><\/div><div class=\"fusion-clearfix\"><\/div><\/div><\/div><div class=\"fusion-layout-column fusion_builder_column fusion-builder-column-3 fusion_builder_column_1_2 1_2 fusion-one-half fusion-column-last\" style=\"--awb-padding-top:40px;--awb-padding-right:20px;--awb-padding-bottom:20px;--awb-padding-left:20px;--awb-bg-color:#ffffff;--awb-bg-color-hover:#ffffff;--awb-bg-size:cover;width:48%;\"><div class=\"fusion-column-wrapper fusion-flex-column-wrapper-legacy\"><div class=\"fusion-counters-box counters-box row fusion-clearfix fusion-columns-2\" style=\"--awb-body-color:#8bc34a;--awb-body-size:18;--awb-border-color:#8bc34a;--awb-color:#8bc34a;--awb-title-size:30;--awb-icon-size:30;--awb-border-color:#8bc34a;\"><div class=\"fusion-counter-box fusion-column col-counter-box counter-box-wrapper col-lg-6 col-md-6 col-sm-6\" data-animationOffset=\"top-into-view\"><div class=\"counter-box-container\"><div class=\"content-box-percentage content-box-counter\"><i class=\"counter-box-icon fontawesome-icon fa-users fas\" aria-hidden=\"true\"><\/i><span class=\"display-counter\" data-value=\"90.664\" data-delimiter=\".\" data-direction=\"up\" data-decimals=\"3\">0<\/span><\/div><div class=\"counter-box-content\">Habitantes<\/div><\/div><\/div><div class=\"fusion-counter-box fusion-column col-counter-box counter-box-wrapper col-lg-6 col-md-6 col-sm-6\" data-animationOffset=\"top-into-view\"><div class=\"counter-box-container\"><div class=\"content-box-percentage content-box-counter\"><i class=\"counter-box-icon fontawesome-icon fa fa-picture-o\" aria-hidden=\"true\"><\/i><span class=\"display-counter\" data-value=\"15\" data-direction=\"up\" data-decimals=\"0\">0<\/span><\/div><div class=\"counter-box-content\">Museos y galer\u00edas<\/div><\/div><\/div><\/div><div class=\"clearfix\"><\/div><div class=\"fusion-sep-clear\"><\/div><div class=\"fusion-separator fusion-full-width-sep\" style=\"margin-left: auto;margin-right: auto;margin-top:10px;margin-bottom:10px;width:100%;\"><\/div><div class=\"fusion-sep-clear\"><\/div><div class=\"fusion-counters-box counters-box row fusion-clearfix fusion-columns-2\" style=\"--awb-body-color:#8bc34a;--awb-body-size:18;--awb-border-color:#8bc34a;--awb-color:#8bc34a;--awb-title-size:30;--awb-icon-size:30;--awb-border-color:#8bc34a;\"><div class=\"fusion-counter-box fusion-column col-counter-box counter-box-wrapper col-lg-6 col-md-6 col-sm-6\" data-animationOffset=\"top-into-view\"><div class=\"counter-box-container\"><div class=\"content-box-percentage content-box-counter\"><i class=\"counter-box-icon fontawesome-icon fa-shopping-bag fas\" aria-hidden=\"true\"><\/i><span class=\"display-counter\" data-value=\"70\" data-direction=\"up\" data-decimals=\"0\">0<\/span><\/div><div class=\"counter-box-content\">Restaurantes y tiendas<\/div><\/div><\/div><div class=\"fusion-counter-box fusion-column col-counter-box counter-box-wrapper col-lg-6 col-md-6 col-sm-6\" data-animationOffset=\"top-into-view\"><div class=\"counter-box-container\"><div class=\"content-box-percentage content-box-counter\"><i class=\"counter-box-icon fontawesome-icon fa-tree fas\" aria-hidden=\"true\"><\/i><span class=\"display-counter\" data-value=\"8.170\" data-delimiter=\".\" data-direction=\"up\" data-decimals=\"3\">0<\/span><\/div><div class=\"counter-box-content\">Ha de Parque Natural<\/div><\/div><\/div><\/div><div class=\"clearfix\"><\/div><div class=\"fusion-clearfix\"><\/div><\/div><\/div><\/div><\/div><div class=\"fusion-fullwidth fullwidth-box fusion-builder-row-3 nonhundred-percent-fullwidth non-hundred-percent-height-scrolling fusion-equal-height-columns fusion-no-large-visibility\" style=\"--awb-border-radius-top-left:0px;--awb-border-radius-top-right:0px;--awb-border-radius-bottom-right:0px;--awb-border-radius-bottom-left:0px;--awb-padding-top:20px;--awb-padding-bottom:20px;--awb-flex-wrap:wrap;\" ><div class=\"fusion-builder-row fusion-row\"><div class=\"fusion-layout-column fusion_builder_column fusion-builder-column-4 fusion_builder_column_1_2 1_2 fusion-one-half fusion-column-first fusion-column-no-min-height\" style=\"--awb-bg-color:#ffffff;--awb-bg-color-hover:#ffffff;--awb-bg-size:cover;width:48%; margin-right: 4%;\"><div class=\"fusion-column-wrapper fusion-flex-column-wrapper-legacy\"><div class=\"fusion-column-content-centered\"><div class=\"fusion-column-content\"><div class=\"fusion-video fusion-youtube\" style=\"--awb-max-width:600px;--awb-max-height:360px;\"><div class=\"video-shortcode\"><div class=\"fluid-width-video-wrapper\" style=\"padding-top:60%;\" ><iframe class=\"fusion-hidden\" data-privacy-type=\"youtube\" src=\"\" title=\"YouTube video player 1\" data-privacy-src=\"https:\/\/www.youtube.com\/embed\/PQkRQmu5iO0?wmode=transparent&autoplay=0\" width=\"600\" height=\"360\" allowfullscreen allow=\"autoplay; clipboard-write; encrypted-media; gyroscope; picture-in-picture;\"><\/iframe><div class=\"fusion-privacy-placeholder\" style=\"width:600px; height:360px;\" data-privacy-type=\"youtube\"><div class=\"fusion-privacy-placeholder-content\"><div class=\"fusion-privacy-label\">Por razones de privacidad YouTube necesita tu permiso para cargarse.<\/div><button data-privacy-type=\"youtube\" class=\"fusion-button button-default fusion-button-default-size button fusion-privacy-consent\">I Accept<\/button><\/div><\/div><\/div><\/div><\/div><\/div><\/div><div class=\"fusion-clearfix\"><\/div><\/div><\/div><div class=\"fusion-layout-column fusion_builder_column fusion-builder-column-5 fusion_builder_column_1_2 1_2 fusion-one-half fusion-column-last\" style=\"--awb-padding-top:40px;--awb-padding-right:20px;--awb-padding-bottom:20px;--awb-padding-left:20px;--awb-bg-color:#ffffff;--awb-bg-color-hover:#ffffff;--awb-bg-size:cover;width:48%;\"><div class=\"fusion-column-wrapper fusion-flex-column-wrapper-legacy\"><div class=\"fusion-counters-box counters-box row fusion-clearfix fusion-columns-2\" style=\"--awb-body-color:#8bc34a;--awb-body-size:18;--awb-border-color:#8bc34a;--awb-color:#8bc34a;--awb-title-size:30;--awb-icon-size:30;--awb-border-color:#8bc34a;\"><div class=\"fusion-counter-box fusion-column col-counter-box counter-box-wrapper col-lg-6 col-md-6 col-sm-6\" data-animationOffset=\"top-into-view\"><div class=\"counter-box-container\"><div class=\"content-box-percentage content-box-counter\"><i class=\"counter-box-icon fontawesome-icon fa fa-users\" aria-hidden=\"true\"><\/i><span class=\"display-counter\" data-value=\"88.921\" data-delimiter=\".\" data-direction=\"up\" data-decimals=\"3\">0<\/span><\/div><div class=\"counter-box-content\">Habitants<\/div><\/div><\/div><div class=\"fusion-counter-box fusion-column col-counter-box counter-box-wrapper col-lg-6 col-md-6 col-sm-6\" data-animationOffset=\"top-into-view\"><div class=\"counter-box-container\"><div class=\"content-box-percentage content-box-counter\"><i class=\"counter-box-icon fontawesome-icon fa fa-picture-o\" aria-hidden=\"true\"><\/i><span class=\"display-counter\" data-value=\"15\" data-direction=\"up\" data-decimals=\"0\">0<\/span><\/div><div class=\"counter-box-content\">Museus i galeries<\/div><\/div><\/div><\/div><div class=\"clearfix\"><\/div><div class=\"fusion-sep-clear\"><\/div><div class=\"fusion-separator fusion-full-width-sep\" style=\"margin-left: auto;margin-right: auto;margin-top:10px;margin-bottom:10px;width:100%;\"><\/div><div class=\"fusion-sep-clear\"><\/div><div class=\"fusion-counters-box counters-box row fusion-clearfix fusion-columns-2\" style=\"--awb-body-color:#8bc34a;--awb-body-size:18;--awb-border-color:#8bc34a;--awb-color:#8bc34a;--awb-title-size:30;--awb-icon-size:30;--awb-border-color:#8bc34a;\"><div class=\"fusion-counter-box fusion-column col-counter-box counter-box-wrapper col-lg-6 col-md-6 col-sm-6\" data-animationOffset=\"top-into-view\"><div class=\"counter-box-container\"><div class=\"content-box-percentage content-box-counter\"><i class=\"counter-box-icon fontawesome-icon fa fa-cutlery\" aria-hidden=\"true\"><\/i><span class=\"display-counter\" data-value=\"70\" data-direction=\"up\" data-decimals=\"0\">0<\/span><\/div><div class=\"counter-box-content\">Restaurants i botigues<\/div><\/div><\/div><div class=\"fusion-counter-box fusion-column col-counter-box counter-box-wrapper col-lg-6 col-md-6 col-sm-6\" data-animationOffset=\"top-into-view\"><div class=\"counter-box-container\"><div class=\"content-box-percentage content-box-counter\"><i class=\"counter-box-icon fontawesome-icon fa fa-tree\" aria-hidden=\"true\"><\/i><span class=\"display-counter\" data-value=\"8.000\" data-delimiter=\".\" data-direction=\"up\" data-decimals=\"3\">0<\/span><\/div><div class=\"counter-box-content\">Ha de Parc Natural<\/div><\/div><\/div><\/div><div class=\"clearfix\"><\/div><div class=\"fusion-clearfix\"><\/div><\/div><\/div><\/div><\/div><div class=\"fusion-fullwidth fullwidth-box fusion-builder-row-4 nonhundred-percent-fullwidth non-hundred-percent-height-scrolling\" style=\"--awb-background-position:left top;--awb-background-repeat:repeat;--awb-border-sizes-top:0px;--awb-border-sizes-bottom:0px;--awb-border-sizes-left:0px;--awb-border-sizes-right:0px;--awb-border-radius-top-left:0px;--awb-border-radius-top-right:0px;--awb-border-radius-bottom-right:0px;--awb-border-radius-bottom-left:0px;--awb-padding-top:30px;--awb-padding-right:20px;--awb-padding-bottom:30px;--awb-padding-left:20px;--awb-background-color:#ffffff;--awb-flex-wrap:wrap;\" ><div class=\"fusion-builder-row fusion-row\"><div class=\"fusion-layout-column fusion_builder_column fusion-builder-column-6 fusion_builder_column_1_1 1_1 fusion-one-full fusion-column-first fusion-column-last fusion-column-no-min-height\" style=\"--awb-bg-size:cover;\"><div class=\"fusion-column-wrapper fusion-flex-column-wrapper-legacy\"><div class=\"fusion-title title fusion-title-2 fusion-sep-none fusion-title-center fusion-title-text fusion-title-size-two\"><h2 class=\"fusion-title-heading title-heading-center fusion-responsive-typography-calculated\" style=\"margin:0;--fontSize:26;line-height:1.69;\"><p style=\"text-align: center;\">DESCUBRE SANT CUGAT EN\u2026<\/p><\/h2><\/div><div class=\"fusion-sep-clear\"><\/div><div class=\"fusion-separator\" style=\"margin-left: auto;margin-right: auto;margin-top:20px;margin-bottom:20px;width:100%;max-width:350px;\"><\/div><div class=\"fusion-sep-clear\"><\/div><div class=\"fusion-clearfix\"><\/div><\/div><\/div><div class=\"fusion-layout-column fusion_builder_column fusion-builder-column-7 fusion_builder_column_1_3 1_3 fusion-one-third fusion-column-first\" style=\"--awb-bg-size:cover;width:30.6666%; margin-right: 4%;\"><div class=\"fusion-column-wrapper fusion-flex-column-wrapper-legacy\"><div class=\"fusion-counters-circle counters-circle\" data-animationOffset=\"top-into-view\"><div class=\"counter-circle-wrapper\" style=\"--awb-font-size:45.454545454545px;--awb-size:200px;\" data-originalsize=\"200\"><div class=\"fusion-counter-circle counter-circle counter-circle-content\" data-percent=\"30\" data-countdown=\"\" data-filledcolor=\"rgba(139,195,74,1)\" data-unfilledcolor=\"rgba(0,0,0,.05)\" data-scale=\"\" data-size=\"200\" data-speed=\"1500\" data-strokesize=\"10\"><div class=\"fusion-counter-circle-content-inner\"><div class=\"fusion-fa-align-center\"><i class=\"fb-icon-element-1 fb-icon-element fontawesome-icon fa fa-clock-o circle-no\" style=\"--awb-iconcolor:#8bc34a;--awb-iconcolor-hover:#8bc34a;--awb-font-size:40px;\"><\/i><\/div><\/div><\/div><\/div><\/div><div class=\"fusion-text fusion-text-2\"><h3 style=\"text-align: center;\">Unas horas<\/h3>\n<\/div><div class=\"fusion-sep-clear\"><\/div><div class=\"fusion-separator\" style=\"margin-left: auto;margin-right: auto;margin-top:5px;margin-bottom:25px;width:100%;max-width:120px;\"><div class=\"fusion-separator-border sep-single sep-solid\" style=\"--awb-height:20px;--awb-amount:20px;--awb-sep-color:rgba(0,0,0,.3);border-color:rgba(000,000,000,.3);border-top-width:0px;\"><\/div><\/div><div class=\"fusion-sep-clear\"><\/div><div class=\"fusion-text fusion-text-3\"><p style=\"text-align: center;\">No puedes irte de la ciudad sin disfrutar del conjunto mon\u00e1stico y contemplar el mejor claustro de Europa.<\/p>\n<div class=\"fusion-sep-clear\"><\/div><div class=\"fusion-separator fusion-full-width-sep\" style=\"margin-left: auto;margin-right: auto;margin-top:11px;margin-bottom:11px;width:100%;\"><\/div><div class=\"fusion-sep-clear\"><\/div>\n<\/div><div class=\"fusion-aligncenter\"><a class=\"fusion-button button-flat button-small button-default fusion-button-default button-1 fusion-button-span-no fusion-button-default-type\" target=\"_self\" href=\"https:\/\/visit.santcugat.cat\/es\/unas-horas-en-sant-cugat\/\"><span class=\"fusion-button-text awb-button__text awb-button__text--default fusion-button-text-right\">VER PROPUESTA<\/span><span class=\"fusion-button-icon-divider button-icon-divider-right\"><i class=\" fa fa-chevron-right awb-button__icon awb-button__icon--default\" aria-hidden=\"true\"><\/i><\/span><\/a><\/div><div class=\"fusion-sep-clear\"><\/div><div class=\"fusion-separator fusion-full-width-sep\" style=\"margin-left: auto;margin-right: auto;margin-top:15px;margin-bottom:15px;width:100%;\"><\/div><div class=\"fusion-sep-clear\"><\/div><div class=\"fusion-clearfix\"><\/div><\/div><\/div><div class=\"fusion-layout-column fusion_builder_column fusion-builder-column-8 fusion_builder_column_1_3 1_3 fusion-one-third\" style=\"--awb-bg-size:cover;width:30.6666%; margin-right: 4%;\"><div class=\"fusion-column-wrapper fusion-flex-column-wrapper-legacy\"><div class=\"fusion-counters-circle counters-circle\" data-animationOffset=\"top-into-view\"><div class=\"counter-circle-wrapper\" style=\"--awb-font-size:45.454545454545px;--awb-size:200px;\" data-originalsize=\"200\"><div class=\"fusion-counter-circle counter-circle counter-circle-content\" data-percent=\"50\" data-countdown=\"\" data-filledcolor=\"rgba(139,195,74,1)\" data-unfilledcolor=\"rgba(0,0,0,.05)\" data-scale=\"\" data-size=\"200\" data-speed=\"2500\" data-strokesize=\"10\"><div class=\"fusion-counter-circle-content-inner\"><div class=\"fusion-fa-align-center\"><i class=\"fb-icon-element-2 fb-icon-element fontawesome-icon fa fa-clock-o circle-no\" style=\"--awb-iconcolor:#8bc34a;--awb-iconcolor-hover:#8bc34a;--awb-font-size:40px;\"><\/i><\/div><\/div><\/div><\/div><\/div><div class=\"fusion-text fusion-text-4\"><h3 style=\"text-align: center;\">1 d\u00eda<\/h3>\n<\/div><div class=\"fusion-sep-clear\"><\/div><div class=\"fusion-separator\" style=\"margin-left: auto;margin-right: auto;margin-top:5px;margin-bottom:25px;width:100%;max-width:120px;\"><div class=\"fusion-separator-border sep-single sep-solid\" style=\"--awb-height:20px;--awb-amount:20px;--awb-sep-color:rgba(0,0,0,.3);border-color:rgba(000,000,000,.3);border-top-width:0px;\"><\/div><\/div><div class=\"fusion-sep-clear\"><\/div><div class=\"fusion-text fusion-text-5\"><p style=\"text-align: center;\">Te hemos preparado un d\u00eda intenso, una combinaci\u00f3n perfecta de cultura, naturaleza, gastronom\u00eda y compras. \u00a1Un d\u00eda totalmente aprovechado!<\/p>\n<\/div><div class=\"fusion-aligncenter\"><a class=\"fusion-button button-flat fusion-button-default-size button-default fusion-button-default button-2 fusion-button-span-no fusion-button-default-type\" target=\"_self\" href=\"https:\/\/visit.santcugat.cat\/es\/1-dia-en-sant-cugat\/\"><span class=\"fusion-button-text awb-button__text awb-button__text--default fusion-button-text-right\">VER PROPUESTA<\/span><span class=\"fusion-button-icon-divider button-icon-divider-right\"><i class=\" fa fa-chevron-right awb-button__icon awb-button__icon--default\" aria-hidden=\"true\"><\/i><\/span><\/a><\/div><div class=\"fusion-sep-clear\"><\/div><div class=\"fusion-separator fusion-full-width-sep\" style=\"margin-left: auto;margin-right: auto;margin-top:15px;margin-bottom:15px;width:100%;\"><\/div><div class=\"fusion-sep-clear\"><\/div><div class=\"fusion-clearfix\"><\/div><\/div><\/div><div class=\"fusion-layout-column fusion_builder_column fusion-builder-column-9 fusion_builder_column_1_3 1_3 fusion-one-third fusion-column-last\" style=\"--awb-bg-size:cover;width:30.6666%;\"><div class=\"fusion-column-wrapper fusion-flex-column-wrapper-legacy\"><div class=\"fusion-counters-circle counters-circle\" data-animationOffset=\"top-into-view\"><div class=\"counter-circle-wrapper\" style=\"--awb-font-size:45.454545454545px;--awb-size:200px;\" data-originalsize=\"200\"><div class=\"fusion-counter-circle counter-circle counter-circle-content\" data-percent=\"100\" data-countdown=\"\" data-filledcolor=\"rgba(139,195,74,1)\" data-unfilledcolor=\"rgba(0,0,0,.05)\" data-scale=\"\" data-size=\"200\" data-speed=\"3500\" data-strokesize=\"10\"><div class=\"fusion-counter-circle-content-inner\"><div class=\"fusion-fa-align-center\"><i class=\"fb-icon-element-3 fb-icon-element fontawesome-icon fa fa-calendar-check-o circle-no\" style=\"--awb-iconcolor:#8bc34a;--awb-iconcolor-hover:#8bc34a;--awb-font-size:40px;\"><\/i><\/div><\/div><\/div><\/div><\/div><div class=\"fusion-text fusion-text-6\"><h3 style=\"text-align: center;\">2 d\u00edas<\/h3>\n<\/div><div class=\"fusion-sep-clear\"><\/div><div class=\"fusion-separator\" style=\"margin-left: auto;margin-right: auto;margin-top:5px;margin-bottom:25px;width:100%;max-width:120px;\"><div class=\"fusion-separator-border sep-single sep-solid\" style=\"--awb-height:20px;--awb-amount:20px;--awb-sep-color:rgba(0,0,0,.3);border-color:rgba(000,000,000,.3);border-top-width:0px;\"><\/div><\/div><div class=\"fusion-sep-clear\"><\/div><div class=\"fusion-text fusion-text-7\"><p style=\"text-align: center;\">Te proponemos un primer d\u00eda de cultura, compras y gastronom\u00eda, y un segundo d\u00eda de deportes en plena naturaleza, tu eliges: bicicleta, caballo o golf.<\/p>\n<\/div><div class=\"fusion-aligncenter\"><a class=\"fusion-button button-flat button-small button-default fusion-button-default button-3 fusion-button-span-no fusion-button-default-type\" target=\"_self\" href=\"https:\/\/visit.santcugat.cat\/es\/2-dias-en-sant-cugat\/\"><span class=\"fusion-button-text awb-button__text awb-button__text--default fusion-button-text-right\">VER PROPUESTA<\/span><span class=\"fusion-button-icon-divider button-icon-divider-right\"><i class=\" fa fa-chevron-right awb-button__icon awb-button__icon--default\" aria-hidden=\"true\"><\/i><\/span><\/a><\/div><div class=\"fusion-clearfix\"><\/div><\/div><\/div><\/div><\/div><div class=\"fusion-fullwidth fullwidth-box fusion-builder-row-5 fusion-flex-container nonhundred-percent-fullwidth non-hundred-percent-height-scrolling\" style=\"--awb-border-radius-top-left:0px;--awb-border-radius-top-right:0px;--awb-border-radius-bottom-right:0px;--awb-border-radius-bottom-left:0px;--awb-flex-wrap:wrap;\" ><div class=\"fusion-builder-row fusion-row fusion-flex-align-items-flex-start fusion-flex-content-wrap\" style=\"max-width:1216.8px;margin-left: calc(-4% \/ 2 );margin-right: calc(-4% \/ 2 );\"><div class=\"fusion-layout-column fusion_builder_column fusion-builder-column-10 fusion_builder_column_1_1 1_1 fusion-flex-column\" style=\"--awb-bg-size:cover;--awb-width-large:100%;--awb-margin-top-large:0px;--awb-spacing-right-large:1.92%;--awb-margin-bottom-large:0px;--awb-spacing-left-large:1.92%;--awb-width-medium:100%;--awb-order-medium:0;--awb-spacing-right-medium:1.92%;--awb-spacing-left-medium:1.92%;--awb-width-small:100%;--awb-order-small:0;--awb-spacing-right-small:1.92%;--awb-spacing-left-small:1.92%;\"><div class=\"fusion-column-wrapper fusion-column-has-shadow fusion-flex-justify-content-flex-start fusion-content-layout-column\"><\/div><\/div><\/div><\/div><div class=\"fusion-fullwidth fullwidth-box fusion-builder-row-6 nonhundred-percent-fullwidth non-hundred-percent-height-scrolling\" style=\"--awb-background-position:left top;--awb-background-repeat:repeat;--awb-border-sizes-top:0px;--awb-border-sizes-bottom:0px;--awb-border-sizes-left:0px;--awb-border-sizes-right:0px;--awb-border-radius-top-left:0px;--awb-border-radius-top-right:0px;--awb-border-radius-bottom-right:0px;--awb-border-radius-bottom-left:0px;--awb-padding-top:30px;--awb-padding-right:20px;--awb-padding-bottom:30px;--awb-padding-left:20px;--awb-background-color:#ffffff;--awb-flex-wrap:wrap;\" ><div class=\"fusion-builder-row fusion-row\"><div class=\"fusion-layout-column fusion_builder_column fusion-builder-column-11 fusion_builder_column_1_1 1_1 fusion-one-full fusion-column-first fusion-column-last fusion-column-no-min-height\" style=\"--awb-bg-size:cover;\"><div class=\"fusion-column-wrapper fusion-flex-column-wrapper-legacy\"><div class=\"fusion-title title fusion-title-3 fusion-sep-none fusion-title-center fusion-title-text fusion-title-size-two\"><h2 class=\"fusion-title-heading title-heading-center fusion-responsive-typography-calculated\" style=\"margin:0;--fontSize:26;line-height:1.69;\"><p style=\"text-align: center;\">SANT CUGAT SOSTENIBLE<\/p><\/h2><\/div><div class=\"fusion-clearfix\"><\/div><\/div><\/div><div class=\"fusion-layout-column fusion_builder_column fusion-builder-column-12 fusion_builder_column_1_2 1_2 fusion-one-half fusion-column-first\" style=\"--awb-padding-top:20px;--awb-padding-right:40px;--awb-padding-bottom:20px;--awb-padding-left:40px;--awb-bg-size:cover;width:48%; margin-right: 4%;\"><div class=\"fusion-column-wrapper fusion-column-has-shadow fusion-flex-column-wrapper-legacy\"><div class=\"fusion-text fusion-text-8\"><p>Si quieres ser un viajero responsable, desc\u00e1rgate el PDF adjunto con los nueve consejos para pensar y actuar de forma sostenible.<\/p>\n<p>Disfruta de Sant Cugat, la ciudad verde por excelencia, prueba su gastronom\u00eda y descubre su comercio, dejando el m\u00ednimo rastro por sus calles y espacios verdes.<\/p>\n<\/div><div class=\"fusion-alignleft\"><a class=\"fusion-button button-flat button-small button-default fusion-button-default button-4 fusion-button-span-no fusion-button-default-type\" target=\"_self\" title=\"Consejos del viajero responsable\" aria-label=\"Consejos del viajero responsable\" href=\"https:\/\/visit.santcugat.cat\/wp-content\/uploads\/2022\/03\/Sant-Cugat-Sostenible.pdf\"><span class=\"fusion-button-text awb-button__text awb-button__text--default fusion-button-text-right\">CONSEJOS DEL VIAJERO RESPONSABLE<\/span><span class=\"fusion-button-icon-divider button-icon-divider-right\"><i class=\"fa-chevron-right fas awb-button__icon awb-button__icon--default\" aria-hidden=\"true\"><\/i><\/span><\/a><\/div><div class=\"fusion-clearfix\"><\/div><\/div><\/div><div class=\"fusion-layout-column fusion_builder_column fusion-builder-column-13 fusion_builder_column_1_2 1_2 fusion-one-half fusion-column-last\" style=\"--awb-bg-size:cover;width:48%;\"><div class=\"fusion-column-wrapper fusion-flex-column-wrapper-legacy\"><div class=\"fusion-text fusion-text-9\" style=\"--awb-text-transform:none;\"><p><a href=\"https:\/\/visit.santcugat.cat\/wp-content\/uploads\/2021\/12\/bicicleta.jpg\"><img decoding=\"async\" class=\"aligncenter wp-image-28490\" title=\"Sant Cugat Sostenible\" src=\"https:\/\/visit.santcugat.cat\/wp-content\/uploads\/2021\/12\/bicicleta.jpg\" alt=\"movilidad sostenible en bicicleta\" width=\"378\" height=\"325\" srcset=\"https:\/\/visit.santcugat.cat\/wp-content\/uploads\/2021\/12\/bicicleta-200x171.jpg 200w, https:\/\/visit.santcugat.cat\/wp-content\/uploads\/2021\/12\/bicicleta-300x257.jpg 300w, https:\/\/visit.santcugat.cat\/wp-content\/uploads\/2021\/12\/bicicleta-500x428.jpg 500w, https:\/\/visit.santcugat.cat\/wp-content\/uploads\/2021\/12\/bicicleta.jpg 697w\" sizes=\"(max-width: 378px) 100vw, 378px\" \/><\/a><\/p>\n<\/div><div class=\"fusion-clearfix\"><\/div><\/div><\/div><\/div><\/div><\/p>\n","protected":false},"excerpt":{"rendered":"","protected":false},"author":2,"featured_media":0,"parent":0,"menu_order":1,"comment_status":"closed","ping_status":"closed","template":"","meta":{"_joinchat":[],"footnotes":""},"class_list":["post-6635","page","type-page","status-publish","hentry"],"yoast_head":"<!-- This site is optimized with the Yoast SEO plugin v27.4 - https:\/\/yoast.com\/product\/yoast-seo-wordpress\/ -->\n<title>Visita la ciudad de Sant Cugat, al lado de Barcelona<\/title>\n<meta name=\"description\" content=\"Si vienes del centro de Barcelona, al cabo de 20 minutos ya estar\u00e1s en Sant Cugat, donde la gente passea tranquil\u00b7la y sin aglomeracions. Desc\u00fabrela\" \/>\n<meta name=\"robots\" content=\"index, follow, max-snippet:-1, max-image-preview:large, max-video-preview:-1\" \/>\n<link rel=\"canonical\" href=\"https:\/\/visit.santcugat.cat\/es\/la-ciudad-de-sant-cugat\/\" \/>\n<meta property=\"og:locale\" content=\"es_ES\" \/>\n<meta property=\"og:type\" content=\"article\" \/>\n<meta property=\"og:title\" content=\"Visita la ciudad de Sant Cugat, al lado de Barcelona\" \/>\n<meta property=\"og:description\" content=\"Si vienes del centro de Barcelona, al cabo de 20 minutos ya estar\u00e1s en Sant Cugat, donde la gente passea tranquil\u00b7la y sin aglomeracions. Desc\u00fabrela\" \/>\n<meta property=\"og:url\" content=\"https:\/\/visit.santcugat.cat\/es\/la-ciudad-de-sant-cugat\/\" \/>\n<meta property=\"og:site_name\" content=\"Visit Sant Cugat\" \/>\n<meta property=\"article:publisher\" content=\"https:\/\/www.facebook.com\/visitsantcugat\/\" \/>\n<meta property=\"article:modified_time\" content=\"2025-01-29T09:41:57+00:00\" \/>\n<meta property=\"og:image\" content=\"https:\/\/visit.santcugat.cat\/wp-content\/uploads\/2021\/12\/bicicleta.jpg\" \/>\n<meta name=\"twitter:card\" content=\"summary_large_image\" \/>\n<meta name=\"twitter:site\" content=\"@ajsantcugat\" \/>\n<meta name=\"twitter:label1\" content=\"Tiempo de lectura\" \/>\n\t<meta name=\"twitter:data1\" content=\"3 minutos\" \/>\n<script type=\"application\/ld+json\" class=\"yoast-schema-graph\">{\"@context\":\"https:\\\/\\\/schema.org\",\"@graph\":[{\"@type\":\"WebPage\",\"@id\":\"https:\\\/\\\/visit.santcugat.cat\\\/es\\\/la-ciudad-de-sant-cugat\\\/\",\"url\":\"https:\\\/\\\/visit.santcugat.cat\\\/es\\\/la-ciudad-de-sant-cugat\\\/\",\"name\":\"Visita la ciudad de Sant Cugat, al lado de Barcelona\",\"isPartOf\":{\"@id\":\"https:\\\/\\\/visit.santcugat.cat\\\/fr\\\/#website\"},\"primaryImageOfPage\":{\"@id\":\"https:\\\/\\\/visit.santcugat.cat\\\/es\\\/la-ciudad-de-sant-cugat\\\/#primaryimage\"},\"image\":{\"@id\":\"https:\\\/\\\/visit.santcugat.cat\\\/es\\\/la-ciudad-de-sant-cugat\\\/#primaryimage\"},\"thumbnailUrl\":\"https:\\\/\\\/visit.santcugat.cat\\\/wp-content\\\/uploads\\\/2021\\\/12\\\/bicicleta.jpg\",\"datePublished\":\"2016-11-30T17:04:20+00:00\",\"dateModified\":\"2025-01-29T09:41:57+00:00\",\"description\":\"Si vienes del centro de Barcelona, al cabo de 20 minutos ya estar\u00e1s en Sant Cugat, donde la gente passea tranquil\u00b7la y sin aglomeracions. Desc\u00fabrela\",\"breadcrumb\":{\"@id\":\"https:\\\/\\\/visit.santcugat.cat\\\/es\\\/la-ciudad-de-sant-cugat\\\/#breadcrumb\"},\"inLanguage\":\"es\",\"potentialAction\":[{\"@type\":\"ReadAction\",\"target\":[\"https:\\\/\\\/visit.santcugat.cat\\\/es\\\/la-ciudad-de-sant-cugat\\\/\"]}]},{\"@type\":\"ImageObject\",\"inLanguage\":\"es\",\"@id\":\"https:\\\/\\\/visit.santcugat.cat\\\/es\\\/la-ciudad-de-sant-cugat\\\/#primaryimage\",\"url\":\"https:\\\/\\\/visit.santcugat.cat\\\/wp-content\\\/uploads\\\/2021\\\/12\\\/bicicleta.jpg\",\"contentUrl\":\"https:\\\/\\\/visit.santcugat.cat\\\/wp-content\\\/uploads\\\/2021\\\/12\\\/bicicleta.jpg\"},{\"@type\":\"BreadcrumbList\",\"@id\":\"https:\\\/\\\/visit.santcugat.cat\\\/es\\\/la-ciudad-de-sant-cugat\\\/#breadcrumb\",\"itemListElement\":[{\"@type\":\"ListItem\",\"position\":1,\"name\":\"Inici\",\"item\":\"https:\\\/\\\/visit.santcugat.cat\\\/es\\\/\"},{\"@type\":\"ListItem\",\"position\":2,\"name\":\"La ciudad\"}]},{\"@type\":\"WebSite\",\"@id\":\"https:\\\/\\\/visit.santcugat.cat\\\/fr\\\/#website\",\"url\":\"https:\\\/\\\/visit.santcugat.cat\\\/fr\\\/\",\"name\":\"Visit Sant Cugat\",\"description\":\"Turisme de Sant Cugat\",\"publisher\":{\"@id\":\"https:\\\/\\\/visit.santcugat.cat\\\/fr\\\/#organization\"},\"potentialAction\":[{\"@type\":\"SearchAction\",\"target\":{\"@type\":\"EntryPoint\",\"urlTemplate\":\"https:\\\/\\\/visit.santcugat.cat\\\/fr\\\/?s={search_term_string}\"},\"query-input\":{\"@type\":\"PropertyValueSpecification\",\"valueRequired\":true,\"valueName\":\"search_term_string\"}}],\"inLanguage\":\"es\"},{\"@type\":\"Organization\",\"@id\":\"https:\\\/\\\/visit.santcugat.cat\\\/fr\\\/#organization\",\"name\":\"Visit Sant Cugat - Turisme de Sant Cugat - Barcelona\",\"url\":\"https:\\\/\\\/visit.santcugat.cat\\\/fr\\\/\",\"logo\":{\"@type\":\"ImageObject\",\"inLanguage\":\"es\",\"@id\":\"https:\\\/\\\/visit.santcugat.cat\\\/fr\\\/#\\\/schema\\\/logo\\\/image\\\/\",\"url\":\"https:\\\/\\\/visit.santcugat.cat\\\/wp-content\\\/uploads\\\/2020\\\/09\\\/logo.png\",\"contentUrl\":\"https:\\\/\\\/visit.santcugat.cat\\\/wp-content\\\/uploads\\\/2020\\\/09\\\/logo.png\",\"width\":200,\"height\":44,\"caption\":\"Visit Sant Cugat - Turisme de Sant Cugat - Barcelona\"},\"image\":{\"@id\":\"https:\\\/\\\/visit.santcugat.cat\\\/fr\\\/#\\\/schema\\\/logo\\\/image\\\/\"},\"sameAs\":[\"https:\\\/\\\/www.facebook.com\\\/visitsantcugat\\\/\",\"https:\\\/\\\/x.com\\\/ajsantcugat\",\"https:\\\/\\\/www.instagram.com\\\/visitsantcugat\\\/\",\"https:\\\/\\\/ca.wikipedia.org\\\/wiki\\\/Sant_Cugat_del_Vall\u00e8s\"]}]}<\/script>\n<!-- \/ Yoast SEO plugin. -->","yoast_head_json":{"title":"Visita la ciudad de Sant Cugat, al lado de Barcelona","description":"Si vienes del centro de Barcelona, al cabo de 20 minutos ya estar\u00e1s en Sant Cugat, donde la gente passea tranquil\u00b7la y sin aglomeracions. Desc\u00fabrela","robots":{"index":"index","follow":"follow","max-snippet":"max-snippet:-1","max-image-preview":"max-image-preview:large","max-video-preview":"max-video-preview:-1"},"canonical":"https:\/\/visit.santcugat.cat\/es\/la-ciudad-de-sant-cugat\/","og_locale":"es_ES","og_type":"article","og_title":"Visita la ciudad de Sant Cugat, al lado de Barcelona","og_description":"Si vienes del centro de Barcelona, al cabo de 20 minutos ya estar\u00e1s en Sant Cugat, donde la gente passea tranquil\u00b7la y sin aglomeracions. Desc\u00fabrela","og_url":"https:\/\/visit.santcugat.cat\/es\/la-ciudad-de-sant-cugat\/","og_site_name":"Visit Sant Cugat","article_publisher":"https:\/\/www.facebook.com\/visitsantcugat\/","article_modified_time":"2025-01-29T09:41:57+00:00","og_image":[{"url":"https:\/\/visit.santcugat.cat\/wp-content\/uploads\/2021\/12\/bicicleta.jpg","type":"","width":"","height":""}],"twitter_card":"summary_large_image","twitter_site":"@ajsantcugat","twitter_misc":{"Tiempo de lectura":"3 minutos"},"schema":{"@context":"https:\/\/schema.org","@graph":[{"@type":"WebPage","@id":"https:\/\/visit.santcugat.cat\/es\/la-ciudad-de-sant-cugat\/","url":"https:\/\/visit.santcugat.cat\/es\/la-ciudad-de-sant-cugat\/","name":"Visita la ciudad de Sant Cugat, al lado de Barcelona","isPartOf":{"@id":"https:\/\/visit.santcugat.cat\/fr\/#website"},"primaryImageOfPage":{"@id":"https:\/\/visit.santcugat.cat\/es\/la-ciudad-de-sant-cugat\/#primaryimage"},"image":{"@id":"https:\/\/visit.santcugat.cat\/es\/la-ciudad-de-sant-cugat\/#primaryimage"},"thumbnailUrl":"https:\/\/visit.santcugat.cat\/wp-content\/uploads\/2021\/12\/bicicleta.jpg","datePublished":"2016-11-30T17:04:20+00:00","dateModified":"2025-01-29T09:41:57+00:00","description":"Si vienes del centro de Barcelona, al cabo de 20 minutos ya estar\u00e1s en Sant Cugat, donde la gente passea tranquil\u00b7la y sin aglomeracions. Desc\u00fabrela","breadcrumb":{"@id":"https:\/\/visit.santcugat.cat\/es\/la-ciudad-de-sant-cugat\/#breadcrumb"},"inLanguage":"es","potentialAction":[{"@type":"ReadAction","target":["https:\/\/visit.santcugat.cat\/es\/la-ciudad-de-sant-cugat\/"]}]},{"@type":"ImageObject","inLanguage":"es","@id":"https:\/\/visit.santcugat.cat\/es\/la-ciudad-de-sant-cugat\/#primaryimage","url":"https:\/\/visit.santcugat.cat\/wp-content\/uploads\/2021\/12\/bicicleta.jpg","contentUrl":"https:\/\/visit.santcugat.cat\/wp-content\/uploads\/2021\/12\/bicicleta.jpg"},{"@type":"BreadcrumbList","@id":"https:\/\/visit.santcugat.cat\/es\/la-ciudad-de-sant-cugat\/#breadcrumb","itemListElement":[{"@type":"ListItem","position":1,"name":"Inici","item":"https:\/\/visit.santcugat.cat\/es\/"},{"@type":"ListItem","position":2,"name":"La ciudad"}]},{"@type":"WebSite","@id":"https:\/\/visit.santcugat.cat\/fr\/#website","url":"https:\/\/visit.santcugat.cat\/fr\/","name":"Visit Sant Cugat","description":"Turisme de Sant Cugat","publisher":{"@id":"https:\/\/visit.santcugat.cat\/fr\/#organization"},"potentialAction":[{"@type":"SearchAction","target":{"@type":"EntryPoint","urlTemplate":"https:\/\/visit.santcugat.cat\/fr\/?s={search_term_string}"},"query-input":{"@type":"PropertyValueSpecification","valueRequired":true,"valueName":"search_term_string"}}],"inLanguage":"es"},{"@type":"Organization","@id":"https:\/\/visit.santcugat.cat\/fr\/#organization","name":"Visit Sant Cugat - Turisme de Sant Cugat - Barcelona","url":"https:\/\/visit.santcugat.cat\/fr\/","logo":{"@type":"ImageObject","inLanguage":"es","@id":"https:\/\/visit.santcugat.cat\/fr\/#\/schema\/logo\/image\/","url":"https:\/\/visit.santcugat.cat\/wp-content\/uploads\/2020\/09\/logo.png","contentUrl":"https:\/\/visit.santcugat.cat\/wp-content\/uploads\/2020\/09\/logo.png","width":200,"height":44,"caption":"Visit Sant Cugat - Turisme de Sant Cugat - Barcelona"},"image":{"@id":"https:\/\/visit.santcugat.cat\/fr\/#\/schema\/logo\/image\/"},"sameAs":["https:\/\/www.facebook.com\/visitsantcugat\/","https:\/\/x.com\/ajsantcugat","https:\/\/www.instagram.com\/visitsantcugat\/","https:\/\/ca.wikipedia.org\/wiki\/Sant_Cugat_del_Vall\u00e8s"]}]}},"_links":{"self":[{"href":"https:\/\/visit.santcugat.cat\/es\/wp-json\/wp\/v2\/pages\/6635","targetHints":{"allow":["GET"]}}],"collection":[{"href":"https:\/\/visit.santcugat.cat\/es\/wp-json\/wp\/v2\/pages"}],"about":[{"href":"https:\/\/visit.santcugat.cat\/es\/wp-json\/wp\/v2\/types\/page"}],"author":[{"embeddable":true,"href":"https:\/\/visit.santcugat.cat\/es\/wp-json\/wp\/v2\/users\/2"}],"replies":[{"embeddable":true,"href":"https:\/\/visit.santcugat.cat\/es\/wp-json\/wp\/v2\/comments?post=6635"}],"version-history":[{"count":5,"href":"https:\/\/visit.santcugat.cat\/es\/wp-json\/wp\/v2\/pages\/6635\/revisions"}],"predecessor-version":[{"id":42469,"href":"https:\/\/visit.santcugat.cat\/es\/wp-json\/wp\/v2\/pages\/6635\/revisions\/42469"}],"wp:attachment":[{"href":"https:\/\/visit.santcugat.cat\/es\/wp-json\/wp\/v2\/media?parent=6635"}],"curies":[{"name":"wp","href":"https:\/\/api.w.org\/{rel}","templated":true}]}}