{"id":49152,"date":"2026-04-22T10:46:34","date_gmt":"2026-04-22T08:46:34","guid":{"rendered":"https:\/\/visit.santcugat.cat\/espacios-mas-naturales\/"},"modified":"2026-04-29T10:16:41","modified_gmt":"2026-04-29T08:16:41","slug":"espacios-mas-naturales","status":"publish","type":"page","link":"https:\/\/visit.santcugat.cat\/es\/espacios-mas-naturales\/","title":{"rendered":"Espacios m\u00e1s naturales"},"content":{"rendered":"<p><div class=\"fusion-fullwidth fullwidth-box fusion-builder-row-1 fusion-flex-container nonhundred-percent-fullwidth non-hundred-percent-height-scrolling\" style=\"--awb-border-radius-top-left:0px;--awb-border-radius-top-right:0px;--awb-border-radius-bottom-right:0px;--awb-border-radius-bottom-left:0px;--awb-margin-bottom:15px;--awb-flex-wrap:wrap;\" ><div class=\"fusion-builder-row fusion-row fusion-flex-align-items-flex-start fusion-flex-content-wrap\" style=\"max-width:1216.8px;margin-left: calc(-4% \/ 2 );margin-right: calc(-4% \/ 2 );\"><div class=\"fusion-layout-column fusion_builder_column fusion-builder-column-0 fusion_builder_column_1_1 1_1 fusion-flex-column\" style=\"--awb-padding-top:20px;--awb-padding-right:40px;--awb-padding-bottom:10px;--awb-padding-left:40px;--awb-bg-color:#ffffff;--awb-bg-color-hover:#ffffff;--awb-bg-size:cover;--awb-border-color:#dddddd;--awb-border-top:1px;--awb-border-right:1px;--awb-border-bottom:1px;--awb-border-left:1px;--awb-border-style:solid;--awb-width-large:100%;--awb-margin-top-large:0px;--awb-spacing-right-large:1.92%;--awb-margin-bottom-large:25px;--awb-spacing-left-large:1.92%;--awb-width-medium:100%;--awb-spacing-right-medium:1.92%;--awb-spacing-left-medium:1.92%;--awb-width-small:100%;--awb-spacing-right-small:1.92%;--awb-spacing-left-small:1.92%;\"><div class=\"fusion-column-wrapper fusion-flex-justify-content-center fusion-content-layout-column\"><div class=\"fusion-text fusion-text-1\"><h2 class=\"fusion-responsive-typography-calculated\" style=\"--fontsize: 26; line-height: 1.69; --fontSize: 26;\" data-fontsize=\"26\" data-lineheight=\"43.94px\">Espacios m\u00e1s naturales. 1a edici\u00f3n<br \/>Conoce de cerca los parques y jardines de Sant Cugat<\/h2>\n<p>Los d\u00edas 16 y 17 de mayo, Sant<span style=\"font-weight: 400;\"> Cugat acoge unas <\/span><b>Jornadas de Naturaleza<\/b><span style=\"font-weight: 400;\"> pensadas para <\/span><b>poner en valor el entorno natural del municipio y fomentar su conocimiento y preservaci\u00f3n<\/b><span style=\"font-weight: 400;\">. El programa incluye actividades divulgativas, paseos con gu\u00eda y propuestas familiares para descubrir la riqueza paisaj\u00edstica y la biodiversidad del territorio. Una oportunidad para reconectar con la naturaleza y promover h\u00e1bitos sostenibles en un entorno privilegiado. <\/span><\/p>\n<p><b>Todas las actividades son gratuitas con inscripci\u00f3n previa<\/b>.<\/p>\n<\/div><\/div><\/div><\/div><\/div><div class=\"fusion-fullwidth fullwidth-box fusion-builder-row-2 fusion-flex-container has-pattern-background has-mask-background nonhundred-percent-fullwidth non-hundred-percent-height-scrolling\" style=\"--awb-border-radius-top-left:0px;--awb-border-radius-top-right:0px;--awb-border-radius-bottom-right:0px;--awb-border-radius-bottom-left:0px;--awb-flex-wrap:wrap;\" id=\"custom_improved_grid\" ><div class=\"fusion-builder-row fusion-row fusion-flex-align-items-flex-start fusion-flex-content-wrap\" style=\"max-width:1216.8px;margin-left: calc(-4% \/ 2 );margin-right: calc(-4% \/ 2 );\"><div class=\"fusion-layout-column fusion_builder_column fusion-builder-column-1 fusion_builder_column_1_1 1_1 fusion-flex-column\" style=\"--awb-bg-size:cover;--awb-width-large:100%;--awb-margin-top-large:0px;--awb-spacing-right-large:1.92%;--awb-margin-bottom-large:0px;--awb-spacing-left-large:1.92%;--awb-width-medium:100%;--awb-order-medium:0;--awb-spacing-right-medium:1.92%;--awb-spacing-left-medium:1.92%;--awb-width-small:100%;--awb-order-small:0;--awb-spacing-right-small:1.92%;--awb-spacing-left-small:1.92%;\"><div class=\"fusion-column-wrapper fusion-column-has-shadow fusion-flex-justify-content-flex-start fusion-content-layout-column\"><div class=\"fusion-text fusion-text-2\"><h3 class=\"fusion-responsive-typography-calculated\" style=\"--fontsize: 24; line-height: 1.67; --fontSize: 24;\" data-fontsize=\"24\" data-lineheight=\"40.08px\"><span style=\"color: var(--awb-color4); font-size: 26px;\" data-hasqtip=\"38941\" aria-describedby=\"qtip-38941\" data-fusion-font=\"true\"><b style=\"color: var(--awb-custom_color_2);\">S\u00e1bado 16 de mayo<\/b><\/span><\/h3>\n<\/div><\/div><\/div><div class=\"fusion-layout-column fusion_builder_column fusion-builder-column-2 fusion_builder_column_1_3 1_3 fusion-flex-column\" style=\"--awb-bg-color:#ffffff;--awb-bg-color-hover:#ffffff;--awb-bg-size:cover;--awb-border-color:#f8f8f8;--awb-border-top:1px;--awb-border-right:1px;--awb-border-bottom:1px;--awb-border-left:1px;--awb-border-style:solid;--awb-width-large:33.333333333333%;--awb-margin-top-large:0px;--awb-spacing-right-large:5.76%;--awb-margin-bottom-large:3%;--awb-spacing-left-large:5.76%;--awb-width-medium:100%;--awb-order-medium:0;--awb-spacing-right-medium:1.92%;--awb-spacing-left-medium:1.92%;--awb-width-small:100%;--awb-order-small:0;--awb-spacing-right-small:1.92%;--awb-spacing-left-small:1.92%;\"><div class=\"fusion-column-wrapper fusion-column-has-shadow fusion-flex-justify-content-flex-start fusion-content-layout-column\"><div class=\"fusion-image-element \" style=\"text-align:center;--awb-caption-title-font-family:var(--h2_typography-font-family);--awb-caption-title-font-weight:var(--h2_typography-font-weight);--awb-caption-title-font-style:var(--h2_typography-font-style);--awb-caption-title-size:var(--h2_typography-font-size);--awb-caption-title-transform:var(--h2_typography-text-transform);--awb-caption-title-line-height:var(--h2_typography-line-height);--awb-caption-title-letter-spacing:var(--h2_typography-letter-spacing);\"><span class=\" fusion-imageframe imageframe-none imageframe-1 hover-type-none\" style=\"border:1px solid rgba(246,246,246,0);\"><img decoding=\"async\" width=\"700\" height=\"467\" alt=\"Claustro del Monasterio de Sant Cugat\" title=\"Claustro Monasterio de Sant Cugat\" src=\"https:\/\/visit.santcugat.cat\/wp-content\/uploads\/2026\/04\/1CLAUSTRE.jpg\" class=\"img-responsive wp-image-49142\" srcset=\"https:\/\/visit.santcugat.cat\/wp-content\/uploads\/2026\/04\/1CLAUSTRE-200x133.jpg 200w, https:\/\/visit.santcugat.cat\/wp-content\/uploads\/2026\/04\/1CLAUSTRE-400x267.jpg 400w, https:\/\/visit.santcugat.cat\/wp-content\/uploads\/2026\/04\/1CLAUSTRE-600x400.jpg 600w, https:\/\/visit.santcugat.cat\/wp-content\/uploads\/2026\/04\/1CLAUSTRE.jpg 700w\" sizes=\"(max-width: 1024px) 100vw, (max-width: 640px) 100vw, 400px\" \/><\/span><\/div><div class=\"fusion-reading-box-container reading-box-container-1\" style=\"--awb-title-color:#3b4251;--awb-margin-top:0px;--awb-margin-bottom:0px;\"><div class=\"reading-box\" style=\"background-color:#ffffff;border-width:1px;border-color:#aaaaaa;border-bottom-width:3px;border-bottom-color:var(--primary_color);border-style:solid;padding-right:0.75px;padding-left:0.75px;\"><div class=\"reading-box-additional\">\n<p style=\"text-align: center;\"><strong>10:30 h<\/strong><br \/>\n<strong>El jard\u00edn mon\u00e1stico y los capiteles vegetales<\/strong><br \/>\nClaustro del Monasterio<div class=\"fusion-separator fusion-full-width-sep\" style=\"align-self: center;margin-left: auto;margin-right: auto;margin-top:5px;margin-bottom:0px;width:100%;\"><\/div><div class=\"fusion-button-wrapper fusion-aligncenter\"><a class=\"fusion-button button-flat fusion-button-default-size button-default fusion-button-default button-1 fusion-button-default-span fusion-button-default-type\" target=\"_blank\" rel=\"noopener noreferrer\" href=\"https:\/\/visit.santcugat.cat\/jardi-monastic\/\"><span class=\"fusion-button-text awb-button__text awb-button__text--default fusion-button-text-right\"> Inscr\u00edbete<\/span><span class=\"fusion-button-icon-divider button-icon-divider-right\"><i class=\" fa fa-chevron-down awb-button__icon awb-button__icon--default\" aria-hidden=\"true\"><\/i><\/span><\/a><\/div> <div class=\"fusion-separator fusion-full-width-sep\" style=\"align-self: center;margin-left: auto;margin-right: auto;margin-top:5px;margin-bottom:0px;width:100%;\"><\/div>\n<\/div><div class=\"fusion-clearfix\"><\/div><\/div><\/div><\/div><\/div><div class=\"fusion-layout-column fusion_builder_column fusion-builder-column-3 fusion_builder_column_1_3 1_3 fusion-flex-column\" style=\"--awb-bg-color:#ffffff;--awb-bg-color-hover:#ffffff;--awb-bg-size:cover;--awb-border-color:#f8f8f8;--awb-border-top:1px;--awb-border-right:1px;--awb-border-bottom:1px;--awb-border-left:1px;--awb-border-style:solid;--awb-width-large:33.333333333333%;--awb-margin-top-large:0px;--awb-spacing-right-large:5.76%;--awb-margin-bottom-large:3%;--awb-spacing-left-large:5.76%;--awb-width-medium:100%;--awb-order-medium:0;--awb-spacing-right-medium:1.92%;--awb-spacing-left-medium:1.92%;--awb-width-small:100%;--awb-order-small:0;--awb-spacing-right-small:1.92%;--awb-spacing-left-small:1.92%;\"><div class=\"fusion-column-wrapper fusion-column-has-shadow fusion-flex-justify-content-flex-start fusion-content-layout-column\"><div class=\"fusion-image-element \" style=\"text-align:center;--awb-caption-title-font-family:var(--h2_typography-font-family);--awb-caption-title-font-weight:var(--h2_typography-font-weight);--awb-caption-title-font-style:var(--h2_typography-font-style);--awb-caption-title-size:var(--h2_typography-font-size);--awb-caption-title-transform:var(--h2_typography-text-transform);--awb-caption-title-line-height:var(--h2_typography-line-height);--awb-caption-title-letter-spacing:var(--h2_typography-letter-spacing);\"><span class=\" fusion-imageframe imageframe-none imageframe-2 hover-type-none\" style=\"border:1px solid rgba(246,246,246,0);\"><img decoding=\"async\" width=\"700\" height=\"467\" title=\"mariposas\" src=\"https:\/\/visit.santcugat.cat\/wp-content\/uploads\/2026\/04\/papallones-.jpg\" alt class=\"img-responsive wp-image-49143\" srcset=\"https:\/\/visit.santcugat.cat\/wp-content\/uploads\/2026\/04\/papallones--200x133.jpg 200w, https:\/\/visit.santcugat.cat\/wp-content\/uploads\/2026\/04\/papallones--400x267.jpg 400w, https:\/\/visit.santcugat.cat\/wp-content\/uploads\/2026\/04\/papallones--600x400.jpg 600w, https:\/\/visit.santcugat.cat\/wp-content\/uploads\/2026\/04\/papallones-.jpg 700w\" sizes=\"(max-width: 1024px) 100vw, (max-width: 640px) 100vw, 400px\" \/><\/span><\/div><div class=\"fusion-reading-box-container reading-box-container-2\" style=\"--awb-title-color:#3b4251;--awb-margin-top:0px;--awb-margin-bottom:0px;\"><div class=\"reading-box\" style=\"background-color:#ffffff;border-width:1px;border-color:#aaaaaa;border-bottom-width:3px;border-bottom-color:var(--primary_color);border-style:solid;padding-right:0.75px;padding-left:0.75px;\"><div class=\"reading-box-additional\">\n<p style=\"text-align: center;\"><strong>10:30 h<\/strong><br \/>\n<strong>Nace un nuevo Jard\u00edn de Mariposas<\/strong><br \/>\nParque del Tur\u00f3n de Can Mates<\/p>\n<p style=\"text-align: center;\"><div class=\"fusion-separator fusion-full-width-sep\" style=\"align-self: center;margin-left: auto;margin-right: auto;margin-top:5px;margin-bottom:0px;width:100%;\"><\/div><div class=\"fusion-button-wrapper fusion-aligncenter\"><a class=\"fusion-button button-flat fusion-button-default-size button-default fusion-button-default button-2 fusion-button-default-span fusion-button-default-type\" target=\"_blank\" rel=\"noopener noreferrer\" href=\"https:\/\/visit.santcugat.cat\/jardi-de-papallones\/\"><span class=\"fusion-button-text awb-button__text awb-button__text--default fusion-button-text-right\"> Inscr\u00edbete<\/span><span class=\"fusion-button-icon-divider button-icon-divider-right\"><i class=\" fa fa-chevron-down awb-button__icon awb-button__icon--default\" aria-hidden=\"true\"><\/i><\/span><\/a><\/div> <div class=\"fusion-separator fusion-full-width-sep\" style=\"align-self: center;margin-left: auto;margin-right: auto;margin-top:5px;margin-bottom:0px;width:100%;\"><\/div>\n<\/div><div class=\"fusion-clearfix\"><\/div><\/div><\/div><\/div><\/div><div class=\"fusion-layout-column fusion_builder_column fusion-builder-column-4 fusion_builder_column_1_3 1_3 fusion-flex-column\" style=\"--awb-bg-color:#ffffff;--awb-bg-color-hover:#ffffff;--awb-bg-size:cover;--awb-border-color:#f8f8f8;--awb-border-top:1px;--awb-border-right:1px;--awb-border-bottom:1px;--awb-border-left:1px;--awb-border-style:solid;--awb-width-large:33.333333333333%;--awb-margin-top-large:0px;--awb-spacing-right-large:5.76%;--awb-margin-bottom-large:3%;--awb-spacing-left-large:5.76%;--awb-width-medium:100%;--awb-order-medium:0;--awb-spacing-right-medium:1.92%;--awb-spacing-left-medium:1.92%;--awb-width-small:100%;--awb-order-small:0;--awb-spacing-right-small:1.92%;--awb-spacing-left-small:1.92%;\"><div class=\"fusion-column-wrapper fusion-column-has-shadow fusion-flex-justify-content-flex-start fusion-content-layout-column\"><div class=\"fusion-image-element \" style=\"text-align:center;--awb-caption-title-font-family:var(--h2_typography-font-family);--awb-caption-title-font-weight:var(--h2_typography-font-weight);--awb-caption-title-font-style:var(--h2_typography-font-style);--awb-caption-title-size:var(--h2_typography-font-size);--awb-caption-title-transform:var(--h2_typography-text-transform);--awb-caption-title-line-height:var(--h2_typography-line-height);--awb-caption-title-letter-spacing:var(--h2_typography-letter-spacing);\"><span class=\" fusion-imageframe imageframe-none imageframe-3 hover-type-none\" style=\"border:1px solid rgba(246,246,246,0);\"><img decoding=\"async\" width=\"700\" height=\"467\" alt=\"Huerta Temeraria\" title=\"Huerta Temeraria 1\" src=\"https:\/\/visit.santcugat.cat\/wp-content\/uploads\/2026\/04\/Horta-Temeraria-3-imatge-generica.jpg\" class=\"img-responsive wp-image-49144\" srcset=\"https:\/\/visit.santcugat.cat\/wp-content\/uploads\/2026\/04\/Horta-Temeraria-3-imatge-generica-200x133.jpg 200w, https:\/\/visit.santcugat.cat\/wp-content\/uploads\/2026\/04\/Horta-Temeraria-3-imatge-generica-400x267.jpg 400w, https:\/\/visit.santcugat.cat\/wp-content\/uploads\/2026\/04\/Horta-Temeraria-3-imatge-generica-600x400.jpg 600w, https:\/\/visit.santcugat.cat\/wp-content\/uploads\/2026\/04\/Horta-Temeraria-3-imatge-generica.jpg 700w\" sizes=\"(max-width: 1024px) 100vw, (max-width: 640px) 100vw, 400px\" \/><\/span><\/div><div class=\"fusion-reading-box-container reading-box-container-3\" style=\"--awb-title-color:#3b4251;--awb-margin-top:0px;--awb-margin-bottom:0px;\"><div class=\"reading-box\" style=\"background-color:#ffffff;border-width:1px;border-color:#aaaaaa;border-bottom-width:3px;border-bottom-color:var(--primary_color);border-style:solid;\"><div class=\"reading-box-additional\">\n<p style=\"text-align: center;\"><strong>12:00 h y 13:00 h<\/strong><br \/>\n<strong>Visita los huertos urbanos<\/strong><br \/>\nHuerta Temeraria<\/p>\n<p style=\"text-align: center;\">\n<div class=\"fusion-separator fusion-full-width-sep\" style=\"align-self: center;margin-left: auto;margin-right: auto;margin-top:5px;margin-bottom:0px;width:100%;\"><\/div><div class=\"fusion-button-wrapper fusion-aligncenter\"><a class=\"fusion-button button-flat fusion-button-default-size button-default fusion-button-default button-3 fusion-button-default-span fusion-button-default-type\" target=\"_blank\" rel=\"noopener noreferrer\" href=\"https:\/\/visit.santcugat.cat\/horta-temeraria\/\"><span class=\"fusion-button-text awb-button__text awb-button__text--default fusion-button-text-right\"> Inscr\u00edbete<\/span><span class=\"fusion-button-icon-divider button-icon-divider-right\"><i class=\" fa fa-chevron-down awb-button__icon awb-button__icon--default\" aria-hidden=\"true\"><\/i><\/span><\/a><\/div> <div class=\"fusion-separator fusion-full-width-sep\" style=\"align-self: center;margin-left: auto;margin-right: auto;margin-top:5px;margin-bottom:0px;width:100%;\"><\/div><\/div><div class=\"fusion-clearfix\"><\/div><\/div><\/div><\/div><\/div><div class=\"fusion-layout-column fusion_builder_column fusion-builder-column-5 fusion_builder_column_1_3 1_3 fusion-flex-column\" style=\"--awb-bg-color:#ffffff;--awb-bg-color-hover:#ffffff;--awb-bg-size:cover;--awb-border-color:#f8f8f8;--awb-border-top:1px;--awb-border-right:1px;--awb-border-bottom:1px;--awb-border-left:1px;--awb-border-style:solid;--awb-width-large:33.333333333333%;--awb-margin-top-large:0px;--awb-spacing-right-large:5.76%;--awb-margin-bottom-large:3%;--awb-spacing-left-large:5.76%;--awb-width-medium:100%;--awb-order-medium:0;--awb-spacing-right-medium:1.92%;--awb-spacing-left-medium:1.92%;--awb-width-small:100%;--awb-order-small:0;--awb-spacing-right-small:1.92%;--awb-spacing-left-small:1.92%;\"><div class=\"fusion-column-wrapper fusion-column-has-shadow fusion-flex-justify-content-flex-start fusion-content-layout-column\"><div class=\"fusion-image-element \" style=\"text-align:center;--awb-caption-title-font-family:var(--h2_typography-font-family);--awb-caption-title-font-weight:var(--h2_typography-font-weight);--awb-caption-title-font-style:var(--h2_typography-font-style);--awb-caption-title-size:var(--h2_typography-font-size);--awb-caption-title-transform:var(--h2_typography-text-transform);--awb-caption-title-line-height:var(--h2_typography-line-height);--awb-caption-title-letter-spacing:var(--h2_typography-letter-spacing);\"><span class=\" fusion-imageframe imageframe-none imageframe-4 hover-type-none\" style=\"border:1px solid rgba(246,246,246,0);\"><img decoding=\"async\" width=\"700\" height=\"467\" alt=\"Huertos Xuclamel\" title=\"Huertos Xuclamel 1\" src=\"https:\/\/visit.santcugat.cat\/wp-content\/uploads\/2026\/04\/Horts-Xuclamel-1--e1776675415532.jpg\" class=\"img-responsive wp-image-49145\" srcset=\"https:\/\/visit.santcugat.cat\/wp-content\/uploads\/2026\/04\/Horts-Xuclamel-1--e1776675415532-200x133.jpg 200w, https:\/\/visit.santcugat.cat\/wp-content\/uploads\/2026\/04\/Horts-Xuclamel-1--e1776675415532-400x267.jpg 400w, https:\/\/visit.santcugat.cat\/wp-content\/uploads\/2026\/04\/Horts-Xuclamel-1--e1776675415532-600x400.jpg 600w, https:\/\/visit.santcugat.cat\/wp-content\/uploads\/2026\/04\/Horts-Xuclamel-1--e1776675415532.jpg 700w\" sizes=\"(max-width: 1024px) 100vw, (max-width: 640px) 100vw, 400px\" \/><\/span><\/div><div class=\"fusion-reading-box-container reading-box-container-4\" style=\"--awb-title-color:#3b4251;--awb-margin-top:0px;--awb-margin-bottom:0px;\"><div class=\"reading-box\" style=\"background-color:#ffffff;border-width:1px;border-color:#aaaaaa;border-bottom-width:3px;border-bottom-color:var(--primary_color);border-style:solid;\"><div class=\"reading-box-additional\">\n<p style=\"text-align: center;\"><strong>12:00 h y 13:00 h<\/strong><br \/>\n<strong>Visita los huertos urbanos<\/strong><br \/>\nHuertos Xuclamel<\/p>\n<div class=\"fusion-separator fusion-full-width-sep\" style=\"align-self: center;margin-left: auto;margin-right: auto;margin-top:5px;margin-bottom:0px;width:100%;\"><\/div><div class=\"fusion-button-wrapper fusion-aligncenter\"><a class=\"fusion-button button-flat fusion-button-default-size button-default fusion-button-default button-4 fusion-button-default-span fusion-button-default-type\" target=\"_blank\" rel=\"noopener noreferrer\" href=\"https:\/\/visit.santcugat.cat\/horts-xuclamel\/\"><span class=\"fusion-button-text awb-button__text awb-button__text--default fusion-button-text-right\"> Inscr\u00edbete<\/span><span class=\"fusion-button-icon-divider button-icon-divider-right\"><i class=\" fa fa-chevron-down awb-button__icon awb-button__icon--default\" aria-hidden=\"true\"><\/i><\/span><\/a><\/div> <div class=\"fusion-separator fusion-full-width-sep\" style=\"align-self: center;margin-left: auto;margin-right: auto;margin-top:5px;margin-bottom:0px;width:100%;\"><\/div><\/div><div class=\"fusion-clearfix\"><\/div><\/div><\/div><\/div><\/div><div class=\"fusion-layout-column fusion_builder_column fusion-builder-column-6 fusion_builder_column_1_3 1_3 fusion-flex-column\" style=\"--awb-bg-color:#ffffff;--awb-bg-color-hover:#ffffff;--awb-bg-size:cover;--awb-border-color:#f8f8f8;--awb-border-top:1px;--awb-border-right:1px;--awb-border-bottom:1px;--awb-border-left:1px;--awb-border-style:solid;--awb-width-large:33.333333333333%;--awb-margin-top-large:0px;--awb-spacing-right-large:5.76%;--awb-margin-bottom-large:3%;--awb-spacing-left-large:5.76%;--awb-width-medium:100%;--awb-order-medium:0;--awb-spacing-right-medium:1.92%;--awb-spacing-left-medium:1.92%;--awb-width-small:100%;--awb-order-small:0;--awb-spacing-right-small:1.92%;--awb-spacing-left-small:1.92%;\"><div class=\"fusion-column-wrapper fusion-column-has-shadow fusion-flex-justify-content-flex-start fusion-content-layout-column\"><div class=\"fusion-image-element \" style=\"text-align:center;--awb-caption-title-font-family:var(--h2_typography-font-family);--awb-caption-title-font-weight:var(--h2_typography-font-weight);--awb-caption-title-font-style:var(--h2_typography-font-style);--awb-caption-title-size:var(--h2_typography-font-size);--awb-caption-title-transform:var(--h2_typography-text-transform);--awb-caption-title-line-height:var(--h2_typography-line-height);--awb-caption-title-letter-spacing:var(--h2_typography-letter-spacing);\"><span class=\" fusion-imageframe imageframe-none imageframe-5 hover-type-none\" style=\"border:1px solid rgba(246,246,246,0);\"><img decoding=\"async\" width=\"700\" height=\"467\" alt=\"Huertos Mira-sol\" title=\"Huertos Mira-Sol 2\" src=\"https:\/\/visit.santcugat.cat\/wp-content\/uploads\/2026\/04\/Horts-Mira-Sol-2-e1776675274398.jpg\" class=\"img-responsive wp-image-49146\" srcset=\"https:\/\/visit.santcugat.cat\/wp-content\/uploads\/2026\/04\/Horts-Mira-Sol-2-e1776675274398-200x133.jpg 200w, https:\/\/visit.santcugat.cat\/wp-content\/uploads\/2026\/04\/Horts-Mira-Sol-2-e1776675274398-400x267.jpg 400w, https:\/\/visit.santcugat.cat\/wp-content\/uploads\/2026\/04\/Horts-Mira-Sol-2-e1776675274398-600x400.jpg 600w, https:\/\/visit.santcugat.cat\/wp-content\/uploads\/2026\/04\/Horts-Mira-Sol-2-e1776675274398.jpg 700w\" sizes=\"(max-width: 1024px) 100vw, (max-width: 640px) 100vw, 400px\" \/><\/span><\/div><div class=\"fusion-reading-box-container reading-box-container-5\" style=\"--awb-title-color:#3b4251;--awb-margin-top:0px;--awb-margin-bottom:0px;\"><div class=\"reading-box\" style=\"background-color:#ffffff;border-width:1px;border-color:#aaaaaa;border-bottom-width:3px;border-bottom-color:var(--primary_color);border-style:solid;\"><div class=\"reading-box-additional\">\n<p style=\"text-align: center;\"><strong>12:00 h y 13:00 h<\/strong><br \/>\n<strong>Visita los huertos urbanos<\/strong><br \/>\nHuertos Mira-sol<\/p>\n<div class=\"fusion-separator fusion-full-width-sep\" style=\"align-self: center;margin-left: auto;margin-right: auto;margin-top:5px;margin-bottom:0px;width:100%;\"><\/div><div class=\"fusion-button-wrapper fusion-aligncenter\"><a class=\"fusion-button button-flat fusion-button-default-size button-default fusion-button-default button-5 fusion-button-default-span fusion-button-default-type\" target=\"_blank\" rel=\"noopener noreferrer\" href=\"https:\/\/visit.santcugat.cat\/horts-mira-sol\/\"><span class=\"fusion-button-text awb-button__text awb-button__text--default fusion-button-text-right\"> Inscr\u00edbete<\/span><span class=\"fusion-button-icon-divider button-icon-divider-right\"><i class=\" fa fa-chevron-down awb-button__icon awb-button__icon--default\" aria-hidden=\"true\"><\/i><\/span><\/a><\/div> <div class=\"fusion-separator fusion-full-width-sep\" style=\"align-self: center;margin-left: auto;margin-right: auto;margin-top:5px;margin-bottom:0px;width:100%;\"><\/div><\/div><div class=\"fusion-clearfix\"><\/div><\/div><\/div><\/div><\/div><div class=\"fusion-layout-column fusion_builder_column fusion-builder-column-7 fusion_builder_column_1_3 1_3 fusion-flex-column\" style=\"--awb-bg-color:#ffffff;--awb-bg-color-hover:#ffffff;--awb-bg-size:cover;--awb-border-color:#f8f8f8;--awb-border-top:1px;--awb-border-right:1px;--awb-border-bottom:1px;--awb-border-left:1px;--awb-border-style:solid;--awb-width-large:33.333333333333%;--awb-margin-top-large:0px;--awb-spacing-right-large:5.76%;--awb-margin-bottom-large:3%;--awb-spacing-left-large:5.76%;--awb-width-medium:100%;--awb-order-medium:0;--awb-spacing-right-medium:1.92%;--awb-spacing-left-medium:1.92%;--awb-width-small:100%;--awb-order-small:0;--awb-spacing-right-small:1.92%;--awb-spacing-left-small:1.92%;\"><div class=\"fusion-column-wrapper fusion-column-has-shadow fusion-flex-justify-content-flex-start fusion-content-layout-column\"><div class=\"fusion-image-element \" style=\"text-align:center;--awb-caption-title-font-family:var(--h2_typography-font-family);--awb-caption-title-font-weight:var(--h2_typography-font-weight);--awb-caption-title-font-style:var(--h2_typography-font-style);--awb-caption-title-size:var(--h2_typography-font-size);--awb-caption-title-transform:var(--h2_typography-text-transform);--awb-caption-title-line-height:var(--h2_typography-line-height);--awb-caption-title-letter-spacing:var(--h2_typography-letter-spacing);\"><span class=\" fusion-imageframe imageframe-none imageframe-6 hover-type-none\" style=\"border:1px solid rgba(246,246,246,0);\"><img decoding=\"async\" width=\"700\" height=\"467\" alt=\"Paseo verde del Parque Central\" title=\"_MG_2535\" src=\"https:\/\/visit.santcugat.cat\/wp-content\/uploads\/2026\/04\/MG_2535.jpg\" class=\"img-responsive wp-image-49147\" srcset=\"https:\/\/visit.santcugat.cat\/wp-content\/uploads\/2026\/04\/MG_2535-200x133.jpg 200w, https:\/\/visit.santcugat.cat\/wp-content\/uploads\/2026\/04\/MG_2535-400x267.jpg 400w, https:\/\/visit.santcugat.cat\/wp-content\/uploads\/2026\/04\/MG_2535-600x400.jpg 600w, https:\/\/visit.santcugat.cat\/wp-content\/uploads\/2026\/04\/MG_2535.jpg 700w\" sizes=\"(max-width: 1024px) 100vw, (max-width: 640px) 100vw, 400px\" \/><\/span><\/div><div class=\"fusion-reading-box-container reading-box-container-6\" style=\"--awb-title-color:#3b4251;--awb-margin-top:0px;--awb-margin-bottom:0px;\"><div class=\"reading-box\" style=\"background-color:#ffffff;border-width:1px;border-color:#aaaaaa;border-bottom-width:3px;border-bottom-color:var(--primary_color);border-style:solid;padding-right:0.75px;padding-left:0.75px;\"><div class=\"reading-box-additional\">\n<p style=\"text-align: center;\"><strong>17:30 h<\/strong><br \/>\n<strong>El verde comestible de Sant Cugat:<\/strong><br \/>\n<strong>las flores y hierbas silvestres<\/strong><br \/>\nParque Central<\/p>\n<p style=\"text-align: center;\"><div class=\"fusion-separator fusion-full-width-sep\" style=\"align-self: center;margin-left: auto;margin-right: auto;margin-top:5px;margin-bottom:0px;width:100%;\"><\/div><div class=\"fusion-button-wrapper fusion-aligncenter\"><a class=\"fusion-button button-flat fusion-button-default-size button-default fusion-button-default button-6 fusion-button-default-span fusion-button-default-type\" target=\"_blank\" rel=\"noopener noreferrer\" href=\"https:\/\/visit.santcugat.cat\/flors-herbes-parc-central\/\"><span class=\"fusion-button-text awb-button__text awb-button__text--default fusion-button-text-right\"> Inscr\u00edbete<\/span><span class=\"fusion-button-icon-divider button-icon-divider-right\"><i class=\" fa fa-chevron-down awb-button__icon awb-button__icon--default\" aria-hidden=\"true\"><\/i><\/span><\/a><\/div> <div class=\"fusion-separator fusion-full-width-sep\" style=\"align-self: center;margin-left: auto;margin-right: auto;margin-top:5px;margin-bottom:0px;width:100%;\"><\/div>\n<\/div><div class=\"fusion-clearfix\"><\/div><\/div><\/div><\/div><\/div><div class=\"fusion-layout-column fusion_builder_column fusion-builder-column-8 fusion_builder_column_1_3 1_3 fusion-flex-column\" style=\"--awb-bg-color:#ffffff;--awb-bg-color-hover:#ffffff;--awb-bg-size:cover;--awb-border-color:#f8f8f8;--awb-border-top:1px;--awb-border-right:1px;--awb-border-bottom:1px;--awb-border-left:1px;--awb-border-style:solid;--awb-width-large:33.333333333333%;--awb-margin-top-large:0px;--awb-spacing-right-large:5.76%;--awb-margin-bottom-large:3%;--awb-spacing-left-large:5.76%;--awb-width-medium:100%;--awb-order-medium:0;--awb-spacing-right-medium:1.92%;--awb-spacing-left-medium:1.92%;--awb-width-small:100%;--awb-order-small:0;--awb-spacing-right-small:1.92%;--awb-spacing-left-small:1.92%;\"><div class=\"fusion-column-wrapper fusion-column-has-shadow fusion-flex-justify-content-flex-start fusion-content-layout-column\"><div class=\"fusion-image-element \" style=\"text-align:center;--awb-caption-title-font-family:var(--h2_typography-font-family);--awb-caption-title-font-weight:var(--h2_typography-font-weight);--awb-caption-title-font-style:var(--h2_typography-font-style);--awb-caption-title-size:var(--h2_typography-font-size);--awb-caption-title-transform:var(--h2_typography-text-transform);--awb-caption-title-line-height:var(--h2_typography-line-height);--awb-caption-title-letter-spacing:var(--h2_typography-letter-spacing);\"><span class=\" fusion-imageframe imageframe-none imageframe-7 hover-type-none\" style=\"border:1px solid rgba(246,246,246,0);\"><img decoding=\"async\" width=\"700\" height=\"467\" alt=\"Casa modernista Armet\" title=\"Casa ARMET\" src=\"https:\/\/visit.santcugat.cat\/wp-content\/uploads\/2026\/04\/67fARMET.jpg\" class=\"img-responsive wp-image-49148\" srcset=\"https:\/\/visit.santcugat.cat\/wp-content\/uploads\/2026\/04\/67fARMET-200x133.jpg 200w, https:\/\/visit.santcugat.cat\/wp-content\/uploads\/2026\/04\/67fARMET-400x267.jpg 400w, https:\/\/visit.santcugat.cat\/wp-content\/uploads\/2026\/04\/67fARMET-600x400.jpg 600w, https:\/\/visit.santcugat.cat\/wp-content\/uploads\/2026\/04\/67fARMET.jpg 700w\" sizes=\"(max-width: 1024px) 100vw, (max-width: 640px) 100vw, 400px\" \/><\/span><\/div><div class=\"fusion-reading-box-container reading-box-container-7\" style=\"--awb-title-color:#3b4251;--awb-margin-top:0px;--awb-margin-bottom:0px;\"><div class=\"reading-box\" style=\"background-color:#ffffff;border-width:1px;border-color:#aaaaaa;border-bottom-width:3px;border-bottom-color:var(--primary_color);border-style:solid;padding-right:0.75px;padding-left:0.75px;\"><div class=\"reading-box-additional\">\n<p style=\"text-align: center;\"><strong>17:30 h<\/strong><br \/><strong>Modernismo entre \u00e1rboles singulares<\/strong><br \/>Avinguda de Gr\u00e0cia<\/p>\n<p style=\"text-align: center;\">\n<div class=\"fusion-separator fusion-full-width-sep\" style=\"align-self: center;margin-left: auto;margin-right: auto;margin-top:5px;margin-bottom:0px;width:100%;\"><\/div><div class=\"fusion-button-wrapper fusion-aligncenter\"><a class=\"fusion-button button-flat fusion-button-default-size button-default fusion-button-default button-7 fusion-button-default-span fusion-button-default-type\" target=\"_blank\" rel=\"noopener noreferrer\" href=\"https:\/\/visit.santcugat.cat\/modernisme-arbres-singulars\/\"><span class=\"fusion-button-text awb-button__text awb-button__text--default fusion-button-text-right\"> Inscr\u00edbete<\/span><span class=\"fusion-button-icon-divider button-icon-divider-right\"><i class=\" fa fa-chevron-down awb-button__icon awb-button__icon--default\" aria-hidden=\"true\"><\/i><\/span><\/a><\/div> <div class=\"fusion-separator fusion-full-width-sep\" style=\"align-self: center;margin-left: auto;margin-right: auto;margin-top:5px;margin-bottom:0px;width:100%;\"><\/div><\/div><div class=\"fusion-clearfix\"><\/div><\/div><\/div><\/div><\/div><\/div><\/div><div class=\"fusion-fullwidth fullwidth-box fusion-builder-row-3 fusion-flex-container has-pattern-background has-mask-background nonhundred-percent-fullwidth non-hundred-percent-height-scrolling\" style=\"--awb-border-radius-top-left:0px;--awb-border-radius-top-right:0px;--awb-border-radius-bottom-right:0px;--awb-border-radius-bottom-left:0px;--awb-flex-wrap:wrap;\" id=\"custom_improved_grid\" ><div class=\"fusion-builder-row fusion-row fusion-flex-align-items-flex-start fusion-flex-content-wrap\" style=\"max-width:1216.8px;margin-left: calc(-4% \/ 2 );margin-right: calc(-4% \/ 2 );\"><div class=\"fusion-layout-column fusion_builder_column fusion-builder-column-9 fusion_builder_column_1_1 1_1 fusion-flex-column\" style=\"--awb-bg-size:cover;--awb-width-large:100%;--awb-margin-top-large:0px;--awb-spacing-right-large:1.92%;--awb-margin-bottom-large:0px;--awb-spacing-left-large:1.92%;--awb-width-medium:100%;--awb-order-medium:0;--awb-spacing-right-medium:1.92%;--awb-spacing-left-medium:1.92%;--awb-width-small:100%;--awb-order-small:0;--awb-spacing-right-small:1.92%;--awb-spacing-left-small:1.92%;\"><div class=\"fusion-column-wrapper fusion-column-has-shadow fusion-flex-justify-content-flex-start fusion-content-layout-column\"><div class=\"fusion-text fusion-text-3\"><h3 class=\"fusion-responsive-typography-calculated\" style=\"--fontsize: 24; line-height: 1.67; --fontSize: 24;\" data-fontsize=\"24\" data-lineheight=\"40.08px\"><span style=\"color: var(--awb-color4); font-size: 26px;\" data-hasqtip=\"0\" aria-describedby=\"qtip-0\" data-fusion-font=\"true\"><b style=\"color: var(--awb-custom_color_2);\">Domingo 17 de mayo<\/b><\/span><\/h3>\n<\/div><\/div><\/div><div class=\"fusion-layout-column fusion_builder_column fusion-builder-column-10 fusion_builder_column_1_3 1_3 fusion-flex-column\" style=\"--awb-bg-color:#ffffff;--awb-bg-color-hover:#ffffff;--awb-bg-size:cover;--awb-border-color:#f8f8f8;--awb-border-top:1px;--awb-border-right:1px;--awb-border-bottom:1px;--awb-border-left:1px;--awb-border-style:solid;--awb-width-large:33.333333333333%;--awb-margin-top-large:0px;--awb-spacing-right-large:5.76%;--awb-margin-bottom-large:3%;--awb-spacing-left-large:5.76%;--awb-width-medium:100%;--awb-order-medium:0;--awb-spacing-right-medium:1.92%;--awb-spacing-left-medium:1.92%;--awb-width-small:100%;--awb-order-small:0;--awb-spacing-right-small:1.92%;--awb-spacing-left-small:1.92%;\"><div class=\"fusion-column-wrapper fusion-column-has-shadow fusion-flex-justify-content-flex-start fusion-content-layout-column\"><div class=\"fusion-image-element \" style=\"text-align:center;--awb-caption-title-font-family:var(--h2_typography-font-family);--awb-caption-title-font-weight:var(--h2_typography-font-weight);--awb-caption-title-font-style:var(--h2_typography-font-style);--awb-caption-title-size:var(--h2_typography-font-size);--awb-caption-title-transform:var(--h2_typography-text-transform);--awb-caption-title-line-height:var(--h2_typography-line-height);--awb-caption-title-letter-spacing:var(--h2_typography-letter-spacing);\"><span class=\" fusion-imageframe imageframe-none imageframe-8 hover-type-none\" style=\"border:1px solid rgba(246,246,246,0);\"><img decoding=\"async\" width=\"700\" height=\"467\" alt=\"Huertos de Can Mates\" title=\"Huertos Can Mates\" src=\"https:\/\/visit.santcugat.cat\/wp-content\/uploads\/2026\/04\/Horts-Can-Mates-e1776675346834.jpg\" class=\"img-responsive wp-image-49149\" srcset=\"https:\/\/visit.santcugat.cat\/wp-content\/uploads\/2026\/04\/Horts-Can-Mates-e1776675346834-200x133.jpg 200w, https:\/\/visit.santcugat.cat\/wp-content\/uploads\/2026\/04\/Horts-Can-Mates-e1776675346834-400x267.jpg 400w, https:\/\/visit.santcugat.cat\/wp-content\/uploads\/2026\/04\/Horts-Can-Mates-e1776675346834-600x400.jpg 600w, https:\/\/visit.santcugat.cat\/wp-content\/uploads\/2026\/04\/Horts-Can-Mates-e1776675346834.jpg 700w\" sizes=\"(max-width: 1024px) 100vw, (max-width: 640px) 100vw, 400px\" \/><\/span><\/div><div class=\"fusion-reading-box-container reading-box-container-8\" style=\"--awb-title-color:#3b4251;--awb-margin-top:0px;--awb-margin-bottom:0px;\"><div class=\"reading-box\" style=\"background-color:#ffffff;border-width:1px;border-color:#aaaaaa;border-bottom-width:3px;border-bottom-color:var(--primary_color);border-style:solid;\"><div class=\"reading-box-additional\">\n<p style=\"text-align: center;\"><strong>10:00 h<\/strong><br \/><b>Visita los huertos urbanos<\/b><br \/>\nHuertos Can Mates<\/p>\n<p style=\"text-align: center;\">\n<div class=\"fusion-separator fusion-full-width-sep\" style=\"align-self: center;margin-left: auto;margin-right: auto;margin-top:5px;margin-bottom:0px;width:100%;\"><\/div><div class=\"fusion-button-wrapper fusion-aligncenter\"><a class=\"fusion-button button-flat fusion-button-default-size button-default fusion-button-default button-8 fusion-button-default-span fusion-button-default-type\" target=\"_blank\" rel=\"noopener noreferrer\" href=\"https:\/\/visit.santcugat.cat\/horts-can-mates\/\"><span class=\"fusion-button-text awb-button__text awb-button__text--default fusion-button-text-right\"> Inscr\u00edbete<\/span><span class=\"fusion-button-icon-divider button-icon-divider-right\"><i class=\" fa fa-chevron-down awb-button__icon awb-button__icon--default\" aria-hidden=\"true\"><\/i><\/span><\/a><\/div> <div class=\"fusion-separator fusion-full-width-sep\" style=\"align-self: center;margin-left: auto;margin-right: auto;margin-top:5px;margin-bottom:0px;width:100%;\"><\/div><\/div><div class=\"fusion-clearfix\"><\/div><\/div><\/div><\/div><\/div><div class=\"fusion-layout-column fusion_builder_column fusion-builder-column-11 fusion_builder_column_1_3 1_3 fusion-flex-column\" style=\"--awb-bg-color:#ffffff;--awb-bg-color-hover:#ffffff;--awb-bg-size:cover;--awb-border-color:#f8f8f8;--awb-border-top:1px;--awb-border-right:1px;--awb-border-bottom:1px;--awb-border-left:1px;--awb-border-style:solid;--awb-width-large:33.333333333333%;--awb-margin-top-large:0px;--awb-spacing-right-large:5.76%;--awb-margin-bottom-large:3%;--awb-spacing-left-large:5.76%;--awb-width-medium:100%;--awb-order-medium:0;--awb-spacing-right-medium:1.92%;--awb-spacing-left-medium:1.92%;--awb-width-small:100%;--awb-order-small:0;--awb-spacing-right-small:1.92%;--awb-spacing-left-small:1.92%;\"><div class=\"fusion-column-wrapper fusion-column-has-shadow fusion-flex-justify-content-flex-start fusion-content-layout-column\"><div class=\"fusion-image-element \" style=\"text-align:center;--awb-caption-title-font-family:var(--h2_typography-font-family);--awb-caption-title-font-weight:var(--h2_typography-font-weight);--awb-caption-title-font-style:var(--h2_typography-font-style);--awb-caption-title-size:var(--h2_typography-font-size);--awb-caption-title-transform:var(--h2_typography-text-transform);--awb-caption-title-line-height:var(--h2_typography-line-height);--awb-caption-title-letter-spacing:var(--h2_typography-letter-spacing);\"><span class=\" fusion-imageframe imageframe-none imageframe-9 hover-type-none\" style=\"border:1px solid rgba(246,246,246,0);\"><img decoding=\"async\" width=\"700\" height=\"467\" alt=\"Casitas de p\u00e1jaros y p\u00e1jaros\" title=\"P\u00e1jaros, actividades y sorpresas\" src=\"https:\/\/visit.santcugat.cat\/wp-content\/uploads\/2026\/04\/IMG_20241109_123219-e1776675318894.jpg\" class=\"img-responsive wp-image-49150\" srcset=\"https:\/\/visit.santcugat.cat\/wp-content\/uploads\/2026\/04\/IMG_20241109_123219-e1776675318894-200x133.jpg 200w, https:\/\/visit.santcugat.cat\/wp-content\/uploads\/2026\/04\/IMG_20241109_123219-e1776675318894-400x267.jpg 400w, https:\/\/visit.santcugat.cat\/wp-content\/uploads\/2026\/04\/IMG_20241109_123219-e1776675318894-600x400.jpg 600w, https:\/\/visit.santcugat.cat\/wp-content\/uploads\/2026\/04\/IMG_20241109_123219-e1776675318894.jpg 700w\" sizes=\"(max-width: 1024px) 100vw, (max-width: 640px) 100vw, 400px\" \/><\/span><\/div><div class=\"fusion-reading-box-container reading-box-container-9\" style=\"--awb-title-color:#3b4251;--awb-margin-top:0px;--awb-margin-bottom:0px;\"><div class=\"reading-box\" style=\"background-color:#ffffff;border-width:1px;border-color:#aaaaaa;border-bottom-width:3px;border-bottom-color:var(--primary_color);border-style:solid;padding-right:0.15px;padding-left:0.15px;\"><div class=\"reading-box-additional\">\n<p style=\"text-align: center;\"><strong>10:30 h<\/strong><br \/>\n<strong>P\u00e1jaros, naturaleza y muchas sorpresas!<\/strong><br \/>\nEstanque de la Guinardera<\/p>\n<p style=\"text-align: center;\"><div class=\"fusion-separator fusion-full-width-sep\" style=\"align-self: center;margin-left: auto;margin-right: auto;margin-top:5px;margin-bottom:0px;width:100%;\"><\/div><div class=\"fusion-button-wrapper fusion-aligncenter\"><a class=\"fusion-button button-flat fusion-button-default-size button-default fusion-button-default button-9 fusion-button-default-span fusion-button-default-type\" target=\"_blank\" rel=\"noopener noreferrer\" href=\"https:\/\/visit.santcugat.cat\/ocells-natura-sorpreses\/\"><span class=\"fusion-button-text awb-button__text awb-button__text--default fusion-button-text-right\"> Inscr\u00edbete<\/span><span class=\"fusion-button-icon-divider button-icon-divider-right\"><i class=\" fa fa-chevron-down awb-button__icon awb-button__icon--default\" aria-hidden=\"true\"><\/i><\/span><\/a><\/div> <div class=\"fusion-separator fusion-full-width-sep\" style=\"align-self: center;margin-left: auto;margin-right: auto;margin-top:5px;margin-bottom:0px;width:100%;\"><\/div>\n<\/div><div class=\"fusion-clearfix\"><\/div><\/div><\/div><\/div><\/div><div class=\"fusion-layout-column fusion_builder_column fusion-builder-column-12 fusion_builder_column_1_3 1_3 fusion-flex-column\" style=\"--awb-bg-color:#ffffff;--awb-bg-color-hover:#ffffff;--awb-bg-size:cover;--awb-border-color:#f8f8f8;--awb-border-top:1px;--awb-border-right:1px;--awb-border-bottom:1px;--awb-border-left:1px;--awb-border-style:solid;--awb-width-large:33.333333333333%;--awb-margin-top-large:0px;--awb-spacing-right-large:5.76%;--awb-margin-bottom-large:3%;--awb-spacing-left-large:5.76%;--awb-width-medium:100%;--awb-order-medium:0;--awb-spacing-right-medium:1.92%;--awb-spacing-left-medium:1.92%;--awb-width-small:100%;--awb-order-small:0;--awb-spacing-right-small:1.92%;--awb-spacing-left-small:1.92%;\"><div class=\"fusion-column-wrapper fusion-column-has-shadow fusion-flex-justify-content-flex-start fusion-content-layout-column\"><div class=\"fusion-image-element \" style=\"text-align:center;--awb-caption-title-font-family:var(--h2_typography-font-family);--awb-caption-title-font-weight:var(--h2_typography-font-weight);--awb-caption-title-font-style:var(--h2_typography-font-style);--awb-caption-title-size:var(--h2_typography-font-size);--awb-caption-title-transform:var(--h2_typography-text-transform);--awb-caption-title-line-height:var(--h2_typography-line-height);--awb-caption-title-letter-spacing:var(--h2_typography-letter-spacing);\"><span class=\" fusion-imageframe imageframe-none imageframe-10 hover-type-none\" style=\"border:1px solid rgba(246,246,246,0);\"><img decoding=\"async\" width=\"700\" height=\"467\" alt=\"Claustro del Monasterio de Sant Cugat\" title=\"Claustro Monasterio de Sant Cugat\" src=\"https:\/\/visit.santcugat.cat\/wp-content\/uploads\/2026\/04\/1CLAUSTRE.jpg\" class=\"img-responsive wp-image-49142\" srcset=\"https:\/\/visit.santcugat.cat\/wp-content\/uploads\/2026\/04\/1CLAUSTRE-200x133.jpg 200w, https:\/\/visit.santcugat.cat\/wp-content\/uploads\/2026\/04\/1CLAUSTRE-400x267.jpg 400w, https:\/\/visit.santcugat.cat\/wp-content\/uploads\/2026\/04\/1CLAUSTRE-600x400.jpg 600w, https:\/\/visit.santcugat.cat\/wp-content\/uploads\/2026\/04\/1CLAUSTRE.jpg 700w\" sizes=\"(max-width: 1024px) 100vw, (max-width: 640px) 100vw, 400px\" \/><\/span><\/div><div class=\"fusion-reading-box-container reading-box-container-10\" style=\"--awb-title-color:#3b4251;--awb-margin-top:0px;--awb-margin-bottom:0px;\"><div class=\"reading-box\" style=\"background-color:#ffffff;border-width:1px;border-color:#aaaaaa;border-bottom-width:3px;border-bottom-color:var(--primary_color);border-style:solid;padding-right:0.75px;padding-left:0.75px;\"><div class=\"reading-box-additional\">\n<p style=\"text-align: center;\"><strong>12:00 h<\/strong><br \/>\n<strong>El jard\u00edn mon\u00e1stico y los capiteles vegetales<\/strong><br \/>\nClaustro del Monasterio<\/p>\n<p style=\"text-align: center;\"><div class=\"fusion-separator fusion-full-width-sep\" style=\"align-self: center;margin-left: auto;margin-right: auto;margin-top:5px;margin-bottom:0px;width:100%;\"><\/div><div class=\"fusion-button-wrapper fusion-aligncenter\"><a class=\"fusion-button button-flat fusion-button-default-size button-default fusion-button-default button-10 fusion-button-default-span fusion-button-default-type\" target=\"_blank\" rel=\"noopener noreferrer\" href=\"https:\/\/visit.santcugat.cat\/jardi-monastic\/\"><span class=\"fusion-button-text awb-button__text awb-button__text--default fusion-button-text-right\"> Inscr\u00edbete<\/span><span class=\"fusion-button-icon-divider button-icon-divider-right\"><i class=\" fa fa-chevron-down awb-button__icon awb-button__icon--default\" aria-hidden=\"true\"><\/i><\/span><\/a><\/div> <div class=\"fusion-separator fusion-full-width-sep\" style=\"align-self: center;margin-left: auto;margin-right: auto;margin-top:5px;margin-bottom:0px;width:100%;\"><\/div>\n<\/div><div class=\"fusion-clearfix\"><\/div><\/div><\/div><\/div><\/div><div class=\"fusion-layout-column fusion_builder_column fusion-builder-column-13 fusion_builder_column_1_3 1_3 fusion-flex-column\" style=\"--awb-bg-color:#ffffff;--awb-bg-color-hover:#ffffff;--awb-bg-size:cover;--awb-border-color:#f8f8f8;--awb-border-top:1px;--awb-border-right:1px;--awb-border-bottom:1px;--awb-border-left:1px;--awb-border-style:solid;--awb-width-large:33.333333333333%;--awb-margin-top-large:0px;--awb-spacing-right-large:5.76%;--awb-margin-bottom-large:3%;--awb-spacing-left-large:5.76%;--awb-width-medium:100%;--awb-order-medium:0;--awb-spacing-right-medium:1.92%;--awb-spacing-left-medium:1.92%;--awb-width-small:100%;--awb-order-small:0;--awb-spacing-right-small:1.92%;--awb-spacing-left-small:1.92%;\"><div class=\"fusion-column-wrapper fusion-column-has-shadow fusion-flex-justify-content-flex-start fusion-content-layout-column\"><div class=\"fusion-image-element \" style=\"text-align:center;--awb-caption-title-font-family:var(--h2_typography-font-family);--awb-caption-title-font-weight:var(--h2_typography-font-weight);--awb-caption-title-font-style:var(--h2_typography-font-style);--awb-caption-title-size:var(--h2_typography-font-size);--awb-caption-title-transform:var(--h2_typography-text-transform);--awb-caption-title-line-height:var(--h2_typography-line-height);--awb-caption-title-letter-spacing:var(--h2_typography-letter-spacing);\"><span class=\" fusion-imageframe imageframe-none imageframe-11 hover-type-none\" style=\"border:1px solid rgba(246,246,246,0);\"><img decoding=\"async\" width=\"700\" height=\"467\" alt=\"Huerta Temeraria\" title=\"Huerta Temeraria 1\" src=\"https:\/\/visit.santcugat.cat\/wp-content\/uploads\/2026\/04\/Horta-Temeraria-3-imatge-generica.jpg\" class=\"img-responsive wp-image-49144\" srcset=\"https:\/\/visit.santcugat.cat\/wp-content\/uploads\/2026\/04\/Horta-Temeraria-3-imatge-generica-200x133.jpg 200w, https:\/\/visit.santcugat.cat\/wp-content\/uploads\/2026\/04\/Horta-Temeraria-3-imatge-generica-400x267.jpg 400w, https:\/\/visit.santcugat.cat\/wp-content\/uploads\/2026\/04\/Horta-Temeraria-3-imatge-generica-600x400.jpg 600w, https:\/\/visit.santcugat.cat\/wp-content\/uploads\/2026\/04\/Horta-Temeraria-3-imatge-generica.jpg 700w\" sizes=\"(max-width: 1024px) 100vw, (max-width: 640px) 100vw, 400px\" \/><\/span><\/div><div class=\"fusion-reading-box-container reading-box-container-11\" style=\"--awb-title-color:#3b4251;--awb-margin-top:0px;--awb-margin-bottom:0px;\"><div class=\"reading-box\" style=\"background-color:#ffffff;border-width:1px;border-color:#aaaaaa;border-bottom-width:3px;border-bottom-color:var(--primary_color);border-style:solid;\"><div class=\"reading-box-additional\">\n<p style=\"text-align: center;\"><strong>12:00 h y 13:00 h<\/strong><br \/>\n<strong>Visita los huertos urbanos<\/strong><br \/>\nHuerta Temeraria<\/p>\n<p style=\"text-align: center;\">\n<div class=\"fusion-separator fusion-full-width-sep\" style=\"align-self: center;margin-left: auto;margin-right: auto;margin-top:5px;margin-bottom:0px;width:100%;\"><\/div><div class=\"fusion-button-wrapper fusion-aligncenter\"><a class=\"fusion-button button-flat fusion-button-default-size button-default fusion-button-default button-11 fusion-button-default-span fusion-button-default-type\" target=\"_blank\" rel=\"noopener noreferrer\" href=\"https:\/\/visit.santcugat.cat\/horta-temeraria\/\"><span class=\"fusion-button-text awb-button__text awb-button__text--default fusion-button-text-right\"> Inscr\u00edbete<\/span><span class=\"fusion-button-icon-divider button-icon-divider-right\"><i class=\" fa fa-chevron-down awb-button__icon awb-button__icon--default\" aria-hidden=\"true\"><\/i><\/span><\/a><\/div> <div class=\"fusion-separator fusion-full-width-sep\" style=\"align-self: center;margin-left: auto;margin-right: auto;margin-top:5px;margin-bottom:0px;width:100%;\"><\/div><\/div><div class=\"fusion-clearfix\"><\/div><\/div><\/div><\/div><\/div><div class=\"fusion-layout-column fusion_builder_column fusion-builder-column-14 fusion_builder_column_1_3 1_3 fusion-flex-column\" style=\"--awb-bg-color:#ffffff;--awb-bg-color-hover:#ffffff;--awb-bg-size:cover;--awb-border-color:#f8f8f8;--awb-border-top:1px;--awb-border-right:1px;--awb-border-bottom:1px;--awb-border-left:1px;--awb-border-style:solid;--awb-width-large:33.333333333333%;--awb-margin-top-large:0px;--awb-spacing-right-large:5.76%;--awb-margin-bottom-large:3%;--awb-spacing-left-large:5.76%;--awb-width-medium:100%;--awb-order-medium:0;--awb-spacing-right-medium:1.92%;--awb-spacing-left-medium:1.92%;--awb-width-small:100%;--awb-order-small:0;--awb-spacing-right-small:1.92%;--awb-spacing-left-small:1.92%;\"><div class=\"fusion-column-wrapper fusion-column-has-shadow fusion-flex-justify-content-flex-start fusion-content-layout-column\"><div class=\"fusion-image-element \" style=\"text-align:center;--awb-caption-title-font-family:var(--h2_typography-font-family);--awb-caption-title-font-weight:var(--h2_typography-font-weight);--awb-caption-title-font-style:var(--h2_typography-font-style);--awb-caption-title-size:var(--h2_typography-font-size);--awb-caption-title-transform:var(--h2_typography-text-transform);--awb-caption-title-line-height:var(--h2_typography-line-height);--awb-caption-title-letter-spacing:var(--h2_typography-letter-spacing);\"><span class=\" fusion-imageframe imageframe-none imageframe-12 hover-type-none\" style=\"border:1px solid rgba(246,246,246,0);\"><img decoding=\"async\" width=\"700\" height=\"467\" alt=\"Huertos Xuclamel\" title=\"Huertos Xuclamel 1\" src=\"https:\/\/visit.santcugat.cat\/wp-content\/uploads\/2026\/04\/Horts-Xuclamel-1--e1776675415532.jpg\" class=\"img-responsive wp-image-49145\" srcset=\"https:\/\/visit.santcugat.cat\/wp-content\/uploads\/2026\/04\/Horts-Xuclamel-1--e1776675415532-200x133.jpg 200w, https:\/\/visit.santcugat.cat\/wp-content\/uploads\/2026\/04\/Horts-Xuclamel-1--e1776675415532-400x267.jpg 400w, https:\/\/visit.santcugat.cat\/wp-content\/uploads\/2026\/04\/Horts-Xuclamel-1--e1776675415532-600x400.jpg 600w, https:\/\/visit.santcugat.cat\/wp-content\/uploads\/2026\/04\/Horts-Xuclamel-1--e1776675415532.jpg 700w\" sizes=\"(max-width: 1024px) 100vw, (max-width: 640px) 100vw, 400px\" \/><\/span><\/div><div class=\"fusion-reading-box-container reading-box-container-12\" style=\"--awb-title-color:#3b4251;--awb-margin-top:0px;--awb-margin-bottom:0px;\"><div class=\"reading-box\" style=\"background-color:#ffffff;border-width:1px;border-color:#aaaaaa;border-bottom-width:3px;border-bottom-color:var(--primary_color);border-style:solid;\"><div class=\"reading-box-additional\">\n<p style=\"text-align: center;\"><strong>12:00 h y 13:00 h<br \/>\nVisita los huertos urbanos<br \/>\n<\/strong> Huertos Xuclamel<\/p>\n<p style=\"text-align: center;\">\n<div class=\"fusion-separator fusion-full-width-sep\" style=\"align-self: center;margin-left: auto;margin-right: auto;margin-top:5px;margin-bottom:0px;width:100%;\"><\/div><div class=\"fusion-button-wrapper fusion-aligncenter\"><a class=\"fusion-button button-flat fusion-button-default-size button-default fusion-button-default button-12 fusion-button-default-span fusion-button-default-type\" target=\"_blank\" rel=\"noopener noreferrer\" href=\"https:\/\/visit.santcugat.cat\/horts-xuclamel\/\"><span class=\"fusion-button-text awb-button__text awb-button__text--default fusion-button-text-right\"> Inscr\u00edbete<\/span><span class=\"fusion-button-icon-divider button-icon-divider-right\"><i class=\" fa fa-chevron-down awb-button__icon awb-button__icon--default\" aria-hidden=\"true\"><\/i><\/span><\/a><\/div> <div class=\"fusion-separator fusion-full-width-sep\" style=\"align-self: center;margin-left: auto;margin-right: auto;margin-top:5px;margin-bottom:0px;width:100%;\"><\/div><\/div><div class=\"fusion-clearfix\"><\/div><\/div><\/div><\/div><\/div><\/div><\/div><div class=\"fusion-fullwidth fullwidth-box fusion-builder-row-4 fusion-flex-container has-pattern-background has-mask-background nonhundred-percent-fullwidth non-hundred-percent-height-scrolling\" style=\"--awb-border-radius-top-left:0px;--awb-border-radius-top-right:0px;--awb-border-radius-bottom-right:0px;--awb-border-radius-bottom-left:0px;--awb-flex-wrap:wrap;\" id=\"custom_improved_grid\" ><div class=\"fusion-builder-row fusion-row fusion-flex-align-items-flex-start fusion-flex-content-wrap\" style=\"max-width:1216.8px;margin-left: calc(-4% \/ 2 );margin-right: calc(-4% \/ 2 );\"><div class=\"fusion-layout-column fusion_builder_column fusion-builder-column-15 fusion_builder_column_1_1 1_1 fusion-flex-column\" style=\"--awb-bg-size:cover;--awb-width-large:100%;--awb-margin-top-large:0px;--awb-spacing-right-large:1.92%;--awb-margin-bottom-large:0px;--awb-spacing-left-large:1.92%;--awb-width-medium:100%;--awb-order-medium:0;--awb-spacing-right-medium:1.92%;--awb-spacing-left-medium:1.92%;--awb-width-small:100%;--awb-order-small:0;--awb-spacing-right-small:1.92%;--awb-spacing-left-small:1.92%;\"><div class=\"fusion-column-wrapper fusion-column-has-shadow fusion-flex-justify-content-flex-start fusion-content-layout-column\"><div class=\"fusion-text fusion-text-4\"><h3>Durante todo el fin de semana puedes disfrutar de diferentes propuestas a tu aire:<\/h3>\n<\/div><\/div><\/div><div class=\"fusion-layout-column fusion_builder_column fusion-builder-column-16 fusion_builder_column_1_3 1_3 fusion-flex-column\" style=\"--awb-bg-color:#ffffff;--awb-bg-color-hover:#ffffff;--awb-bg-size:cover;--awb-border-color:#f8f8f8;--awb-border-top:1px;--awb-border-right:1px;--awb-border-bottom:1px;--awb-border-left:1px;--awb-border-style:solid;--awb-width-large:33.333333333333%;--awb-margin-top-large:0px;--awb-spacing-right-large:5.76%;--awb-margin-bottom-large:3%;--awb-spacing-left-large:5.76%;--awb-width-medium:100%;--awb-order-medium:0;--awb-spacing-right-medium:1.92%;--awb-spacing-left-medium:1.92%;--awb-width-small:100%;--awb-order-small:0;--awb-spacing-right-small:1.92%;--awb-spacing-left-small:1.92%;\"><div class=\"fusion-column-wrapper fusion-column-has-shadow fusion-flex-justify-content-flex-start fusion-content-layout-column\"><div class=\"fusion-image-element \" style=\"text-align:center;--awb-caption-title-font-family:var(--h2_typography-font-family);--awb-caption-title-font-weight:var(--h2_typography-font-weight);--awb-caption-title-font-style:var(--h2_typography-font-style);--awb-caption-title-size:var(--h2_typography-font-size);--awb-caption-title-transform:var(--h2_typography-text-transform);--awb-caption-title-line-height:var(--h2_typography-line-height);--awb-caption-title-letter-spacing:var(--h2_typography-letter-spacing);\"><span class=\" fusion-imageframe imageframe-none imageframe-13 hover-type-none\" style=\"border:1px solid rgba(246,246,246,0);\"><img decoding=\"async\" width=\"740\" height=\"460\" alt=\"Ruta para familias exploradoras\" title=\"4 lugares verdes\" src=\"https:\/\/visit.santcugat.cat\/wp-content\/uploads\/2021\/10\/4-indrets-verds-e1776674039922.jpg\" class=\"img-responsive wp-image-27899\"\/><\/span><\/div><div class=\"fusion-reading-box-container reading-box-container-13\" style=\"--awb-title-color:#3b4251;--awb-margin-top:0px;--awb-margin-bottom:0px;\"><div class=\"reading-box\" style=\"background-color:#ffffff;border-width:1px;border-color:#aaaaaa;border-bottom-width:3px;border-bottom-color:var(--primary_color);border-style:solid;padding-right:0.75px;padding-left:0.75px;\"><div class=\"reading-box-additional\">\n<p style=\"text-align: center;\"><span style=\"color: var(--awb-color5); font-family: var(--body_typography-font-family); font-size: var(--body_typography-font-size); font-style: var(--body_typography-font-style,normal); letter-spacing: var(--body_typography-letter-spacing);\"> <strong>Ruta para familias exploradoras<\/strong><\/span><b><br \/>\n<\/b><\/p>\n<p style=\"text-align: center;\"><div class=\"fusion-separator fusion-full-width-sep\" style=\"align-self: center;margin-left: auto;margin-right: auto;margin-top:5px;margin-bottom:0px;width:100%;\"><\/div><div class=\"fusion-button-wrapper fusion-aligncenter\"><a class=\"fusion-button button-flat fusion-button-default-size button-default fusion-button-default button-13 fusion-button-default-span fusion-button-default-type\" target=\"_blank\" rel=\"noopener noreferrer\" href=\"https:\/\/visit.santcugat.cat\/ruta-turquesa-families-exploradores\/\"><span class=\"fusion-button-text awb-button__text awb-button__text--default fusion-button-text-right\"> M\u00e1s informaci\u00f3n<\/span><span class=\"fusion-button-icon-divider button-icon-divider-right\"><i class=\" fa fa-chevron-down awb-button__icon awb-button__icon--default\" aria-hidden=\"true\"><\/i><\/span><\/a><\/div> <div class=\"fusion-separator fusion-full-width-sep\" style=\"align-self: center;margin-left: auto;margin-right: auto;margin-top:5px;margin-bottom:0px;width:100%;\"><\/div>\n<\/div><div class=\"fusion-clearfix\"><\/div><\/div><\/div><\/div><\/div><div class=\"fusion-layout-column fusion_builder_column fusion-builder-column-17 fusion_builder_column_1_3 1_3 fusion-flex-column\" style=\"--awb-bg-color:#ffffff;--awb-bg-color-hover:#ffffff;--awb-bg-size:cover;--awb-border-color:#f8f8f8;--awb-border-top:1px;--awb-border-right:1px;--awb-border-bottom:1px;--awb-border-left:1px;--awb-border-style:solid;--awb-width-large:33.333333333333%;--awb-margin-top-large:0px;--awb-spacing-right-large:5.76%;--awb-margin-bottom-large:3%;--awb-spacing-left-large:5.76%;--awb-width-medium:100%;--awb-order-medium:0;--awb-spacing-right-medium:1.92%;--awb-spacing-left-medium:1.92%;--awb-width-small:100%;--awb-order-small:0;--awb-spacing-right-small:1.92%;--awb-spacing-left-small:1.92%;\"><div class=\"fusion-column-wrapper fusion-column-has-shadow fusion-flex-justify-content-flex-start fusion-content-layout-column\"><div class=\"fusion-image-element \" style=\"text-align:center;--awb-caption-title-font-family:var(--h2_typography-font-family);--awb-caption-title-font-weight:var(--h2_typography-font-weight);--awb-caption-title-font-style:var(--h2_typography-font-style);--awb-caption-title-size:var(--h2_typography-font-size);--awb-caption-title-transform:var(--h2_typography-text-transform);--awb-caption-title-line-height:var(--h2_typography-line-height);--awb-caption-title-letter-spacing:var(--h2_typography-letter-spacing);\"><span class=\" fusion-imageframe imageframe-none imageframe-14 hover-type-none\" style=\"border:1px solid rgba(246,246,246,0);\"><img decoding=\"async\" width=\"800\" height=\"533\" alt=\"Rutas naturaleza local\" title=\"parque-turo-de-can-mates-min-scaled\" src=\"https:\/\/visit.santcugat.cat\/wp-content\/uploads\/2023\/12\/parc-turo-de-can-mates-min-scaled-1-e1776674175342.jpg\" class=\"img-responsive wp-image-39013\"\/><\/span><\/div><div class=\"fusion-reading-box-container reading-box-container-14\" style=\"--awb-title-color:#3b4251;--awb-margin-top:0px;--awb-margin-bottom:0px;\"><div class=\"reading-box\" style=\"background-color:#ffffff;border-width:1px;border-color:#aaaaaa;border-bottom-width:3px;border-bottom-color:var(--primary_color);border-style:solid;padding-right:0.15px;padding-left:0.15px;\"><div class=\"reading-box-additional\">\n<p style=\"text-align: center;\"><b>Rutas naturaleza local<\/b><\/p>\n<p style=\"text-align: center;\"><div class=\"fusion-separator fusion-full-width-sep\" style=\"align-self: center;margin-left: auto;margin-right: auto;margin-top:5px;margin-bottom:0px;width:100%;\"><\/div><div class=\"fusion-button-wrapper fusion-aligncenter\"><a class=\"fusion-button button-flat fusion-button-default-size button-default fusion-button-default button-14 fusion-button-default-span fusion-button-default-type\" target=\"_blank\" rel=\"noopener noreferrer\" href=\"https:\/\/visit.santcugat.cat\/ruta-natura-local\/\"><span class=\"fusion-button-text awb-button__text awb-button__text--default fusion-button-text-right\"> M\u00e1s informaci\u00f3n<\/span><span class=\"fusion-button-icon-divider button-icon-divider-right\"><i class=\" fa fa-chevron-down awb-button__icon awb-button__icon--default\" aria-hidden=\"true\"><\/i><\/span><\/a><\/div> <div class=\"fusion-separator fusion-full-width-sep\" style=\"align-self: center;margin-left: auto;margin-right: auto;margin-top:5px;margin-bottom:0px;width:100%;\"><\/div>\n<\/div><div class=\"fusion-clearfix\"><\/div><\/div><\/div><\/div><\/div><div class=\"fusion-layout-column fusion_builder_column fusion-builder-column-18 fusion_builder_column_1_3 1_3 fusion-flex-column\" style=\"--awb-bg-color:#ffffff;--awb-bg-color-hover:#ffffff;--awb-bg-size:cover;--awb-border-color:#f8f8f8;--awb-border-top:1px;--awb-border-right:1px;--awb-border-bottom:1px;--awb-border-left:1px;--awb-border-style:solid;--awb-width-large:33.333333333333%;--awb-margin-top-large:0px;--awb-spacing-right-large:5.76%;--awb-margin-bottom-large:3%;--awb-spacing-left-large:5.76%;--awb-width-medium:100%;--awb-order-medium:0;--awb-spacing-right-medium:1.92%;--awb-spacing-left-medium:1.92%;--awb-width-small:100%;--awb-order-small:0;--awb-spacing-right-small:1.92%;--awb-spacing-left-small:1.92%;\"><div class=\"fusion-column-wrapper fusion-column-has-shadow fusion-flex-justify-content-flex-start fusion-content-layout-column\"><div class=\"fusion-image-element \" style=\"text-align:center;--awb-caption-title-font-family:var(--h2_typography-font-family);--awb-caption-title-font-weight:var(--h2_typography-font-weight);--awb-caption-title-font-style:var(--h2_typography-font-style);--awb-caption-title-size:var(--h2_typography-font-size);--awb-caption-title-transform:var(--h2_typography-text-transform);--awb-caption-title-line-height:var(--h2_typography-line-height);--awb-caption-title-letter-spacing:var(--h2_typography-letter-spacing);\"><span class=\" fusion-imageframe imageframe-none imageframe-15 hover-type-none\" style=\"border:1px solid rgba(246,246,246,0);\"><img decoding=\"async\" width=\"700\" height=\"467\" alt=\"Rutas naturaleza local\" title=\"WhatsApp-Image-2023-11-11-at-12.43.19\" src=\"https:\/\/visit.santcugat.cat\/wp-content\/uploads\/2026\/04\/WhatsApp-Image-2023-11-11-at-12.43.19-e1776674759977.jpg\" class=\"img-responsive wp-image-49151\" srcset=\"https:\/\/visit.santcugat.cat\/wp-content\/uploads\/2026\/04\/WhatsApp-Image-2023-11-11-at-12.43.19-e1776674759977-200x133.jpg 200w, https:\/\/visit.santcugat.cat\/wp-content\/uploads\/2026\/04\/WhatsApp-Image-2023-11-11-at-12.43.19-e1776674759977-400x267.jpg 400w, https:\/\/visit.santcugat.cat\/wp-content\/uploads\/2026\/04\/WhatsApp-Image-2023-11-11-at-12.43.19-e1776674759977-600x400.jpg 600w, https:\/\/visit.santcugat.cat\/wp-content\/uploads\/2026\/04\/WhatsApp-Image-2023-11-11-at-12.43.19-e1776674759977.jpg 700w\" sizes=\"(max-width: 1024px) 100vw, (max-width: 640px) 100vw, 400px\" \/><\/span><\/div><div class=\"fusion-reading-box-container reading-box-container-15\" style=\"--awb-title-color:#3b4251;--awb-margin-top:0px;--awb-margin-bottom:0px;\"><div class=\"reading-box\" style=\"background-color:#ffffff;border-width:1px;border-color:#aaaaaa;border-bottom-width:3px;border-bottom-color:var(--primary_color);border-style:solid;padding-right:0.15px;padding-left:0.15px;\"><div class=\"reading-box-additional\">\n<p style=\"text-align: center;\"><strong><b>Mercado de Pag\u00e8s Ateneu Sant Cugat<\/b><\/strong><\/p>\n<p style=\"text-align: center;\"><div class=\"fusion-separator fusion-full-width-sep\" style=\"align-self: center;margin-left: auto;margin-right: auto;margin-top:5px;margin-bottom:0px;width:100%;\"><\/div><div class=\"fusion-button-wrapper fusion-aligncenter\"><a class=\"fusion-button button-flat fusion-button-default-size button-default fusion-button-default button-15 fusion-button-default-span fusion-button-default-type\" target=\"_blank\" rel=\"noopener noreferrer\" href=\"https:\/\/visit.santcugat.cat\/mercat-pages-ateneu\/\"><span class=\"fusion-button-text awb-button__text awb-button__text--default fusion-button-text-right\"> M\u00e1s informaci\u00f3n<\/span><span class=\"fusion-button-icon-divider button-icon-divider-right\"><i class=\" fa fa-chevron-down awb-button__icon awb-button__icon--default\" aria-hidden=\"true\"><\/i><\/span><\/a><\/div> <div class=\"fusion-separator fusion-full-width-sep\" style=\"align-self: center;margin-left: auto;margin-right: auto;margin-top:5px;margin-bottom:0px;width:100%;\"><\/div>\n<\/div><div class=\"fusion-clearfix\"><\/div><\/div><\/div><\/div><\/div><\/div><\/div><div class=\"fusion-fullwidth fullwidth-box fusion-builder-row-5 fusion-flex-container nonhundred-percent-fullwidth non-hundred-percent-height-scrolling\" style=\"--awb-border-radius-top-left:0px;--awb-border-radius-top-right:0px;--awb-border-radius-bottom-right:0px;--awb-border-radius-bottom-left:0px;--awb-flex-wrap:wrap;\" ><div class=\"fusion-builder-row fusion-row fusion-flex-align-items-flex-start fusion-flex-content-wrap\" style=\"max-width:1216.8px;margin-left: calc(-4% \/ 2 );margin-right: calc(-4% \/ 2 );\"><div class=\"fusion-layout-column fusion_builder_column fusion-builder-column-19 fusion_builder_column_1_1 1_1 fusion-flex-column\" style=\"--awb-padding-top:20px;--awb-padding-right:40px;--awb-padding-bottom:10px;--awb-padding-left:40px;--awb-bg-color:#ffffff;--awb-bg-color-hover:#ffffff;--awb-bg-size:cover;--awb-border-color:#dddddd;--awb-border-top:1px;--awb-border-right:1px;--awb-border-bottom:1px;--awb-border-left:1px;--awb-border-style:solid;--awb-width-large:100%;--awb-margin-top-large:0px;--awb-spacing-right-large:1.92%;--awb-margin-bottom-large:25px;--awb-spacing-left-large:1.92%;--awb-width-medium:100%;--awb-spacing-right-medium:1.92%;--awb-spacing-left-medium:1.92%;--awb-width-small:100%;--awb-spacing-right-small:1.92%;--awb-spacing-left-small:1.92%;\"><div class=\"fusion-column-wrapper fusion-flex-justify-content-center fusion-content-layout-column\"><div class=\"fusion-title title fusion-title-1 fusion-sep-none fusion-title-text fusion-title-size-two\" style=\"--awb-margin-top-small:0px;--awb-margin-bottom-small:20px;\"><h2 class=\"fusion-title-heading title-heading-left fusion-responsive-typography-calculated\" style=\"margin:0;--fontSize:26;line-height:1.69;\"><h2>M\u00e1s informaci\u00f3n en la Oficina de Turismo<\/h2><\/h2><\/div><div class=\"fusion-text fusion-text-5\"><p>Si quieres informaci\u00f3n sobre esta experiencia \u00fanica, puedes consultar nuestra Oficina de Turismo. De igual modo, si quieres tener una atenci\u00f3n y un plan personalizado y adaptado a tus necesidades, te recomendamos ponerte en contacto con la <a href=\"https:\/\/visit.santcugat.cat\/es\/oficina-de-turismo\/\" data-hasqtip=\"41606\">Oficina de Turismo<\/a> de Sant Cugat, te ampliaremos la informaci\u00f3n de propuestas culturales, tur\u00edsticas, naturales y gastron\u00f3micas que ofrece la ciudad para gozar de una buena estancia.<\/p>\n<ul>\n<li>Contacta con nosotros a trav\u00e9s de este <a href=\"https:\/\/visit.santcugat.cat\/es\/contacto-oficina-de-turismo\/\">formulario o nuestro WhatsApp.<\/a><\/li>\n<li>Ll\u00e1manos al tel\u00e9fono: 93 675 99 52<\/li>\n<li>Vis\u00edtanos en la plaza de Octavi\u00e0, 10, Sant Cugat del Vall\u00e8s<\/li>\n<\/ul>\n<blockquote>\n<p>HORARIO: de martes a s\u00e1bado, de 10 h a 14 h y de 17 ha 19 h. Domingos y festivos, de 10 a 14 h.<\/p>\n<\/blockquote>\n<\/div><\/div><\/div><\/div><\/div><\/p>\n","protected":false},"excerpt":{"rendered":"","protected":false},"author":4,"featured_media":0,"parent":0,"menu_order":0,"comment_status":"closed","ping_status":"closed","template":"","meta":{"_joinchat":[],"footnotes":""},"class_list":["post-49152","page","type-page","status-publish","hentry"],"yoast_head":"<!-- This site is optimized with the Yoast SEO plugin v27.5 - https:\/\/yoast.com\/product\/yoast-seo-wordpress\/ -->\n<title>Espacios m\u00e1s naturales | Jornadas de Naturaleza en Sant Cugat<\/title>\n<meta name=\"description\" content=\"Consulta la programaci\u00f3n de Espacios m\u00e1s naturales: actividades divulgativas, paseos con gu\u00eda y propuestas familiares en la naturaleza. Reserva entrada.\" \/>\n<meta name=\"robots\" content=\"noindex, nofollow\" \/>\n<meta property=\"og:locale\" content=\"es_ES\" \/>\n<meta property=\"og:type\" content=\"article\" \/>\n<meta property=\"og:title\" content=\"Espacios m\u00e1s naturales | Jornadas de Naturaleza en Sant Cugat\" \/>\n<meta property=\"og:description\" content=\"Consulta la programaci\u00f3n de Espacios m\u00e1s naturales: actividades divulgativas, paseos con gu\u00eda y propuestas familiares en la naturaleza. Reserva entrada.\" \/>\n<meta property=\"og:url\" content=\"https:\/\/visit.santcugat.cat\/es\/espacios-mas-naturales\/\" \/>\n<meta property=\"og:site_name\" content=\"Visit Sant Cugat\" \/>\n<meta property=\"article:publisher\" content=\"https:\/\/www.facebook.com\/visitsantcugat\/\" \/>\n<meta property=\"article:modified_time\" content=\"2026-04-29T08:16:41+00:00\" \/>\n<meta property=\"og:image\" content=\"https:\/\/visit.santcugat.cat\/wp-content\/uploads\/2023\/03\/CLAUSTRE-MONASTERIO-DE-SANT-CUGAT_resultado.webp\" \/>\n\t<meta property=\"og:image:width\" content=\"984\" \/>\n\t<meta property=\"og:image:height\" content=\"502\" \/>\n\t<meta property=\"og:image:type\" content=\"image\/webp\" \/>\n<meta name=\"twitter:card\" content=\"summary_large_image\" \/>\n<meta name=\"twitter:site\" content=\"@ajsantcugat\" \/>\n<meta name=\"twitter:label1\" content=\"Tiempo de lectura\" \/>\n\t<meta name=\"twitter:data1\" content=\"6 minutos\" \/>\n<script type=\"application\/ld+json\" class=\"yoast-schema-graph\">{\"@context\":\"https:\\\/\\\/schema.org\",\"@graph\":[{\"@type\":\"WebPage\",\"@id\":\"https:\\\/\\\/visit.santcugat.cat\\\/es\\\/espacios-mas-naturales\\\/\",\"url\":\"https:\\\/\\\/visit.santcugat.cat\\\/es\\\/espacios-mas-naturales\\\/\",\"name\":\"Espacios m\u00e1s naturales | Jornadas de Naturaleza en Sant Cugat\",\"isPartOf\":{\"@id\":\"https:\\\/\\\/visit.santcugat.cat\\\/fr\\\/#website\"},\"datePublished\":\"2026-04-22T08:46:34+00:00\",\"dateModified\":\"2026-04-29T08:16:41+00:00\",\"description\":\"Consulta la programaci\u00f3n de Espacios m\u00e1s naturales: actividades divulgativas, paseos con gu\u00eda y propuestas familiares en la naturaleza. Reserva entrada.\",\"breadcrumb\":{\"@id\":\"https:\\\/\\\/visit.santcugat.cat\\\/es\\\/espacios-mas-naturales\\\/#breadcrumb\"},\"inLanguage\":\"es\",\"potentialAction\":[{\"@type\":\"ReadAction\",\"target\":[\"https:\\\/\\\/visit.santcugat.cat\\\/es\\\/espacios-mas-naturales\\\/\"]}]},{\"@type\":\"BreadcrumbList\",\"@id\":\"https:\\\/\\\/visit.santcugat.cat\\\/es\\\/espacios-mas-naturales\\\/#breadcrumb\",\"itemListElement\":[{\"@type\":\"ListItem\",\"position\":1,\"name\":\"Inici\",\"item\":\"https:\\\/\\\/visit.santcugat.cat\\\/es\\\/\"},{\"@type\":\"ListItem\",\"position\":2,\"name\":\"Espacios m\u00e1s naturales\"}]},{\"@type\":\"WebSite\",\"@id\":\"https:\\\/\\\/visit.santcugat.cat\\\/fr\\\/#website\",\"url\":\"https:\\\/\\\/visit.santcugat.cat\\\/fr\\\/\",\"name\":\"Visit Sant Cugat\",\"description\":\"Turisme de Sant Cugat\",\"publisher\":{\"@id\":\"https:\\\/\\\/visit.santcugat.cat\\\/fr\\\/#organization\"},\"potentialAction\":[{\"@type\":\"SearchAction\",\"target\":{\"@type\":\"EntryPoint\",\"urlTemplate\":\"https:\\\/\\\/visit.santcugat.cat\\\/fr\\\/?s={search_term_string}\"},\"query-input\":{\"@type\":\"PropertyValueSpecification\",\"valueRequired\":true,\"valueName\":\"search_term_string\"}}],\"inLanguage\":\"es\"},{\"@type\":\"Organization\",\"@id\":\"https:\\\/\\\/visit.santcugat.cat\\\/fr\\\/#organization\",\"name\":\"Visit Sant Cugat - Turisme de Sant Cugat - Barcelona\",\"url\":\"https:\\\/\\\/visit.santcugat.cat\\\/fr\\\/\",\"logo\":{\"@type\":\"ImageObject\",\"inLanguage\":\"es\",\"@id\":\"https:\\\/\\\/visit.santcugat.cat\\\/fr\\\/#\\\/schema\\\/logo\\\/image\\\/\",\"url\":\"https:\\\/\\\/visit.santcugat.cat\\\/wp-content\\\/uploads\\\/2020\\\/09\\\/logo.png\",\"contentUrl\":\"https:\\\/\\\/visit.santcugat.cat\\\/wp-content\\\/uploads\\\/2020\\\/09\\\/logo.png\",\"width\":200,\"height\":44,\"caption\":\"Visit Sant Cugat - Turisme de Sant Cugat - Barcelona\"},\"image\":{\"@id\":\"https:\\\/\\\/visit.santcugat.cat\\\/fr\\\/#\\\/schema\\\/logo\\\/image\\\/\"},\"sameAs\":[\"https:\\\/\\\/www.facebook.com\\\/visitsantcugat\\\/\",\"https:\\\/\\\/x.com\\\/ajsantcugat\",\"https:\\\/\\\/www.instagram.com\\\/visitsantcugat\\\/\",\"https:\\\/\\\/ca.wikipedia.org\\\/wiki\\\/Sant_Cugat_del_Vall\u00e8s\"]}]}<\/script>\n<!-- \/ Yoast SEO plugin. -->","yoast_head_json":{"title":"Espacios m\u00e1s naturales | Jornadas de Naturaleza en Sant Cugat","description":"Consulta la programaci\u00f3n de Espacios m\u00e1s naturales: actividades divulgativas, paseos con gu\u00eda y propuestas familiares en la naturaleza. Reserva entrada.","robots":{"index":"noindex","follow":"nofollow"},"og_locale":"es_ES","og_type":"article","og_title":"Espacios m\u00e1s naturales | Jornadas de Naturaleza en Sant Cugat","og_description":"Consulta la programaci\u00f3n de Espacios m\u00e1s naturales: actividades divulgativas, paseos con gu\u00eda y propuestas familiares en la naturaleza. Reserva entrada.","og_url":"https:\/\/visit.santcugat.cat\/es\/espacios-mas-naturales\/","og_site_name":"Visit Sant Cugat","article_publisher":"https:\/\/www.facebook.com\/visitsantcugat\/","article_modified_time":"2026-04-29T08:16:41+00:00","og_image":[{"width":984,"height":502,"url":"https:\/\/visit.santcugat.cat\/wp-content\/uploads\/2023\/03\/CLAUSTRE-MONASTERIO-DE-SANT-CUGAT_resultado.webp","type":"image\/webp"}],"twitter_card":"summary_large_image","twitter_site":"@ajsantcugat","twitter_misc":{"Tiempo de lectura":"6 minutos"},"schema":{"@context":"https:\/\/schema.org","@graph":[{"@type":"WebPage","@id":"https:\/\/visit.santcugat.cat\/es\/espacios-mas-naturales\/","url":"https:\/\/visit.santcugat.cat\/es\/espacios-mas-naturales\/","name":"Espacios m\u00e1s naturales | Jornadas de Naturaleza en Sant Cugat","isPartOf":{"@id":"https:\/\/visit.santcugat.cat\/fr\/#website"},"datePublished":"2026-04-22T08:46:34+00:00","dateModified":"2026-04-29T08:16:41+00:00","description":"Consulta la programaci\u00f3n de Espacios m\u00e1s naturales: actividades divulgativas, paseos con gu\u00eda y propuestas familiares en la naturaleza. Reserva entrada.","breadcrumb":{"@id":"https:\/\/visit.santcugat.cat\/es\/espacios-mas-naturales\/#breadcrumb"},"inLanguage":"es","potentialAction":[{"@type":"ReadAction","target":["https:\/\/visit.santcugat.cat\/es\/espacios-mas-naturales\/"]}]},{"@type":"BreadcrumbList","@id":"https:\/\/visit.santcugat.cat\/es\/espacios-mas-naturales\/#breadcrumb","itemListElement":[{"@type":"ListItem","position":1,"name":"Inici","item":"https:\/\/visit.santcugat.cat\/es\/"},{"@type":"ListItem","position":2,"name":"Espacios m\u00e1s naturales"}]},{"@type":"WebSite","@id":"https:\/\/visit.santcugat.cat\/fr\/#website","url":"https:\/\/visit.santcugat.cat\/fr\/","name":"Visit Sant Cugat","description":"Turisme de Sant Cugat","publisher":{"@id":"https:\/\/visit.santcugat.cat\/fr\/#organization"},"potentialAction":[{"@type":"SearchAction","target":{"@type":"EntryPoint","urlTemplate":"https:\/\/visit.santcugat.cat\/fr\/?s={search_term_string}"},"query-input":{"@type":"PropertyValueSpecification","valueRequired":true,"valueName":"search_term_string"}}],"inLanguage":"es"},{"@type":"Organization","@id":"https:\/\/visit.santcugat.cat\/fr\/#organization","name":"Visit Sant Cugat - Turisme de Sant Cugat - Barcelona","url":"https:\/\/visit.santcugat.cat\/fr\/","logo":{"@type":"ImageObject","inLanguage":"es","@id":"https:\/\/visit.santcugat.cat\/fr\/#\/schema\/logo\/image\/","url":"https:\/\/visit.santcugat.cat\/wp-content\/uploads\/2020\/09\/logo.png","contentUrl":"https:\/\/visit.santcugat.cat\/wp-content\/uploads\/2020\/09\/logo.png","width":200,"height":44,"caption":"Visit Sant Cugat - Turisme de Sant Cugat - Barcelona"},"image":{"@id":"https:\/\/visit.santcugat.cat\/fr\/#\/schema\/logo\/image\/"},"sameAs":["https:\/\/www.facebook.com\/visitsantcugat\/","https:\/\/x.com\/ajsantcugat","https:\/\/www.instagram.com\/visitsantcugat\/","https:\/\/ca.wikipedia.org\/wiki\/Sant_Cugat_del_Vall\u00e8s"]}]}},"_links":{"self":[{"href":"https:\/\/visit.santcugat.cat\/es\/wp-json\/wp\/v2\/pages\/49152","targetHints":{"allow":["GET"]}}],"collection":[{"href":"https:\/\/visit.santcugat.cat\/es\/wp-json\/wp\/v2\/pages"}],"about":[{"href":"https:\/\/visit.santcugat.cat\/es\/wp-json\/wp\/v2\/types\/page"}],"author":[{"embeddable":true,"href":"https:\/\/visit.santcugat.cat\/es\/wp-json\/wp\/v2\/users\/4"}],"replies":[{"embeddable":true,"href":"https:\/\/visit.santcugat.cat\/es\/wp-json\/wp\/v2\/comments?post=49152"}],"version-history":[{"count":11,"href":"https:\/\/visit.santcugat.cat\/es\/wp-json\/wp\/v2\/pages\/49152\/revisions"}],"predecessor-version":[{"id":50137,"href":"https:\/\/visit.santcugat.cat\/es\/wp-json\/wp\/v2\/pages\/49152\/revisions\/50137"}],"wp:attachment":[{"href":"https:\/\/visit.santcugat.cat\/es\/wp-json\/wp\/v2\/media?parent=49152"}],"curies":[{"name":"wp","href":"https:\/\/api.w.org\/{rel}","templated":true}]}}