{"id":30140,"date":"2022-06-14T11:55:56","date_gmt":"2022-06-14T09:55:56","guid":{"rendered":"https:\/\/visit.santcugat.cat\/film-commission\/"},"modified":"2026-04-27T10:49:05","modified_gmt":"2026-04-27T08:49:05","slug":"cityoffilm","status":"publish","type":"page","link":"https:\/\/visit.santcugat.cat\/es\/cityoffilm\/","title":{"rendered":"City of Film"},"content":{"rendered":"<p><div class=\"fusion-fullwidth fullwidth-box fusion-builder-row-1 fusion-flex-container has-pattern-background has-mask-background nonhundred-percent-fullwidth non-hundred-percent-height-scrolling\" style=\"--awb-border-radius-top-left:0px;--awb-border-radius-top-right:0px;--awb-border-radius-bottom-right:0px;--awb-border-radius-bottom-left:0px;--awb-padding-top:0px;--awb-padding-bottom:0px;--awb-margin-top:0px;--awb-margin-bottom:0px;--awb-background-color:#ffffff;--awb-flex-wrap:wrap;\" ><div class=\"fusion-builder-row fusion-row fusion-flex-align-items-flex-start fusion-flex-content-wrap\" style=\"max-width:calc( 1170px + 0px );margin-left: calc(-0px \/ 2 );margin-right: calc(-0px \/ 2 );\"><div class=\"fusion-layout-column fusion_builder_column fusion-builder-column-0 fusion_builder_column_1_4 1_4 fusion-flex-column fusion-column-inner-bg-wrapper fusion-animated article-banners-improved\" style=\"--awb-padding-top:1px;--awb-padding-bottom:1px;--awb-inner-bg-position:right center;--awb-inner-bg-repeat:repeat-y;--awb-border-color:#ffffff;--awb-border-color-hover:#000000;--awb-border-top:2px;--awb-border-right:2px;--awb-border-bottom:2px;--awb-border-left:2px;--awb-border-style:solid;--awb-width-large:25%;--awb-margin-top-large:0px;--awb-spacing-right-large:0px;--awb-margin-bottom-large:0px;--awb-spacing-left-large:0px;--awb-width-medium:100%;--awb-order-medium:0;--awb-spacing-right-medium:0px;--awb-spacing-left-medium:0px;--awb-width-small:100%;--awb-order-small:0;--awb-spacing-right-small:0px;--awb-spacing-left-small:0px;\" data-animationType=\"fadeInRight\" data-animationDuration=\"1.0\" data-animationOffset=\"top-into-view\" data-scroll-devices=\"small-visibility,medium-visibility,large-visibility\"><span class=\"fusion-column-inner-bg hover-type-none\"><a class=\"fusion-column-anchor\" href=\"https:\/\/visit.santcugat.cat\/es\/cityoffilm\/rodar\/#permisos\"><span class=\"fusion-column-inner-bg-image\"><\/span><\/a><\/span><div class=\"fusion-column-wrapper fusion-column-has-shadow fusion-flex-justify-content-flex-start fusion-content-layout-column\"><i class=\"fb-icon-element-1 fb-icon-element fontawesome-icon fa-file-contract fas circle-yes fusion-animated\" style=\"--awb-iconcolor:#000000;--awb-iconcolor-hover:#7ac142;--awb-circlecolor:var(--awb-color4);--awb-circlecolor-hover:#ffffff;--awb-circlebordercolor:var(--awb-color1);--awb-circlebordercolor-hover:var(--awb-custom_color_2);--awb-circlebordersize:1px;--awb-font-size:26.4px;--awb-width:52.8px;--awb-height:52.8px;--awb-line-height:50.8px;--awb-align-self:center;--awb-margin-top:28px;--awb-margin-right:0px;--awb-margin-bottom:0px;--awb-margin-left:0px;\" data-animationType=\"bounceInDown\" data-animationDuration=\"1.0\" data-animationOffset=\"top-into-view\"><\/i><div class=\"fusion-title title fusion-title-1 fusion-sep-none fusion-title-center fusion-title-text fusion-title-size-three\" style=\"--awb-margin-top:5px;--awb-margin-bottom:5px;--awb-margin-top-small:0px;--awb-margin-bottom-small:20px;\"><h3 class=\"fusion-title-heading title-heading-center fusion-responsive-typography-calculated\" style=\"margin:0;--fontSize:24;line-height:1.67;\"><span style=\"color: #5f616f;\">PERMISOS<\/span><\/h3><\/div><\/div><\/div><div class=\"fusion-layout-column fusion_builder_column fusion-builder-column-1 fusion_builder_column_1_4 1_4 fusion-flex-column fusion-column-inner-bg-wrapper fusion-animated article-banners-improved\" style=\"--awb-padding-top:1px;--awb-padding-bottom:1px;--awb-inner-bg-size:cover;--awb-border-color:#ffffff;--awb-border-color-hover:#000000;--awb-border-top:2px;--awb-border-right:2px;--awb-border-bottom:2px;--awb-border-left:2px;--awb-border-style:solid;--awb-width-large:25%;--awb-margin-top-large:0px;--awb-spacing-right-large:0px;--awb-margin-bottom-large:0px;--awb-spacing-left-large:0px;--awb-width-medium:100%;--awb-order-medium:0;--awb-spacing-right-medium:0px;--awb-spacing-left-medium:0px;--awb-width-small:100%;--awb-order-small:0;--awb-spacing-right-small:0px;--awb-spacing-left-small:0px;\" data-animationType=\"fadeInUp\" data-animationDuration=\"1.0\" data-animationOffset=\"top-into-view\" data-scroll-devices=\"small-visibility,medium-visibility,large-visibility\"><span class=\"fusion-column-inner-bg hover-type-none\"><a class=\"fusion-column-anchor\" href=\"https:\/\/visit.santcugat.cat\/es\/cityoffilm\/localizaciones\/\"><span class=\"fusion-column-inner-bg-image\"><\/span><\/a><\/span><div class=\"fusion-column-wrapper fusion-column-has-shadow fusion-flex-justify-content-flex-start fusion-content-layout-column\"><i class=\"fb-icon-element-2 fb-icon-element fontawesome-icon fa-map-marker-alt fas circle-yes fusion-animated\" style=\"--awb-iconcolor:#000000;--awb-iconcolor-hover:#7ac142;--awb-circlecolor:var(--awb-color4);--awb-circlecolor-hover:#ffffff;--awb-circlebordercolor:var(--awb-color1);--awb-circlebordercolor-hover:var(--awb-color1);--awb-circlebordersize:1px;--awb-font-size:26.4px;--awb-width:52.8px;--awb-height:52.8px;--awb-line-height:50.8px;--awb-align-self:center;--awb-margin-top:28px;--awb-margin-right:0px;--awb-margin-bottom:0px;--awb-margin-left:0px;\" data-animationType=\"bounceInDown\" data-animationDuration=\"1\" data-animationOffset=\"top-into-view\"><\/i><div class=\"fusion-title title fusion-title-2 fusion-sep-none fusion-title-center fusion-title-text fusion-title-size-three\" style=\"--awb-margin-top:5px;--awb-margin-bottom:5px;--awb-margin-top-small:0px;--awb-margin-bottom-small:20px;\"><h3 class=\"fusion-title-heading title-heading-center fusion-responsive-typography-calculated\" style=\"margin:0;--fontSize:24;line-height:1.67;\"><span style=\"color: #5f616f;\">LOCALIZACIONES<\/span><\/h3><\/div><\/div><\/div><div class=\"fusion-layout-column fusion_builder_column fusion-builder-column-2 fusion_builder_column_1_4 1_4 fusion-flex-column fusion-column-inner-bg-wrapper fusion-animated article-banners-improved\" style=\"--awb-padding-top:1px;--awb-padding-bottom:1px;--awb-inner-bg-position:left center;--awb-inner-bg-repeat:repeat-y;--awb-border-color:#ffffff;--awb-border-color-hover:#000000;--awb-border-top:2px;--awb-border-right:2px;--awb-border-bottom:2px;--awb-border-left:2px;--awb-border-style:solid;--awb-width-large:25%;--awb-margin-top-large:0px;--awb-spacing-right-large:0px;--awb-margin-bottom-large:0px;--awb-spacing-left-large:0px;--awb-width-medium:100%;--awb-order-medium:0;--awb-spacing-right-medium:0px;--awb-spacing-left-medium:0px;--awb-width-small:100%;--awb-order-small:0;--awb-spacing-right-small:0px;--awb-spacing-left-small:0px;\" data-animationType=\"fadeInLeft\" data-animationDuration=\"1.0\" data-animationOffset=\"top-into-view\" data-scroll-devices=\"small-visibility,medium-visibility,large-visibility\"><span class=\"fusion-column-inner-bg hover-type-none\"><a class=\"fusion-column-anchor\" href=\"https:\/\/visit.santcugat.cat\/es\/cityoffilm\/filmografia\/\"><span class=\"fusion-column-inner-bg-image\"><\/span><\/a><\/span><div class=\"fusion-column-wrapper fusion-column-has-shadow fusion-flex-justify-content-flex-start fusion-content-layout-column\"><i class=\"fb-icon-element-3 fb-icon-element fontawesome-icon fa-film fas circle-yes fusion-animated\" style=\"--awb-iconcolor:#000000;--awb-iconcolor-hover:#7ac142;--awb-circlecolor:var(--awb-color4);--awb-circlecolor-hover:#ffffff;--awb-circlebordercolor:var(--awb-color1);--awb-circlebordercolor-hover:var(--awb-color1);--awb-circlebordersize:1px;--awb-font-size:26.4px;--awb-width:52.8px;--awb-height:52.8px;--awb-line-height:50.8px;--awb-align-self:center;--awb-margin-top:28px;--awb-margin-right:0px;--awb-margin-bottom:0px;--awb-margin-left:0px;\" data-animationType=\"bounceInDown\" data-animationDuration=\"1\" data-animationOffset=\"top-into-view\"><\/i><div class=\"fusion-title title fusion-title-3 fusion-sep-none fusion-title-center fusion-title-text fusion-title-size-three\" style=\"--awb-margin-top:5px;--awb-margin-bottom:5px;--awb-margin-top-small:0px;--awb-margin-bottom-small:20px;\"><h3 class=\"fusion-title-heading title-heading-center fusion-responsive-typography-calculated\" style=\"margin:0;--fontSize:24;line-height:1.67;\"><span style=\"color: #5f616f;\">FILMOGRAF\u00cdA<\/span><\/h3><\/div><\/div><\/div><div class=\"fusion-layout-column fusion_builder_column fusion-builder-column-3 fusion_builder_column_1_4 1_4 fusion-flex-column fusion-column-inner-bg-wrapper fusion-animated article-banners-improved\" style=\"--awb-padding-top:1px;--awb-padding-bottom:1px;--awb-inner-bg-position:left center;--awb-inner-bg-repeat:repeat-y;--awb-border-color:#ffffff;--awb-border-color-hover:#000000;--awb-border-top:2px;--awb-border-right:2px;--awb-border-bottom:2px;--awb-border-left:2px;--awb-border-style:solid;--awb-width-large:25%;--awb-margin-top-large:0px;--awb-spacing-right-large:0px;--awb-margin-bottom-large:0px;--awb-spacing-left-large:0px;--awb-width-medium:100%;--awb-order-medium:0;--awb-spacing-right-medium:0px;--awb-spacing-left-medium:0px;--awb-width-small:100%;--awb-order-small:0;--awb-spacing-right-small:0px;--awb-spacing-left-small:0px;\" data-animationType=\"fadeInLeft\" data-animationDuration=\"1.0\" data-animationOffset=\"top-into-view\" data-scroll-devices=\"small-visibility,medium-visibility,large-visibility\"><span class=\"fusion-column-inner-bg hover-type-none\"><a class=\"fusion-column-anchor\" href=\"mailto:martadecastro@santcugat.cat\"><span class=\"fusion-column-inner-bg-image\"><\/span><\/a><\/span><div class=\"fusion-column-wrapper fusion-column-has-shadow fusion-flex-justify-content-flex-start fusion-content-layout-column\"><i class=\"fb-icon-element-4 fb-icon-element fontawesome-icon fa-envelope fas circle-yes fusion-animated\" style=\"--awb-iconcolor:#000000;--awb-iconcolor-hover:#7ac142;--awb-circlecolor:var(--awb-color4);--awb-circlecolor-hover:#ffffff;--awb-circlebordercolor:var(--awb-color1);--awb-circlebordercolor-hover:var(--awb-color1);--awb-circlebordersize:1px;--awb-font-size:26.4px;--awb-width:52.8px;--awb-height:52.8px;--awb-line-height:50.8px;--awb-align-self:center;--awb-margin-top:28px;--awb-margin-right:0px;--awb-margin-bottom:0px;--awb-margin-left:0px;\" data-animationType=\"bounceInDown\" data-animationDuration=\"1\" data-animationOffset=\"top-into-view\"><\/i><div class=\"fusion-title title fusion-title-4 fusion-sep-none fusion-title-center fusion-title-text fusion-title-size-three\" style=\"--awb-margin-top:5px;--awb-margin-bottom:5px;--awb-margin-top-small:0px;--awb-margin-bottom-small:20px;\"><h3 class=\"fusion-title-heading title-heading-center fusion-responsive-typography-calculated\" style=\"margin:0;--fontSize:24;line-height:1.67;\"><span style=\"color: #5f616f;\">CONTACTA<\/span><\/h3><\/div><\/div><\/div><\/div><\/div><div class=\"fusion-fullwidth fullwidth-box fusion-builder-row-2 fusion-flex-container has-pattern-background has-mask-background nonhundred-percent-fullwidth non-hundred-percent-height-scrolling\" style=\"--awb-background-position:left top;--awb-border-sizes-top:0px;--awb-border-sizes-bottom:0px;--awb-border-sizes-left:0px;--awb-border-sizes-right:0px;--awb-border-radius-top-left:0px;--awb-border-radius-top-right:0px;--awb-border-radius-bottom-right:0px;--awb-border-radius-bottom-left:0px;--awb-padding-top:60px;--awb-padding-bottom:0px;--awb-flex-wrap:wrap;\" ><div class=\"fusion-builder-row fusion-row fusion-flex-align-items-flex-start fusion-flex-content-wrap\" style=\"max-width:1216.8px;margin-left: calc(-4% \/ 2 );margin-right: calc(-4% \/ 2 );\"><div class=\"fusion-layout-column fusion_builder_column fusion-builder-column-4 fusion_builder_column_1_2 1_2 fusion-flex-column fusion-flex-align-self-flex-start fusion-column-no-min-height\" style=\"--awb-bg-position:right bottom;--awb-bg-blend:overlay;--awb-bg-size:cover;--awb-width-large:50%;--awb-margin-top-large:0px;--awb-spacing-right-large:3.84%;--awb-margin-bottom-large:0px;--awb-spacing-left-large:3.84%;--awb-width-medium:100%;--awb-spacing-right-medium:1.92%;--awb-spacing-left-medium:1.92%;--awb-width-small:100%;--awb-spacing-right-small:1.92%;--awb-spacing-left-small:1.92%;\"><div class=\"fusion-column-wrapper fusion-flex-justify-content-flex-start fusion-content-layout-column\"><div class=\"fusion-text fusion-text-1\"><p style=\"letter-spacing: 4px; font-size: 13px; margin-bottom: 0px;\">SANT CUGAT CITY OF FILM<\/p>\n<h2 style=\"text-align: left; line-height: 1.2; font-size: 46px;\">\u00bfQuieres rodar en Sant Cugat?<\/h2>\n<p><span style=\"font-weight: 400;\">City of Film es un servicio del Ayuntamiento de Sant Cugat del Vall\u00e8s que pone a tu disposici\u00f3n todo lo necesario para que tu rodaje, filmaci\u00f3n o reportaje fotogr\u00e1fico sea un \u00e9xito. Ofrecemos un<strong> servicio \u00e1gil y personalizado para facilitar el trabajo a productoras y profesionales<\/strong> de la industria audiovisual.\u00a0<\/span><\/p>\n<p><span style=\"font-weight: 400;\">Con un rico patrimonio arquitect\u00f3nico, una ubicaci\u00f3n privilegiada y un entorno natural \u00fanico, Sant Cugat se ha convertido en uno de los destinos preferidos para rodajes de cine, televisi\u00f3n, publicidad y otros proyectos audiovisuales.<\/span><\/p>\n<\/div><div ><a class=\"fusion-button button-flat button-small button-default fusion-button-default button-1 fusion-button-default-span \" target=\"_self\" href=\"https:\/\/visit.santcugat.cat\/es\/cityoffilm\/rodar\/\"><span class=\"fusion-button-text awb-button__text awb-button__text--default fusion-button-text-right\">Todo para rodar en Sant Cugat<\/span><span class=\"fusion-button-icon-divider button-icon-divider-right\"><i class=\"fa-angle-right fas awb-button__icon awb-button__icon--default\" aria-hidden=\"true\"><\/i><\/span><\/a><\/div><\/div><\/div><div class=\"fusion-layout-column fusion_builder_column fusion-builder-column-5 fusion_builder_column_1_2 1_2 fusion-flex-column fusion-flex-align-self-flex-start\" style=\"--awb-padding-top:0px;--awb-padding-top-medium:20px;--awb-padding-top-small:20px;--awb-bg-size:cover;--awb-width-large:50%;--awb-margin-top-large:0px;--awb-spacing-right-large:3.84%;--awb-margin-bottom-large:0px;--awb-spacing-left-large:3.84%;--awb-width-medium:100%;--awb-order-medium:0;--awb-spacing-right-medium:1.92%;--awb-spacing-left-medium:1.92%;--awb-width-small:100%;--awb-order-small:0;--awb-spacing-right-small:1.92%;--awb-spacing-left-small:1.92%;\" data-scroll-devices=\"small-visibility,medium-visibility,large-visibility\"><div class=\"fusion-column-wrapper fusion-column-has-shadow fusion-flex-justify-content-flex-start fusion-content-layout-column\"><div class=\"fusion-video fusion-youtube\" style=\"--awb-max-width:600px;--awb-max-height:360px;--awb-align-self:center;--awb-width:100%;\"><div class=\"video-shortcode\"><div class=\"fluid-width-video-wrapper\" style=\"padding-top:60%;\" ><iframe class=\"fusion-hidden\" data-privacy-type=\"youtube\" src=\"\" title=\"YouTube video player 1\" data-privacy-src=\"https:\/\/www.youtube.com\/embed\/Z7UttnyVgVg?wmode=transparent&autoplay=0\" width=\"600\" height=\"360\" allowfullscreen allow=\"autoplay; clipboard-write; encrypted-media; gyroscope; picture-in-picture;\"><\/iframe><div class=\"fusion-privacy-placeholder\" style=\"width:600px; height:360px;\" data-privacy-type=\"youtube\"><div class=\"fusion-privacy-placeholder-content\"><div class=\"fusion-privacy-label\">Por razones de privacidad YouTube necesita tu permiso para cargarse.<\/div><button data-privacy-type=\"youtube\" class=\"fusion-button button-default fusion-button-default-size button fusion-privacy-consent\">I Accept<\/button><\/div><\/div><\/div><\/div><\/div><div class=\"accordian fusion-accordian\" style=\"--awb-padding-right:30px;--awb-border-size:1px;--awb-icon-size:13px;--awb-content-font-size:16px;--awb-icon-alignment:left;--awb-hover-color:#f9f9f9;--awb-border-color:#cccccc;--awb-background-color:#ffffff;--awb-divider-color:#7ac142;--awb-divider-hover-color:#7ac142;--awb-icon-color:#ffffff;--awb-title-color:#7ac142;--awb-content-color:#666666;--awb-icon-box-color:#333333;--awb-toggle-hover-accent-color:#7ac142;--awb-title-font-family:&quot;Roboto&quot;;--awb-title-font-weight:400;--awb-title-font-style:normal;--awb-title-font-size:18px;--awb-content-font-family:&quot;Roboto&quot;;--awb-content-font-style:normal;--awb-content-font-weight:400;\"><div class=\"panel-group fusion-toggle-icon-boxed\" id=\"accordion-30140-1\"><div class=\"fusion-panel panel-default panel-367453dfb4349ee79 fusion-toggle-has-divider\" style=\"--awb-title-color:#7ac142;--awb-content-color:#666666;\"><div class=\"panel-heading\"><h4 class=\"panel-title toggle\" id=\"toggle_367453dfb4349ee79\"><a aria-expanded=\"false\" aria-controls=\"367453dfb4349ee79\" role=\"button\" data-toggle=\"collapse\" data-parent=\"#accordion-30140-1\" data-target=\"#367453dfb4349ee79\" href=\"#367453dfb4349ee79\"><span class=\"fusion-toggle-icon-wrapper\" aria-hidden=\"true\"><i class=\"fa-fusion-box active-icon awb-icon-minus\" aria-hidden=\"true\"><\/i><i class=\"fa-fusion-box inactive-icon awb-icon-plus\" aria-hidden=\"true\"><\/i><\/span><span class=\"fusion-toggle-heading\">Ver transcripci\u00f3n<\/span><\/a><\/h4><\/div><div id=\"367453dfb4349ee79\" class=\"panel-collapse collapse \" aria-labelledby=\"toggle_367453dfb4349ee79\"><div class=\"panel-body toggle-content fusion-clearfix\">\n<p align=\"justify\">Sant Cugat City of Film es el nuevo servicio del Ayuntamiento para asesorar a productoras y agentes audiovisuales en materia de rodajes.<\/p>\n<p align=\"justify\">Visitsantcugat.cat\/cityoffilm ofrece toda la informaci\u00f3n sobre tr\u00e1mites, tasas, localizaciones y datos de inter\u00e9s para rodar en Sant Cugat.<\/p>\n<p align=\"justify\">De una forma f\u00e1cil y \u00e1gil, este servicio permite obtener toda la informaci\u00f3n necesaria para gestionar solicitudes y permisos de rodaje. Cine, televisi\u00f3n, publicidad, sesiones fotogr\u00e1ficas, naturaleza, patrimonio, historia\u2026 Podr\u00e9is encontrar todo tipo de localizaciones para vuestras producciones.<\/p>\n<p align=\"justify\">El mundo audiovisual encuentra en Sant Cugat su ciudad escenario. Ven a rodar a Sant Cugat.<\/p>\n<p align=\"justify\">Sant Cugat City of Film.<\/p>\n<\/div><\/div><\/div><\/div><\/div><\/div><\/div><\/div><\/div><div class=\"fusion-fullwidth fullwidth-box fusion-builder-row-3 has-pattern-background has-mask-background nonhundred-percent-fullwidth non-hundred-percent-height-scrolling containers-hidden-for-now\" style=\"--awb-border-color:var(--awb-color1);--awb-border-radius-top-left:0px;--awb-border-radius-top-right:0px;--awb-border-radius-bottom-right:0px;--awb-border-radius-bottom-left:0px;--awb-margin-top:0px;--awb-background-color:var(--awb-color2);--awb-flex-wrap:wrap;\" ><div class=\"fusion-builder-row fusion-row\"><div class=\"fusion-layout-column fusion_builder_column fusion-builder-column-6 fusion_builder_column_1_1 1_1 fusion-one-full fusion-column-first fusion-column-last\" style=\"--awb-bg-color:var(--awb-color2);--awb-bg-color-hover:var(--awb-color2);--awb-bg-size:cover;\" data-scroll-devices=\"small-visibility,medium-visibility,large-visibility\"><div class=\"fusion-column-wrapper fusion-column-has-shadow fusion-flex-column-wrapper-legacy\"><div class=\"fusion-text fusion-text-2 fusion-text-no-margin\" style=\"--awb-content-alignment:left;--awb-text-transform:none;--awb-margin-bottom:0px;\"><h2 style=\"text-align: left;\">LOCALIZACIONES DESTACADAS<\/h2>\n<\/div><div class=\"fusion-image-carousel fusion-image-carousel-auto fusion-image-carousel-1\" style=\"margin-top:0px;margin-bottom:0px;\"><div class=\"awb-carousel awb-swiper awb-swiper-carousel awb-carousel--carousel awb-swiper-dots-position-bottom\" data-layout=\"carousel\" data-autoplay=\"no\" data-autoplayspeed=\"3750\" data-autoplaypause=\"no\" data-loop=\"yes\" data-columns=\"3.0\" data-columnsmedium=\"1\" data-columnssmall=\"1\" data-itemmargin=\"13\" data-itemwidth=\"180\" data-touchscroll=\"no\" data-freemode=\"no\" data-imagesize=\"auto\" data-scrollitems=\"0\" data-centeredslides=\"no\" data-rotationangle=\"50\" data-depth=\"100\" data-speed=\"500\" data-shadow=\"no\" data-pagination=\"bullets\" style=\"--awb-columns:3.0;--awb-dots-align:center;\"><div class=\"swiper-wrapper awb-image-carousel-wrapper fusion-flex-align-items-center\"><div class=\"swiper-slide\"><div class=\"fusion-carousel-item-wrapper\"><div class=\"fusion-image-wrapper hover-type-none\"><img decoding=\"async\" width=\"355\" height=\"191\" src=\"https:\/\/visit.santcugat.cat\/wp-content\/uploads\/2023\/03\/monestir-de-sant-cugat-film-.jpg\" class=\"attachment-full size-full\" alt=\"Monasterio de Sant Cugat pel\u00edculas\" srcset=\"https:\/\/visit.santcugat.cat\/wp-content\/uploads\/2023\/03\/monestir-de-sant-cugat-film--200x108.jpg 200w, https:\/\/visit.santcugat.cat\/wp-content\/uploads\/2023\/03\/monestir-de-sant-cugat-film-.jpg 355w\" sizes=\"(min-width: 2200px) 100vw, (min-width: 824px) 381px, (min-width: 732px) 572px, (min-width: 640px) 732px, \" \/><\/div><\/div><\/div><div class=\"swiper-slide\"><div class=\"fusion-carousel-item-wrapper\"><div class=\"fusion-image-wrapper hover-type-none\"><img decoding=\"async\" width=\"354\" height=\"193\" src=\"https:\/\/visit.santcugat.cat\/wp-content\/uploads\/2023\/03\/mercantic-city-of-film-sant-cugat.jpg\" class=\"attachment-full size-full\" alt=\"Mercantic Sant Cugat pel\u00edculas\" srcset=\"https:\/\/visit.santcugat.cat\/wp-content\/uploads\/2023\/03\/mercantic-city-of-film-sant-cugat-200x109.jpg 200w, https:\/\/visit.santcugat.cat\/wp-content\/uploads\/2023\/03\/mercantic-city-of-film-sant-cugat.jpg 354w\" sizes=\"(min-width: 2200px) 100vw, (min-width: 824px) 381px, (min-width: 732px) 572px, (min-width: 640px) 732px, \" \/><\/div><\/div><\/div><div class=\"swiper-slide\"><div class=\"fusion-carousel-item-wrapper\"><div class=\"fusion-image-wrapper hover-type-none\"><img decoding=\"async\" width=\"800\" height=\"424\" src=\"https:\/\/visit.santcugat.cat\/wp-content\/uploads\/2024\/06\/pi-den-xandri-.jpg\" class=\"attachment-full size-full\" alt=\"Pi de Xandri pel\u00edculas\" srcset=\"https:\/\/visit.santcugat.cat\/wp-content\/uploads\/2024\/06\/pi-den-xandri--200x106.jpg 200w, https:\/\/visit.santcugat.cat\/wp-content\/uploads\/2024\/06\/pi-den-xandri--400x212.jpg 400w, https:\/\/visit.santcugat.cat\/wp-content\/uploads\/2024\/06\/pi-den-xandri--600x318.jpg 600w, https:\/\/visit.santcugat.cat\/wp-content\/uploads\/2024\/06\/pi-den-xandri-.jpg 800w\" sizes=\"(min-width: 2200px) 100vw, (min-width: 824px) 381px, (min-width: 732px) 572px, (min-width: 640px) 732px, \" \/><\/div><\/div><\/div><div class=\"swiper-slide\"><div class=\"fusion-carousel-item-wrapper\"><div class=\"fusion-image-wrapper hover-type-none\"><img decoding=\"async\" width=\"355\" height=\"193\" src=\"https:\/\/visit.santcugat.cat\/wp-content\/uploads\/2023\/03\/parc-central-sant-cugat.jpg\" class=\"attachment-full size-full\" alt=\"Parque Central Sant Cugat pel\u00edculas\" srcset=\"https:\/\/visit.santcugat.cat\/wp-content\/uploads\/2023\/03\/parc-central-sant-cugat-200x109.jpg 200w, https:\/\/visit.santcugat.cat\/wp-content\/uploads\/2023\/03\/parc-central-sant-cugat.jpg 355w\" sizes=\"(min-width: 2200px) 100vw, (min-width: 824px) 381px, (min-width: 732px) 572px, (min-width: 640px) 732px, \" \/><\/div><\/div><\/div><div class=\"swiper-slide\"><div class=\"fusion-carousel-item-wrapper\"><div class=\"fusion-image-wrapper hover-type-none\"><img decoding=\"async\" width=\"355\" height=\"193\" src=\"https:\/\/visit.santcugat.cat\/wp-content\/uploads\/2023\/03\/placa-barcelona-de-sant-cugat.jpg\" class=\"attachment-full size-full\" alt=\"Plaza Barcelona de Sant Cugat pel\u00edculas\" srcset=\"https:\/\/visit.santcugat.cat\/wp-content\/uploads\/2023\/03\/placa-barcelona-de-sant-cugat-200x109.jpg 200w, https:\/\/visit.santcugat.cat\/wp-content\/uploads\/2023\/03\/placa-barcelona-de-sant-cugat.jpg 355w\" sizes=\"(min-width: 2200px) 100vw, (min-width: 824px) 381px, (min-width: 732px) 572px, (min-width: 640px) 732px, \" \/><\/div><\/div><\/div><div class=\"swiper-slide\"><div class=\"fusion-carousel-item-wrapper\"><div class=\"fusion-image-wrapper hover-type-none\"><img decoding=\"async\" width=\"353\" height=\"193\" src=\"https:\/\/visit.santcugat.cat\/wp-content\/uploads\/2024\/07\/Avinguda-josep-anselm-clave-2-.jpg\" class=\"attachment-full size-full\" alt=\"Avenida Josep Anselm Clav\u00e9 pel\u00edculas\" srcset=\"https:\/\/visit.santcugat.cat\/wp-content\/uploads\/2024\/07\/Avinguda-josep-anselm-clave-2--200x109.jpg 200w, https:\/\/visit.santcugat.cat\/wp-content\/uploads\/2024\/07\/Avinguda-josep-anselm-clave-2-.jpg 353w\" sizes=\"(min-width: 2200px) 100vw, (min-width: 824px) 381px, (min-width: 732px) 572px, (min-width: 640px) 732px, \" \/><\/div><\/div><\/div><\/div><div class=\"awb-swiper-button awb-swiper-button-prev\"><i class=\"awb-icon-angle-left\" aria-hidden=\"true\"><\/i><\/div><div class=\"awb-swiper-button awb-swiper-button-next\"><i class=\"awb-icon-angle-right\" aria-hidden=\"true\"><\/i><\/div><\/div><\/div><div class=\"fusion-button-wrapper\"><a class=\"fusion-button button-flat button-small button-default fusion-button-default button-2 fusion-button-default-span \" target=\"_self\" href=\"https:\/\/visit.santcugat.cat\/es\/cityoffilm\/localizaciones\/\"><span class=\"fusion-button-text awb-button__text awb-button__text--default fusion-button-text-right\">Descubre m\u00e1s de 60 localizaciones<\/span><span class=\"fusion-button-icon-divider button-icon-divider-right\"><i class=\"fa-angle-right fas awb-button__icon awb-button__icon--default\" aria-hidden=\"true\"><\/i><\/span><\/a><\/div><div class=\"fusion-clearfix\"><\/div><\/div><\/div><\/div><\/div><div class=\"fusion-fullwidth fullwidth-box fusion-builder-row-4 fusion-flex-container has-pattern-background has-mask-background nonhundred-percent-fullwidth non-hundred-percent-height-scrolling\" style=\"--awb-border-color:var(--awb-color1);--awb-border-radius-top-left:0px;--awb-border-radius-top-right:0px;--awb-border-radius-bottom-right:0px;--awb-border-radius-bottom-left:0px;--awb-padding-top:30px;--awb-padding-bottom:30px;--awb-background-color:var(--awb-color2);--awb-flex-wrap:wrap;\" ><div class=\"fusion-builder-row fusion-row fusion-flex-align-items-flex-start fusion-flex-content-wrap\" style=\"max-width:1216.8px;margin-left: calc(-4% \/ 2 );margin-right: calc(-4% \/ 2 );\"><div class=\"fusion-layout-column fusion_builder_column fusion-builder-column-7 fusion_builder_column_1_1 1_1 fusion-flex-column\" style=\"--awb-bg-color:var(--awb-color2);--awb-bg-color-hover:var(--awb-color2);--awb-bg-size:cover;--awb-width-large:100%;--awb-margin-top-large:0px;--awb-spacing-right-large:1.92%;--awb-margin-bottom-large:0px;--awb-spacing-left-large:1.92%;--awb-width-medium:100%;--awb-order-medium:0;--awb-spacing-right-medium:1.92%;--awb-spacing-left-medium:1.92%;--awb-width-small:100%;--awb-order-small:0;--awb-spacing-right-small:1.92%;--awb-spacing-left-small:1.92%;\" data-scroll-devices=\"small-visibility,medium-visibility,large-visibility\"><div class=\"fusion-column-wrapper fusion-column-has-shadow fusion-flex-justify-content-flex-start fusion-content-layout-column\"><div class=\"fusion-text fusion-text-3\" style=\"--awb-content-alignment:left;--awb-text-transform:none;\"><h2 style=\"text-align: left;\">Localizaciones destacadas<\/h2>\n<\/div><div class=\"fusion-image-carousel fusion-image-carousel-auto fusion-image-carousel-2 section-image-carousel-no-loop-improved\" style=\"margin-top:72px;margin-bottom:72px;\"><div class=\"awb-carousel awb-swiper awb-swiper-carousel awb-carousel--carousel awb-swiper-dots-position-bottom\" data-layout=\"carousel\" data-autoplay=\"yes\" data-autoplayspeed=\"10000\" data-autoplaypause=\"yes\" data-loop=\"yes\" data-columns=\"3\" data-columnsmedium=\"1\" data-columnssmall=\"1\" data-itemmargin=\"16\" data-itemwidth=\"180\" data-touchscroll=\"no\" data-freemode=\"no\" data-imagesize=\"auto\" data-scrollitems=\"0\" data-centeredslides=\"no\" data-rotationangle=\"50\" data-depth=\"100\" data-speed=\"1000\" data-shadow=\"no\" data-pagination=\"bullets\" style=\"--awb-columns:3;--awb-column-spacing:16px;--awb-border-color:#ffffff;--awb-arrow-size:48px;--awb-arrow-box-width:64px;--awb-arrow-box-height:64px;--awb-arrow-color:#ffffff;--awb-arrow-hover-bgcolor:#aabbcc;--awb-arrow-hover-color:#000000;--awb-dots-align:center;--awb-caption-text-font-family:&#039;Iowan Old Style&#039;, &#039;Apple Garamond&#039;, Baskerville, &#039;Times New Roman&#039;, &#039;Droid Serif&#039;, Times, &#039;Source Serif Pro&#039;, serif;--awb-caption-text-font-style:normal;--awb-caption-text-font-weight:400;\"><div class=\"swiper-wrapper awb-image-carousel-wrapper fusion-flex-align-items-center\"><div class=\"swiper-slide\"><div class=\"fusion-carousel-item-wrapper\"><div class=\"fusion-image-wrapper hover-type-none\"><img decoding=\"async\" width=\"355\" height=\"191\" src=\"https:\/\/visit.santcugat.cat\/wp-content\/uploads\/2023\/03\/monestir-de-sant-cugat-film-.jpg\" class=\"attachment-full size-full\" alt=\"Monasterio de Sant Cugat\" srcset=\"https:\/\/visit.santcugat.cat\/wp-content\/uploads\/2023\/03\/monestir-de-sant-cugat-film--200x108.jpg 200w, https:\/\/visit.santcugat.cat\/wp-content\/uploads\/2023\/03\/monestir-de-sant-cugat-film-.jpg 355w\" sizes=\"(min-width: 2200px) 100vw, (min-width: 824px) 379px, (min-width: 732px) 569px, (min-width: 640px) 732px, \" \/><\/div><\/div><\/div><div class=\"swiper-slide\"><div class=\"fusion-carousel-item-wrapper\"><div class=\"fusion-image-wrapper hover-type-none\"><img decoding=\"async\" width=\"354\" height=\"193\" src=\"https:\/\/visit.santcugat.cat\/wp-content\/uploads\/2023\/03\/mercantic-city-of-film-sant-cugat.jpg\" class=\"attachment-full size-full\" alt=\"Mercantic Sant Cugat\" srcset=\"https:\/\/visit.santcugat.cat\/wp-content\/uploads\/2023\/03\/mercantic-city-of-film-sant-cugat-200x109.jpg 200w, https:\/\/visit.santcugat.cat\/wp-content\/uploads\/2023\/03\/mercantic-city-of-film-sant-cugat.jpg 354w\" sizes=\"(min-width: 2200px) 100vw, (min-width: 824px) 379px, (min-width: 732px) 569px, (min-width: 640px) 732px, \" \/><\/div><\/div><\/div><div class=\"swiper-slide\"><div class=\"fusion-carousel-item-wrapper\"><div class=\"fusion-image-wrapper hover-type-none\"><img decoding=\"async\" width=\"800\" height=\"424\" src=\"https:\/\/visit.santcugat.cat\/wp-content\/uploads\/2024\/06\/pi-den-xandri-.jpg\" class=\"attachment-full size-full\" alt=\"Pi d&#039;en Xandri pel\u00edculas\" srcset=\"https:\/\/visit.santcugat.cat\/wp-content\/uploads\/2024\/06\/pi-den-xandri--200x106.jpg 200w, https:\/\/visit.santcugat.cat\/wp-content\/uploads\/2024\/06\/pi-den-xandri--400x212.jpg 400w, https:\/\/visit.santcugat.cat\/wp-content\/uploads\/2024\/06\/pi-den-xandri--600x318.jpg 600w, https:\/\/visit.santcugat.cat\/wp-content\/uploads\/2024\/06\/pi-den-xandri-.jpg 800w\" sizes=\"(min-width: 2200px) 100vw, (min-width: 824px) 379px, (min-width: 732px) 569px, (min-width: 640px) 732px, \" \/><\/div><\/div><\/div><div class=\"swiper-slide\"><div class=\"fusion-carousel-item-wrapper\"><div class=\"fusion-image-wrapper hover-type-none\"><img decoding=\"async\" width=\"355\" height=\"193\" src=\"https:\/\/visit.santcugat.cat\/wp-content\/uploads\/2023\/03\/parc-central-sant-cugat.jpg\" class=\"attachment-full size-full\" alt=\"Parque central de Sant Cugat pel\u00edculas\" srcset=\"https:\/\/visit.santcugat.cat\/wp-content\/uploads\/2023\/03\/parc-central-sant-cugat-200x109.jpg 200w, https:\/\/visit.santcugat.cat\/wp-content\/uploads\/2023\/03\/parc-central-sant-cugat.jpg 355w\" sizes=\"(min-width: 2200px) 100vw, (min-width: 824px) 379px, (min-width: 732px) 569px, (min-width: 640px) 732px, \" \/><\/div><\/div><\/div><div class=\"swiper-slide\"><div class=\"fusion-carousel-item-wrapper\"><div class=\"fusion-image-wrapper hover-type-none\"><img decoding=\"async\" width=\"355\" height=\"193\" src=\"https:\/\/visit.santcugat.cat\/wp-content\/uploads\/2023\/03\/placa-barcelona-de-sant-cugat.jpg\" class=\"attachment-full size-full\" alt=\"Plaza Barcelona de Sant Cugat pel\u00b4iculas\" srcset=\"https:\/\/visit.santcugat.cat\/wp-content\/uploads\/2023\/03\/placa-barcelona-de-sant-cugat-200x109.jpg 200w, https:\/\/visit.santcugat.cat\/wp-content\/uploads\/2023\/03\/placa-barcelona-de-sant-cugat.jpg 355w\" sizes=\"(min-width: 2200px) 100vw, (min-width: 824px) 379px, (min-width: 732px) 569px, (min-width: 640px) 732px, \" \/><\/div><\/div><\/div><div class=\"swiper-slide\"><div class=\"fusion-carousel-item-wrapper\"><div class=\"fusion-image-wrapper hover-type-none\"><img decoding=\"async\" width=\"353\" height=\"193\" src=\"https:\/\/visit.santcugat.cat\/wp-content\/uploads\/2024\/07\/Avinguda-josep-anselm-clave-2-.jpg\" class=\"attachment-full size-full\" alt=\"Avenida Josep Anselm Clav\u00e9 pel\u00edculas\" srcset=\"https:\/\/visit.santcugat.cat\/wp-content\/uploads\/2024\/07\/Avinguda-josep-anselm-clave-2--200x109.jpg 200w, https:\/\/visit.santcugat.cat\/wp-content\/uploads\/2024\/07\/Avinguda-josep-anselm-clave-2-.jpg 353w\" sizes=\"(min-width: 2200px) 100vw, (min-width: 824px) 379px, (min-width: 732px) 569px, (min-width: 640px) 732px, \" \/><\/div><\/div><\/div><\/div><div class=\"awb-swiper-button awb-swiper-button-prev\"><i class=\"fa-angle-left far\" aria-hidden=\"true\"><\/i><\/div><div class=\"awb-swiper-button awb-swiper-button-next\"><i class=\"fa-angle-right far\" aria-hidden=\"true\"><\/i><\/div><\/div><\/div><div ><a class=\"fusion-button button-flat button-small button-default fusion-button-default button-3 fusion-button-default-span \" target=\"_self\" href=\"https:\/\/visit.santcugat.cat\/es\/cityoffilm\/localizaciones\/\"><span class=\"fusion-button-text awb-button__text awb-button__text--default fusion-button-text-right\">Descubre m\u00e1s de 60 localizaciones<\/span><span class=\"fusion-button-icon-divider button-icon-divider-right\"><i class=\"fa-angle-right fas awb-button__icon awb-button__icon--default\" aria-hidden=\"true\"><\/i><\/span><\/a><\/div><\/div><\/div><\/div><\/div><div class=\"fusion-fullwidth fullwidth-box fusion-builder-row-5 fusion-flex-container has-pattern-background has-mask-background nonhundred-percent-fullwidth non-hundred-percent-height-scrolling containers-hidden-for-now\" style=\"--awb-border-color:var(--awb-color1);--awb-border-radius-top-left:0px;--awb-border-radius-top-right:0px;--awb-border-radius-bottom-right:0px;--awb-border-radius-bottom-left:0px;--awb-margin-top:0px;--awb-margin-bottom:;--awb-background-color:var(--awb-color1);--awb-flex-wrap:wrap;\" ><div class=\"fusion-builder-row fusion-row fusion-flex-align-items-flex-start fusion-flex-content-wrap\" style=\"max-width:1216.8px;margin-left: calc(-4% \/ 2 );margin-right: calc(-4% \/ 2 );\"><div class=\"fusion-layout-column fusion_builder_column fusion-builder-column-8 fusion_builder_column_1_1 1_1 fusion-flex-column fusion-flex-align-self-center\" style=\"--awb-bg-size:cover;--awb-width-large:100%;--awb-margin-top-large:0px;--awb-spacing-right-large:1.92%;--awb-margin-bottom-large:20px;--awb-spacing-left-large:1.92%;--awb-width-medium:100%;--awb-order-medium:0;--awb-spacing-right-medium:1.92%;--awb-spacing-left-medium:1.92%;--awb-width-small:100%;--awb-order-small:0;--awb-spacing-right-small:1.92%;--awb-spacing-left-small:1.92%;\" data-scroll-devices=\"small-visibility,medium-visibility,large-visibility\"><div class=\"fusion-column-wrapper fusion-column-has-shadow fusion-flex-justify-content-flex-start fusion-content-layout-column\"><div class=\"fusion-title title fusion-title-5 fusion-sep-none fusion-title-text fusion-title-size-two\" style=\"--awb-margin-top-small:0px;--awb-margin-bottom-small:20px;\"><h2 class=\"fusion-title-heading title-heading-left fusion-responsive-typography-calculated\" style=\"margin:0;--fontSize:26;line-height:1.69;\">Descubre algunas de las filmaciones realizadas en la ciudad<\/h2><\/div><div class=\"fusion-image-carousel fusion-image-carousel-auto fusion-image-carousel-3 awb-image-carousel-top-below-caption\"><div class=\"awb-carousel awb-swiper awb-swiper-carousel awb-carousel--carousel awb-swiper-dots-position-bottom awb-imageframe-style awb-imageframe-style-below awb-imageframe-style-3\" data-layout=\"carousel\" data-autoplay=\"no\" data-autoplayspeed=\"3750\" data-autoplaypause=\"no\" data-loop=\"yes\" data-columns=\"3.0\" data-columnsmedium=\"1\" data-columnssmall=\"1\" data-itemmargin=\"13\" data-itemwidth=\"180\" data-touchscroll=\"no\" data-freemode=\"no\" data-imagesize=\"auto\" data-scrollitems=\"0\" data-centeredslides=\"no\" data-rotationangle=\"50\" data-depth=\"100\" data-speed=\"500\" data-shadow=\"no\" data-pagination=\"bullets\" style=\"--awb-columns:3.0;--awb-dots-align:center;\"><div class=\"swiper-wrapper awb-image-carousel-wrapper fusion-flex-align-items-center\"><div class=\"swiper-slide\"><div class=\"fusion-carousel-item-wrapper\"><div class=\"fusion-image-wrapper hover-type-zoomin\"><img decoding=\"async\" width=\"355\" height=\"200\" src=\"https:\/\/visit.santcugat.cat\/wp-content\/uploads\/2025\/09\/PRADA-Paradigme.jpg\" class=\"attachment-full size-full\" alt=\"Espot de Prada \" srcset=\"https:\/\/visit.santcugat.cat\/wp-content\/uploads\/2025\/09\/PRADA-Paradigme-200x113.jpg 200w, https:\/\/visit.santcugat.cat\/wp-content\/uploads\/2025\/09\/PRADA-Paradigme.jpg 355w\" sizes=\"(min-width: 2200px) 100vw, (min-width: 824px) 381px, (min-width: 732px) 572px, (min-width: 640px) 732px, \" \/><\/div><div class=\"awb-imageframe-caption-container\"><div class=\"awb-imageframe-caption\"><h3 class=\"awb-imageframe-caption-title\">PRADA - Paradigme<\/h3><p class=\"awb-imageframe-caption-text\">Espots<\/p><\/div><\/div><\/div><\/div><div class=\"swiper-slide\"><div class=\"fusion-carousel-item-wrapper\"><div class=\"fusion-image-wrapper hover-type-zoomin\"><img decoding=\"async\" width=\"355\" height=\"200\" src=\"https:\/\/visit.santcugat.cat\/wp-content\/uploads\/2025\/12\/Terra-Alta_Serie-TV_ES.jpg\" class=\"attachment-full size-full\" alt=\"Terra Alta\" srcset=\"https:\/\/visit.santcugat.cat\/wp-content\/uploads\/2025\/12\/Terra-Alta_Serie-TV_ES-200x113.jpg 200w, https:\/\/visit.santcugat.cat\/wp-content\/uploads\/2025\/12\/Terra-Alta_Serie-TV_ES.jpg 355w\" sizes=\"(min-width: 2200px) 100vw, (min-width: 824px) 381px, (min-width: 732px) 572px, (min-width: 640px) 732px, \" \/><\/div><div class=\"awb-imageframe-caption-container\"><div class=\"awb-imageframe-caption\"><h3 class=\"awb-imageframe-caption-title\">Terra Alta<\/h3><p class=\"awb-imageframe-caption-text\">S\u00e8rie<\/p><\/div><\/div><\/div><\/div><div class=\"swiper-slide\"><div class=\"fusion-carousel-item-wrapper\"><div class=\"fusion-image-wrapper hover-type-zoomin\"><img decoding=\"async\" width=\"600\" height=\"338\" src=\"https:\/\/visit.santcugat.cat\/wp-content\/uploads\/2026\/01\/la-buena-hija.jpeg\" class=\"attachment-full size-full\" alt=\"La buena hija pel\u00edcula\" srcset=\"https:\/\/visit.santcugat.cat\/wp-content\/uploads\/2026\/01\/la-buena-hija-200x113.jpeg 200w, https:\/\/visit.santcugat.cat\/wp-content\/uploads\/2026\/01\/la-buena-hija-400x225.jpeg 400w, https:\/\/visit.santcugat.cat\/wp-content\/uploads\/2026\/01\/la-buena-hija.jpeg 600w\" sizes=\"(min-width: 2200px) 100vw, (min-width: 824px) 381px, (min-width: 732px) 572px, (min-width: 640px) 732px, \" \/><\/div><div class=\"awb-imageframe-caption-container\"><div class=\"awb-imageframe-caption\"><h3 class=\"awb-imageframe-caption-title\">La buena hija<\/h3><p class=\"awb-imageframe-caption-text\">Pel\u00b7l\u00edcula<\/p><\/div><\/div><\/div><\/div><div class=\"swiper-slide\"><div class=\"fusion-carousel-item-wrapper\"><div class=\"fusion-image-wrapper hover-type-zoomin\"><img decoding=\"async\" width=\"355\" height=\"200\" src=\"https:\/\/visit.santcugat.cat\/wp-content\/uploads\/2023\/11\/mercantic-film-comission-1.jpg\" class=\"attachment-full size-full\" alt=\"Joc de Cartes Programa de TV\" srcset=\"https:\/\/visit.santcugat.cat\/wp-content\/uploads\/2023\/11\/mercantic-film-comission-1-200x113.jpg 200w, https:\/\/visit.santcugat.cat\/wp-content\/uploads\/2023\/11\/mercantic-film-comission-1.jpg 355w\" sizes=\"(min-width: 2200px) 100vw, (min-width: 824px) 381px, (min-width: 732px) 572px, (min-width: 640px) 732px, \" \/><\/div><div class=\"awb-imageframe-caption-container\"><div class=\"awb-imageframe-caption\"><h3 class=\"awb-imageframe-caption-title\">Joc de Cartes <\/h3><p class=\"awb-imageframe-caption-text\">Programa de TV<\/p><\/div><\/div><\/div><\/div><\/div><div class=\"awb-swiper-button awb-swiper-button-prev\"><i class=\"awb-icon-angle-left\" aria-hidden=\"true\"><\/i><\/div><div class=\"awb-swiper-button awb-swiper-button-next\"><i class=\"awb-icon-angle-right\" aria-hidden=\"true\"><\/i><\/div><\/div><\/div><div ><a class=\"fusion-button button-flat button-small button-default fusion-button-default button-4 fusion-button-default-span \" target=\"_self\" href=\"https:\/\/visit.santcugat.cat\/es\/cityoffilm\/filmografia\/\"><span class=\"fusion-button-text awb-button__text awb-button__text--default fusion-button-text-right\">Ver la filmograf\u00eda completa<\/span><span class=\"fusion-button-icon-divider button-icon-divider-right\"><i class=\"fa-angle-right fas awb-button__icon awb-button__icon--default\" aria-hidden=\"true\"><\/i><\/span><\/a><\/div><\/div><\/div><\/div><\/div><div class=\"fusion-fullwidth fullwidth-box fusion-builder-row-6 fusion-flex-container has-pattern-background has-mask-background nonhundred-percent-fullwidth non-hundred-percent-height-scrolling\" style=\"--awb-border-color:var(--awb-color1);--awb-border-radius-top-left:0px;--awb-border-radius-top-right:0px;--awb-border-radius-bottom-right:0px;--awb-border-radius-bottom-left:0px;--awb-padding-top:30px;--awb-padding-bottom:30px;--awb-margin-bottom:0%;--awb-background-color:var(--awb-color1);--awb-flex-wrap:wrap;\" ><div class=\"fusion-builder-row fusion-row fusion-flex-align-items-flex-start fusion-flex-content-wrap\" style=\"max-width:1216.8px;margin-left: calc(-4% \/ 2 );margin-right: calc(-4% \/ 2 );\"><div class=\"fusion-layout-column fusion_builder_column fusion-builder-column-9 fusion_builder_column_1_1 1_1 fusion-flex-column fusion-flex-align-self-center\" style=\"--awb-bg-size:cover;--awb-width-large:100%;--awb-margin-top-large:0px;--awb-spacing-right-large:1.92%;--awb-margin-bottom-large:20px;--awb-spacing-left-large:1.92%;--awb-width-medium:100%;--awb-order-medium:0;--awb-spacing-right-medium:1.92%;--awb-spacing-left-medium:1.92%;--awb-width-small:100%;--awb-order-small:0;--awb-spacing-right-small:1.92%;--awb-spacing-left-small:1.92%;\" data-scroll-devices=\"small-visibility,medium-visibility,large-visibility\"><div class=\"fusion-column-wrapper fusion-column-has-shadow fusion-flex-justify-content-flex-start fusion-content-layout-column\"><div class=\"fusion-title title fusion-title-6 fusion-sep-none fusion-title-text fusion-title-size-two\" style=\"--awb-margin-top-small:0px;--awb-margin-bottom-small:20px;\"><h2 class=\"fusion-title-heading title-heading-left fusion-responsive-typography-calculated\" style=\"margin:0;--fontSize:26;line-height:1.69;\">Descubre algunas de las filmaciones realizadas en la ciudad<\/h2><\/div><div class=\"fusion-image-carousel fusion-image-carousel-auto fusion-image-carousel-4 section-image-carousel-no-loop-improved\" style=\"margin-top:72px;margin-bottom:72px;\"><div class=\"awb-carousel awb-swiper awb-swiper-carousel awb-carousel--carousel awb-swiper-dots-position-bottom\" data-layout=\"carousel\" data-autoplay=\"yes\" data-autoplayspeed=\"10000\" data-autoplaypause=\"yes\" data-loop=\"yes\" data-columns=\"3\" data-columnsmedium=\"1\" data-columnssmall=\"1\" data-itemmargin=\"16\" data-itemwidth=\"180\" data-touchscroll=\"no\" data-freemode=\"no\" data-imagesize=\"auto\" data-scrollitems=\"0\" data-centeredslides=\"no\" data-rotationangle=\"50\" data-depth=\"100\" data-speed=\"1000\" data-shadow=\"no\" data-pagination=\"bullets\" style=\"--awb-columns:3;--awb-column-spacing:16px;--awb-border-color:#ffffff;--awb-arrow-size:48px;--awb-arrow-box-width:64px;--awb-arrow-box-height:64px;--awb-arrow-color:#ffffff;--awb-arrow-hover-bgcolor:#aabbcc;--awb-arrow-hover-color:#000000;--awb-dots-align:center;--awb-caption-text-font-family:&#039;Iowan Old Style&#039;, &#039;Apple Garamond&#039;, Baskerville, &#039;Times New Roman&#039;, &#039;Droid Serif&#039;, Times, &#039;Source Serif Pro&#039;, serif;--awb-caption-text-font-style:normal;--awb-caption-text-font-weight:400;\"><div class=\"swiper-wrapper awb-image-carousel-wrapper fusion-flex-align-items-center\"><div class=\"swiper-slide\"><div class=\"fusion-carousel-item-wrapper\"><div class=\"fusion-image-wrapper hover-type-none\"><img decoding=\"async\" width=\"355\" height=\"200\" src=\"https:\/\/visit.santcugat.cat\/wp-content\/uploads\/2025\/12\/Terra-Alta_Serie-TV_ES.jpg\" class=\"attachment-full size-full\" alt=\"Serie Terra Alta\" srcset=\"https:\/\/visit.santcugat.cat\/wp-content\/uploads\/2025\/12\/Terra-Alta_Serie-TV_ES-200x113.jpg 200w, https:\/\/visit.santcugat.cat\/wp-content\/uploads\/2025\/12\/Terra-Alta_Serie-TV_ES.jpg 355w\" sizes=\"(min-width: 2200px) 100vw, (min-width: 824px) 379px, (min-width: 732px) 569px, (min-width: 640px) 732px, \" \/><\/div><\/div><\/div><div class=\"swiper-slide\"><div class=\"fusion-carousel-item-wrapper\"><div class=\"fusion-image-wrapper hover-type-none\"><img decoding=\"async\" width=\"600\" height=\"338\" src=\"https:\/\/visit.santcugat.cat\/wp-content\/uploads\/2026\/01\/la-buena-hija.jpeg\" class=\"attachment-full size-full\" alt=\"La buena hija pel\u00edcula\" srcset=\"https:\/\/visit.santcugat.cat\/wp-content\/uploads\/2026\/01\/la-buena-hija-200x113.jpeg 200w, https:\/\/visit.santcugat.cat\/wp-content\/uploads\/2026\/01\/la-buena-hija-400x225.jpeg 400w, https:\/\/visit.santcugat.cat\/wp-content\/uploads\/2026\/01\/la-buena-hija.jpeg 600w\" sizes=\"(min-width: 2200px) 100vw, (min-width: 824px) 379px, (min-width: 732px) 569px, (min-width: 640px) 732px, \" \/><\/div><\/div><\/div><div class=\"swiper-slide\"><div class=\"fusion-carousel-item-wrapper\"><div class=\"fusion-image-wrapper hover-type-none\"><img decoding=\"async\" width=\"355\" height=\"200\" src=\"https:\/\/visit.santcugat.cat\/wp-content\/uploads\/2023\/11\/mercantic-film-comission-1.jpg\" class=\"attachment-full size-full\" alt=\"Joc de Cartes Programa de TV\" srcset=\"https:\/\/visit.santcugat.cat\/wp-content\/uploads\/2023\/11\/mercantic-film-comission-1-200x113.jpg 200w, https:\/\/visit.santcugat.cat\/wp-content\/uploads\/2023\/11\/mercantic-film-comission-1.jpg 355w\" sizes=\"(min-width: 2200px) 100vw, (min-width: 824px) 379px, (min-width: 732px) 569px, (min-width: 640px) 732px, \" \/><\/div><\/div><\/div><div class=\"swiper-slide\"><div class=\"fusion-carousel-item-wrapper\"><div class=\"fusion-image-wrapper hover-type-none\"><img decoding=\"async\" width=\"355\" height=\"200\" src=\"https:\/\/visit.santcugat.cat\/wp-content\/uploads\/2025\/09\/PRADA-Paradigme.jpg\" class=\"attachment-full size-full\" alt=\"Espot de Prada \" srcset=\"https:\/\/visit.santcugat.cat\/wp-content\/uploads\/2025\/09\/PRADA-Paradigme-200x113.jpg 200w, https:\/\/visit.santcugat.cat\/wp-content\/uploads\/2025\/09\/PRADA-Paradigme.jpg 355w\" sizes=\"(min-width: 2200px) 100vw, (min-width: 824px) 379px, (min-width: 732px) 569px, (min-width: 640px) 732px, \" \/><\/div><\/div><\/div><\/div><div class=\"awb-swiper-button awb-swiper-button-prev\"><i class=\"fa-angle-left far\" aria-hidden=\"true\"><\/i><\/div><div class=\"awb-swiper-button awb-swiper-button-next\"><i class=\"fa-angle-right far\" aria-hidden=\"true\"><\/i><\/div><\/div><\/div><div ><a class=\"fusion-button button-flat button-small button-default fusion-button-default button-5 fusion-button-default-span \" target=\"_self\" href=\"https:\/\/visit.santcugat.cat\/es\/cityoffilm\/filmografia\/\"><span class=\"fusion-button-text awb-button__text awb-button__text--default fusion-button-text-right\">Ver la filmograf\u00eda completa<\/span><span class=\"fusion-button-icon-divider button-icon-divider-right\"><i class=\"fa-angle-right fas awb-button__icon awb-button__icon--default\" aria-hidden=\"true\"><\/i><\/span><\/a><\/div><\/div><\/div><\/div><\/div><div class=\"fusion-fullwidth fullwidth-box fusion-builder-row-7 fusion-flex-container has-pattern-background has-mask-background nonhundred-percent-fullwidth non-hundred-percent-height-scrolling\" style=\"--awb-background-position:left top;--awb-border-sizes-top:0px;--awb-border-sizes-bottom:0px;--awb-border-sizes-left:0px;--awb-border-sizes-right:0px;--awb-border-radius-top-left:0px;--awb-border-radius-top-right:0px;--awb-border-radius-bottom-right:0px;--awb-border-radius-bottom-left:0px;--awb-background-color:var(--awb-color2);--awb-flex-wrap:wrap;\" ><div class=\"fusion-builder-row fusion-row fusion-flex-align-items-flex-start fusion-flex-content-wrap\" style=\"max-width:calc( 1170px + 0px );margin-left: calc(-0px \/ 2 );margin-right: calc(-0px \/ 2 );\"><div class=\"fusion-layout-column fusion_builder_column fusion-builder-column-10 fusion_builder_column_1_2 1_2 fusion-flex-column fusion-flex-align-self-flex-start fusion-column-no-min-height\" style=\"--awb-padding-top:0px;--awb-bg-blend:overlay;--awb-bg-size:cover;--awb-width-large:50%;--awb-margin-top-large:0px;--awb-spacing-right-large:0px;--awb-margin-bottom-large:0px;--awb-spacing-left-large:calc( 0.04 * calc( 100% - 0px ) );--awb-width-medium:100%;--awb-order-medium:0;--awb-spacing-right-medium:0px;--awb-spacing-left-medium:0px;--awb-width-small:100%;--awb-order-small:0;--awb-spacing-right-small:0px;--awb-spacing-left-small:0px;\" data-scroll-devices=\"small-visibility,medium-visibility,large-visibility\"><div class=\"fusion-column-wrapper fusion-column-has-shadow fusion-flex-justify-content-flex-start fusion-content-layout-column\"><div class=\"fusion-text fusion-text-4\"><h2>Sostenibilidad, \u00a1acci\u00f3n!<\/h2>\n<\/div><div class=\"fusion-text fusion-text-5\"><p>Rodar en Sant Cugat es apostar por la sostenibilidad.<\/p>\n<p>Desde City of Film os facilitamos herramientas y apoyo para que vuestra producci\u00f3n deje una huella positiva en el municipio.<\/p>\n<\/div><div ><a class=\"fusion-button button-flat button-small button-default fusion-button-default button-6 fusion-button-default-span \" target=\"_self\" href=\"https:\/\/visit.santcugat.cat\/es\/cityoffilm\/sostenibilidad\/\"><span class=\"fusion-button-text awb-button__text awb-button__text--default fusion-button-text-right\">Sostenibilidad<\/span><span class=\"fusion-button-icon-divider button-icon-divider-right\"><i class=\"fa-angle-right fas awb-button__icon awb-button__icon--default\" aria-hidden=\"true\"><\/i><\/span><\/a><\/div><\/div><\/div><div class=\"fusion-layout-column fusion_builder_column fusion-builder-column-11 fusion_builder_column_1_2 1_2 fusion-flex-column fusion-flex-align-self-flex-start fusion-column-no-min-height\" style=\"--awb-bg-size:cover;--awb-width-large:50%;--awb-margin-top-large:0px;--awb-spacing-right-large:calc( 0.04 * calc( 100% - 0px ) );--awb-margin-bottom-large:0px;--awb-spacing-left-large:0px;--awb-width-medium:100%;--awb-order-medium:0;--awb-spacing-right-medium:0px;--awb-spacing-left-medium:0px;--awb-width-small:100%;--awb-order-small:0;--awb-spacing-right-small:0px;--awb-spacing-left-small:0px;\" data-scroll-devices=\"small-visibility,medium-visibility,large-visibility\"><div class=\"fusion-column-wrapper fusion-column-has-shadow fusion-flex-justify-content-flex-start fusion-content-layout-column\"><div class=\"fusion-image-element \" style=\"--awb-caption-title-font-family:var(--h2_typography-font-family);--awb-caption-title-font-weight:var(--h2_typography-font-weight);--awb-caption-title-font-style:var(--h2_typography-font-style);--awb-caption-title-size:var(--h2_typography-font-size);--awb-caption-title-transform:var(--h2_typography-text-transform);--awb-caption-title-line-height:var(--h2_typography-line-height);--awb-caption-title-letter-spacing:var(--h2_typography-letter-spacing);\"><span class=\" fusion-imageframe imageframe-none imageframe-1 hover-type-none\"><img decoding=\"async\" width=\"508\" height=\"296\" alt=\"Gr\u00e1fico de una planta con una cinta de cine\" title=\"rodatges sostenibles a sant cugat\" src=\"https:\/\/visit.santcugat.cat\/wp-content\/uploads\/2025\/12\/rodatges-sostenibles-a-sant-cugat-e1767975459464.jpg\" class=\"img-responsive wp-image-46166\"\/><\/span><\/div><\/div><\/div><\/div><\/div><div class=\"fusion-fullwidth fullwidth-box fusion-builder-row-8 fusion-flex-container has-pattern-background has-mask-background nonhundred-percent-fullwidth non-hundred-percent-height-scrolling\" style=\"--awb-border-radius-top-left:0px;--awb-border-radius-top-right:0px;--awb-border-radius-bottom-right:0px;--awb-border-radius-bottom-left:0px;--awb-padding-top:10px;--awb-padding-bottom:0px;--awb-margin-bottom:0px;--awb-background-color:var(--awb-color1);--awb-flex-wrap:wrap;\" ><div class=\"fusion-builder-row fusion-row fusion-flex-align-items-flex-start fusion-flex-content-wrap\" style=\"max-width:1216.8px;margin-left: calc(-4% \/ 2 );margin-right: calc(-4% \/ 2 );\"><div class=\"fusion-layout-column fusion_builder_column fusion-builder-column-12 fusion_builder_column_1_1 1_1 fusion-flex-column\" style=\"--awb-bg-size:cover;--awb-width-large:100%;--awb-margin-top-large:0px;--awb-spacing-right-large:1.92%;--awb-margin-bottom-large:0px;--awb-spacing-left-large:1.92%;--awb-width-medium:100%;--awb-order-medium:0;--awb-spacing-right-medium:1.92%;--awb-spacing-left-medium:1.92%;--awb-width-small:100%;--awb-order-small:0;--awb-spacing-right-small:1.92%;--awb-spacing-left-small:1.92%;\" data-scroll-devices=\"small-visibility,medium-visibility,large-visibility\"><div class=\"fusion-column-wrapper fusion-column-has-shadow fusion-flex-justify-content-flex-start fusion-content-layout-column\"><div class=\"fusion-title title fusion-title-7 fusion-sep-none fusion-title-text fusion-title-size-three\" style=\"--awb-margin-top-small:0px;--awb-margin-bottom-small:20px;\"><h3 class=\"fusion-title-heading title-heading-left fusion-responsive-typography-calculated\" style=\"margin:0;--fontSize:24;line-height:1.67;\"><strong>Para m\u00e1s informaci\u00f3n contacta con:<\/strong><\/h3><\/div><\/div><\/div><\/div><\/div><div class=\"fusion-fullwidth fullwidth-box fusion-builder-row-9 fusion-flex-container has-pattern-background has-mask-background nonhundred-percent-fullwidth non-hundred-percent-height-scrolling\" style=\"--awb-border-radius-top-left:0px;--awb-border-radius-top-right:0px;--awb-border-radius-bottom-right:0px;--awb-border-radius-bottom-left:0px;--awb-padding-top:0px;--awb-margin-top:0px;--awb-background-color:var(--awb-color1);--awb-flex-wrap:wrap;\" ><div class=\"fusion-builder-row fusion-row fusion-flex-align-items-flex-start fusion-flex-content-wrap\" style=\"max-width:1216.8px;margin-left: calc(-4% \/ 2 );margin-right: calc(-4% \/ 2 );\"><div class=\"fusion-layout-column fusion_builder_column fusion-builder-column-13 fusion_builder_column_1_2 1_2 fusion-flex-column\" style=\"--awb-bg-size:cover;--awb-width-large:50%;--awb-margin-top-large:0px;--awb-spacing-right-large:3.84%;--awb-margin-bottom-large:0px;--awb-spacing-left-large:3.84%;--awb-width-medium:100%;--awb-order-medium:0;--awb-spacing-right-medium:1.92%;--awb-spacing-left-medium:1.92%;--awb-width-small:100%;--awb-order-small:0;--awb-spacing-right-small:1.92%;--awb-spacing-left-small:1.92%;\" data-scroll-devices=\"small-visibility,medium-visibility,large-visibility\"><div class=\"fusion-column-wrapper fusion-column-has-shadow fusion-flex-justify-content-flex-start fusion-content-layout-column\"><div class=\"fusion-text fusion-text-6\"><div class=\"fusion-text fusion-text-3\">\n<h3><\/h3>\n<\/div>\n<div class=\"fusion-builder-row fusion-builder-row-inner fusion-row\">\n<div class=\"fusion-layout-column fusion_builder_column_inner fusion-builder-nested-column-0 fusion_builder_column_inner_1_2 1_2 fusion-one-half fusion-column-first\">\n<div class=\"fusion-column-wrapper fusion-column-has-shadow fusion-flex-column-wrapper-legacy\">\n<div class=\"fusion-text fusion-text-4\">\n<p><strong><u>Marta de Castro<\/u><\/strong><br \/>\nTel. y WhatsApp: 627 437 990<br \/>\nEmail:\u00a0<a href=\"mailto:martadecastro@santcugat.cat\" target=\"_blank\" rel=\"nofollow noopener\" data-hasqtip=\"41606\">martadecastro@santcugat.cat<\/a><\/p>\n<\/div>\n<div class=\"fusion-clearfix\"><\/div>\n<\/div>\n<\/div>\n<\/div>\n<\/div><\/div><\/div><div class=\"fusion-layout-column fusion_builder_column fusion-builder-column-14 fusion_builder_column_1_2 1_2 fusion-flex-column\" style=\"--awb-bg-size:cover;--awb-width-large:50%;--awb-margin-top-large:0px;--awb-spacing-right-large:3.84%;--awb-margin-bottom-large:0px;--awb-spacing-left-large:3.84%;--awb-width-medium:100%;--awb-order-medium:0;--awb-spacing-right-medium:1.92%;--awb-spacing-left-medium:1.92%;--awb-width-small:100%;--awb-order-small:0;--awb-spacing-right-small:1.92%;--awb-spacing-left-small:1.92%;\" data-scroll-devices=\"small-visibility,medium-visibility,large-visibility\"><div class=\"fusion-column-wrapper fusion-column-has-shadow fusion-flex-justify-content-flex-start fusion-content-layout-column\"><div class=\"fusion-text fusion-text-7\"><p><u>Oficina de Turismo de Sant Cugat<\/u><br \/>\nTel. 936 759 952 \/ WhatsApp: 646 686 877<br \/>\nEmail:\u00a0<a href=\"mailto:turisme@santcugat.cat\" target=\"_blank\" rel=\"nofollow noopener\" data-hasqtip=\"0\" aria-describedby=\"qtip-0\">turisme@santcugat.cat<\/a><\/p>\n<\/div><\/div><\/div><\/div><\/div><div class=\"fusion-fullwidth fullwidth-box fusion-builder-row-10 fusion-flex-container has-pattern-background has-mask-background nonhundred-percent-fullwidth non-hundred-percent-height-scrolling containers-hidden-for-now\" style=\"--awb-border-radius-top-left:0px;--awb-border-radius-top-right:0px;--awb-border-radius-bottom-right:0px;--awb-border-radius-bottom-left:0px;--awb-background-color:var(--awb-color2);--awb-flex-wrap:wrap;\" ><div class=\"fusion-builder-row fusion-row fusion-flex-align-items-flex-start fusion-flex-content-wrap\" style=\"max-width:1216.8px;margin-left: calc(-4% \/ 2 );margin-right: calc(-4% \/ 2 );\"><div class=\"fusion-layout-column fusion_builder_column fusion-builder-column-15 fusion_builder_column_1_1 1_1 fusion-flex-column\" style=\"--awb-bg-size:cover;--awb-width-large:100%;--awb-margin-top-large:0px;--awb-spacing-right-large:1.92%;--awb-margin-bottom-large:0px;--awb-spacing-left-large:1.92%;--awb-width-medium:100%;--awb-order-medium:0;--awb-spacing-right-medium:1.92%;--awb-spacing-left-medium:1.92%;--awb-width-small:100%;--awb-order-small:0;--awb-spacing-right-small:1.92%;--awb-spacing-left-small:1.92%;\"><div class=\"fusion-column-wrapper fusion-column-has-shadow fusion-flex-justify-content-flex-start fusion-content-layout-column\"><div class=\"fusion-image-carousel fusion-image-carousel-auto fusion-image-carousel-5 awb-image-carousel-top-below-caption\"><div class=\"awb-carousel awb-swiper awb-swiper-carousel awb-carousel--carousel awb-swiper-dots-position-bottom awb-imageframe-style awb-imageframe-style-below awb-imageframe-style-5\" data-layout=\"carousel\" data-autoplay=\"no\" data-autoplayspeed=\"3750\" data-autoplaypause=\"no\" data-loop=\"yes\" data-columns=\"3.0\" data-columnsmedium=\"1\" data-columnssmall=\"1\" data-itemmargin=\"13\" data-itemwidth=\"180\" data-touchscroll=\"no\" data-freemode=\"no\" data-imagesize=\"auto\" data-scrollitems=\"0\" data-centeredslides=\"no\" data-rotationangle=\"50\" data-depth=\"100\" data-speed=\"500\" data-shadow=\"no\" data-pagination=\"bullets\" style=\"--awb-columns:3.0;--awb-dots-align:center;\"><div class=\"swiper-wrapper awb-image-carousel-wrapper fusion-flex-align-items-center\"><div class=\"swiper-slide\"><div class=\"fusion-carousel-item-wrapper\"><div class=\"fusion-image-wrapper hover-type-zoomin\"><img decoding=\"async\" width=\"354\" height=\"266\" src=\"https:\/\/visit.santcugat.cat\/wp-content\/uploads\/2026\/01\/Entrevista-de-Maria-de-la-Pau-Janer-a-Emma-Vilarasau-per-a-8TV-al-Claustre-del-Monestir-1.jpeg\" class=\"attachment-full size-full\" alt=\"Claustro del Monasterio\" srcset=\"https:\/\/visit.santcugat.cat\/wp-content\/uploads\/2026\/01\/Entrevista-de-Maria-de-la-Pau-Janer-a-Emma-Vilarasau-per-a-8TV-al-Claustre-del-Monestir-1-200x150.jpeg 200w, https:\/\/visit.santcugat.cat\/wp-content\/uploads\/2026\/01\/Entrevista-de-Maria-de-la-Pau-Janer-a-Emma-Vilarasau-per-a-8TV-al-Claustre-del-Monestir-1.jpeg 354w\" sizes=\"(min-width: 2200px) 100vw, (min-width: 824px) 381px, (min-width: 732px) 572px, (min-width: 640px) 732px, \" \/><\/div><div class=\"awb-imageframe-caption-container\"><div class=\"awb-imageframe-caption\"><h3 class=\"awb-imageframe-caption-title\">Claustre del Monestir<\/h3><\/div><\/div><\/div><\/div><div class=\"swiper-slide\"><div class=\"fusion-carousel-item-wrapper\"><div class=\"fusion-image-wrapper hover-type-zoomin\"><img decoding=\"async\" width=\"354\" height=\"266\" src=\"https:\/\/visit.santcugat.cat\/wp-content\/uploads\/2026\/01\/Francesc-Orella-recita-Gabriel-Ferrater-a-Torre-Negra-1.jpeg\" class=\"attachment-full size-full\" alt=\"Rodaje de La Torre Negra\" srcset=\"https:\/\/visit.santcugat.cat\/wp-content\/uploads\/2026\/01\/Francesc-Orella-recita-Gabriel-Ferrater-a-Torre-Negra-1-200x150.jpeg 200w, https:\/\/visit.santcugat.cat\/wp-content\/uploads\/2026\/01\/Francesc-Orella-recita-Gabriel-Ferrater-a-Torre-Negra-1.jpeg 354w\" sizes=\"(min-width: 2200px) 100vw, (min-width: 824px) 381px, (min-width: 732px) 572px, (min-width: 640px) 732px, \" \/><\/div><div class=\"awb-imageframe-caption-container\"><div class=\"awb-imageframe-caption\"><h3 class=\"awb-imageframe-caption-title\">La Torre Negra<\/h3><\/div><\/div><\/div><\/div><div class=\"swiper-slide\"><div class=\"fusion-carousel-item-wrapper\"><div class=\"fusion-image-wrapper hover-type-zoomin\"><img decoding=\"async\" width=\"354\" height=\"267\" src=\"https:\/\/visit.santcugat.cat\/wp-content\/uploads\/2026\/01\/Rodatge-a-lavinguda-Gaudi-1.jpg\" class=\"attachment-full size-full\" alt=\"Persona grabando en Avinguda Gaud\u00ed\" srcset=\"https:\/\/visit.santcugat.cat\/wp-content\/uploads\/2026\/01\/Rodatge-a-lavinguda-Gaudi-1-200x151.jpg 200w, https:\/\/visit.santcugat.cat\/wp-content\/uploads\/2026\/01\/Rodatge-a-lavinguda-Gaudi-1.jpg 354w\" sizes=\"(min-width: 2200px) 100vw, (min-width: 824px) 381px, (min-width: 732px) 572px, (min-width: 640px) 732px, \" \/><\/div><div class=\"awb-imageframe-caption-container\"><div class=\"awb-imageframe-caption\"><h3 class=\"awb-imageframe-caption-title\">Avinguda Gaud\u00ed<\/h3><\/div><\/div><\/div><\/div><div class=\"swiper-slide\"><div class=\"fusion-carousel-item-wrapper\"><div class=\"fusion-image-wrapper hover-type-zoomin\"><img decoding=\"async\" width=\"400\" height=\"300\" src=\"https:\/\/visit.santcugat.cat\/wp-content\/uploads\/2026\/01\/Programa-Joc-de-cartes-TV3-amb-Marc-Ribas-al-Teatre-Auditori-1.jpeg\" class=\"attachment-full size-full\" alt=\"Teatro Auditorio\" srcset=\"https:\/\/visit.santcugat.cat\/wp-content\/uploads\/2026\/01\/Programa-Joc-de-cartes-TV3-amb-Marc-Ribas-al-Teatre-Auditori-1-200x150.jpeg 200w, https:\/\/visit.santcugat.cat\/wp-content\/uploads\/2026\/01\/Programa-Joc-de-cartes-TV3-amb-Marc-Ribas-al-Teatre-Auditori-1.jpeg 400w\" sizes=\"(min-width: 2200px) 100vw, (min-width: 824px) 381px, (min-width: 732px) 572px, (min-width: 640px) 732px, \" \/><\/div><div class=\"awb-imageframe-caption-container\"><div class=\"awb-imageframe-caption\"><h3 class=\"awb-imageframe-caption-title\">Teatre Auditori<\/h3><\/div><\/div><\/div><\/div><\/div><div class=\"awb-swiper-button awb-swiper-button-prev\"><i class=\"awb-icon-angle-left\" aria-hidden=\"true\"><\/i><\/div><div class=\"awb-swiper-button awb-swiper-button-next\"><i class=\"awb-icon-angle-right\" aria-hidden=\"true\"><\/i><\/div><\/div><\/div><\/div><\/div><\/div><\/div><div class=\"fusion-fullwidth fullwidth-box fusion-builder-row-11 fusion-flex-container has-pattern-background has-mask-background nonhundred-percent-fullwidth non-hundred-percent-height-scrolling\" style=\"--awb-border-radius-top-left:0px;--awb-border-radius-top-right:0px;--awb-border-radius-bottom-right:0px;--awb-border-radius-bottom-left:0px;--awb-padding-top:0px;--awb-background-color:var(--awb-color2);--awb-flex-wrap:wrap;\" ><div class=\"fusion-builder-row fusion-row fusion-flex-align-items-flex-start fusion-flex-content-wrap\" style=\"max-width:1216.8px;margin-left: calc(-4% \/ 2 );margin-right: calc(-4% \/ 2 );\"><div class=\"fusion-layout-column fusion_builder_column fusion-builder-column-16 fusion_builder_column_1_1 1_1 fusion-flex-column\" style=\"--awb-bg-size:cover;--awb-width-large:100%;--awb-margin-top-large:0px;--awb-spacing-right-large:1.92%;--awb-margin-bottom-large:0px;--awb-spacing-left-large:1.92%;--awb-width-medium:100%;--awb-order-medium:0;--awb-spacing-right-medium:1.92%;--awb-spacing-left-medium:1.92%;--awb-width-small:100%;--awb-order-small:0;--awb-spacing-right-small:1.92%;--awb-spacing-left-small:1.92%;\"><div class=\"fusion-column-wrapper fusion-column-has-shadow fusion-flex-justify-content-flex-start fusion-content-layout-column\"><div class=\"fusion-image-carousel fusion-image-carousel-auto fusion-image-carousel-6 section-image-carousel-no-loop-improved\" style=\"margin-top:72px;margin-bottom:72px;\"><div class=\"awb-carousel awb-swiper awb-swiper-carousel awb-carousel--carousel awb-swiper-dots-position-bottom\" data-layout=\"carousel\" data-autoplay=\"yes\" data-autoplayspeed=\"10000\" data-autoplaypause=\"yes\" data-loop=\"yes\" data-columns=\"3\" data-columnsmedium=\"1\" data-columnssmall=\"1\" data-itemmargin=\"16\" data-itemwidth=\"180\" data-touchscroll=\"no\" data-freemode=\"no\" data-imagesize=\"auto\" data-scrollitems=\"0\" data-centeredslides=\"no\" data-rotationangle=\"50\" data-depth=\"100\" data-speed=\"1000\" data-shadow=\"no\" data-pagination=\"bullets\" style=\"--awb-columns:3;--awb-column-spacing:16px;--awb-border-color:#ffffff;--awb-arrow-size:48px;--awb-arrow-box-width:64px;--awb-arrow-box-height:64px;--awb-arrow-color:#ffffff;--awb-arrow-hover-bgcolor:#aabbcc;--awb-arrow-hover-color:#000000;--awb-dots-align:center;--awb-caption-text-font-family:&#039;Iowan Old Style&#039;, &#039;Apple Garamond&#039;, Baskerville, &#039;Times New Roman&#039;, &#039;Droid Serif&#039;, Times, &#039;Source Serif Pro&#039;, serif;--awb-caption-text-font-style:normal;--awb-caption-text-font-weight:400;\"><div class=\"swiper-wrapper awb-image-carousel-wrapper fusion-flex-align-items-center\"><div class=\"swiper-slide\"><div class=\"fusion-carousel-item-wrapper\"><div class=\"fusion-image-wrapper hover-type-none\"><img decoding=\"async\" width=\"354\" height=\"266\" src=\"https:\/\/visit.santcugat.cat\/wp-content\/uploads\/2026\/01\/Entrevista-de-Maria-de-la-Pau-Janer-a-Emma-Vilarasau-per-a-8TV-al-Claustre-del-Monestir-1.jpeg\" class=\"attachment-full size-full\" alt=\"Claustro del Monasterio \" srcset=\"https:\/\/visit.santcugat.cat\/wp-content\/uploads\/2026\/01\/Entrevista-de-Maria-de-la-Pau-Janer-a-Emma-Vilarasau-per-a-8TV-al-Claustre-del-Monestir-1-200x150.jpeg 200w, https:\/\/visit.santcugat.cat\/wp-content\/uploads\/2026\/01\/Entrevista-de-Maria-de-la-Pau-Janer-a-Emma-Vilarasau-per-a-8TV-al-Claustre-del-Monestir-1.jpeg 354w\" sizes=\"(min-width: 2200px) 100vw, (min-width: 824px) 379px, (min-width: 732px) 569px, (min-width: 640px) 732px, \" \/><\/div><\/div><\/div><div class=\"swiper-slide\"><div class=\"fusion-carousel-item-wrapper\"><div class=\"fusion-image-wrapper hover-type-none\"><img decoding=\"async\" width=\"354\" height=\"266\" src=\"https:\/\/visit.santcugat.cat\/wp-content\/uploads\/2026\/01\/Francesc-Orella-recita-Gabriel-Ferrater-a-Torre-Negra-1.jpeg\" class=\"attachment-full size-full\" alt=\"Rodaje de La Torre Negra\" srcset=\"https:\/\/visit.santcugat.cat\/wp-content\/uploads\/2026\/01\/Francesc-Orella-recita-Gabriel-Ferrater-a-Torre-Negra-1-200x150.jpeg 200w, https:\/\/visit.santcugat.cat\/wp-content\/uploads\/2026\/01\/Francesc-Orella-recita-Gabriel-Ferrater-a-Torre-Negra-1.jpeg 354w\" sizes=\"(min-width: 2200px) 100vw, (min-width: 824px) 379px, (min-width: 732px) 569px, (min-width: 640px) 732px, \" \/><\/div><\/div><\/div><div class=\"swiper-slide\"><div class=\"fusion-carousel-item-wrapper\"><div class=\"fusion-image-wrapper hover-type-none\"><img decoding=\"async\" width=\"354\" height=\"267\" src=\"https:\/\/visit.santcugat.cat\/wp-content\/uploads\/2026\/01\/Rodatge-a-lavinguda-Gaudi-1.jpg\" class=\"attachment-full size-full\" alt=\"Persona grabando en Avinguda Gaud\u00ed\" srcset=\"https:\/\/visit.santcugat.cat\/wp-content\/uploads\/2026\/01\/Rodatge-a-lavinguda-Gaudi-1-200x151.jpg 200w, https:\/\/visit.santcugat.cat\/wp-content\/uploads\/2026\/01\/Rodatge-a-lavinguda-Gaudi-1.jpg 354w\" sizes=\"(min-width: 2200px) 100vw, (min-width: 824px) 379px, (min-width: 732px) 569px, (min-width: 640px) 732px, \" \/><\/div><\/div><\/div><div class=\"swiper-slide\"><div class=\"fusion-carousel-item-wrapper\"><div class=\"fusion-image-wrapper hover-type-none\"><img decoding=\"async\" width=\"400\" height=\"300\" src=\"https:\/\/visit.santcugat.cat\/wp-content\/uploads\/2026\/01\/Programa-Joc-de-cartes-TV3-amb-Marc-Ribas-al-Teatre-Auditori-1.jpeg\" class=\"attachment-full size-full\" alt=\"Teatro Auditorio\" srcset=\"https:\/\/visit.santcugat.cat\/wp-content\/uploads\/2026\/01\/Programa-Joc-de-cartes-TV3-amb-Marc-Ribas-al-Teatre-Auditori-1-200x150.jpeg 200w, https:\/\/visit.santcugat.cat\/wp-content\/uploads\/2026\/01\/Programa-Joc-de-cartes-TV3-amb-Marc-Ribas-al-Teatre-Auditori-1.jpeg 400w\" sizes=\"(min-width: 2200px) 100vw, (min-width: 824px) 379px, (min-width: 732px) 569px, (min-width: 640px) 732px, \" \/><\/div><\/div><\/div><\/div><div class=\"awb-swiper-button awb-swiper-button-prev\"><i class=\"fa-angle-left far\" aria-hidden=\"true\"><\/i><\/div><div class=\"awb-swiper-button awb-swiper-button-next\"><i class=\"fa-angle-right far\" aria-hidden=\"true\"><\/i><\/div><\/div><\/div><\/div><\/div><\/div><\/div><\/p>\n","protected":false},"excerpt":{"rendered":"","protected":false},"author":2,"featured_media":0,"parent":0,"menu_order":0,"comment_status":"closed","ping_status":"closed","template":"100-width.php","meta":{"_joinchat":[],"footnotes":""},"class_list":["post-30140","page","type-page","status-publish","hentry"],"yoast_head":"<!-- This site is optimized with the Yoast SEO plugin v27.5 - https:\/\/yoast.com\/product\/yoast-seo-wordpress\/ -->\n<title>\u00bfQuieres rodar en Sant Cugat? A un paso de Barcelona.<\/title>\n<meta name=\"description\" content=\"Sant Cugat city of film. \u00bfQuieres rodar en Sant Cugat? Encontrar\u00e1s toda la informaci\u00f3n y los permisos necesarios aqu\u00ed!\" \/>\n<meta name=\"robots\" content=\"index, follow, max-snippet:-1, max-image-preview:large, max-video-preview:-1\" \/>\n<link rel=\"canonical\" href=\"https:\/\/visit.santcugat.cat\/es\/cityoffilm\/\" \/>\n<meta property=\"og:locale\" content=\"es_ES\" \/>\n<meta property=\"og:type\" content=\"article\" \/>\n<meta property=\"og:title\" content=\"\u00bfQuieres rodar en Sant Cugat? A un paso de Barcelona.\" \/>\n<meta property=\"og:description\" content=\"Sant Cugat city of film. \u00bfQuieres rodar en Sant Cugat? Encontrar\u00e1s toda la informaci\u00f3n y los permisos necesarios aqu\u00ed!\" \/>\n<meta property=\"og:url\" content=\"https:\/\/visit.santcugat.cat\/es\/cityoffilm\/\" \/>\n<meta property=\"og:site_name\" content=\"Visit Sant Cugat\" \/>\n<meta property=\"article:publisher\" content=\"https:\/\/www.facebook.com\/visitsantcugat\/\" \/>\n<meta property=\"article:modified_time\" content=\"2026-04-27T08:49:05+00:00\" \/>\n<meta property=\"og:image\" content=\"https:\/\/visit.santcugat.cat\/wp-content\/uploads\/2023\/03\/CLAUSTRE-MONASTERIO-DE-SANT-CUGAT_resultado.webp\" \/>\n\t<meta property=\"og:image:width\" content=\"984\" \/>\n\t<meta property=\"og:image:height\" content=\"502\" \/>\n\t<meta property=\"og:image:type\" content=\"image\/webp\" \/>\n<meta name=\"twitter:card\" content=\"summary_large_image\" \/>\n<meta name=\"twitter:site\" content=\"@ajsantcugat\" \/>\n<meta name=\"twitter:label1\" content=\"Tiempo de lectura\" \/>\n\t<meta name=\"twitter:data1\" content=\"8 minutos\" \/>\n<script type=\"application\/ld+json\" class=\"yoast-schema-graph\">{\"@context\":\"https:\\\/\\\/schema.org\",\"@graph\":[{\"@type\":\"WebPage\",\"@id\":\"https:\\\/\\\/visit.santcugat.cat\\\/es\\\/cityoffilm\\\/\",\"url\":\"https:\\\/\\\/visit.santcugat.cat\\\/es\\\/cityoffilm\\\/\",\"name\":\"\u00bfQuieres rodar en Sant Cugat? A un paso de Barcelona.\",\"isPartOf\":{\"@id\":\"https:\\\/\\\/visit.santcugat.cat\\\/fr\\\/#website\"},\"datePublished\":\"2022-06-14T09:55:56+00:00\",\"dateModified\":\"2026-04-27T08:49:05+00:00\",\"description\":\"Sant Cugat city of film. \u00bfQuieres rodar en Sant Cugat? Encontrar\u00e1s toda la informaci\u00f3n y los permisos necesarios aqu\u00ed!\",\"breadcrumb\":{\"@id\":\"https:\\\/\\\/visit.santcugat.cat\\\/es\\\/cityoffilm\\\/#breadcrumb\"},\"inLanguage\":\"es\",\"potentialAction\":[{\"@type\":\"ReadAction\",\"target\":[\"https:\\\/\\\/visit.santcugat.cat\\\/es\\\/cityoffilm\\\/\"]}]},{\"@type\":\"BreadcrumbList\",\"@id\":\"https:\\\/\\\/visit.santcugat.cat\\\/es\\\/cityoffilm\\\/#breadcrumb\",\"itemListElement\":[{\"@type\":\"ListItem\",\"position\":1,\"name\":\"Inici\",\"item\":\"https:\\\/\\\/visit.santcugat.cat\\\/es\\\/\"},{\"@type\":\"ListItem\",\"position\":2,\"name\":\"City of Film\"}]},{\"@type\":\"WebSite\",\"@id\":\"https:\\\/\\\/visit.santcugat.cat\\\/fr\\\/#website\",\"url\":\"https:\\\/\\\/visit.santcugat.cat\\\/fr\\\/\",\"name\":\"Visit Sant Cugat\",\"description\":\"Turisme de Sant Cugat\",\"publisher\":{\"@id\":\"https:\\\/\\\/visit.santcugat.cat\\\/fr\\\/#organization\"},\"potentialAction\":[{\"@type\":\"SearchAction\",\"target\":{\"@type\":\"EntryPoint\",\"urlTemplate\":\"https:\\\/\\\/visit.santcugat.cat\\\/fr\\\/?s={search_term_string}\"},\"query-input\":{\"@type\":\"PropertyValueSpecification\",\"valueRequired\":true,\"valueName\":\"search_term_string\"}}],\"inLanguage\":\"es\"},{\"@type\":\"Organization\",\"@id\":\"https:\\\/\\\/visit.santcugat.cat\\\/fr\\\/#organization\",\"name\":\"Visit Sant Cugat - Turisme de Sant Cugat - Barcelona\",\"url\":\"https:\\\/\\\/visit.santcugat.cat\\\/fr\\\/\",\"logo\":{\"@type\":\"ImageObject\",\"inLanguage\":\"es\",\"@id\":\"https:\\\/\\\/visit.santcugat.cat\\\/fr\\\/#\\\/schema\\\/logo\\\/image\\\/\",\"url\":\"https:\\\/\\\/visit.santcugat.cat\\\/wp-content\\\/uploads\\\/2020\\\/09\\\/logo.png\",\"contentUrl\":\"https:\\\/\\\/visit.santcugat.cat\\\/wp-content\\\/uploads\\\/2020\\\/09\\\/logo.png\",\"width\":200,\"height\":44,\"caption\":\"Visit Sant Cugat - Turisme de Sant Cugat - Barcelona\"},\"image\":{\"@id\":\"https:\\\/\\\/visit.santcugat.cat\\\/fr\\\/#\\\/schema\\\/logo\\\/image\\\/\"},\"sameAs\":[\"https:\\\/\\\/www.facebook.com\\\/visitsantcugat\\\/\",\"https:\\\/\\\/x.com\\\/ajsantcugat\",\"https:\\\/\\\/www.instagram.com\\\/visitsantcugat\\\/\",\"https:\\\/\\\/ca.wikipedia.org\\\/wiki\\\/Sant_Cugat_del_Vall\u00e8s\"]}]}<\/script>\n<!-- \/ Yoast SEO plugin. -->","yoast_head_json":{"title":"\u00bfQuieres rodar en Sant Cugat? A un paso de Barcelona.","description":"Sant Cugat city of film. \u00bfQuieres rodar en Sant Cugat? Encontrar\u00e1s toda la informaci\u00f3n y los permisos necesarios aqu\u00ed!","robots":{"index":"index","follow":"follow","max-snippet":"max-snippet:-1","max-image-preview":"max-image-preview:large","max-video-preview":"max-video-preview:-1"},"canonical":"https:\/\/visit.santcugat.cat\/es\/cityoffilm\/","og_locale":"es_ES","og_type":"article","og_title":"\u00bfQuieres rodar en Sant Cugat? A un paso de Barcelona.","og_description":"Sant Cugat city of film. \u00bfQuieres rodar en Sant Cugat? Encontrar\u00e1s toda la informaci\u00f3n y los permisos necesarios aqu\u00ed!","og_url":"https:\/\/visit.santcugat.cat\/es\/cityoffilm\/","og_site_name":"Visit Sant Cugat","article_publisher":"https:\/\/www.facebook.com\/visitsantcugat\/","article_modified_time":"2026-04-27T08:49:05+00:00","og_image":[{"width":984,"height":502,"url":"https:\/\/visit.santcugat.cat\/wp-content\/uploads\/2023\/03\/CLAUSTRE-MONASTERIO-DE-SANT-CUGAT_resultado.webp","type":"image\/webp"}],"twitter_card":"summary_large_image","twitter_site":"@ajsantcugat","twitter_misc":{"Tiempo de lectura":"8 minutos"},"schema":{"@context":"https:\/\/schema.org","@graph":[{"@type":"WebPage","@id":"https:\/\/visit.santcugat.cat\/es\/cityoffilm\/","url":"https:\/\/visit.santcugat.cat\/es\/cityoffilm\/","name":"\u00bfQuieres rodar en Sant Cugat? A un paso de Barcelona.","isPartOf":{"@id":"https:\/\/visit.santcugat.cat\/fr\/#website"},"datePublished":"2022-06-14T09:55:56+00:00","dateModified":"2026-04-27T08:49:05+00:00","description":"Sant Cugat city of film. \u00bfQuieres rodar en Sant Cugat? Encontrar\u00e1s toda la informaci\u00f3n y los permisos necesarios aqu\u00ed!","breadcrumb":{"@id":"https:\/\/visit.santcugat.cat\/es\/cityoffilm\/#breadcrumb"},"inLanguage":"es","potentialAction":[{"@type":"ReadAction","target":["https:\/\/visit.santcugat.cat\/es\/cityoffilm\/"]}]},{"@type":"BreadcrumbList","@id":"https:\/\/visit.santcugat.cat\/es\/cityoffilm\/#breadcrumb","itemListElement":[{"@type":"ListItem","position":1,"name":"Inici","item":"https:\/\/visit.santcugat.cat\/es\/"},{"@type":"ListItem","position":2,"name":"City of Film"}]},{"@type":"WebSite","@id":"https:\/\/visit.santcugat.cat\/fr\/#website","url":"https:\/\/visit.santcugat.cat\/fr\/","name":"Visit Sant Cugat","description":"Turisme de Sant Cugat","publisher":{"@id":"https:\/\/visit.santcugat.cat\/fr\/#organization"},"potentialAction":[{"@type":"SearchAction","target":{"@type":"EntryPoint","urlTemplate":"https:\/\/visit.santcugat.cat\/fr\/?s={search_term_string}"},"query-input":{"@type":"PropertyValueSpecification","valueRequired":true,"valueName":"search_term_string"}}],"inLanguage":"es"},{"@type":"Organization","@id":"https:\/\/visit.santcugat.cat\/fr\/#organization","name":"Visit Sant Cugat - Turisme de Sant Cugat - Barcelona","url":"https:\/\/visit.santcugat.cat\/fr\/","logo":{"@type":"ImageObject","inLanguage":"es","@id":"https:\/\/visit.santcugat.cat\/fr\/#\/schema\/logo\/image\/","url":"https:\/\/visit.santcugat.cat\/wp-content\/uploads\/2020\/09\/logo.png","contentUrl":"https:\/\/visit.santcugat.cat\/wp-content\/uploads\/2020\/09\/logo.png","width":200,"height":44,"caption":"Visit Sant Cugat - Turisme de Sant Cugat - Barcelona"},"image":{"@id":"https:\/\/visit.santcugat.cat\/fr\/#\/schema\/logo\/image\/"},"sameAs":["https:\/\/www.facebook.com\/visitsantcugat\/","https:\/\/x.com\/ajsantcugat","https:\/\/www.instagram.com\/visitsantcugat\/","https:\/\/ca.wikipedia.org\/wiki\/Sant_Cugat_del_Vall\u00e8s"]}]}},"_links":{"self":[{"href":"https:\/\/visit.santcugat.cat\/es\/wp-json\/wp\/v2\/pages\/30140","targetHints":{"allow":["GET"]}}],"collection":[{"href":"https:\/\/visit.santcugat.cat\/es\/wp-json\/wp\/v2\/pages"}],"about":[{"href":"https:\/\/visit.santcugat.cat\/es\/wp-json\/wp\/v2\/types\/page"}],"author":[{"embeddable":true,"href":"https:\/\/visit.santcugat.cat\/es\/wp-json\/wp\/v2\/users\/2"}],"replies":[{"embeddable":true,"href":"https:\/\/visit.santcugat.cat\/es\/wp-json\/wp\/v2\/comments?post=30140"}],"version-history":[{"count":12,"href":"https:\/\/visit.santcugat.cat\/es\/wp-json\/wp\/v2\/pages\/30140\/revisions"}],"predecessor-version":[{"id":49679,"href":"https:\/\/visit.santcugat.cat\/es\/wp-json\/wp\/v2\/pages\/30140\/revisions\/49679"}],"wp:attachment":[{"href":"https:\/\/visit.santcugat.cat\/es\/wp-json\/wp\/v2\/media?parent=30140"}],"curies":[{"name":"wp","href":"https:\/\/api.w.org\/{rel}","templated":true}]}}