{"id":20464,"date":"2020-03-04T11:19:54","date_gmt":"2020-03-04T10:19:54","guid":{"rendered":"https:\/\/visit.santcugat.cat\/la-domus-de-sant-cugat-la-fundacion-del-monasterio\/"},"modified":"2026-04-29T11:36:33","modified_gmt":"2026-04-29T09:36:33","slug":"la-domus-de-sant-cugat-la-fundacion-del-monasterio","status":"publish","type":"page","link":"https:\/\/visit.santcugat.cat\/es\/la-domus-de-sant-cugat-la-fundacion-del-monasterio\/","title":{"rendered":"La &#8220;domus&#8221; de Sant Cugat. La fundaci\u00f3n del Monasterio"},"content":{"rendered":"<div class=\"fusion-fullwidth fullwidth-box fusion-builder-row-1 fusion-flex-container nonhundred-percent-fullwidth non-hundred-percent-height-scrolling\" style=\"--awb-border-radius-top-left:0px;--awb-border-radius-top-right:0px;--awb-border-radius-bottom-right:0px;--awb-border-radius-bottom-left:0px;--awb-padding-top:30px;--awb-padding-bottom:30px;--awb-margin-top:0px;--awb-margin-bottom:0px;--awb-flex-wrap:wrap;\" ><div class=\"fusion-builder-row fusion-row fusion-flex-align-items-stretch fusion-flex-content-wrap\" style=\"max-width:calc( 1170px + 0px );margin-left: calc(-0px \/ 2 );margin-right: calc(-0px \/ 2 );\"><div class=\"fusion-layout-column fusion_builder_column fusion-builder-column-0 fusion_builder_column_1_1 1_1 fusion-flex-column\" style=\"--awb-padding-top:20px;--awb-padding-right:40px;--awb-padding-bottom:20px;--awb-padding-left:40px;--awb-bg-color:#ffffff;--awb-bg-color-hover:#ffffff;--awb-bg-size:cover;--awb-width-large:100%;--awb-margin-top-large:0px;--awb-spacing-right-large:0px;--awb-margin-bottom-large:15px;--awb-spacing-left-large:0px;--awb-width-medium:100%;--awb-spacing-right-medium:0px;--awb-spacing-left-medium:0px;--awb-width-small:100%;--awb-spacing-right-small:0px;--awb-spacing-left-small:0px;\"><div class=\"fusion-column-wrapper fusion-flex-justify-content-flex-start fusion-content-layout-column\"><div class=\"fusion-text fusion-text-1\"><p><img decoding=\"async\" class=\"alignleft wp-image-17526 size-full\" src=\"https:\/\/visit.santcugat.cat\/wp-content\/uploads\/2019\/01\/La-domus-de-Sant-Cugat.jpg\" alt=\"La domus de Sant Cugat\" width=\"400\" height=\"256\" srcset=\"https:\/\/visit.santcugat.cat\/wp-content\/uploads\/2019\/01\/La-domus-de-Sant-Cugat-200x128.jpg 200w, https:\/\/visit.santcugat.cat\/wp-content\/uploads\/2019\/01\/La-domus-de-Sant-Cugat-300x192.jpg 300w, https:\/\/visit.santcugat.cat\/wp-content\/uploads\/2019\/01\/La-domus-de-Sant-Cugat.jpg 400w\" sizes=\"(max-width: 400px) 100vw, 400px\" \/><\/p>\n<p>No se conoce el momento fundacional del Monasterio, pero s\u00ed el contexto en que se produce. En el siglo IX la monarqu\u00eda franca impulsa la creaci\u00f3n de monasterios benedictinos como instrumento de organizaci\u00f3n de sus territorios y de transmisi\u00f3n de los valores de un nuevo orden social, el feudalismo. La pr\u00e1ctica del ideal de vida cristiana en los monasterios los hace pr\u00f3ximos a la divinidad y los dota de un fuerte ascendiente sobre una sociedad atemorizada de Dios.<\/p>\n<p>En 801 los francos conquistan Barcelona y se abre todo un territorio, el Condado de Barcelona, que debe integrar en su imperio y reorganizar. La existencia de un asentamiento en Octaviano favorecer\u00eda el emplazamiento de un nuevo monasterio. Con todo, la primera noticia sobre Sant Cugat fecha del 878, cuando el emperador Luis el Tartamudo confirma al obispo de Barcelona la <em>domus<\/em> de Sant Cugat y San F\u00e9lix, en el lugar de Octaviano. De los pocos datos iniciales se desprenden, por un lado, de una fundaci\u00f3n en la primera mitad del siglo IX para una comunidad, probablemente, de cl\u00e9rigos regulares dependientes del obispado y bajo la regla de san Benito, y, por otro lado, una acci\u00f3n de colonizaci\u00f3n del territorio mediante la presura, que habr\u00eda comportado un precepto real al abad Ostofredo, el primer abad del cual se sabe el nombre, para otorgarle la propiedad de las tierras explotadas.<\/p>\n<p>En cuanto a las dependencias mon\u00e1sticas, se saben pocas cosas de su configuraci\u00f3n. La elecci\u00f3n del antiguo asentamiento romano como emplazamiento del nuevo Monasterio, comporta la pervivencia o reutilizaci\u00f3n de las construcciones precedentes. La bas\u00edlica es uno de los edificios que quiz\u00e1s se mantiene en uso hasta el siglo XI, sin que por ahora se pueda decir que se levanta una nueva iglesia. Adem\u00e1s, tambi\u00e9n es probable que la misma fortificaci\u00f3n contin\u00fae delimitando el per\u00edmetro del espacio. Por otro lado, se construyen nuevas edificaciones antes del a\u00f1o 1000: dos edificios en \u00e1ngulo con un espacio de paso entre ellos, uno de los cuales tiene ventanas cerradas con celos\u00edas de tiza, que empiezan a prefigurar el espacio del futuro Claustro siguiendo la arquitectura propia de los monasterios.<\/p>\n<p>Condes y nobles, y especialmente peque\u00f1os y medianos propietarios empujados por un esp\u00edritu piadoso y la necesidad de buscar protecci\u00f3n, hacen numerosas donaciones. As\u00ed, las propiedades de la comunidad mon\u00e1stica empiezan a crecer a partir de mediados del siglo X y, finalmente, configuran uno de los dominios eclesi\u00e1sticos m\u00e1s importantes del Condado de Barcelona. Otros aspectos positivos son: la fertilidad del lugar, los v\u00ednculos con la corte condal de Barcelona y la proximidad con la tierra de frontera preparada para ser colonizada. Pronto los abades, ya claramente con el abad Joan, impulsan una pol\u00edtica de concentraci\u00f3n territorial de bienes para rentabilizar la gesti\u00f3n. El grueso se extiende por el Vall\u00e9s, pero tambi\u00e9n poseen en el Baix Llobregat, el Barcelon\u00e9s y la marca del Condado de Barcelona, la tierra de frontera del Pened\u00e9s y la Anoia.<\/p>\n<\/div><\/div><\/div><\/div><\/div>\n","protected":false},"excerpt":{"rendered":"","protected":false},"author":2,"featured_media":0,"parent":0,"menu_order":0,"comment_status":"closed","ping_status":"closed","template":"","meta":{"_joinchat":[],"footnotes":""},"class_list":["post-20464","page","type-page","status-publish","hentry"],"yoast_head":"<!-- This site is optimized with the Yoast SEO plugin v27.5 - https:\/\/yoast.com\/product\/yoast-seo-wordpress\/ -->\n<title>La &quot;domus&quot; de Sant Cugat. La fundaci\u00f3n del Monasterio | Visit Sant Cugat<\/title>\n<meta name=\"robots\" content=\"index, follow, max-snippet:-1, max-image-preview:large, max-video-preview:-1\" \/>\n<link rel=\"canonical\" href=\"https:\/\/visit.santcugat.cat\/es\/la-domus-de-sant-cugat-la-fundacion-del-monasterio\/\" \/>\n<meta property=\"og:locale\" content=\"es_ES\" \/>\n<meta property=\"og:type\" content=\"article\" \/>\n<meta property=\"og:title\" content=\"La &quot;domus&quot; de Sant Cugat. La fundaci\u00f3n del Monasterio | Visit Sant Cugat\" \/>\n<meta property=\"og:url\" content=\"https:\/\/visit.santcugat.cat\/es\/la-domus-de-sant-cugat-la-fundacion-del-monasterio\/\" \/>\n<meta property=\"og:site_name\" content=\"Visit Sant Cugat\" \/>\n<meta property=\"article:publisher\" content=\"https:\/\/www.facebook.com\/visitsantcugat\/\" \/>\n<meta property=\"article:modified_time\" content=\"2026-04-29T09:36:33+00:00\" \/>\n<meta property=\"og:image\" content=\"https:\/\/visit.santcugat.cat\/wp-content\/uploads\/2019\/01\/La-domus-de-Sant-Cugat.jpg\" \/>\n\t<meta property=\"og:image:width\" content=\"400\" \/>\n\t<meta property=\"og:image:height\" content=\"256\" \/>\n\t<meta property=\"og:image:type\" content=\"image\/jpeg\" \/>\n<meta name=\"twitter:card\" content=\"summary_large_image\" \/>\n<meta name=\"twitter:site\" content=\"@ajsantcugat\" \/>\n<meta name=\"twitter:label1\" content=\"Tiempo de lectura\" \/>\n\t<meta name=\"twitter:data1\" content=\"4 minutos\" \/>\n<script type=\"application\/ld+json\" class=\"yoast-schema-graph\">{\"@context\":\"https:\\\/\\\/schema.org\",\"@graph\":[{\"@type\":\"WebPage\",\"@id\":\"https:\\\/\\\/visit.santcugat.cat\\\/es\\\/la-domus-de-sant-cugat-la-fundacion-del-monasterio\\\/\",\"url\":\"https:\\\/\\\/visit.santcugat.cat\\\/es\\\/la-domus-de-sant-cugat-la-fundacion-del-monasterio\\\/\",\"name\":\"La \\\"domus\\\" de Sant Cugat. La fundaci\u00f3n del Monasterio | Visit Sant Cugat\",\"isPartOf\":{\"@id\":\"https:\\\/\\\/visit.santcugat.cat\\\/fr\\\/#website\"},\"primaryImageOfPage\":{\"@id\":\"https:\\\/\\\/visit.santcugat.cat\\\/es\\\/la-domus-de-sant-cugat-la-fundacion-del-monasterio\\\/#primaryimage\"},\"image\":{\"@id\":\"https:\\\/\\\/visit.santcugat.cat\\\/es\\\/la-domus-de-sant-cugat-la-fundacion-del-monasterio\\\/#primaryimage\"},\"thumbnailUrl\":\"https:\\\/\\\/visit.santcugat.cat\\\/wp-content\\\/uploads\\\/2019\\\/01\\\/La-domus-de-Sant-Cugat.jpg\",\"datePublished\":\"2020-03-04T10:19:54+00:00\",\"dateModified\":\"2026-04-29T09:36:33+00:00\",\"breadcrumb\":{\"@id\":\"https:\\\/\\\/visit.santcugat.cat\\\/es\\\/la-domus-de-sant-cugat-la-fundacion-del-monasterio\\\/#breadcrumb\"},\"inLanguage\":\"es\",\"potentialAction\":[{\"@type\":\"ReadAction\",\"target\":[\"https:\\\/\\\/visit.santcugat.cat\\\/es\\\/la-domus-de-sant-cugat-la-fundacion-del-monasterio\\\/\"]}]},{\"@type\":\"ImageObject\",\"inLanguage\":\"es\",\"@id\":\"https:\\\/\\\/visit.santcugat.cat\\\/es\\\/la-domus-de-sant-cugat-la-fundacion-del-monasterio\\\/#primaryimage\",\"url\":\"https:\\\/\\\/visit.santcugat.cat\\\/wp-content\\\/uploads\\\/2019\\\/01\\\/La-domus-de-Sant-Cugat.jpg\",\"contentUrl\":\"https:\\\/\\\/visit.santcugat.cat\\\/wp-content\\\/uploads\\\/2019\\\/01\\\/La-domus-de-Sant-Cugat.jpg\"},{\"@type\":\"BreadcrumbList\",\"@id\":\"https:\\\/\\\/visit.santcugat.cat\\\/es\\\/la-domus-de-sant-cugat-la-fundacion-del-monasterio\\\/#breadcrumb\",\"itemListElement\":[{\"@type\":\"ListItem\",\"position\":1,\"name\":\"Inici\",\"item\":\"https:\\\/\\\/visit.santcugat.cat\\\/es\\\/\"},{\"@type\":\"ListItem\",\"position\":2,\"name\":\"La &#8220;domus&#8221; de Sant Cugat. La fundaci\u00f3n del Monasterio\"}]},{\"@type\":\"WebSite\",\"@id\":\"https:\\\/\\\/visit.santcugat.cat\\\/fr\\\/#website\",\"url\":\"https:\\\/\\\/visit.santcugat.cat\\\/fr\\\/\",\"name\":\"Visit Sant Cugat\",\"description\":\"Turisme de Sant Cugat\",\"publisher\":{\"@id\":\"https:\\\/\\\/visit.santcugat.cat\\\/fr\\\/#organization\"},\"potentialAction\":[{\"@type\":\"SearchAction\",\"target\":{\"@type\":\"EntryPoint\",\"urlTemplate\":\"https:\\\/\\\/visit.santcugat.cat\\\/fr\\\/?s={search_term_string}\"},\"query-input\":{\"@type\":\"PropertyValueSpecification\",\"valueRequired\":true,\"valueName\":\"search_term_string\"}}],\"inLanguage\":\"es\"},{\"@type\":\"Organization\",\"@id\":\"https:\\\/\\\/visit.santcugat.cat\\\/fr\\\/#organization\",\"name\":\"Visit Sant Cugat - Turisme de Sant Cugat - Barcelona\",\"url\":\"https:\\\/\\\/visit.santcugat.cat\\\/fr\\\/\",\"logo\":{\"@type\":\"ImageObject\",\"inLanguage\":\"es\",\"@id\":\"https:\\\/\\\/visit.santcugat.cat\\\/fr\\\/#\\\/schema\\\/logo\\\/image\\\/\",\"url\":\"https:\\\/\\\/visit.santcugat.cat\\\/wp-content\\\/uploads\\\/2020\\\/09\\\/logo.png\",\"contentUrl\":\"https:\\\/\\\/visit.santcugat.cat\\\/wp-content\\\/uploads\\\/2020\\\/09\\\/logo.png\",\"width\":200,\"height\":44,\"caption\":\"Visit Sant Cugat - Turisme de Sant Cugat - Barcelona\"},\"image\":{\"@id\":\"https:\\\/\\\/visit.santcugat.cat\\\/fr\\\/#\\\/schema\\\/logo\\\/image\\\/\"},\"sameAs\":[\"https:\\\/\\\/www.facebook.com\\\/visitsantcugat\\\/\",\"https:\\\/\\\/x.com\\\/ajsantcugat\",\"https:\\\/\\\/www.instagram.com\\\/visitsantcugat\\\/\",\"https:\\\/\\\/ca.wikipedia.org\\\/wiki\\\/Sant_Cugat_del_Vall\u00e8s\"]}]}<\/script>\n<!-- \/ Yoast SEO plugin. -->","yoast_head_json":{"title":"La \"domus\" de Sant Cugat. La fundaci\u00f3n del Monasterio | Visit Sant Cugat","robots":{"index":"index","follow":"follow","max-snippet":"max-snippet:-1","max-image-preview":"max-image-preview:large","max-video-preview":"max-video-preview:-1"},"canonical":"https:\/\/visit.santcugat.cat\/es\/la-domus-de-sant-cugat-la-fundacion-del-monasterio\/","og_locale":"es_ES","og_type":"article","og_title":"La \"domus\" de Sant Cugat. La fundaci\u00f3n del Monasterio | Visit Sant Cugat","og_url":"https:\/\/visit.santcugat.cat\/es\/la-domus-de-sant-cugat-la-fundacion-del-monasterio\/","og_site_name":"Visit Sant Cugat","article_publisher":"https:\/\/www.facebook.com\/visitsantcugat\/","article_modified_time":"2026-04-29T09:36:33+00:00","og_image":[{"width":400,"height":256,"url":"https:\/\/visit.santcugat.cat\/wp-content\/uploads\/2019\/01\/La-domus-de-Sant-Cugat.jpg","type":"image\/jpeg"}],"twitter_card":"summary_large_image","twitter_site":"@ajsantcugat","twitter_misc":{"Tiempo de lectura":"4 minutos"},"schema":{"@context":"https:\/\/schema.org","@graph":[{"@type":"WebPage","@id":"https:\/\/visit.santcugat.cat\/es\/la-domus-de-sant-cugat-la-fundacion-del-monasterio\/","url":"https:\/\/visit.santcugat.cat\/es\/la-domus-de-sant-cugat-la-fundacion-del-monasterio\/","name":"La \"domus\" de Sant Cugat. La fundaci\u00f3n del Monasterio | Visit Sant Cugat","isPartOf":{"@id":"https:\/\/visit.santcugat.cat\/fr\/#website"},"primaryImageOfPage":{"@id":"https:\/\/visit.santcugat.cat\/es\/la-domus-de-sant-cugat-la-fundacion-del-monasterio\/#primaryimage"},"image":{"@id":"https:\/\/visit.santcugat.cat\/es\/la-domus-de-sant-cugat-la-fundacion-del-monasterio\/#primaryimage"},"thumbnailUrl":"https:\/\/visit.santcugat.cat\/wp-content\/uploads\/2019\/01\/La-domus-de-Sant-Cugat.jpg","datePublished":"2020-03-04T10:19:54+00:00","dateModified":"2026-04-29T09:36:33+00:00","breadcrumb":{"@id":"https:\/\/visit.santcugat.cat\/es\/la-domus-de-sant-cugat-la-fundacion-del-monasterio\/#breadcrumb"},"inLanguage":"es","potentialAction":[{"@type":"ReadAction","target":["https:\/\/visit.santcugat.cat\/es\/la-domus-de-sant-cugat-la-fundacion-del-monasterio\/"]}]},{"@type":"ImageObject","inLanguage":"es","@id":"https:\/\/visit.santcugat.cat\/es\/la-domus-de-sant-cugat-la-fundacion-del-monasterio\/#primaryimage","url":"https:\/\/visit.santcugat.cat\/wp-content\/uploads\/2019\/01\/La-domus-de-Sant-Cugat.jpg","contentUrl":"https:\/\/visit.santcugat.cat\/wp-content\/uploads\/2019\/01\/La-domus-de-Sant-Cugat.jpg"},{"@type":"BreadcrumbList","@id":"https:\/\/visit.santcugat.cat\/es\/la-domus-de-sant-cugat-la-fundacion-del-monasterio\/#breadcrumb","itemListElement":[{"@type":"ListItem","position":1,"name":"Inici","item":"https:\/\/visit.santcugat.cat\/es\/"},{"@type":"ListItem","position":2,"name":"La &#8220;domus&#8221; de Sant Cugat. La fundaci\u00f3n del Monasterio"}]},{"@type":"WebSite","@id":"https:\/\/visit.santcugat.cat\/fr\/#website","url":"https:\/\/visit.santcugat.cat\/fr\/","name":"Visit Sant Cugat","description":"Turisme de Sant Cugat","publisher":{"@id":"https:\/\/visit.santcugat.cat\/fr\/#organization"},"potentialAction":[{"@type":"SearchAction","target":{"@type":"EntryPoint","urlTemplate":"https:\/\/visit.santcugat.cat\/fr\/?s={search_term_string}"},"query-input":{"@type":"PropertyValueSpecification","valueRequired":true,"valueName":"search_term_string"}}],"inLanguage":"es"},{"@type":"Organization","@id":"https:\/\/visit.santcugat.cat\/fr\/#organization","name":"Visit Sant Cugat - Turisme de Sant Cugat - Barcelona","url":"https:\/\/visit.santcugat.cat\/fr\/","logo":{"@type":"ImageObject","inLanguage":"es","@id":"https:\/\/visit.santcugat.cat\/fr\/#\/schema\/logo\/image\/","url":"https:\/\/visit.santcugat.cat\/wp-content\/uploads\/2020\/09\/logo.png","contentUrl":"https:\/\/visit.santcugat.cat\/wp-content\/uploads\/2020\/09\/logo.png","width":200,"height":44,"caption":"Visit Sant Cugat - Turisme de Sant Cugat - Barcelona"},"image":{"@id":"https:\/\/visit.santcugat.cat\/fr\/#\/schema\/logo\/image\/"},"sameAs":["https:\/\/www.facebook.com\/visitsantcugat\/","https:\/\/x.com\/ajsantcugat","https:\/\/www.instagram.com\/visitsantcugat\/","https:\/\/ca.wikipedia.org\/wiki\/Sant_Cugat_del_Vall\u00e8s"]}]}},"_links":{"self":[{"href":"https:\/\/visit.santcugat.cat\/es\/wp-json\/wp\/v2\/pages\/20464","targetHints":{"allow":["GET"]}}],"collection":[{"href":"https:\/\/visit.santcugat.cat\/es\/wp-json\/wp\/v2\/pages"}],"about":[{"href":"https:\/\/visit.santcugat.cat\/es\/wp-json\/wp\/v2\/types\/page"}],"author":[{"embeddable":true,"href":"https:\/\/visit.santcugat.cat\/es\/wp-json\/wp\/v2\/users\/2"}],"replies":[{"embeddable":true,"href":"https:\/\/visit.santcugat.cat\/es\/wp-json\/wp\/v2\/comments?post=20464"}],"version-history":[{"count":2,"href":"https:\/\/visit.santcugat.cat\/es\/wp-json\/wp\/v2\/pages\/20464\/revisions"}],"predecessor-version":[{"id":50191,"href":"https:\/\/visit.santcugat.cat\/es\/wp-json\/wp\/v2\/pages\/20464\/revisions\/50191"}],"wp:attachment":[{"href":"https:\/\/visit.santcugat.cat\/es\/wp-json\/wp\/v2\/media?parent=20464"}],"curies":[{"name":"wp","href":"https:\/\/api.w.org\/{rel}","templated":true}]}}