{"id":7369,"date":"2022-02-08T18:19:04","date_gmt":"2022-02-08T17:19:04","guid":{"rendered":"https:\/\/visit.santcugat.cat\/portfolio-items\/cami-dels-monjos\/"},"modified":"2026-04-29T08:05:50","modified_gmt":"2026-04-29T06:05:50","slug":"camino-de-los-monjes","status":"publish","type":"avada_portfolio","link":"https:\/\/visit.santcugat.cat\/es\/camino-de-los-monjes\/","title":{"rendered":"Camino de los Monjes"},"content":{"rendered":"<div class=\"fusion-fullwidth fullwidth-box fusion-builder-row-1 fusion-flex-container nonhundred-percent-fullwidth non-hundred-percent-height-scrolling\" style=\"--awb-border-radius-top-left:0px;--awb-border-radius-top-right:0px;--awb-border-radius-bottom-right:0px;--awb-border-radius-bottom-left:0px;--awb-padding-top:10px;--awb-padding-right:10px;--awb-padding-bottom:10px;--awb-margin-top:5px;--awb-margin-bottom:5px;--awb-background-color:rgba(255,255,255,0);--awb-flex-wrap:wrap;\" ><div class=\"fusion-builder-row fusion-row fusion-flex-align-items-stretch fusion-flex-content-wrap\" style=\"max-width:calc( 1170px + 0px );margin-left: calc(-0px \/ 2 );margin-right: calc(-0px \/ 2 );\"><div class=\"fusion-layout-column fusion_builder_column fusion-builder-column-0 fusion_builder_column_1_3 1_3 fusion-flex-column\" style=\"--awb-bg-blend:overlay;--awb-bg-size:cover;--awb-width-large:33.333333333333%;--awb-margin-top-large:5px;--awb-spacing-right-large:0px;--awb-margin-bottom-large:1px;--awb-spacing-left-large:0px;--awb-width-medium:100%;--awb-spacing-right-medium:0px;--awb-spacing-left-medium:0px;--awb-width-small:100%;--awb-spacing-right-small:0px;--awb-spacing-left-small:0px;\"><div class=\"fusion-column-wrapper fusion-flex-justify-content-flex-start fusion-content-layout-column\"><div class=\"fusion-image-element \" style=\"text-align:center;--awb-caption-title-font-family:var(--h2_typography-font-family);--awb-caption-title-font-weight:var(--h2_typography-font-weight);--awb-caption-title-font-style:var(--h2_typography-font-style);--awb-caption-title-size:var(--h2_typography-font-size);--awb-caption-title-transform:var(--h2_typography-text-transform);--awb-caption-title-line-height:var(--h2_typography-line-height);--awb-caption-title-letter-spacing:var(--h2_typography-letter-spacing);\"><span class=\" fusion-imageframe imageframe-none imageframe-1 hover-type-none\"><img decoding=\"async\" width=\"422\" height=\"550\" alt=\"Museo Monasterio de Sant Cugat\" title=\"FOTO:MAN\u00c9 ESPINOSA. CAPITELLS DEL CLAUSTRE DEL MONESTIR DE SANT CUGAT.\" src=\"https:\/\/visit.santcugat.cat\/wp-content\/uploads\/2017\/03\/27fCAPITELLS.jpg\" class=\"img-responsive wp-image-14112\" srcset=\"https:\/\/visit.santcugat.cat\/wp-content\/uploads\/2017\/03\/27fCAPITELLS-200x261.jpg 200w, https:\/\/visit.santcugat.cat\/wp-content\/uploads\/2017\/03\/27fCAPITELLS-400x521.jpg 400w, https:\/\/visit.santcugat.cat\/wp-content\/uploads\/2017\/03\/27fCAPITELLS.jpg 422w\" sizes=\"(max-width: 1024px) 100vw, (max-width: 640px) 100vw, 400px\" \/><\/span><\/div><\/div><\/div><div class=\"fusion-layout-column fusion_builder_column fusion-builder-column-1 fusion_builder_column_2_3 2_3 fusion-flex-column\" style=\"--awb-padding-top:15px;--awb-padding-right:40px;--awb-padding-bottom:15px;--awb-padding-left:40px;--awb-bg-color:#ffffff;--awb-bg-color-hover:#ffffff;--awb-bg-size:cover;--awb-width-large:66.666666666667%;--awb-margin-top-large:5px;--awb-spacing-right-large:0px;--awb-margin-bottom-large:1px;--awb-spacing-left-large:0px;--awb-width-medium:100%;--awb-spacing-right-medium:0px;--awb-spacing-left-medium:0px;--awb-width-small:100%;--awb-spacing-right-small:0px;--awb-spacing-left-small:0px;\"><div class=\"fusion-column-wrapper fusion-flex-justify-content-flex-start fusion-content-layout-column\"><div class=\"fusion-title title fusion-title-1 fusion-sep-none fusion-title-text fusion-title-size-one\" style=\"--awb-margin-top-small:0px;--awb-margin-bottom-small:20px;--awb-font-size:26px;\"><h1 class=\"fusion-title-heading title-heading-left fusion-responsive-typography-calculated\" style=\"margin:0;font-size:1em;--fontSize:26;line-height:1.11;\"><span>Camino de los Monjes<\/span><\/h1><\/div><div class=\"fusion-text fusion-text-1\"><p>Dice la leyenda que fue el camino que recorrieron los monjes de Sant Lloren\u00e7 del Munt cuando buscaban un nuevo asentamiento, ya que sus tierras no eran productivas, hasta que encontraron el lugar que actualmente es el Monasterio de Sant Cugat. La ruta, de 25 km (PR C-31), pasa por los municipios de Sant Lloren\u00e7, Matadepera, Terrassa, Sant Quirze y Sant Cugat. El camino est\u00e1 se\u00f1alizado con marcas blancas y amarillas.<\/p>\n<ul>\n<li>Distancia: 25 km<\/li>\n<li>Duraci\u00f3n: 6 h 15 min<\/li>\n<li>Punto de inicio: Monasterio de Sant Cugat<\/li>\n<li>Punto de llegada: Monasterio de Sant Lloren\u00e7 del Munt (la Mola)<\/li>\n<\/ul>\n<\/div><div class=\"fusion-builder-row fusion-builder-row-inner fusion-row fusion-flex-align-items-stretch fusion-flex-content-wrap\" style=\"--awb-flex-grow:0;--awb-flex-grow-medium:0;--awb-flex-grow-small:0;--awb-flex-shrink:0;--awb-flex-shrink-medium:0;--awb-flex-shrink-small:0;width:calc( 100% + 0px ) !important;max-width:calc( 100% + 0px ) !important;margin-left: calc(-0px \/ 2 );margin-right: calc(-0px \/ 2 );\"><div class=\"fusion-layout-column fusion_builder_column_inner fusion-builder-nested-column-0 fusion_builder_column_inner_1_2 1_2 fusion-flex-column\" style=\"--awb-bg-blend:overlay;--awb-bg-size:cover;--awb-width-large:50%;--awb-margin-top-large:0px;--awb-spacing-right-large:0px;--awb-margin-bottom-large:0px;--awb-spacing-left-large:0px;--awb-width-medium:100%;--awb-spacing-right-medium:0px;--awb-spacing-left-medium:0px;--awb-width-small:100%;--awb-spacing-right-small:0px;--awb-spacing-left-small:0px;\"><div class=\"fusion-column-wrapper fusion-flex-justify-content-flex-start fusion-content-layout-column\"><div style=\"text-align:center;\"><a class=\"fusion-button button-flat button-small button-default fusion-button-default button-1 fusion-button-default-span fusion-button-default-type\" target=\"_blank\" rel=\"noopener noreferrer\" href=\"https:\/\/visit.santcugat.cat\/wp-content\/uploads\/2017\/03\/CamiMonjos_Mapa.pdf\"><span class=\"fusion-button-text awb-button__text awb-button__text--default fusion-button-text-right\">Plano<\/span><span class=\"fusion-button-icon-divider button-icon-divider-right\"><i class=\" fa fa-arrow-down awb-button__icon awb-button__icon--default\" aria-hidden=\"true\"><\/i><\/span><\/a><\/div><\/div><\/div><div class=\"fusion-layout-column fusion_builder_column_inner fusion-builder-nested-column-1 fusion_builder_column_inner_1_2 1_2 fusion-flex-column\" style=\"--awb-bg-blend:overlay;--awb-bg-size:cover;--awb-width-large:50%;--awb-margin-top-large:0px;--awb-spacing-right-large:1px;--awb-margin-bottom-large:0px;--awb-spacing-left-large:0px;--awb-width-medium:100%;--awb-spacing-right-medium:0px;--awb-spacing-left-medium:0px;--awb-width-small:100%;--awb-spacing-right-small:0px;--awb-spacing-left-small:0px;\"><div class=\"fusion-column-wrapper fusion-flex-justify-content-flex-start fusion-content-layout-column\"><div style=\"text-align:center;\"><a class=\"fusion-button button-flat button-small button-default fusion-button-default button-2 fusion-button-default-span fusion-button-default-type\" target=\"_blank\" rel=\"noopener noreferrer\" href=\"https:\/\/visit.santcugat.cat\/wp-content\/uploads\/2020\/07\/12-Cami-dels-Monjos.pdf\"><span class=\"fusion-button-text awb-button__text awb-button__text--default fusion-button-text-right\">PDF + Tracks <\/span><span class=\"fusion-button-icon-divider button-icon-divider-right\"><i class=\"fa-arrow-down fas awb-button__icon awb-button__icon--default\" aria-hidden=\"true\"><\/i><\/span><\/a><\/div><\/div><\/div><\/div><\/div><\/div><\/div><\/div>\n","protected":false},"excerpt":{"rendered":"","protected":false},"author":2,"featured_media":7370,"menu_order":0,"comment_status":"open","ping_status":"closed","template":"","format":"standard","meta":{"_joinchat":[],"footnotes":""},"portfolio_category":[137,116],"portfolio_skills":[],"portfolio_tags":[],"class_list":["post-7369","avada_portfolio","type-avada_portfolio","status-publish","format-standard","has-post-thumbnail","hentry","portfolio_category-rutas-y-visitas","portfolio_category-a-tu-aire"],"yoast_head":"<!-- This site is optimized with the Yoast SEO plugin v27.5 - https:\/\/yoast.com\/product\/yoast-seo-wordpress\/ -->\n<title>Camino de los Monjes | Visit Sant Cugat<\/title>\n<meta name=\"description\" content=\"La ruta, de 25 km (PR C-31), pasa por los municipios de Sant Lloren\u00e7, Matadepera, Terrassa, Sant Quirze y Sant Cugat. Se\u00f1alizado.\" \/>\n<meta name=\"robots\" content=\"index, follow, max-snippet:-1, max-image-preview:large, max-video-preview:-1\" \/>\n<link rel=\"canonical\" href=\"https:\/\/visit.santcugat.cat\/es\/camino-de-los-monjes\/\" \/>\n<meta property=\"og:locale\" content=\"es_ES\" \/>\n<meta property=\"og:type\" content=\"article\" \/>\n<meta property=\"og:title\" content=\"Camino de los Monjes | Visit Sant Cugat\" \/>\n<meta property=\"og:description\" content=\"La ruta, de 25 km (PR C-31), pasa por los municipios de Sant Lloren\u00e7, Matadepera, Terrassa, Sant Quirze y Sant Cugat. Se\u00f1alizado.\" \/>\n<meta property=\"og:url\" content=\"https:\/\/visit.santcugat.cat\/es\/camino-de-los-monjes\/\" \/>\n<meta property=\"og:site_name\" content=\"Visit Sant Cugat\" \/>\n<meta property=\"article:publisher\" content=\"https:\/\/www.facebook.com\/visitsantcugat\/\" \/>\n<meta property=\"article:modified_time\" content=\"2026-04-29T06:05:50+00:00\" \/>\n<meta property=\"og:image\" content=\"https:\/\/visit.santcugat.cat\/wp-content\/uploads\/2017\/03\/27fCAPITELLSHor.jpg\" \/>\n\t<meta property=\"og:image:width\" content=\"380\" \/>\n\t<meta property=\"og:image:height\" content=\"253\" \/>\n\t<meta property=\"og:image:type\" content=\"image\/jpeg\" \/>\n<meta name=\"twitter:card\" content=\"summary_large_image\" \/>\n<meta name=\"twitter:site\" content=\"@ajsantcugat\" \/>\n<meta name=\"twitter:label1\" content=\"Tiempo de lectura\" \/>\n\t<meta name=\"twitter:data1\" content=\"1 minuto\" \/>\n<script type=\"application\/ld+json\" class=\"yoast-schema-graph\">{\"@context\":\"https:\\\/\\\/schema.org\",\"@graph\":[{\"@type\":\"WebPage\",\"@id\":\"https:\\\/\\\/visit.santcugat.cat\\\/es\\\/camino-de-los-monjes\\\/\",\"url\":\"https:\\\/\\\/visit.santcugat.cat\\\/es\\\/camino-de-los-monjes\\\/\",\"name\":\"Camino de los Monjes | Visit Sant Cugat\",\"isPartOf\":{\"@id\":\"https:\\\/\\\/visit.santcugat.cat\\\/fr\\\/#website\"},\"primaryImageOfPage\":{\"@id\":\"https:\\\/\\\/visit.santcugat.cat\\\/es\\\/camino-de-los-monjes\\\/#primaryimage\"},\"image\":{\"@id\":\"https:\\\/\\\/visit.santcugat.cat\\\/es\\\/camino-de-los-monjes\\\/#primaryimage\"},\"thumbnailUrl\":\"https:\\\/\\\/visit.santcugat.cat\\\/wp-content\\\/uploads\\\/2017\\\/03\\\/27fCAPITELLSHor.jpg\",\"datePublished\":\"2022-02-08T17:19:04+00:00\",\"dateModified\":\"2026-04-29T06:05:50+00:00\",\"description\":\"La ruta, de 25 km (PR C-31), pasa por los municipios de Sant Lloren\u00e7, Matadepera, Terrassa, Sant Quirze y Sant Cugat. Se\u00f1alizado.\",\"breadcrumb\":{\"@id\":\"https:\\\/\\\/visit.santcugat.cat\\\/es\\\/camino-de-los-monjes\\\/#breadcrumb\"},\"inLanguage\":\"es\",\"potentialAction\":[{\"@type\":\"ReadAction\",\"target\":[\"https:\\\/\\\/visit.santcugat.cat\\\/es\\\/camino-de-los-monjes\\\/\"]}]},{\"@type\":\"ImageObject\",\"inLanguage\":\"es\",\"@id\":\"https:\\\/\\\/visit.santcugat.cat\\\/es\\\/camino-de-los-monjes\\\/#primaryimage\",\"url\":\"https:\\\/\\\/visit.santcugat.cat\\\/wp-content\\\/uploads\\\/2017\\\/03\\\/27fCAPITELLSHor.jpg\",\"contentUrl\":\"https:\\\/\\\/visit.santcugat.cat\\\/wp-content\\\/uploads\\\/2017\\\/03\\\/27fCAPITELLSHor.jpg\",\"width\":380,\"height\":253,\"caption\":\"FOTO:MAN\u00c9 ESPINOSA. CAPITELLS DEL CLAUSTRE DEL MONESTIR DE SANT CUGAT.\"},{\"@type\":\"BreadcrumbList\",\"@id\":\"https:\\\/\\\/visit.santcugat.cat\\\/es\\\/camino-de-los-monjes\\\/#breadcrumb\",\"itemListElement\":[{\"@type\":\"ListItem\",\"position\":1,\"name\":\"Inici\",\"item\":\"https:\\\/\\\/visit.santcugat.cat\\\/es\\\/\"},{\"@type\":\"ListItem\",\"position\":2,\"name\":\"Portfolio\",\"item\":\"https:\\\/\\\/visit.santcugat.cat\\\/fr\\\/avada_portfolio\\\/\"},{\"@type\":\"ListItem\",\"position\":3,\"name\":\"Camino de los Monjes\"}]},{\"@type\":\"WebSite\",\"@id\":\"https:\\\/\\\/visit.santcugat.cat\\\/fr\\\/#website\",\"url\":\"https:\\\/\\\/visit.santcugat.cat\\\/fr\\\/\",\"name\":\"Visit Sant Cugat\",\"description\":\"Turisme de Sant Cugat\",\"publisher\":{\"@id\":\"https:\\\/\\\/visit.santcugat.cat\\\/fr\\\/#organization\"},\"potentialAction\":[{\"@type\":\"SearchAction\",\"target\":{\"@type\":\"EntryPoint\",\"urlTemplate\":\"https:\\\/\\\/visit.santcugat.cat\\\/fr\\\/?s={search_term_string}\"},\"query-input\":{\"@type\":\"PropertyValueSpecification\",\"valueRequired\":true,\"valueName\":\"search_term_string\"}}],\"inLanguage\":\"es\"},{\"@type\":\"Organization\",\"@id\":\"https:\\\/\\\/visit.santcugat.cat\\\/fr\\\/#organization\",\"name\":\"Visit Sant Cugat - Turisme de Sant Cugat - Barcelona\",\"url\":\"https:\\\/\\\/visit.santcugat.cat\\\/fr\\\/\",\"logo\":{\"@type\":\"ImageObject\",\"inLanguage\":\"es\",\"@id\":\"https:\\\/\\\/visit.santcugat.cat\\\/fr\\\/#\\\/schema\\\/logo\\\/image\\\/\",\"url\":\"https:\\\/\\\/visit.santcugat.cat\\\/wp-content\\\/uploads\\\/2020\\\/09\\\/logo.png\",\"contentUrl\":\"https:\\\/\\\/visit.santcugat.cat\\\/wp-content\\\/uploads\\\/2020\\\/09\\\/logo.png\",\"width\":200,\"height\":44,\"caption\":\"Visit Sant Cugat - Turisme de Sant Cugat - Barcelona\"},\"image\":{\"@id\":\"https:\\\/\\\/visit.santcugat.cat\\\/fr\\\/#\\\/schema\\\/logo\\\/image\\\/\"},\"sameAs\":[\"https:\\\/\\\/www.facebook.com\\\/visitsantcugat\\\/\",\"https:\\\/\\\/x.com\\\/ajsantcugat\",\"https:\\\/\\\/www.instagram.com\\\/visitsantcugat\\\/\",\"https:\\\/\\\/ca.wikipedia.org\\\/wiki\\\/Sant_Cugat_del_Vall\u00e8s\"]}]}<\/script>\n<!-- \/ Yoast SEO plugin. -->","yoast_head_json":{"title":"Camino de los Monjes | Visit Sant Cugat","description":"La ruta, de 25 km (PR C-31), pasa por los municipios de Sant Lloren\u00e7, Matadepera, Terrassa, Sant Quirze y Sant Cugat. Se\u00f1alizado.","robots":{"index":"index","follow":"follow","max-snippet":"max-snippet:-1","max-image-preview":"max-image-preview:large","max-video-preview":"max-video-preview:-1"},"canonical":"https:\/\/visit.santcugat.cat\/es\/camino-de-los-monjes\/","og_locale":"es_ES","og_type":"article","og_title":"Camino de los Monjes | Visit Sant Cugat","og_description":"La ruta, de 25 km (PR C-31), pasa por los municipios de Sant Lloren\u00e7, Matadepera, Terrassa, Sant Quirze y Sant Cugat. Se\u00f1alizado.","og_url":"https:\/\/visit.santcugat.cat\/es\/camino-de-los-monjes\/","og_site_name":"Visit Sant Cugat","article_publisher":"https:\/\/www.facebook.com\/visitsantcugat\/","article_modified_time":"2026-04-29T06:05:50+00:00","og_image":[{"width":380,"height":253,"url":"https:\/\/visit.santcugat.cat\/wp-content\/uploads\/2017\/03\/27fCAPITELLSHor.jpg","type":"image\/jpeg"}],"twitter_card":"summary_large_image","twitter_site":"@ajsantcugat","twitter_misc":{"Tiempo de lectura":"1 minuto"},"schema":{"@context":"https:\/\/schema.org","@graph":[{"@type":"WebPage","@id":"https:\/\/visit.santcugat.cat\/es\/camino-de-los-monjes\/","url":"https:\/\/visit.santcugat.cat\/es\/camino-de-los-monjes\/","name":"Camino de los Monjes | Visit Sant Cugat","isPartOf":{"@id":"https:\/\/visit.santcugat.cat\/fr\/#website"},"primaryImageOfPage":{"@id":"https:\/\/visit.santcugat.cat\/es\/camino-de-los-monjes\/#primaryimage"},"image":{"@id":"https:\/\/visit.santcugat.cat\/es\/camino-de-los-monjes\/#primaryimage"},"thumbnailUrl":"https:\/\/visit.santcugat.cat\/wp-content\/uploads\/2017\/03\/27fCAPITELLSHor.jpg","datePublished":"2022-02-08T17:19:04+00:00","dateModified":"2026-04-29T06:05:50+00:00","description":"La ruta, de 25 km (PR C-31), pasa por los municipios de Sant Lloren\u00e7, Matadepera, Terrassa, Sant Quirze y Sant Cugat. Se\u00f1alizado.","breadcrumb":{"@id":"https:\/\/visit.santcugat.cat\/es\/camino-de-los-monjes\/#breadcrumb"},"inLanguage":"es","potentialAction":[{"@type":"ReadAction","target":["https:\/\/visit.santcugat.cat\/es\/camino-de-los-monjes\/"]}]},{"@type":"ImageObject","inLanguage":"es","@id":"https:\/\/visit.santcugat.cat\/es\/camino-de-los-monjes\/#primaryimage","url":"https:\/\/visit.santcugat.cat\/wp-content\/uploads\/2017\/03\/27fCAPITELLSHor.jpg","contentUrl":"https:\/\/visit.santcugat.cat\/wp-content\/uploads\/2017\/03\/27fCAPITELLSHor.jpg","width":380,"height":253,"caption":"FOTO:MAN\u00c9 ESPINOSA. CAPITELLS DEL CLAUSTRE DEL MONESTIR DE SANT CUGAT."},{"@type":"BreadcrumbList","@id":"https:\/\/visit.santcugat.cat\/es\/camino-de-los-monjes\/#breadcrumb","itemListElement":[{"@type":"ListItem","position":1,"name":"Inici","item":"https:\/\/visit.santcugat.cat\/es\/"},{"@type":"ListItem","position":2,"name":"Portfolio","item":"https:\/\/visit.santcugat.cat\/fr\/avada_portfolio\/"},{"@type":"ListItem","position":3,"name":"Camino de los Monjes"}]},{"@type":"WebSite","@id":"https:\/\/visit.santcugat.cat\/fr\/#website","url":"https:\/\/visit.santcugat.cat\/fr\/","name":"Visit Sant Cugat","description":"Turisme de Sant Cugat","publisher":{"@id":"https:\/\/visit.santcugat.cat\/fr\/#organization"},"potentialAction":[{"@type":"SearchAction","target":{"@type":"EntryPoint","urlTemplate":"https:\/\/visit.santcugat.cat\/fr\/?s={search_term_string}"},"query-input":{"@type":"PropertyValueSpecification","valueRequired":true,"valueName":"search_term_string"}}],"inLanguage":"es"},{"@type":"Organization","@id":"https:\/\/visit.santcugat.cat\/fr\/#organization","name":"Visit Sant Cugat - Turisme de Sant Cugat - Barcelona","url":"https:\/\/visit.santcugat.cat\/fr\/","logo":{"@type":"ImageObject","inLanguage":"es","@id":"https:\/\/visit.santcugat.cat\/fr\/#\/schema\/logo\/image\/","url":"https:\/\/visit.santcugat.cat\/wp-content\/uploads\/2020\/09\/logo.png","contentUrl":"https:\/\/visit.santcugat.cat\/wp-content\/uploads\/2020\/09\/logo.png","width":200,"height":44,"caption":"Visit Sant Cugat - Turisme de Sant Cugat - Barcelona"},"image":{"@id":"https:\/\/visit.santcugat.cat\/fr\/#\/schema\/logo\/image\/"},"sameAs":["https:\/\/www.facebook.com\/visitsantcugat\/","https:\/\/x.com\/ajsantcugat","https:\/\/www.instagram.com\/visitsantcugat\/","https:\/\/ca.wikipedia.org\/wiki\/Sant_Cugat_del_Vall\u00e8s"]}]}},"_links":{"self":[{"href":"https:\/\/visit.santcugat.cat\/es\/wp-json\/wp\/v2\/avada_portfolio\/7369","targetHints":{"allow":["GET"]}}],"collection":[{"href":"https:\/\/visit.santcugat.cat\/es\/wp-json\/wp\/v2\/avada_portfolio"}],"about":[{"href":"https:\/\/visit.santcugat.cat\/es\/wp-json\/wp\/v2\/types\/avada_portfolio"}],"author":[{"embeddable":true,"href":"https:\/\/visit.santcugat.cat\/es\/wp-json\/wp\/v2\/users\/2"}],"replies":[{"embeddable":true,"href":"https:\/\/visit.santcugat.cat\/es\/wp-json\/wp\/v2\/comments?post=7369"}],"version-history":[{"count":9,"href":"https:\/\/visit.santcugat.cat\/es\/wp-json\/wp\/v2\/avada_portfolio\/7369\/revisions"}],"predecessor-version":[{"id":50110,"href":"https:\/\/visit.santcugat.cat\/es\/wp-json\/wp\/v2\/avada_portfolio\/7369\/revisions\/50110"}],"wp:featuredmedia":[{"embeddable":true,"href":"https:\/\/visit.santcugat.cat\/es\/wp-json\/wp\/v2\/media\/7370"}],"wp:attachment":[{"href":"https:\/\/visit.santcugat.cat\/es\/wp-json\/wp\/v2\/media?parent=7369"}],"wp:term":[{"taxonomy":"portfolio_category","embeddable":true,"href":"https:\/\/visit.santcugat.cat\/es\/wp-json\/wp\/v2\/portfolio_category?post=7369"},{"taxonomy":"portfolio_skills","embeddable":true,"href":"https:\/\/visit.santcugat.cat\/es\/wp-json\/wp\/v2\/portfolio_skills?post=7369"},{"taxonomy":"portfolio_tags","embeddable":true,"href":"https:\/\/visit.santcugat.cat\/es\/wp-json\/wp\/v2\/portfolio_tags?post=7369"}],"curies":[{"name":"wp","href":"https:\/\/api.w.org\/{rel}","templated":true}]}}